{"id":3481,"date":"2025-01-16T17:24:17","date_gmt":"2025-01-16T16:24:17","guid":{"rendered":"https:\/\/www.ombredestilleuls.com\/?page_id=3481"},"modified":"2025-01-21T15:39:55","modified_gmt":"2025-01-21T14:39:55","slug":"groupes","status":"publish","type":"page","link":"https:\/\/www.ombredestilleuls.com\/fr\/groupes\/","title":{"rendered":"Groupes"},"content":{"rendered":"<section id=\"ls-section-block_1dff5a7bf9e8546f49e36b580fdd9a1c\" class=\"ls-section  home-intro page-one has-m-b m-b-0 has-p-b p-b-0\" >\r\n        <div class=\"container container--full\">\r\n        \n\n<h1 class=\"ls__heading wp-block-heading has-text-align-center animated fadeIn slower\">Partagez un moment chaleureux dans les Hautes-Pyr\u00e9n\u00e9es !<\/h1>\n\n\r\n    <\/div>\r\n<\/section>\n\n<section id=\"ls-section-block_197c3732c599e5bc883f8c9e1dd9e6db\" class=\"ls-section  home-intro page-one has-m-b m-b-0 has-p-l p-l-8 has-p-r p-r-8\" >\r\n        <div class=\"container container--full\">\r\n        \n\n<div class=\"wp-block-columns are-vertically-aligned-center first is-layout-flex wp-container-core-columns-is-layout-9d6595d7 wp-block-columns-is-layout-flex\">\n<div class=\"wp-block-column is-vertically-aligned-center left is-layout-flow wp-block-column-is-layout-flow\" style=\"flex-basis:45%\">\n<h2 class=\"ls__heading wp-block-heading animated fadeInLeft\">MOTARDS<\/h2>\n\n\n\n<p class=\"ls-paragraph\">Les Hautes-Pyr\u00e9n\u00e9es abritent des cols l\u00e9gendaires, fr\u00e9quent\u00e9s par les amateurs de virages \u00e9troits et panoramiques \u00e0 couper le souffle. Vous trouverez des itin\u00e9raires pour tous les go\u00fbts, des itin\u00e9raires techniques pour les amateurs de sensations fortes aux promenades tranquilles dans les vall\u00e9es et les zones rurales.<\/p>\n\n\n\n<p class=\"ls-paragraph\">Le camping offre un cadre bucolique et agr\u00e9able, entour\u00e9 de tilleuls et de verdure, id\u00e9al pour se d\u00e9tendre apr\u00e8s une longue balade \u00e0 moto. Un espace calme et s\u00fbr, id\u00e9al pour se ressourcer et profiter de l&rsquo;instant pr\u00e9sent.<\/p>\n\n\n\n<p class=\"ls-paragraph\">L&rsquo;ambiance chaleureuse et conviviale de notre camping paradisiaque favorise les \u00e9changes et renforce l&rsquo;esprit de camaraderie, indispensable aux rencontres de motards.<\/p>\n\n\n\n<p class=\"ls-paragraph\">Nous pouvons \u00e9galement vous proposer d&rsquo;organiser des repas collectifs, des soir\u00e9es, des activit\u00e9s anim\u00e9es ou des feux de joie pour des moments m\u00e9morables. Nous cr\u00e9erons \u00e0 Mida des formules sur mesure pour vous.<\/p>\n<\/div>\n\n\n\n<div class=\"wp-block-column is-vertically-aligned-center right is-layout-flow wp-block-column-is-layout-flow\" style=\"flex-basis:55%\">\n<figure class=\"wp-block-gallery has-nested-images columns-default is-cropped wp-block-gallery-1 is-layout-flex wp-block-gallery-is-layout-flex\">\n<figure class=\"wp-block-image size-full animated fadeIn delay-100ms\"><a href=\"https:\/\/www.ombredestilleuls.com\/wp-content\/uploads\/2025\/01\/Vue-montagne-ombre.jpg\"><img decoding=\"async\" width=\"1200\" height=\"900\" data-id=\"3483\" src=\"https:\/\/www.ombredestilleuls.com\/wp-content\/uploads\/2025\/01\/Vue-montagne-ombre.jpg\" alt=\"Vue montagne ombre\" class=\"wp-image-3483\" srcset=\"https:\/\/www.ombredestilleuls.com\/wp-content\/uploads\/2025\/01\/Vue-montagne-ombre.jpg 1200w, https:\/\/www.ombredestilleuls.com\/wp-content\/uploads\/2025\/01\/Vue-montagne-ombre-300x225.jpg 300w, https:\/\/www.ombredestilleuls.com\/wp-content\/uploads\/2025\/01\/Vue-montagne-ombre-1024x768.jpg 1024w, https:\/\/www.ombredestilleuls.com\/wp-content\/uploads\/2025\/01\/Vue-montagne-ombre-768x576.jpg 768w\" sizes=\"(max-width: 1200px) 100vw, 1200px\" \/><\/a><\/figure>\n<\/figure>\n<\/div>\n<\/div>\n\n\r\n    <\/div>\r\n<\/section>\n\n<section id=\"ls-section-block_9bee58d3de3c3caac0e345c9df6d2b18\" class=\"ls-section  home-ecologie page-three has-p-l p-l-8 has-p-r p-r-8\" >\r\n        <div class=\"container container--full\">\r\n        \n\n<div class=\"wp-block-columns are-vertically-aligned-center is-layout-flex wp-container-core-columns-is-layout-9d6595d7 wp-block-columns-is-layout-flex\">\n<div class=\"wp-block-column is-vertically-aligned-center is-layout-flow wp-block-column-is-layout-flow\" style=\"flex-basis:55%\">\n<figure class=\"wp-block-gallery has-nested-images columns-default is-cropped wp-block-gallery-2 is-layout-flex wp-block-gallery-is-layout-flex\">\n<figure class=\"wp-block-image size-full animated fadeIn delay-100ms\"><a href=\"https:\/\/www.ombredestilleuls.com\/wp-content\/uploads\/2025\/01\/velo-ombres.jpg\"><img decoding=\"async\" width=\"1200\" height=\"900\" data-id=\"3493\" src=\"https:\/\/www.ombredestilleuls.com\/wp-content\/uploads\/2025\/01\/velo-ombres.jpg\" alt=\"v\u00e9lo ombres\" class=\"wp-image-3493\" srcset=\"https:\/\/www.ombredestilleuls.com\/wp-content\/uploads\/2025\/01\/velo-ombres.jpg 1200w, https:\/\/www.ombredestilleuls.com\/wp-content\/uploads\/2025\/01\/velo-ombres-300x225.jpg 300w, https:\/\/www.ombredestilleuls.com\/wp-content\/uploads\/2025\/01\/velo-ombres-1024x768.jpg 1024w, https:\/\/www.ombredestilleuls.com\/wp-content\/uploads\/2025\/01\/velo-ombres-768x576.jpg 768w\" sizes=\"(max-width: 1200px) 100vw, 1200px\" \/><\/a><\/figure>\n<\/figure>\n<\/div>\n\n\n\n<div class=\"wp-block-column is-vertically-aligned-center is-layout-flow wp-block-column-is-layout-flow\" style=\"flex-basis:45%\">\n<h2 class=\"ls__heading wp-block-heading animated fadeIn slower\">CYCLISTES ET RANDONNEURS<\/h2>\n\n\n\n<p class=\"ls-paragraph has-text-align-left\">Notre camping offre un environnement id\u00e9al pour les amateurs de v\u00e9lo et de randonn\u00e9e, alliant confort, praticit\u00e9 et proximit\u00e9 de paysages exceptionnels.<\/p>\n\n\n\n<p class=\"ls-paragraph has-text-align-left\">Nous sommes situ\u00e9s \u00e0 proximit\u00e9 des plus beaux itin\u00e9raires cyclables, que vous aimiez les routes sinueuses, les cols l\u00e9gendaires ou les chemins de campagne tranquilles. Vous aurez un acc\u00e8s direct \u00e0 des itin\u00e9raires vari\u00e9s, adapt\u00e9s \u00e0 tous les niveaux, des d\u00e9butants aux cyclistes exp\u00e9riment\u00e9s.<\/p>\n\n\n\n<p class=\"ls-paragraph has-text-align-left\">Ne manquez pas les incontournables cols du Tourmalet, de l&rsquo;Aubisque et du Soulor, les Hautes-Pyr\u00e9n\u00e9es vous r\u00e9servent mille et une ressources !<\/p>\n\n\n\n<p class=\"ls-paragraph has-text-align-left\">Partagez vos aventures avec d&rsquo;autres passionn\u00e9s de v\u00e9lo dans une atmosph\u00e8re conviviale et obtenez des recommandations sur les meilleurs itin\u00e9raires et points d&rsquo;int\u00e9r\u00eat de la part de notre \u00e9quipe locale.<\/p>\n\n\n\n<p class=\"ls-paragraph has-text-align-left\">Nous avons con\u00e7u, rien que pour vous, une offre dans laquelle vous b\u00e9n\u00e9ficierez de tarifs avantageux.<\/p>\n<\/div>\n<\/div>\n\n\r\n    <\/div>\r\n<\/section>\n\n<section id=\"ls-section-block_197c3732c599e5bc883f8c9e1dd9e6db\" class=\"ls-section  home-intro page-one has-m-b m-b-0 has-p-l p-l-8 has-p-r p-r-8\" >\r\n        <div class=\"container container--full\">\r\n        \n\n<div class=\"wp-block-columns are-vertically-aligned-center first is-layout-flex wp-container-core-columns-is-layout-9d6595d7 wp-block-columns-is-layout-flex\">\n<div class=\"wp-block-column is-vertically-aligned-center left is-layout-flow wp-block-column-is-layout-flow\" style=\"flex-basis:45%\">\n<h2 class=\"ls__heading wp-block-heading animated fadeInLeft\">C\u00c9L\u00c9BREZ DES MOMENTS PR\u00c9CIEUX<\/h2>\n\n\n\n<p class=\"ls-paragraph\">Bienvenue dans notre espace d\u00e9di\u00e9 aux c\u00e9l\u00e9brations !<br>Que vous souhaitiez organiser un mariage romantique, un bapt\u00eame \u00e9mouvant ou un anniversaire m\u00e9morable, nous sommes l\u00e0 pour r\u00e9pondre \u00e0 vos attentes.Bienvenue dans notre espace d\u00e9di\u00e9 aux c\u00e9l\u00e9brations ! <br>Que vous souhaitiez organiser un mariage romantique, un bapt\u00eame \u00e9mouvant ou un anniversaire m\u00e9morable, nous sommes l\u00e0 pour r\u00e9pondre \u00e0 vos attentes.<\/p>\n\n\n\n<p class=\"ls-paragraph\">Vous souhaitez organiser l&rsquo;un des moments les plus importants de votre vie dans les Hautes Pyr\u00e9n\u00e9es mais vous n&rsquo;avez pas d&rsquo;h\u00e9bergement ? Notre camping en pleine nature a la capacit\u00e9 de vous accueillir.<\/p>\n\n\n\n<p class=\"ls-paragraph\">Nous pouvons vous accueillir dans tous les types de locations. Nos mobil-homes peuvent accueillir de 4 \u00e0 12 personnes et nos emplacements sont spacieux et chaleureux, vous permettant de vous retrouver en famille ou entre amis dans notre coin de paradis.<\/p>\n\n\n\n<p class=\"ls-paragraph\">Vous pouvez \u00e9galement rencontrer vos invit\u00e9s le lendemain pour un petit-d\u00e9jeuner, un d\u00e9jeuner ou m\u00eame un d\u00eener. Nous pouvons cr\u00e9er des formules sur mesure en fonction de vos souhaits.<\/p>\n<\/div>\n\n\n\n<div class=\"wp-block-column is-vertically-aligned-center right is-layout-flow wp-block-column-is-layout-flow\" style=\"flex-basis:55%\">\n<figure class=\"wp-block-gallery has-nested-images columns-default is-cropped wp-block-gallery-3 is-layout-flex wp-block-gallery-is-layout-flex\">\n<figure class=\"wp-block-image size-full animated fadeIn delay-100ms\"><a href=\"https:\/\/www.ombredestilleuls.com\/wp-content\/uploads\/2025\/01\/moment-precieux-ombres.jpg\"><img decoding=\"async\" width=\"1200\" height=\"900\" data-id=\"3490\" src=\"https:\/\/www.ombredestilleuls.com\/wp-content\/uploads\/2025\/01\/moment-precieux-ombres.jpg\" alt=\"moment precieux ombres\" class=\"wp-image-3490\" srcset=\"https:\/\/www.ombredestilleuls.com\/wp-content\/uploads\/2025\/01\/moment-precieux-ombres.jpg 1200w, https:\/\/www.ombredestilleuls.com\/wp-content\/uploads\/2025\/01\/moment-precieux-ombres-300x225.jpg 300w, https:\/\/www.ombredestilleuls.com\/wp-content\/uploads\/2025\/01\/moment-precieux-ombres-1024x768.jpg 1024w, https:\/\/www.ombredestilleuls.com\/wp-content\/uploads\/2025\/01\/moment-precieux-ombres-768x576.jpg 768w\" sizes=\"(max-width: 1200px) 100vw, 1200px\" \/><\/a><\/figure>\n<\/figure>\n<\/div>\n<\/div>\n\n\r\n    <\/div>\r\n<\/section>\n\n<section id=\"ls-section-block_9bee58d3de3c3caac0e345c9df6d2b18\" class=\"ls-section  home-ecologie page-three has-p-l p-l-8 has-p-r p-r-8\" >\r\n        <div class=\"container container--full\">\r\n        \n\n<div class=\"wp-block-columns are-vertically-aligned-center is-layout-flex wp-container-core-columns-is-layout-9d6595d7 wp-block-columns-is-layout-flex\">\n<div class=\"wp-block-column is-vertically-aligned-center is-layout-flow wp-block-column-is-layout-flow\" style=\"flex-basis:55%\">\n<figure class=\"wp-block-gallery has-nested-images columns-default is-cropped wp-block-gallery-4 is-layout-flex wp-block-gallery-is-layout-flex\">\n<figure class=\"wp-block-image size-full animated fadeIn delay-100ms\"><a href=\"https:\/\/www.ombredestilleuls.com\/wp-content\/uploads\/2025\/01\/Motard-ombres.jpg\"><img decoding=\"async\" width=\"1200\" height=\"900\" data-id=\"3486\" src=\"https:\/\/www.ombredestilleuls.com\/wp-content\/uploads\/2025\/01\/Motard-ombres.jpg\" alt=\"Motard ombres\" class=\"wp-image-3486\" srcset=\"https:\/\/www.ombredestilleuls.com\/wp-content\/uploads\/2025\/01\/Motard-ombres.jpg 1200w, https:\/\/www.ombredestilleuls.com\/wp-content\/uploads\/2025\/01\/Motard-ombres-300x225.jpg 300w, https:\/\/www.ombredestilleuls.com\/wp-content\/uploads\/2025\/01\/Motard-ombres-1024x768.jpg 1024w, https:\/\/www.ombredestilleuls.com\/wp-content\/uploads\/2025\/01\/Motard-ombres-768x576.jpg 768w\" sizes=\"(max-width: 1200px) 100vw, 1200px\" \/><\/a><\/figure>\n<\/figure>\n<\/div>\n\n\n\n<div class=\"wp-block-column is-vertically-aligned-center is-layout-flow wp-block-column-is-layout-flow\" style=\"flex-basis:45%\">\n<h2 class=\"ls__heading wp-block-heading animated fadeIn slower\">SERVICES PERSONNALIS\u00c9S<\/h2>\n\n\n\n<p class=\"ls-paragraph has-text-align-left\">Choisissez parmi nos diff\u00e9rents espaces un lieu adapt\u00e9 \u00e0 vos besoins et b\u00e9n\u00e9ficiez d&rsquo;espaces priv\u00e9s pour partager un moment intime et chaleureux.<\/p>\n\n\n\n<p class=\"ls-paragraph has-text-align-left\">Nous pouvons vous proposer plusieurs programmes pour r\u00e9pondre \u00e0 vos attentes. Mais nous pouvons aussi inclure plusieurs moments de convivialit\u00e9 autour d&rsquo;un repas ou d&rsquo;un ap\u00e9ritif.<\/p>\n\n\n\n<p class=\"ls-paragraph has-text-align-left\">Vous \u00eates pr\u00eat \u00e0 planifier votre \u00e9v\u00e9nement ? N&rsquo;h\u00e9sitez pas \u00e0 nous contacter pour discuter de vos id\u00e9es et obtenir un devis personnalis\u00e9.<\/p>\n\n\n\n<p class=\"ls-paragraph has-text-align-left\">Nous sommes impatients de vous aider \u00e0 cr\u00e9er des souvenirs inoubliables !<\/p>\n<\/div>\n<\/div>\n\n\r\n    <\/div>\r\n<\/section>\n\n<section id=\"ls-section-block_7f89256106164bf961d18328bb4213e6\" class=\"ls-section  page-maillage\" >\r\n        <div class=\"container container--wide\">\r\n        \n\n<div id=\"ls-heading ls-titre-div-block_214d294c0200caf21d400353aac1609a\" class=\"ls-titre-div animated fadeIn h2-like\" >\n    D\u00e9couvrez nos animations, notre espace aquatique et notre mini ferme !<\/div>\n\n\n\n<div id=\"ls-maillage-block_26ef69a94978d3e3f16396d766332ee4\" class=\"ls-maillage cta-style-normal\" data-rows=\"4\">\n\n    <div class=\"wp-block-columns\"><div class=\"wp-block-column ls-cta\">\n\n<a href=\"https:\/\/www.ombredestilleuls.com\/fr\/camping-animations-peyrouse\/\" target=\"\" rel=\"noopener\" class=\"ls-cta__link\">\n\n\t<div class=\"ls-cta__image\"><img decoding=\"async\" src=\"https:\/\/www.ombredestilleuls.com\/wp-content\/uploads\/2026\/04\/animations-concert-couverture-camping-ombre-des-tilleuls-e1776089435621.jpg\" alt=\"animations concert couverture camping ombre des tilleuls\"><\/div>\n\t<div class=\"ls-cta__title\">\n\t\tAnimations\t<\/div>\n\n\t\t\n<\/a><\/div><div class=\"wp-block-column ls-cta\">\n\n<a href=\"https:\/\/www.ombredestilleuls.com\/fr\/camping-ecologique-peyrouse\/\" target=\"\" rel=\"noopener\" class=\"ls-cta__link\">\n\n\t<div class=\"ls-cta__image\"><img decoding=\"async\" src=\"https:\/\/www.ombredestilleuls.com\/wp-content\/uploads\/2023\/12\/camping-ecologique-peyrouse.webp\" alt=\"camping ecologique peyrouse\"><\/div>\n\t<div class=\"ls-cta__title\">\n\t\tMini-ferme et d\u00e9marche \u00e9cologique\t<\/div>\n\n\t\t\n<\/a><\/div><div class=\"wp-block-column ls-cta\">\n\n<a href=\"https:\/\/www.ombredestilleuls.com\/fr\/camping-piscine-peyrouse\/\" target=\"\" rel=\"noopener\" class=\"ls-cta__link\">\n\n\t<div class=\"ls-cta__image\"><img decoding=\"async\" src=\"https:\/\/www.ombredestilleuls.com\/wp-content\/uploads\/2023\/12\/camping-piscine-peyrouse.webp\" alt=\"camping piscine peyrouse\"><\/div>\n\t<div class=\"ls-cta__title\">\n\t\tEspace Aquatique\t<\/div>\n\n\t\t\n<\/a><\/div>\n<\/div>\n\r\n    <\/div>\r\n<\/section>","protected":false},"excerpt":{"rendered":"","protected":false},"author":1,"featured_media":0,"parent":0,"menu_order":0,"comment_status":"closed","ping_status":"closed","template":"","meta":{"_acf_changed":false,"inline_featured_image":false,"footnotes":""},"sujet":[],"class_list":["post-3481","page","type-page","status-publish","hentry"],"acf":[],"yoast_head":"<!-- This site is optimized with the Yoast SEO plugin v23.4 - https:\/\/yoast.com\/wordpress\/plugins\/seo\/ -->\n<title>Groupes - Camping \u00c0 l&#039;ombre des tilleuls<\/title>\n<meta name=\"robots\" content=\"index, follow, max-snippet:-1, max-image-preview:large, max-video-preview:-1\" \/>\n<link rel=\"canonical\" href=\"https:\/\/www.ombredestilleuls.com\/fr\/groupes\/\" \/>\n<meta property=\"og:locale\" content=\"fr_FR\" \/>\n<meta property=\"og:type\" content=\"article\" \/>\n<meta property=\"og:title\" content=\"Groupes - Camping \u00c0 l&#039;ombre des tilleuls\" \/>\n<meta property=\"og:url\" content=\"https:\/\/www.ombredestilleuls.com\/fr\/groupes\/\" \/>\n<meta property=\"og:site_name\" content=\"Camping \u00c0 l&#039;ombre des tilleuls\" \/>\n<meta property=\"article:modified_time\" content=\"2025-01-21T14:39:55+00:00\" \/>\n<meta property=\"og:image\" content=\"https:\/\/www.ombredestilleuls.com\/wp-content\/uploads\/2025\/01\/Vue-montagne-ombre.jpg\" \/>\n<meta name=\"twitter:card\" content=\"summary_large_image\" \/>\n<meta name=\"twitter:label1\" content=\"Dur\u00e9e de lecture estim\u00e9e\" \/>\n\t<meta name=\"twitter:data1\" content=\"4 minutes\" \/>\n<script type=\"application\/ld+json\" class=\"yoast-schema-graph\">{\"@context\":\"https:\/\/schema.org\",\"@graph\":[{\"@type\":\"WebPage\",\"@id\":\"https:\/\/www.ombredestilleuls.com\/fr\/groupes\/\",\"url\":\"https:\/\/www.ombredestilleuls.com\/fr\/groupes\/\",\"name\":\"Groupes - Camping \u00c0 l&#039;ombre des tilleuls\",\"isPartOf\":{\"@id\":\"https:\/\/www.ombredestilleuls.com\/fr\/#website\"},\"primaryImageOfPage\":{\"@id\":\"https:\/\/www.ombredestilleuls.com\/fr\/groupes\/#primaryimage\"},\"image\":{\"@id\":\"https:\/\/www.ombredestilleuls.com\/fr\/groupes\/#primaryimage\"},\"thumbnailUrl\":\"https:\/\/www.ombredestilleuls.com\/wp-content\/uploads\/2025\/01\/Vue-montagne-ombre.jpg\",\"datePublished\":\"2025-01-16T16:24:17+00:00\",\"dateModified\":\"2025-01-21T14:39:55+00:00\",\"breadcrumb\":{\"@id\":\"https:\/\/www.ombredestilleuls.com\/fr\/groupes\/#breadcrumb\"},\"inLanguage\":\"fr-FR\",\"potentialAction\":[{\"@type\":\"ReadAction\",\"target\":[\"https:\/\/www.ombredestilleuls.com\/fr\/groupes\/\"]}]},{\"@type\":\"ImageObject\",\"inLanguage\":\"fr-FR\",\"@id\":\"https:\/\/www.ombredestilleuls.com\/fr\/groupes\/#primaryimage\",\"url\":\"https:\/\/www.ombredestilleuls.com\/wp-content\/uploads\/2025\/01\/Vue-montagne-ombre.jpg\",\"contentUrl\":\"https:\/\/www.ombredestilleuls.com\/wp-content\/uploads\/2025\/01\/Vue-montagne-ombre.jpg\"},{\"@type\":\"BreadcrumbList\",\"@id\":\"https:\/\/www.ombredestilleuls.com\/fr\/groupes\/#breadcrumb\",\"itemListElement\":[{\"@type\":\"ListItem\",\"position\":1,\"name\":\"Camping pr\u00e8s de Lourdes\",\"item\":\"https:\/\/www.ombredestilleuls.com\/fr\/\"},{\"@type\":\"ListItem\",\"position\":2,\"name\":\"Groupes\"}]},{\"@type\":\"WebSite\",\"@id\":\"https:\/\/www.ombredestilleuls.com\/fr\/#website\",\"url\":\"https:\/\/www.ombredestilleuls.com\/fr\/\",\"name\":\"Camping \u00c0 l&#039;ombre des tilleuls\",\"description\":\"\",\"publisher\":{\"@id\":\"https:\/\/www.ombredestilleuls.com\/fr\/#organization\"},\"potentialAction\":[{\"@type\":\"SearchAction\",\"target\":{\"@type\":\"EntryPoint\",\"urlTemplate\":\"https:\/\/www.ombredestilleuls.com\/fr\/?s={search_term_string}\"},\"query-input\":{\"@type\":\"PropertyValueSpecification\",\"valueRequired\":true,\"valueName\":\"search_term_string\"}}],\"inLanguage\":\"fr-FR\"},{\"@type\":\"Organization\",\"@id\":\"https:\/\/www.ombredestilleuls.com\/fr\/#organization\",\"name\":\"Camping \u00c0 l&#039;ombre des tilleuls\",\"url\":\"https:\/\/www.ombredestilleuls.com\/fr\/\",\"logo\":{\"@type\":\"ImageObject\",\"inLanguage\":\"fr-FR\",\"@id\":\"https:\/\/www.ombredestilleuls.com\/fr\/#\/schema\/logo\/image\/\",\"url\":\"https:\/\/www.ombredestilleuls.com\/wp-content\/uploads\/2023\/11\/cropped-Camping-A-LOmbre-Des-Tilleuls-logo-1.png\",\"contentUrl\":\"https:\/\/www.ombredestilleuls.com\/wp-content\/uploads\/2023\/11\/cropped-Camping-A-LOmbre-Des-Tilleuls-logo-1.png\",\"width\":1000,\"height\":1000,\"caption\":\"Camping \u00c0 l&#039;ombre des tilleuls\"},\"image\":{\"@id\":\"https:\/\/www.ombredestilleuls.com\/fr\/#\/schema\/logo\/image\/\"}}]}<\/script>\n<!-- \/ Yoast SEO plugin. -->","yoast_head_json":{"title":"Groupes - Camping \u00c0 l&#039;ombre des tilleuls","robots":{"index":"index","follow":"follow","max-snippet":"max-snippet:-1","max-image-preview":"max-image-preview:large","max-video-preview":"max-video-preview:-1"},"canonical":"https:\/\/www.ombredestilleuls.com\/fr\/groupes\/","og_locale":"fr_FR","og_type":"article","og_title":"Groupes - Camping \u00c0 l&#039;ombre des tilleuls","og_url":"https:\/\/www.ombredestilleuls.com\/fr\/groupes\/","og_site_name":"Camping \u00c0 l&#039;ombre des tilleuls","article_modified_time":"2025-01-21T14:39:55+00:00","og_image":[{"url":"https:\/\/www.ombredestilleuls.com\/wp-content\/uploads\/2025\/01\/Vue-montagne-ombre.jpg"}],"twitter_card":"summary_large_image","twitter_misc":{"Dur\u00e9e de lecture estim\u00e9e":"4 minutes"},"schema":{"@context":"https:\/\/schema.org","@graph":[{"@type":"WebPage","@id":"https:\/\/www.ombredestilleuls.com\/fr\/groupes\/","url":"https:\/\/www.ombredestilleuls.com\/fr\/groupes\/","name":"Groupes - Camping \u00c0 l&#039;ombre des tilleuls","isPartOf":{"@id":"https:\/\/www.ombredestilleuls.com\/fr\/#website"},"primaryImageOfPage":{"@id":"https:\/\/www.ombredestilleuls.com\/fr\/groupes\/#primaryimage"},"image":{"@id":"https:\/\/www.ombredestilleuls.com\/fr\/groupes\/#primaryimage"},"thumbnailUrl":"https:\/\/www.ombredestilleuls.com\/wp-content\/uploads\/2025\/01\/Vue-montagne-ombre.jpg","datePublished":"2025-01-16T16:24:17+00:00","dateModified":"2025-01-21T14:39:55+00:00","breadcrumb":{"@id":"https:\/\/www.ombredestilleuls.com\/fr\/groupes\/#breadcrumb"},"inLanguage":"fr-FR","potentialAction":[{"@type":"ReadAction","target":["https:\/\/www.ombredestilleuls.com\/fr\/groupes\/"]}]},{"@type":"ImageObject","inLanguage":"fr-FR","@id":"https:\/\/www.ombredestilleuls.com\/fr\/groupes\/#primaryimage","url":"https:\/\/www.ombredestilleuls.com\/wp-content\/uploads\/2025\/01\/Vue-montagne-ombre.jpg","contentUrl":"https:\/\/www.ombredestilleuls.com\/wp-content\/uploads\/2025\/01\/Vue-montagne-ombre.jpg"},{"@type":"BreadcrumbList","@id":"https:\/\/www.ombredestilleuls.com\/fr\/groupes\/#breadcrumb","itemListElement":[{"@type":"ListItem","position":1,"name":"Camping pr\u00e8s de Lourdes","item":"https:\/\/www.ombredestilleuls.com\/fr\/"},{"@type":"ListItem","position":2,"name":"Groupes"}]},{"@type":"WebSite","@id":"https:\/\/www.ombredestilleuls.com\/fr\/#website","url":"https:\/\/www.ombredestilleuls.com\/fr\/","name":"Camping \u00c0 l&#039;ombre des tilleuls","description":"","publisher":{"@id":"https:\/\/www.ombredestilleuls.com\/fr\/#organization"},"potentialAction":[{"@type":"SearchAction","target":{"@type":"EntryPoint","urlTemplate":"https:\/\/www.ombredestilleuls.com\/fr\/?s={search_term_string}"},"query-input":{"@type":"PropertyValueSpecification","valueRequired":true,"valueName":"search_term_string"}}],"inLanguage":"fr-FR"},{"@type":"Organization","@id":"https:\/\/www.ombredestilleuls.com\/fr\/#organization","name":"Camping \u00c0 l&#039;ombre des tilleuls","url":"https:\/\/www.ombredestilleuls.com\/fr\/","logo":{"@type":"ImageObject","inLanguage":"fr-FR","@id":"https:\/\/www.ombredestilleuls.com\/fr\/#\/schema\/logo\/image\/","url":"https:\/\/www.ombredestilleuls.com\/wp-content\/uploads\/2023\/11\/cropped-Camping-A-LOmbre-Des-Tilleuls-logo-1.png","contentUrl":"https:\/\/www.ombredestilleuls.com\/wp-content\/uploads\/2023\/11\/cropped-Camping-A-LOmbre-Des-Tilleuls-logo-1.png","width":1000,"height":1000,"caption":"Camping \u00c0 l&#039;ombre des tilleuls"},"image":{"@id":"https:\/\/www.ombredestilleuls.com\/fr\/#\/schema\/logo\/image\/"}}]}},"_links":{"self":[{"href":"https:\/\/www.ombredestilleuls.com\/fr\/wp-json\/wp\/v2\/pages\/3481","targetHints":{"allow":["GET"]}}],"collection":[{"href":"https:\/\/www.ombredestilleuls.com\/fr\/wp-json\/wp\/v2\/pages"}],"about":[{"href":"https:\/\/www.ombredestilleuls.com\/fr\/wp-json\/wp\/v2\/types\/page"}],"author":[{"embeddable":true,"href":"https:\/\/www.ombredestilleuls.com\/fr\/wp-json\/wp\/v2\/users\/1"}],"replies":[{"embeddable":true,"href":"https:\/\/www.ombredestilleuls.com\/fr\/wp-json\/wp\/v2\/comments?post=3481"}],"version-history":[{"count":12,"href":"https:\/\/www.ombredestilleuls.com\/fr\/wp-json\/wp\/v2\/pages\/3481\/revisions"}],"predecessor-version":[{"id":3544,"href":"https:\/\/www.ombredestilleuls.com\/fr\/wp-json\/wp\/v2\/pages\/3481\/revisions\/3544"}],"wp:attachment":[{"href":"https:\/\/www.ombredestilleuls.com\/fr\/wp-json\/wp\/v2\/media?parent=3481"}],"wp:term":[{"taxonomy":"sujet","embeddable":true,"href":"https:\/\/www.ombredestilleuls.com\/fr\/wp-json\/wp\/v2\/sujet?post=3481"}],"curies":[{"name":"wp","href":"https:\/\/api.w.org\/{rel}","templated":true}]}}