{"id":198,"date":"2023-11-01T14:32:54","date_gmt":"2023-11-01T13:32:54","guid":{"rendered":"https:\/\/www.ombredestilleuls.com\/?page_id=198"},"modified":"2026-04-13T16:25:01","modified_gmt":"2026-04-13T14:25:01","slug":"location-mobil-home-peyrouse","status":"publish","type":"page","link":"https:\/\/www.ombredestilleuls.com\/fr\/location-mobil-home-peyrouse\/","title":{"rendered":"Locatifs"},"content":{"rendered":"<section id=\"ls-section-block_bd01638c15407fb29bdd4fb64a196219\" class=\"ls-section \" >\r\n        <div class=\"container container--wide\">\r\n        \n\n<h1 class=\"ls__heading wp-block-heading has-text-align-center\">Louez un mobil-home pr\u00e8s de Lourdes<\/h1>\n\n\n\n<p class=\"ls-paragraph has-text-align-center\">Nich\u00e9 dans un \u00e9crin de verdure, avec les Pyr\u00e9n\u00e9es en toile de fond, nous vous proposons : emplacements camping, tentes sur pilotis, mobil-homes, etc. Sans oublier l&rsquo;<strong>espace Tribu<\/strong> qui se compose de 2 mobil home reli\u00e9s par une grande terrasse et vous propose 12 couchages.<\/p>\n\n\n\n<div id=\"ls-hebergements-block_2087c33057b77742abaf901424b841db\" class=\"ls-hebergements\" >\n    \n    <div class=\"ls-customizer\">\n\n    <div class=\"ls-customizer__filters\">\n        <div class=\"ls-customizer__filters__close\">\n            <i class=\"fas fa-times\"><\/i>\n        <\/div>\n\n        <div class=\"ls-customizer__filters__title\">\n            <b>Filtres<\/b>\n            <span class=\"ls-customizer__filters__clear\"><i class=\"fas fa-times\"><\/i> Effacer les filtres<\/span>\n        <\/div>\n\n                \n        <!-- Filtres ACF fields -->\n        \n                                <!-- Filtre nombre_de_personnes -->\n                        <div class=\"filter\" id=\"filter-nombre_de_personnes\">\n                <div class=\"filter__title\">Capacit\u00e9 maximale<i class=\"fas fa-angle-down\"><\/i><\/div>\n                <fieldset data-filter=\"nombre_de_personnes\" data-operator=\"<=\" class=\"input\">\n                    \n                    <div><input type=\"radio\" name=\"nombre_de_personnes\" id=\"nombre_de_personnes-all\"  class=\"checkbox\" \/><label for='nombre_de_personnes-all'>Tous<\/label><\/div><div><input type=\"radio\" name=\"nombre_de_personnes\" id=\"nombre_de_personnes-4\" value=\"4\" class=\"checkbox\"  \/><label for='nombre_de_personnes-4'>Jusqu&rsquo;\u00e0 4 pers.<\/label><\/div><div><input type=\"radio\" name=\"nombre_de_personnes\" id=\"nombre_de_personnes-5\" value=\"5\" class=\"checkbox\"  \/><label for='nombre_de_personnes-5'>Jusqu&rsquo;\u00e0 5 pers.<\/label><\/div><div><input type=\"radio\" name=\"nombre_de_personnes\" id=\"nombre_de_personnes-6\" value=\"6\" class=\"checkbox\"  \/><label for='nombre_de_personnes-6'>Jusqu&rsquo;\u00e0 6 pers.<\/label><\/div><div><input type=\"radio\" name=\"nombre_de_personnes\" id=\"nombre_de_personnes-8\" value=\"8\" class=\"checkbox\"  \/><label for='nombre_de_personnes-8'>Jusqu&rsquo;\u00e0 8 pers.<\/label><\/div><div><input type=\"radio\" name=\"nombre_de_personnes\" id=\"nombre_de_personnes-12\" value=\"12\" class=\"checkbox\"  \/><label for='nombre_de_personnes-12'>Jusqu&rsquo;\u00e0 12 pers.<\/label><\/div>                <\/fieldset>\n            <\/div>\n                                <!-- Filtre nombre_de_chambres -->\n                        <div class=\"filter\" id=\"filter-nombre_de_chambres\">\n                <div class=\"filter__title\">Nombre de chambres<i class=\"fas fa-angle-down\"><\/i><\/div>\n                <fieldset data-filter=\"nombre_de_chambres\" data-operator=\"==\" class=\"input\">\n                    \n                    <div><input type=\"radio\" name=\"nombre_de_chambres\" id=\"nombre_de_chambres-all\"  class=\"checkbox\" \/><label for='nombre_de_chambres-all'>Tous<\/label><\/div><div><input type=\"radio\" name=\"nombre_de_chambres\" id=\"nombre_de_chambres-2\" value=\"2\" class=\"checkbox\"  \/><label for='nombre_de_chambres-2'>2<\/label><\/div><div><input type=\"radio\" name=\"nombre_de_chambres\" id=\"nombre_de_chambres-3\" value=\"3\" class=\"checkbox\"  \/><label for='nombre_de_chambres-3'>3<\/label><\/div><div><input type=\"radio\" name=\"nombre_de_chambres\" id=\"nombre_de_chambres-4\" value=\"4\" class=\"checkbox\"  \/><label for='nombre_de_chambres-4'>4<\/label><\/div><div><input type=\"radio\" name=\"nombre_de_chambres\" id=\"nombre_de_chambres-6\" value=\"6\" class=\"checkbox\"  \/><label for='nombre_de_chambres-6'>6<\/label><\/div>                <\/fieldset>\n            <\/div>\n                            \n    <\/div>\n\n<\/div><div class=\"ls-hebergements__results\" data-row=\"3\" data-campings=\"false\" data-types=\"[14]\"><div class=\"ls-hebergement\" data-postid='3379' data-id-reservation='26' data-id-site='' data-id1='' data-nombre_de_personnes='8' data-nombre_de_chambres='4' data-last-update='' data-type='locations'>\n\t<div class=\"ls-hebergement__thumb\">\n\t\t\t\t<img decoding=\"async\" src=\"https:\/\/www.ombredestilleuls.com\/wp-content\/uploads\/2024\/03\/facade-XXL-scaled.jpg\" alt=\"MOBIL HOME 4 CHAMBRES OR (XXL)\" \/>\n\t\t<div class=\"ls-hebergement__title\">\n\t\t\tMOBIL HOME 4 CHAMBRES OR (XXL)\t\t<\/div>\n\t<\/div>\n\t \n\t<div class=\"ls-hebergement__content\">\n\n\t\t<div class=\"ls-hebergement__details\">\n\n\t\t\t<div class=\"ls-hebergement__icons\">\n\n\t\t\t\t\t\t\t\t\t<span class=\"ls-hebergement__icon\">\n\t\t\t\t\t\t<i class=\"tilleuls-famille\"><\/i>\n\t\t\t\t\t\t<span>8<\/span>\n\t\t\t\t\t<\/span>\n\t\t\t\t\n\t\t\t\t\t\t\t\t\t<span class=\"ls-hebergement__icon\">\n\t\t\t\t\t\t<i class=\"tilleuls-porte\"><\/i>\n\t\t\t\t\t\t<span>4<\/span>\n\t\t\t\t\t<\/span>\n\t\t\t\t\n\t\t\t\t\t\t\t\t\t<span class=\"ls-hebergement__icon\">\n\t\t\t\t\t\t<i class=\"tilleuls-douche\"><\/i>\n\t\t\t\t\t\t<span>1<\/span>\n\t\t\t\t\t<\/span>\n\t\t\t\t\n\t\t\t\t\t\t\t\t\t<span class=\"ls-hebergement__icon\">\n\t\t\t\t\t\t<i class=\"tilleuls-surface\"><\/i>\n\t\t\t\t\t\t<span>37m\u00b2<\/span>\n\t\t\t\t\t<\/span>\n\t\t\t\t\n\t\t\t\t\t\t\t\t\t<span class=\"ls-hebergement__icon\">\n\t\t\t\t\t\t<i class=\"tilleuls-pas-danimaux\"><\/i>\n\t\t\t\t\t\t<!-- <span><\/span> -->\n\t\t\t\t\t<\/span>\n\t\t\t\t\n\n\n\t\t\t\t\n\t\t\t<\/div>\n\t\t<\/div>\n\n\t\t<div class=\"ls-hebergement__disponibilite ls-button aligncenter\">\n\t\t\t<span class=\"text\">D\u00e9couvrir<\/span>\n\t\t<\/div>\n\t<\/div>\n\t\n<div class=\"ls-single-hebergement\" data-postid='3379' data-id-reservation='26' data-id-site='' data-id1='' data-nombre_de_personnes='8' data-nombre_de_chambres='4' data-last-update='' data-type='locations'>\n\t<div class=\"container\">\n\n\t\t\t\t\t<div class=\"ls-single-hebergement__close\">\n\t\t\t\t<i class=\"fas fa-times\"><\/i>\n\t\t\t<\/div>\n\t\t\n\t\t<h2 class=ls-single-hebergement__title>MOBIL HOME 4 CHAMBRES OR (XXL)<\/h2>\n\n\t\t<img decoding=\"async\" width=\"1920\" height=\"2560\" src=\"https:\/\/www.ombredestilleuls.com\/wp-content\/uploads\/2024\/03\/facade-XXL-scaled.jpg\" class=\"attachment-full size-full wp-post-image\" alt=\"fa\u00e7ade XXL\" srcset=\"https:\/\/www.ombredestilleuls.com\/wp-content\/uploads\/2024\/03\/facade-XXL-scaled.jpg 1920w, https:\/\/www.ombredestilleuls.com\/wp-content\/uploads\/2024\/03\/facade-XXL-225x300.jpg 225w, https:\/\/www.ombredestilleuls.com\/wp-content\/uploads\/2024\/03\/facade-XXL-768x1024.jpg 768w, https:\/\/www.ombredestilleuls.com\/wp-content\/uploads\/2024\/03\/facade-XXL-1152x1536.jpg 1152w, https:\/\/www.ombredestilleuls.com\/wp-content\/uploads\/2024\/03\/facade-XXL-1536x2048.jpg 1536w\" sizes=\"(max-width: 1920px) 100vw, 1920px\" \/>\t\t<div class=\"wp-block-columns\">\n\t\t\t<div class=\"wp-block-column\">\n\n\t\t\t\t\t\t\t\t\t<ul class=\"ls-single-hebergement__galerie\">\n\t\t\t\t\t\t\t\t\t\t\t\t\t<li>\n\t\t\t\t\t\t\t\t<a href=\"https:\/\/www.ombredestilleuls.com\/wp-content\/uploads\/2024\/03\/facade-XXL-scaled.jpg\" data-fancybox=\"hebergement\">\n\t\t\t\t\t\t\t\t\t<img decoding=\"async\" src=\"https:\/\/www.ombredestilleuls.com\/wp-content\/uploads\/2024\/03\/facade-XXL-150x150.jpg\" alt=\"fa\u00e7ade XXL\" \/>\n\t\t\t\t\t\t\t\t<\/a>\n\t\t\t\t\t\t\t<\/li>\n\t\t\t\t\t\t\t\t\t\t\t\t\t<li>\n\t\t\t\t\t\t\t\t<a href=\"https:\/\/www.ombredestilleuls.com\/wp-content\/uploads\/2024\/03\/Cuisine-XXl-scaled.jpg\" data-fancybox=\"hebergement\">\n\t\t\t\t\t\t\t\t\t<img decoding=\"async\" src=\"https:\/\/www.ombredestilleuls.com\/wp-content\/uploads\/2024\/03\/Cuisine-XXl-150x150.jpg\" alt=\"Cuisine XXl\" \/>\n\t\t\t\t\t\t\t\t<\/a>\n\t\t\t\t\t\t\t<\/li>\n\t\t\t\t\t\t\t\t\t\t\t\t\t<li>\n\t\t\t\t\t\t\t\t<a href=\"https:\/\/www.ombredestilleuls.com\/wp-content\/uploads\/2024\/03\/Salon-interieur-XXL-scaled.jpg\" data-fancybox=\"hebergement\">\n\t\t\t\t\t\t\t\t\t<img decoding=\"async\" src=\"https:\/\/www.ombredestilleuls.com\/wp-content\/uploads\/2024\/03\/Salon-interieur-XXL-150x150.jpg\" alt=\"Salon int\u00e9rieur XXL\" \/>\n\t\t\t\t\t\t\t\t<\/a>\n\t\t\t\t\t\t\t<\/li>\n\t\t\t\t\t\t\t\t\t\t\t\t\t<li>\n\t\t\t\t\t\t\t\t<a href=\"https:\/\/www.ombredestilleuls.com\/wp-content\/uploads\/2024\/03\/Terrasse-XXL-scaled.jpg\" data-fancybox=\"hebergement\">\n\t\t\t\t\t\t\t\t\t<img decoding=\"async\" src=\"https:\/\/www.ombredestilleuls.com\/wp-content\/uploads\/2024\/03\/Terrasse-XXL-150x150.jpg\" alt=\"Terrasse XXL\" \/>\n\t\t\t\t\t\t\t\t<\/a>\n\t\t\t\t\t\t\t<\/li>\n\t\t\t\t\t\t\t\t\t\t\t\t\t<li>\n\t\t\t\t\t\t\t\t<a href=\"https:\/\/www.ombredestilleuls.com\/wp-content\/uploads\/2024\/03\/Chambre-adulte-XXL-scaled.jpg\" data-fancybox=\"hebergement\">\n\t\t\t\t\t\t\t\t\t<img decoding=\"async\" src=\"https:\/\/www.ombredestilleuls.com\/wp-content\/uploads\/2024\/03\/Chambre-adulte-XXL-150x150.jpg\" alt=\"Chambre adulte XXL\" \/>\n\t\t\t\t\t\t\t\t<\/a>\n\t\t\t\t\t\t\t<\/li>\n\t\t\t\t\t\t\t\t\t\t\t\t\t<li>\n\t\t\t\t\t\t\t\t<a href=\"https:\/\/www.ombredestilleuls.com\/wp-content\/uploads\/2024\/03\/Chambre-enfant-XXL-scaled.jpg\" data-fancybox=\"hebergement\">\n\t\t\t\t\t\t\t\t\t<img decoding=\"async\" src=\"https:\/\/www.ombredestilleuls.com\/wp-content\/uploads\/2024\/03\/Chambre-enfant-XXL-150x150.jpg\" alt=\"Chambre enfant XXL\" \/>\n\t\t\t\t\t\t\t\t<\/a>\n\t\t\t\t\t\t\t<\/li>\n\t\t\t\t\t\t\t\t\t\t\t<\/ul>\n\t\t\t\t\n\t\t\t\t<div class=\"ls-single-hebergement__icons_single\">\n\n\t\t\t\t\t\t\t\t\t\t\t<span class=\"ls-single-hebergement__icon\">\n\t\t\t\t\t\t\t<i class=\"tilleuls-surface\"><\/i>\n\t\t\t\t\t\t\t<span>37m\u00b2<\/span>\n\t\t\t\t\t\t<\/span>\n\t\t\t\t\t\n\t\t\t\t\t\t\t\t\t\t\t<span class=\"ls-single-hebergement__icon\">\n\t\t\t\t\t\t\t<i class=\"tilleuls-famille\"><\/i>\n\t\t\t\t\t\t\t\t\t\t\t\t\t\t\t<span>8 pers<\/span>\n\t\t\t\t\t\t\t\t\t\t\t\t\t<\/span>\n\t\t\t\t\t\n\t\t\t\t\t\t\t\t\t\t\t<span class=\"ls-single-hebergement__icon\">\n\t\t\t\t\t\t\t<i class=\"tilleuls-porte\"><\/i>\n\t\t\t\t\t\t\t\t\t\t\t\t\t\t\t<span>4 ch<\/span>\n\t\t\t\t\t\t\t\t\t\t\t\t\t<\/span>\n\t\t\t\t\t\n\t\t\t\t\t\t\t\t\t\t\t<span class=\"ls-single-hebergement__icon\">\n\t\t\t\t\t\t\t<i class=\"tilleuls-douche\"><\/i>\n\t\t\t\t\t\t\t\t\t\t\t\t\t\t\t<span>1 SDB<\/span>\n\t\t\t\t\t\t\t\t\t\t\t\t\t<\/span>\n\t\t\t\t\t\n\t\t\t\t\t\t\t\t\t\t\t<span class=\"ls-single-hebergement__icon\">\n\t\t\t\t\t\t\t<i class=\"tilleuls-pas-danimaux\"><\/i>\n\t\t\t\t\t\t\t<span>Animaux non autoris\u00e9s<\/span>\n\t\t\t\t\t\t<\/span>\n\t\t\t\t\t\n\t\t\t\t\t\n\t\t\t\t<\/div> <!-- End icons -->\n\n\n\t\t\t\t<div class=\"ls-single-hebergement__buttons_single\">\n\n\t\t\t\t\t<!-- Plan Button -->\n\t\t\t\t\t\t\t\t\t\t<!-- End plan button -->\n\n\n\t\t\t\t\t<!-- Inventaire Button -->\n\t\t\t\t\t\t\t\t\t\t<!-- End Inventaire button -->\n\n\t\t\t\t\t<!-- Emplacement Button -->\n\t\t\t\t\t\t\t\t\t\t<!-- End Emplacement button -->\n\n\t\t\t\t<\/div> <!-- End buttons -->\n\n\n\t\t\t\t<div class=\"ls-single-hebergement__description\">\n\t\t\t\t\t<p style=\"text-align: center;\">LAVE-VAISSELLE <span style=\"font-weight: 400;\">|<\/span> MICRO-ONDES <span style=\"font-weight: 400;\">| <\/span>R\u00c9FRIG\u00c9RATEUR <span style=\"font-weight: 400;\">|<\/span> CONG\u00c9LATEUR <span style=\"font-weight: 400;\">|<\/span> TERRASSE <span style=\"font-weight: 400;\">|<\/span> PARKING 1 PLACE <span style=\"font-weight: 400;\">| VUE<\/span> <span style=\"font-weight: 400;\">|<\/span> WI-FI<\/p>\n<p>NOUVEAUTE 2024!<br \/>\nVenez d\u00e9couvrir nos mobil home Hautes-Pyr\u00e9n\u00e9es 4 chambres pour 8 personnes. Ils poss\u00e8dent 2 chambres avec un lit 2 personnes et 2 autres chambres avec 2 lits une personne, une pi\u00e8ce de vie avec coin cuisine \u00e9quip\u00e9, une salle de bain et un WC. Le tout agr\u00e9ment\u00e9 d&rsquo;une terrasse semi-couverte avec salon de jardin.<br \/>\nLe coin cuisine est \u00e9quip\u00e9 d&rsquo;une plaque de cuisson avec hotte aspirante, d&rsquo;une cafeti\u00e8re \u00e0 filtres, d&rsquo;un r\u00e9frig\u00e9rateur, d&rsquo;un micro ondes et d&rsquo;un lave-vaisselle.<br \/>\nLe mobil home est en plus climatis\u00e9.<\/p>\n\t\t\t\t<\/div>\n\n\t\t\t\t\t\t\t<\/div>\n\n\t\t<\/div>\n\t\t<div class=\"ls-single-hebergement-resa\">\n\t\t\t\t\t\t\t<iframe data-src=\"https:\/\/www.ombredestilleuls.com\/wp-content\/themes\/lasai-child\/partials\/loops\/frame-thelis.php?id=26&#038;lang=fr&#038;id_camping=alombredestilleuls\" width=\"100%\" height=\"1000\" frameborder=\"0\"><\/iframe>\n\t\t\t\t\t<\/div>\n\t<\/div>\n<\/div><\/div><div class=\"ls-hebergement\" data-postid='1157' data-id-reservation='18' data-id-site='' data-id1='' data-nombre_de_personnes='4' data-nombre_de_chambres='2' data-last-update='' data-type='locations'>\n\t<div class=\"ls-hebergement__thumb\">\n\t\t\t\t<img decoding=\"async\" src=\"https:\/\/www.ombredestilleuls.com\/wp-content\/uploads\/2023\/12\/mobil-home-2-chambres-argent-ophea.webp\" alt=\"MOBIL HOME 2 CHAMBRES ARGENT (OPHEA)\" \/>\n\t\t<div class=\"ls-hebergement__title\">\n\t\t\tMOBIL HOME 2 CHAMBRES ARGENT (OPHEA)\t\t<\/div>\n\t<\/div>\n\t \n\t<div class=\"ls-hebergement__content\">\n\n\t\t<div class=\"ls-hebergement__details\">\n\n\t\t\t<div class=\"ls-hebergement__icons\">\n\n\t\t\t\t\t\t\t\t\t<span class=\"ls-hebergement__icon\">\n\t\t\t\t\t\t<i class=\"tilleuls-famille\"><\/i>\n\t\t\t\t\t\t<span>4<\/span>\n\t\t\t\t\t<\/span>\n\t\t\t\t\n\t\t\t\t\t\t\t\t\t<span class=\"ls-hebergement__icon\">\n\t\t\t\t\t\t<i class=\"tilleuls-porte\"><\/i>\n\t\t\t\t\t\t<span>2<\/span>\n\t\t\t\t\t<\/span>\n\t\t\t\t\n\t\t\t\t\t\t\t\t\t<span class=\"ls-hebergement__icon\">\n\t\t\t\t\t\t<i class=\"tilleuls-douche\"><\/i>\n\t\t\t\t\t\t<span>1<\/span>\n\t\t\t\t\t<\/span>\n\t\t\t\t\n\t\t\t\t\t\t\t\t\t<span class=\"ls-hebergement__icon\">\n\t\t\t\t\t\t<i class=\"tilleuls-surface\"><\/i>\n\t\t\t\t\t\t<span>32m\u00b2<\/span>\n\t\t\t\t\t<\/span>\n\t\t\t\t\n\t\t\t\t\t\t\t\t\t<span class=\"ls-hebergement__icon\">\n\t\t\t\t\t\t<i class=\"tilleuls-animaux\"><\/i>\n\t\t\t\t\t\t<!-- <span><\/span> -->\n\t\t\t\t\t<\/span>\n\t\t\t\t\t\t\n\t\t\t\t\n\n\n\t\t\t\t\n\t\t\t<\/div>\n\t\t<\/div>\n\n\t\t<div class=\"ls-hebergement__disponibilite ls-button aligncenter\">\n\t\t\t<span class=\"text\">D\u00e9couvrir<\/span>\n\t\t<\/div>\n\t<\/div>\n\t\n<div class=\"ls-single-hebergement\" data-postid='1157' data-id-reservation='18' data-id-site='' data-id1='' data-nombre_de_personnes='4' data-nombre_de_chambres='2' data-last-update='' data-type='locations'>\n\t<div class=\"container\">\n\n\t\t\t\t\t<div class=\"ls-single-hebergement__close\">\n\t\t\t\t<i class=\"fas fa-times\"><\/i>\n\t\t\t<\/div>\n\t\t\n\t\t<h2 class=ls-single-hebergement__title>MOBIL HOME 2 CHAMBRES ARGENT (OPHEA)<\/h2>\n\n\t\t<img decoding=\"async\" width=\"1024\" height=\"768\" src=\"https:\/\/www.ombredestilleuls.com\/wp-content\/uploads\/2023\/12\/mobil-home-2-chambres-argent-ophea.webp\" class=\"attachment-full size-full wp-post-image\" alt=\"mobil home chambres argent ophea\" srcset=\"https:\/\/www.ombredestilleuls.com\/wp-content\/uploads\/2023\/12\/mobil-home-2-chambres-argent-ophea.webp 1024w, https:\/\/www.ombredestilleuls.com\/wp-content\/uploads\/2023\/12\/mobil-home-2-chambres-argent-ophea-300x225.webp 300w, https:\/\/www.ombredestilleuls.com\/wp-content\/uploads\/2023\/12\/mobil-home-2-chambres-argent-ophea-768x576.webp 768w\" sizes=\"(max-width: 1024px) 100vw, 1024px\" \/>\t\t<div class=\"wp-block-columns\">\n\t\t\t<div class=\"wp-block-column\">\n\n\t\t\t\t\t\t\t\t\t<ul class=\"ls-single-hebergement__galerie\">\n\t\t\t\t\t\t\t\t\t\t\t\t\t<li>\n\t\t\t\t\t\t\t\t<a href=\"https:\/\/www.ombredestilleuls.com\/wp-content\/uploads\/2023\/12\/mobil-home-2-chambres-argent-ophea.webp\" data-fancybox=\"hebergement\">\n\t\t\t\t\t\t\t\t\t<img decoding=\"async\" src=\"https:\/\/www.ombredestilleuls.com\/wp-content\/uploads\/2023\/12\/mobil-home-2-chambres-argent-ophea-150x150.webp\" alt=\"mobil home chambres argent ophea\" \/>\n\t\t\t\t\t\t\t\t<\/a>\n\t\t\t\t\t\t\t<\/li>\n\t\t\t\t\t\t\t\t\t\t\t\t\t<li>\n\t\t\t\t\t\t\t\t<a href=\"https:\/\/www.ombredestilleuls.com\/wp-content\/uploads\/2023\/12\/mobil-home-2-chambres-argent-ophea-1.webp\" data-fancybox=\"hebergement\">\n\t\t\t\t\t\t\t\t\t<img decoding=\"async\" src=\"https:\/\/www.ombredestilleuls.com\/wp-content\/uploads\/2023\/12\/mobil-home-2-chambres-argent-ophea-1-150x150.webp\" alt=\"mobil home chambres argent ophea\" \/>\n\t\t\t\t\t\t\t\t<\/a>\n\t\t\t\t\t\t\t<\/li>\n\t\t\t\t\t\t\t\t\t\t\t\t\t<li>\n\t\t\t\t\t\t\t\t<a href=\"https:\/\/www.ombredestilleuls.com\/wp-content\/uploads\/2023\/12\/mobil-home-2-chambres-argent-ophea-2.webp\" data-fancybox=\"hebergement\">\n\t\t\t\t\t\t\t\t\t<img decoding=\"async\" src=\"https:\/\/www.ombredestilleuls.com\/wp-content\/uploads\/2023\/12\/mobil-home-2-chambres-argent-ophea-2-150x150.webp\" alt=\"mobil home chambres argent ophea\" \/>\n\t\t\t\t\t\t\t\t<\/a>\n\t\t\t\t\t\t\t<\/li>\n\t\t\t\t\t\t\t\t\t\t\t\t\t<li>\n\t\t\t\t\t\t\t\t<a href=\"https:\/\/www.ombredestilleuls.com\/wp-content\/uploads\/2023\/12\/mobil-home-2-chambres-argent-ophea-3.webp\" data-fancybox=\"hebergement\">\n\t\t\t\t\t\t\t\t\t<img decoding=\"async\" src=\"https:\/\/www.ombredestilleuls.com\/wp-content\/uploads\/2023\/12\/mobil-home-2-chambres-argent-ophea-3-150x150.webp\" alt=\"mobil home chambres argent ophea\" \/>\n\t\t\t\t\t\t\t\t<\/a>\n\t\t\t\t\t\t\t<\/li>\n\t\t\t\t\t\t\t\t\t\t\t\t\t<li>\n\t\t\t\t\t\t\t\t<a href=\"https:\/\/www.ombredestilleuls.com\/wp-content\/uploads\/2023\/12\/mobil-home-2-chambres-argent-ophea-4.webp\" data-fancybox=\"hebergement\">\n\t\t\t\t\t\t\t\t\t<img decoding=\"async\" src=\"https:\/\/www.ombredestilleuls.com\/wp-content\/uploads\/2023\/12\/mobil-home-2-chambres-argent-ophea-4-150x150.webp\" alt=\"mobil home chambres argent ophea\" \/>\n\t\t\t\t\t\t\t\t<\/a>\n\t\t\t\t\t\t\t<\/li>\n\t\t\t\t\t\t\t\t\t\t\t\t\t<li>\n\t\t\t\t\t\t\t\t<a href=\"https:\/\/www.ombredestilleuls.com\/wp-content\/uploads\/2023\/12\/mobil-home-2-chambres-argent-ophea-5.webp\" data-fancybox=\"hebergement\">\n\t\t\t\t\t\t\t\t\t<img decoding=\"async\" src=\"https:\/\/www.ombredestilleuls.com\/wp-content\/uploads\/2023\/12\/mobil-home-2-chambres-argent-ophea-5-150x150.webp\" alt=\"mobil home chambres argent ophea\" \/>\n\t\t\t\t\t\t\t\t<\/a>\n\t\t\t\t\t\t\t<\/li>\n\t\t\t\t\t\t\t\t\t\t\t\t\t<li>\n\t\t\t\t\t\t\t\t<a href=\"https:\/\/www.ombredestilleuls.com\/wp-content\/uploads\/2023\/12\/mobil-home-2-chambres-argent-ophea-6.webp\" data-fancybox=\"hebergement\">\n\t\t\t\t\t\t\t\t\t<img decoding=\"async\" src=\"https:\/\/www.ombredestilleuls.com\/wp-content\/uploads\/2023\/12\/mobil-home-2-chambres-argent-ophea-6-150x150.webp\" alt=\"mobil home chambres argent ophea\" \/>\n\t\t\t\t\t\t\t\t<\/a>\n\t\t\t\t\t\t\t<\/li>\n\t\t\t\t\t\t\t\t\t\t\t<\/ul>\n\t\t\t\t\n\t\t\t\t<div class=\"ls-single-hebergement__icons_single\">\n\n\t\t\t\t\t\t\t\t\t\t\t<span class=\"ls-single-hebergement__icon\">\n\t\t\t\t\t\t\t<i class=\"tilleuls-surface\"><\/i>\n\t\t\t\t\t\t\t<span>32m\u00b2<\/span>\n\t\t\t\t\t\t<\/span>\n\t\t\t\t\t\n\t\t\t\t\t\t\t\t\t\t\t<span class=\"ls-single-hebergement__icon\">\n\t\t\t\t\t\t\t<i class=\"tilleuls-famille\"><\/i>\n\t\t\t\t\t\t\t\t\t\t\t\t\t\t\t<span>4 pers<\/span>\n\t\t\t\t\t\t\t\t\t\t\t\t\t<\/span>\n\t\t\t\t\t\n\t\t\t\t\t\t\t\t\t\t\t<span class=\"ls-single-hebergement__icon\">\n\t\t\t\t\t\t\t<i class=\"tilleuls-porte\"><\/i>\n\t\t\t\t\t\t\t\t\t\t\t\t\t\t\t<span>2 ch<\/span>\n\t\t\t\t\t\t\t\t\t\t\t\t\t<\/span>\n\t\t\t\t\t\n\t\t\t\t\t\t\t\t\t\t\t<span class=\"ls-single-hebergement__icon\">\n\t\t\t\t\t\t\t<i class=\"tilleuls-douche\"><\/i>\n\t\t\t\t\t\t\t\t\t\t\t\t\t\t\t<span>1 SDB<\/span>\n\t\t\t\t\t\t\t\t\t\t\t\t\t<\/span>\n\t\t\t\t\t\n\t\t\t\t\t\t\t\t\t\t\t<span class=\"ls-single-hebergement__icon\">\n\t\t\t\t\t\t\t<i class=\"tilleuls-animaux\"><\/i>\n\t\t\t\t\t\t\t<span>Animaux autoris\u00e9s<\/span>\n\t\t\t\t\t\t<\/span>\n\n\t\t\t\t\t\n\t\t\t\t\t\n\t\t\t\t<\/div> <!-- End icons -->\n\n\n\t\t\t\t<div class=\"ls-single-hebergement__buttons_single\">\n\n\t\t\t\t\t<!-- Plan Button -->\n\t\t\t\t\t\t\t\t\t\t<!-- End plan button -->\n\n\n\t\t\t\t\t<!-- Inventaire Button -->\n\t\t\t\t\t\t\t\t\t\t<!-- End Inventaire button -->\n\n\t\t\t\t\t<!-- Emplacement Button -->\n\t\t\t\t\t\t\t\t\t\t<!-- End Emplacement button -->\n\n\t\t\t\t<\/div> <!-- End buttons -->\n\n\n\t\t\t\t<div class=\"ls-single-hebergement__description\">\n\t\t\t\t\t<p style=\"text-align: center;\">CHAUFFAGE <span style=\"font-weight: 400;\">|<\/span> MICRO-ONDES <span style=\"font-weight: 400;\">| <\/span>R\u00c9FRIG\u00c9RATEUR <span style=\"font-weight: 400;\">|<\/span> CONG\u00c9LATEUR <span style=\"font-weight: 400;\">|<\/span> TERRASSE <span style=\"font-weight: 400;\">|<\/span> PARKING 1 PLACE <span style=\"font-weight: 400;\">|<\/span> WI-FI<\/p>\n<p>Mobil home Hautes-Pyr\u00e9n\u00e9es de 4\/6 couchages : une chambre avec un grand lit 2 personnes, une chambre avec deux lits 1 personne et la banquette de la pi\u00e8ce de vie transformable en couchage 2 personnes. Un coin cuisine \u00e9quip\u00e9 d&rsquo;un r\u00e9frig\u00e9rateur\/cong\u00e9lateur, un micro-ondes, une plaque de cuisson avec hotte, une cafeti\u00e8re \u00e9lectrique ainsi que de vaisselle et batterie de cuisine. Une salle de bains et WC s\u00e9par\u00e9s. Une terrasse couverte avec salon de jardin.<br \/>\nLe + : l&#8217;emplacement pour un lit b\u00e9b\u00e9 dans la chambre parentale.<\/p>\n\t\t\t\t<\/div>\n\n\t\t\t\t\t\t\t<\/div>\n\n\t\t<\/div>\n\t\t<div class=\"ls-single-hebergement-resa\">\n\t\t\t\t\t\t\t<iframe data-src=\"https:\/\/www.ombredestilleuls.com\/wp-content\/themes\/lasai-child\/partials\/loops\/frame-thelis.php?id=18&#038;lang=fr&#038;id_camping=alombredestilleuls\" width=\"100%\" height=\"1000\" frameborder=\"0\"><\/iframe>\n\t\t\t\t\t<\/div>\n\t<\/div>\n<\/div><\/div><div class=\"ls-hebergement\" data-postid='1156' data-id-reservation='17' data-id-site='' data-id1='' data-nombre_de_personnes='6' data-nombre_de_chambres='3' data-last-update='' data-type='locations'>\n\t<div class=\"ls-hebergement__thumb\">\n\t\t\t\t<img decoding=\"async\" src=\"https:\/\/www.ombredestilleuls.com\/wp-content\/uploads\/2023\/12\/mobil-home-3-chambres-argent-ophea.webp\" alt=\"MOBIL HOME 3 CHAMBRES ARGENT (OPHEA)\" \/>\n\t\t<div class=\"ls-hebergement__title\">\n\t\t\tMOBIL HOME 3 CHAMBRES ARGENT (OPHEA)\t\t<\/div>\n\t<\/div>\n\t \n\t<div class=\"ls-hebergement__content\">\n\n\t\t<div class=\"ls-hebergement__details\">\n\n\t\t\t<div class=\"ls-hebergement__icons\">\n\n\t\t\t\t\t\t\t\t\t<span class=\"ls-hebergement__icon\">\n\t\t\t\t\t\t<i class=\"tilleuls-famille\"><\/i>\n\t\t\t\t\t\t<span>6<\/span>\n\t\t\t\t\t<\/span>\n\t\t\t\t\n\t\t\t\t\t\t\t\t\t<span class=\"ls-hebergement__icon\">\n\t\t\t\t\t\t<i class=\"tilleuls-porte\"><\/i>\n\t\t\t\t\t\t<span>3<\/span>\n\t\t\t\t\t<\/span>\n\t\t\t\t\n\t\t\t\t\t\t\t\t\t<span class=\"ls-hebergement__icon\">\n\t\t\t\t\t\t<i class=\"tilleuls-douche\"><\/i>\n\t\t\t\t\t\t<span>1<\/span>\n\t\t\t\t\t<\/span>\n\t\t\t\t\n\t\t\t\t\t\t\t\t\t<span class=\"ls-hebergement__icon\">\n\t\t\t\t\t\t<i class=\"tilleuls-surface\"><\/i>\n\t\t\t\t\t\t<span>33m\u00b2<\/span>\n\t\t\t\t\t<\/span>\n\t\t\t\t\n\t\t\t\t\t\t\t\t\t<span class=\"ls-hebergement__icon\">\n\t\t\t\t\t\t<i class=\"tilleuls-animaux\"><\/i>\n\t\t\t\t\t\t<!-- <span><\/span> -->\n\t\t\t\t\t<\/span>\n\t\t\t\t\t\t\n\t\t\t\t\n\n\n\t\t\t\t\n\t\t\t<\/div>\n\t\t<\/div>\n\n\t\t<div class=\"ls-hebergement__disponibilite ls-button aligncenter\">\n\t\t\t<span class=\"text\">D\u00e9couvrir<\/span>\n\t\t<\/div>\n\t<\/div>\n\t\n<div class=\"ls-single-hebergement\" data-postid='1156' data-id-reservation='17' data-id-site='' data-id1='' data-nombre_de_personnes='6' data-nombre_de_chambres='3' data-last-update='' data-type='locations'>\n\t<div class=\"container\">\n\n\t\t\t\t\t<div class=\"ls-single-hebergement__close\">\n\t\t\t\t<i class=\"fas fa-times\"><\/i>\n\t\t\t<\/div>\n\t\t\n\t\t<h2 class=ls-single-hebergement__title>MOBIL HOME 3 CHAMBRES ARGENT (OPHEA)<\/h2>\n\n\t\t<img decoding=\"async\" width=\"1024\" height=\"1024\" src=\"https:\/\/www.ombredestilleuls.com\/wp-content\/uploads\/2023\/12\/mobil-home-3-chambres-argent-ophea.webp\" class=\"attachment-full size-full wp-post-image\" alt=\"mobil home chambres argent ophea\" srcset=\"https:\/\/www.ombredestilleuls.com\/wp-content\/uploads\/2023\/12\/mobil-home-3-chambres-argent-ophea.webp 1024w, https:\/\/www.ombredestilleuls.com\/wp-content\/uploads\/2023\/12\/mobil-home-3-chambres-argent-ophea-300x300.webp 300w, https:\/\/www.ombredestilleuls.com\/wp-content\/uploads\/2023\/12\/mobil-home-3-chambres-argent-ophea-150x150.webp 150w, https:\/\/www.ombredestilleuls.com\/wp-content\/uploads\/2023\/12\/mobil-home-3-chambres-argent-ophea-768x768.webp 768w\" sizes=\"(max-width: 1024px) 100vw, 1024px\" \/>\t\t<div class=\"wp-block-columns\">\n\t\t\t<div class=\"wp-block-column\">\n\n\t\t\t\t\t\t\t\t\t<ul class=\"ls-single-hebergement__galerie\">\n\t\t\t\t\t\t\t\t\t\t\t\t\t<li>\n\t\t\t\t\t\t\t\t<a href=\"https:\/\/www.ombredestilleuls.com\/wp-content\/uploads\/2023\/12\/mobil-home-3-chambres-argent-ophea.webp\" data-fancybox=\"hebergement\">\n\t\t\t\t\t\t\t\t\t<img decoding=\"async\" src=\"https:\/\/www.ombredestilleuls.com\/wp-content\/uploads\/2023\/12\/mobil-home-3-chambres-argent-ophea-150x150.webp\" alt=\"mobil home chambres argent ophea\" \/>\n\t\t\t\t\t\t\t\t<\/a>\n\t\t\t\t\t\t\t<\/li>\n\t\t\t\t\t\t\t\t\t\t\t\t\t<li>\n\t\t\t\t\t\t\t\t<a href=\"https:\/\/www.ombredestilleuls.com\/wp-content\/uploads\/2023\/12\/mobil-home-3-chambres-argent-ophea-1.webp\" data-fancybox=\"hebergement\">\n\t\t\t\t\t\t\t\t\t<img decoding=\"async\" src=\"https:\/\/www.ombredestilleuls.com\/wp-content\/uploads\/2023\/12\/mobil-home-3-chambres-argent-ophea-1-150x150.webp\" alt=\"mobil home chambres argent ophea\" \/>\n\t\t\t\t\t\t\t\t<\/a>\n\t\t\t\t\t\t\t<\/li>\n\t\t\t\t\t\t\t\t\t\t\t\t\t<li>\n\t\t\t\t\t\t\t\t<a href=\"https:\/\/www.ombredestilleuls.com\/wp-content\/uploads\/2023\/12\/mobil-home-3-chambres-argent-ophea-2.webp\" data-fancybox=\"hebergement\">\n\t\t\t\t\t\t\t\t\t<img decoding=\"async\" src=\"https:\/\/www.ombredestilleuls.com\/wp-content\/uploads\/2023\/12\/mobil-home-3-chambres-argent-ophea-2-150x150.webp\" alt=\"mobil home chambres argent ophea\" \/>\n\t\t\t\t\t\t\t\t<\/a>\n\t\t\t\t\t\t\t<\/li>\n\t\t\t\t\t\t\t\t\t\t\t\t\t<li>\n\t\t\t\t\t\t\t\t<a href=\"https:\/\/www.ombredestilleuls.com\/wp-content\/uploads\/2023\/12\/mobil-home-3-chambres-argent-ophea-3.webp\" data-fancybox=\"hebergement\">\n\t\t\t\t\t\t\t\t\t<img decoding=\"async\" src=\"https:\/\/www.ombredestilleuls.com\/wp-content\/uploads\/2023\/12\/mobil-home-3-chambres-argent-ophea-3-150x150.webp\" alt=\"mobil home chambres argent ophea\" \/>\n\t\t\t\t\t\t\t\t<\/a>\n\t\t\t\t\t\t\t<\/li>\n\t\t\t\t\t\t\t\t\t\t\t\t\t<li>\n\t\t\t\t\t\t\t\t<a href=\"https:\/\/www.ombredestilleuls.com\/wp-content\/uploads\/2023\/12\/mobil-home-3-chambres-argent-ophea-4.webp\" data-fancybox=\"hebergement\">\n\t\t\t\t\t\t\t\t\t<img decoding=\"async\" src=\"https:\/\/www.ombredestilleuls.com\/wp-content\/uploads\/2023\/12\/mobil-home-3-chambres-argent-ophea-4-150x150.webp\" alt=\"mobil home chambres argent ophea\" \/>\n\t\t\t\t\t\t\t\t<\/a>\n\t\t\t\t\t\t\t<\/li>\n\t\t\t\t\t\t\t\t\t\t\t\t\t<li>\n\t\t\t\t\t\t\t\t<a href=\"https:\/\/www.ombredestilleuls.com\/wp-content\/uploads\/2023\/12\/mobil-home-3-chambres-argent-ophea-5.webp\" data-fancybox=\"hebergement\">\n\t\t\t\t\t\t\t\t\t<img decoding=\"async\" src=\"https:\/\/www.ombredestilleuls.com\/wp-content\/uploads\/2023\/12\/mobil-home-3-chambres-argent-ophea-5-150x150.webp\" alt=\"mobil home chambres argent ophea\" \/>\n\t\t\t\t\t\t\t\t<\/a>\n\t\t\t\t\t\t\t<\/li>\n\t\t\t\t\t\t\t\t\t\t\t\t\t<li>\n\t\t\t\t\t\t\t\t<a href=\"https:\/\/www.ombredestilleuls.com\/wp-content\/uploads\/2023\/12\/mobil-home-3-chambres-argent-ophea-6.webp\" data-fancybox=\"hebergement\">\n\t\t\t\t\t\t\t\t\t<img decoding=\"async\" src=\"https:\/\/www.ombredestilleuls.com\/wp-content\/uploads\/2023\/12\/mobil-home-3-chambres-argent-ophea-6-150x150.webp\" alt=\"mobil home chambres argent ophea\" \/>\n\t\t\t\t\t\t\t\t<\/a>\n\t\t\t\t\t\t\t<\/li>\n\t\t\t\t\t\t\t\t\t\t\t<\/ul>\n\t\t\t\t\n\t\t\t\t<div class=\"ls-single-hebergement__icons_single\">\n\n\t\t\t\t\t\t\t\t\t\t\t<span class=\"ls-single-hebergement__icon\">\n\t\t\t\t\t\t\t<i class=\"tilleuls-surface\"><\/i>\n\t\t\t\t\t\t\t<span>33m\u00b2<\/span>\n\t\t\t\t\t\t<\/span>\n\t\t\t\t\t\n\t\t\t\t\t\t\t\t\t\t\t<span class=\"ls-single-hebergement__icon\">\n\t\t\t\t\t\t\t<i class=\"tilleuls-famille\"><\/i>\n\t\t\t\t\t\t\t\t\t\t\t\t\t\t\t<span>6 pers<\/span>\n\t\t\t\t\t\t\t\t\t\t\t\t\t<\/span>\n\t\t\t\t\t\n\t\t\t\t\t\t\t\t\t\t\t<span class=\"ls-single-hebergement__icon\">\n\t\t\t\t\t\t\t<i class=\"tilleuls-porte\"><\/i>\n\t\t\t\t\t\t\t\t\t\t\t\t\t\t\t<span>3 ch<\/span>\n\t\t\t\t\t\t\t\t\t\t\t\t\t<\/span>\n\t\t\t\t\t\n\t\t\t\t\t\t\t\t\t\t\t<span class=\"ls-single-hebergement__icon\">\n\t\t\t\t\t\t\t<i class=\"tilleuls-douche\"><\/i>\n\t\t\t\t\t\t\t\t\t\t\t\t\t\t\t<span>1 SDB<\/span>\n\t\t\t\t\t\t\t\t\t\t\t\t\t<\/span>\n\t\t\t\t\t\n\t\t\t\t\t\t\t\t\t\t\t<span class=\"ls-single-hebergement__icon\">\n\t\t\t\t\t\t\t<i class=\"tilleuls-animaux\"><\/i>\n\t\t\t\t\t\t\t<span>Animaux autoris\u00e9s<\/span>\n\t\t\t\t\t\t<\/span>\n\n\t\t\t\t\t\n\t\t\t\t\t\n\t\t\t\t<\/div> <!-- End icons -->\n\n\n\t\t\t\t<div class=\"ls-single-hebergement__buttons_single\">\n\n\t\t\t\t\t<!-- Plan Button -->\n\t\t\t\t\t\t\t\t\t\t<!-- End plan button -->\n\n\n\t\t\t\t\t<!-- Inventaire Button -->\n\t\t\t\t\t\t\t\t\t\t<!-- End Inventaire button -->\n\n\t\t\t\t\t<!-- Emplacement Button -->\n\t\t\t\t\t\t\t\t\t\t<!-- End Emplacement button -->\n\n\t\t\t\t<\/div> <!-- End buttons -->\n\n\n\t\t\t\t<div class=\"ls-single-hebergement__description\">\n\t\t\t\t\t<p style=\"text-align: center;\">CHAUFFAGE <span style=\"font-weight: 400;\">|<\/span> MICRO-ONDES <span style=\"font-weight: 400;\">| <\/span>R\u00c9FRIG\u00c9RATEUR <span style=\"font-weight: 400;\">|<\/span> CONG\u00c9LATEUR <span style=\"font-weight: 400;\">|<\/span> TERRASSE <span style=\"font-weight: 400;\">|<\/span> PARKING 1 PLACE\u00a0<span style=\"font-weight: 400;\">|<\/span> WI-FI<\/p>\n<p>Mobil home Hautes-Pyr\u00e9n\u00e9es de 6\/8 couchages : une chambre avec un grand lit 2 personnes, deux chambres avec deux lits 1 personne et la banquette de la pi\u00e8ce de vie transformable en lit 2 personnes. Un coin cuisine \u00e9quip\u00e9 d&rsquo;un r\u00e9frig\u00e9rateur\/cong\u00e9lateur, un micro-ondes, une plaque de cuisson avec hotte, une cafeti\u00e8re \u00e9lectrique ainsi que de vaisselle et batterie de cuisine. Une salle de bains et WC s\u00e9par\u00e9s. Une terrasse semi couverte avec salon de jardin.<\/p>\n\t\t\t\t<\/div>\n\n\t\t\t\t\t\t\t<\/div>\n\n\t\t<\/div>\n\t\t<div class=\"ls-single-hebergement-resa\">\n\t\t\t\t\t\t\t<iframe data-src=\"https:\/\/www.ombredestilleuls.com\/wp-content\/themes\/lasai-child\/partials\/loops\/frame-thelis.php?id=17&#038;lang=fr&#038;id_camping=alombredestilleuls\" width=\"100%\" height=\"1000\" frameborder=\"0\"><\/iframe>\n\t\t\t\t\t<\/div>\n\t<\/div>\n<\/div><\/div><div class=\"ls-hebergement\" data-postid='1155' data-id-reservation='9' data-id-site='' data-id1='' data-nombre_de_personnes='12' data-nombre_de_chambres='6' data-last-update='' data-type='locations'>\n\t<div class=\"ls-hebergement__thumb\">\n\t\t\t\t<img decoding=\"async\" src=\"https:\/\/www.ombredestilleuls.com\/wp-content\/uploads\/2023\/12\/mobil-home-6-chambres-platine.webp\" alt=\"MOBIL HOME 6 CHAMBRES PLATINE\" \/>\n\t\t<div class=\"ls-hebergement__title\">\n\t\t\tMOBIL HOME 6 CHAMBRES PLATINE\t\t<\/div>\n\t<\/div>\n\t \n\t<div class=\"ls-hebergement__content\">\n\n\t\t<div class=\"ls-hebergement__details\">\n\n\t\t\t<div class=\"ls-hebergement__icons\">\n\n\t\t\t\t\t\t\t\t\t<span class=\"ls-hebergement__icon\">\n\t\t\t\t\t\t<i class=\"tilleuls-famille\"><\/i>\n\t\t\t\t\t\t<span>12<\/span>\n\t\t\t\t\t<\/span>\n\t\t\t\t\n\t\t\t\t\t\t\t\t\t<span class=\"ls-hebergement__icon\">\n\t\t\t\t\t\t<i class=\"tilleuls-porte\"><\/i>\n\t\t\t\t\t\t<span>6<\/span>\n\t\t\t\t\t<\/span>\n\t\t\t\t\n\t\t\t\t\t\t\t\t\t<span class=\"ls-hebergement__icon\">\n\t\t\t\t\t\t<i class=\"tilleuls-douche\"><\/i>\n\t\t\t\t\t\t<span>2<\/span>\n\t\t\t\t\t<\/span>\n\t\t\t\t\n\t\t\t\t\t\t\t\t\t<span class=\"ls-hebergement__icon\">\n\t\t\t\t\t\t<i class=\"tilleuls-surface\"><\/i>\n\t\t\t\t\t\t<span>68m\u00b2<\/span>\n\t\t\t\t\t<\/span>\n\t\t\t\t\n\t\t\t\t\t\t\t\t\t<span class=\"ls-hebergement__icon\">\n\t\t\t\t\t\t<i class=\"tilleuls-pas-danimaux\"><\/i>\n\t\t\t\t\t\t<!-- <span><\/span> -->\n\t\t\t\t\t<\/span>\n\t\t\t\t\n\n\n\t\t\t\t\n\t\t\t<\/div>\n\t\t<\/div>\n\n\t\t<div class=\"ls-hebergement__disponibilite ls-button aligncenter\">\n\t\t\t<span class=\"text\">D\u00e9couvrir<\/span>\n\t\t<\/div>\n\t<\/div>\n\t\n<div class=\"ls-single-hebergement\" data-postid='1155' data-id-reservation='9' data-id-site='' data-id1='' data-nombre_de_personnes='12' data-nombre_de_chambres='6' data-last-update='' data-type='locations'>\n\t<div class=\"container\">\n\n\t\t\t\t\t<div class=\"ls-single-hebergement__close\">\n\t\t\t\t<i class=\"fas fa-times\"><\/i>\n\t\t\t<\/div>\n\t\t\n\t\t<h2 class=ls-single-hebergement__title>MOBIL HOME 6 CHAMBRES PLATINE<\/h2>\n\n\t\t<img decoding=\"async\" width=\"1024\" height=\"768\" src=\"https:\/\/www.ombredestilleuls.com\/wp-content\/uploads\/2023\/12\/mobil-home-6-chambres-platine.webp\" class=\"attachment-full size-full wp-post-image\" alt=\"mobil home chambres platine\" srcset=\"https:\/\/www.ombredestilleuls.com\/wp-content\/uploads\/2023\/12\/mobil-home-6-chambres-platine.webp 1024w, https:\/\/www.ombredestilleuls.com\/wp-content\/uploads\/2023\/12\/mobil-home-6-chambres-platine-300x225.webp 300w, https:\/\/www.ombredestilleuls.com\/wp-content\/uploads\/2023\/12\/mobil-home-6-chambres-platine-768x576.webp 768w\" sizes=\"(max-width: 1024px) 100vw, 1024px\" \/>\t\t<div class=\"wp-block-columns\">\n\t\t\t<div class=\"wp-block-column\">\n\n\t\t\t\t\t\t\t\t\t<ul class=\"ls-single-hebergement__galerie\">\n\t\t\t\t\t\t\t\t\t\t\t\t\t<li>\n\t\t\t\t\t\t\t\t<a href=\"https:\/\/www.ombredestilleuls.com\/wp-content\/uploads\/2023\/12\/mobil-home-6-chambres-platine.webp\" data-fancybox=\"hebergement\">\n\t\t\t\t\t\t\t\t\t<img decoding=\"async\" src=\"https:\/\/www.ombredestilleuls.com\/wp-content\/uploads\/2023\/12\/mobil-home-6-chambres-platine-150x150.webp\" alt=\"mobil home chambres platine\" \/>\n\t\t\t\t\t\t\t\t<\/a>\n\t\t\t\t\t\t\t<\/li>\n\t\t\t\t\t\t\t\t\t\t\t\t\t<li>\n\t\t\t\t\t\t\t\t<a href=\"https:\/\/www.ombredestilleuls.com\/wp-content\/uploads\/2023\/12\/mobil-home-6-chambres-platine-1.webp\" data-fancybox=\"hebergement\">\n\t\t\t\t\t\t\t\t\t<img decoding=\"async\" src=\"https:\/\/www.ombredestilleuls.com\/wp-content\/uploads\/2023\/12\/mobil-home-6-chambres-platine-1-150x150.webp\" alt=\"mobil home chambres platine\" \/>\n\t\t\t\t\t\t\t\t<\/a>\n\t\t\t\t\t\t\t<\/li>\n\t\t\t\t\t\t\t\t\t\t\t\t\t<li>\n\t\t\t\t\t\t\t\t<a href=\"https:\/\/www.ombredestilleuls.com\/wp-content\/uploads\/2023\/12\/mobil-home-6-chambres-platine-2.webp\" data-fancybox=\"hebergement\">\n\t\t\t\t\t\t\t\t\t<img decoding=\"async\" src=\"https:\/\/www.ombredestilleuls.com\/wp-content\/uploads\/2023\/12\/mobil-home-6-chambres-platine-2-150x150.webp\" alt=\"mobil home chambres platine\" \/>\n\t\t\t\t\t\t\t\t<\/a>\n\t\t\t\t\t\t\t<\/li>\n\t\t\t\t\t\t\t\t\t\t\t\t\t<li>\n\t\t\t\t\t\t\t\t<a href=\"https:\/\/www.ombredestilleuls.com\/wp-content\/uploads\/2023\/12\/mobil-home-6-chambres-platine-3.webp\" data-fancybox=\"hebergement\">\n\t\t\t\t\t\t\t\t\t<img decoding=\"async\" src=\"https:\/\/www.ombredestilleuls.com\/wp-content\/uploads\/2023\/12\/mobil-home-6-chambres-platine-3-150x150.webp\" alt=\"mobil home chambres platine\" \/>\n\t\t\t\t\t\t\t\t<\/a>\n\t\t\t\t\t\t\t<\/li>\n\t\t\t\t\t\t\t\t\t\t\t\t\t<li>\n\t\t\t\t\t\t\t\t<a href=\"https:\/\/www.ombredestilleuls.com\/wp-content\/uploads\/2023\/12\/mobil-home-6-chambres-platine-4.webp\" data-fancybox=\"hebergement\">\n\t\t\t\t\t\t\t\t\t<img decoding=\"async\" src=\"https:\/\/www.ombredestilleuls.com\/wp-content\/uploads\/2023\/12\/mobil-home-6-chambres-platine-4-150x150.webp\" alt=\"mobil home chambres platine\" \/>\n\t\t\t\t\t\t\t\t<\/a>\n\t\t\t\t\t\t\t<\/li>\n\t\t\t\t\t\t\t\t\t\t\t\t\t<li>\n\t\t\t\t\t\t\t\t<a href=\"https:\/\/www.ombredestilleuls.com\/wp-content\/uploads\/2023\/12\/mobil-home-6-chambres-platine-5.webp\" data-fancybox=\"hebergement\">\n\t\t\t\t\t\t\t\t\t<img decoding=\"async\" src=\"https:\/\/www.ombredestilleuls.com\/wp-content\/uploads\/2023\/12\/mobil-home-6-chambres-platine-5-150x150.webp\" alt=\"mobil home chambres platine\" \/>\n\t\t\t\t\t\t\t\t<\/a>\n\t\t\t\t\t\t\t<\/li>\n\t\t\t\t\t\t\t\t\t\t\t\t\t<li>\n\t\t\t\t\t\t\t\t<a href=\"https:\/\/www.ombredestilleuls.com\/wp-content\/uploads\/2023\/12\/mobil-home-6-chambres-platine-6.webp\" data-fancybox=\"hebergement\">\n\t\t\t\t\t\t\t\t\t<img decoding=\"async\" src=\"https:\/\/www.ombredestilleuls.com\/wp-content\/uploads\/2023\/12\/mobil-home-6-chambres-platine-6-150x150.webp\" alt=\"mobil home chambres platine\" \/>\n\t\t\t\t\t\t\t\t<\/a>\n\t\t\t\t\t\t\t<\/li>\n\t\t\t\t\t\t\t\t\t\t\t\t\t<li>\n\t\t\t\t\t\t\t\t<a href=\"https:\/\/www.ombredestilleuls.com\/wp-content\/uploads\/2023\/12\/mobil-home-6-chambres-platine-7.webp\" data-fancybox=\"hebergement\">\n\t\t\t\t\t\t\t\t\t<img decoding=\"async\" src=\"https:\/\/www.ombredestilleuls.com\/wp-content\/uploads\/2023\/12\/mobil-home-6-chambres-platine-7-150x150.webp\" alt=\"mobil home chambres platine\" \/>\n\t\t\t\t\t\t\t\t<\/a>\n\t\t\t\t\t\t\t<\/li>\n\t\t\t\t\t\t\t\t\t\t\t<\/ul>\n\t\t\t\t\n\t\t\t\t<div class=\"ls-single-hebergement__icons_single\">\n\n\t\t\t\t\t\t\t\t\t\t\t<span class=\"ls-single-hebergement__icon\">\n\t\t\t\t\t\t\t<i class=\"tilleuls-surface\"><\/i>\n\t\t\t\t\t\t\t<span>68m\u00b2<\/span>\n\t\t\t\t\t\t<\/span>\n\t\t\t\t\t\n\t\t\t\t\t\t\t\t\t\t\t<span class=\"ls-single-hebergement__icon\">\n\t\t\t\t\t\t\t<i class=\"tilleuls-famille\"><\/i>\n\t\t\t\t\t\t\t\t\t\t\t\t\t\t\t<span>12 pers<\/span>\n\t\t\t\t\t\t\t\t\t\t\t\t\t<\/span>\n\t\t\t\t\t\n\t\t\t\t\t\t\t\t\t\t\t<span class=\"ls-single-hebergement__icon\">\n\t\t\t\t\t\t\t<i class=\"tilleuls-porte\"><\/i>\n\t\t\t\t\t\t\t\t\t\t\t\t\t\t\t<span>6 ch<\/span>\n\t\t\t\t\t\t\t\t\t\t\t\t\t<\/span>\n\t\t\t\t\t\n\t\t\t\t\t\t\t\t\t\t\t<span class=\"ls-single-hebergement__icon\">\n\t\t\t\t\t\t\t<i class=\"tilleuls-douche\"><\/i>\n\t\t\t\t\t\t\t\t\t\t\t\t\t\t\t<span>2 SDB<\/span>\n\t\t\t\t\t\t\t\t\t\t\t\t\t<\/span>\n\t\t\t\t\t\n\t\t\t\t\t\t\t\t\t\t\t<span class=\"ls-single-hebergement__icon\">\n\t\t\t\t\t\t\t<i class=\"tilleuls-pas-danimaux\"><\/i>\n\t\t\t\t\t\t\t<span>Animaux non autoris\u00e9s<\/span>\n\t\t\t\t\t\t<\/span>\n\t\t\t\t\t\n\t\t\t\t\t\n\t\t\t\t<\/div> <!-- End icons -->\n\n\n\t\t\t\t<div class=\"ls-single-hebergement__buttons_single\">\n\n\t\t\t\t\t<!-- Plan Button -->\n\t\t\t\t\t\t\t\t\t\t<!-- End plan button -->\n\n\n\t\t\t\t\t<!-- Inventaire Button -->\n\t\t\t\t\t\t\t\t\t\t<!-- End Inventaire button -->\n\n\t\t\t\t\t<!-- Emplacement Button -->\n\t\t\t\t\t\t\t\t\t\t<!-- End Emplacement button -->\n\n\t\t\t\t<\/div> <!-- End buttons -->\n\n\n\t\t\t\t<div class=\"ls-single-hebergement__description\">\n\t\t\t\t\t<p style=\"text-align: center;\">CHAUFFAGE\u00a0<span style=\"font-weight: 400;\">|<\/span> MICRO-ONDES <span style=\"font-weight: 400;\">| <\/span>R\u00c9FRIG\u00c9RATEUR <span style=\"font-weight: 400;\">|<\/span> CONG\u00c9LATEUR <span style=\"font-weight: 400;\">|<\/span> TERRASSE <span style=\"font-weight: 400;\">|<\/span> BARBECUE <span style=\"font-weight: 400;\">|<\/span> PARKING 2 PLACE <span style=\"font-weight: 400;\">| VUE<\/span> <span style=\"font-weight: 400;\">|<\/span> WI-FI <span style=\"font-weight: 400;\">|<\/span> SPA<\/p>\n<p>Venez s\u00e9journer dans les Hautes-Pyr\u00e9n\u00e9es en famille nombreuse ou recompos\u00e9e, entre copains, entre couples d&rsquo;amis avec enfants, l&rsquo;espace TRIBU se compose de 2 mobil home reli\u00e9 par une grande terrasse et vous propose 12 couchages : 2 chambres avec un lit 2 personnes et 4 chambres avec 2 lits une personne&#8230; Dans chaque mobil home, pi\u00e8ce de vie avec coin cuisine \u00e9quip\u00e9 d&rsquo;une plaque de cuisson avec hotte, un micro-ondes, un r\u00e9frig\u00e9rateur\/cong\u00e9lateur, une cafeti\u00e8re \u00e9lectrique \u00e0 filtres ainsi que de vaisselle et batterie de cuisine. Une salle de bains et WC s\u00e9par\u00e9s dans chaque mobil home.<br \/>\nUne pergola centrale couvre la terrasse \u00e9quip\u00e9e d&rsquo;un salon de jardin, SPA, transats, plancha&#8230;<br \/>\nLe tout agr\u00e9ment\u00e9 d&rsquo;une superbe vue sur la montagne.<\/p>\n\t\t\t\t<\/div>\n\n\t\t\t\t\t\t\t<\/div>\n\n\t\t<\/div>\n\t\t<div class=\"ls-single-hebergement-resa\">\n\t\t\t\t\t\t\t<iframe data-src=\"https:\/\/www.ombredestilleuls.com\/wp-content\/themes\/lasai-child\/partials\/loops\/frame-thelis.php?id=9&#038;lang=fr&#038;id_camping=alombredestilleuls\" width=\"100%\" height=\"1000\" frameborder=\"0\"><\/iframe>\n\t\t\t\t\t<\/div>\n\t<\/div>\n<\/div><\/div><div class=\"ls-hebergement\" data-postid='1154' data-id-reservation='14' data-id-site='' data-id1='' data-nombre_de_personnes='6' data-nombre_de_chambres='3' data-last-update='' data-type='locations'>\n\t<div class=\"ls-hebergement__thumb\">\n\t\t\t\t<img decoding=\"async\" src=\"https:\/\/www.ombredestilleuls.com\/wp-content\/uploads\/2023\/12\/mobil-home-3-chambres-argent-cordelia.webp\" alt=\"MOBIL HOME 3 CHAMBRES ARGENT (CORDELIA)\" \/>\n\t\t<div class=\"ls-hebergement__title\">\n\t\t\tMOBIL HOME 3 CHAMBRES ARGENT (CORDELIA)\t\t<\/div>\n\t<\/div>\n\t \n\t<div class=\"ls-hebergement__content\">\n\n\t\t<div class=\"ls-hebergement__details\">\n\n\t\t\t<div class=\"ls-hebergement__icons\">\n\n\t\t\t\t\t\t\t\t\t<span class=\"ls-hebergement__icon\">\n\t\t\t\t\t\t<i class=\"tilleuls-famille\"><\/i>\n\t\t\t\t\t\t<span>6<\/span>\n\t\t\t\t\t<\/span>\n\t\t\t\t\n\t\t\t\t\t\t\t\t\t<span class=\"ls-hebergement__icon\">\n\t\t\t\t\t\t<i class=\"tilleuls-porte\"><\/i>\n\t\t\t\t\t\t<span>3<\/span>\n\t\t\t\t\t<\/span>\n\t\t\t\t\n\t\t\t\t\t\t\t\t\t<span class=\"ls-hebergement__icon\">\n\t\t\t\t\t\t<i class=\"tilleuls-douche\"><\/i>\n\t\t\t\t\t\t<span>1<\/span>\n\t\t\t\t\t<\/span>\n\t\t\t\t\n\t\t\t\t\t\t\t\t\t<span class=\"ls-hebergement__icon\">\n\t\t\t\t\t\t<i class=\"tilleuls-surface\"><\/i>\n\t\t\t\t\t\t<span>34m\u00b2<\/span>\n\t\t\t\t\t<\/span>\n\t\t\t\t\n\t\t\t\t\t\t\t\t\t<span class=\"ls-hebergement__icon\">\n\t\t\t\t\t\t<i class=\"tilleuls-animaux\"><\/i>\n\t\t\t\t\t\t<!-- <span><\/span> -->\n\t\t\t\t\t<\/span>\n\t\t\t\t\t\t\n\t\t\t\t\n\n\n\t\t\t\t\n\t\t\t<\/div>\n\t\t<\/div>\n\n\t\t<div class=\"ls-hebergement__disponibilite ls-button aligncenter\">\n\t\t\t<span class=\"text\">D\u00e9couvrir<\/span>\n\t\t<\/div>\n\t<\/div>\n\t\n<div class=\"ls-single-hebergement\" data-postid='1154' data-id-reservation='14' data-id-site='' data-id1='' data-nombre_de_personnes='6' data-nombre_de_chambres='3' data-last-update='' data-type='locations'>\n\t<div class=\"container\">\n\n\t\t\t\t\t<div class=\"ls-single-hebergement__close\">\n\t\t\t\t<i class=\"fas fa-times\"><\/i>\n\t\t\t<\/div>\n\t\t\n\t\t<h2 class=ls-single-hebergement__title>MOBIL HOME 3 CHAMBRES ARGENT (CORDELIA)<\/h2>\n\n\t\t<img decoding=\"async\" width=\"1024\" height=\"768\" src=\"https:\/\/www.ombredestilleuls.com\/wp-content\/uploads\/2023\/12\/mobil-home-3-chambres-argent-cordelia.webp\" class=\"attachment-full size-full wp-post-image\" alt=\"mobil home chambres argent cordelia\" srcset=\"https:\/\/www.ombredestilleuls.com\/wp-content\/uploads\/2023\/12\/mobil-home-3-chambres-argent-cordelia.webp 1024w, https:\/\/www.ombredestilleuls.com\/wp-content\/uploads\/2023\/12\/mobil-home-3-chambres-argent-cordelia-300x225.webp 300w, https:\/\/www.ombredestilleuls.com\/wp-content\/uploads\/2023\/12\/mobil-home-3-chambres-argent-cordelia-768x576.webp 768w\" sizes=\"(max-width: 1024px) 100vw, 1024px\" \/>\t\t<div class=\"wp-block-columns\">\n\t\t\t<div class=\"wp-block-column\">\n\n\t\t\t\t\t\t\t\t\t<ul class=\"ls-single-hebergement__galerie\">\n\t\t\t\t\t\t\t\t\t\t\t\t\t<li>\n\t\t\t\t\t\t\t\t<a href=\"https:\/\/www.ombredestilleuls.com\/wp-content\/uploads\/2023\/12\/mobil-home-3-chambres-argent-cordelia.webp\" data-fancybox=\"hebergement\">\n\t\t\t\t\t\t\t\t\t<img decoding=\"async\" src=\"https:\/\/www.ombredestilleuls.com\/wp-content\/uploads\/2023\/12\/mobil-home-3-chambres-argent-cordelia-150x150.webp\" alt=\"mobil home chambres argent cordelia\" \/>\n\t\t\t\t\t\t\t\t<\/a>\n\t\t\t\t\t\t\t<\/li>\n\t\t\t\t\t\t\t\t\t\t\t\t\t<li>\n\t\t\t\t\t\t\t\t<a href=\"https:\/\/www.ombredestilleuls.com\/wp-content\/uploads\/2023\/12\/mobil-home-3-chambres-argent-cordelia-1.webp\" data-fancybox=\"hebergement\">\n\t\t\t\t\t\t\t\t\t<img decoding=\"async\" src=\"https:\/\/www.ombredestilleuls.com\/wp-content\/uploads\/2023\/12\/mobil-home-3-chambres-argent-cordelia-1-150x150.webp\" alt=\"mobil home chambres argent cordelia\" \/>\n\t\t\t\t\t\t\t\t<\/a>\n\t\t\t\t\t\t\t<\/li>\n\t\t\t\t\t\t\t\t\t\t\t\t\t<li>\n\t\t\t\t\t\t\t\t<a href=\"https:\/\/www.ombredestilleuls.com\/wp-content\/uploads\/2023\/12\/mobil-home-3-chambres-argent-cordelia-3.webp\" data-fancybox=\"hebergement\">\n\t\t\t\t\t\t\t\t\t<img decoding=\"async\" src=\"https:\/\/www.ombredestilleuls.com\/wp-content\/uploads\/2023\/12\/mobil-home-3-chambres-argent-cordelia-3-150x150.webp\" alt=\"mobil home chambres argent cordelia\" \/>\n\t\t\t\t\t\t\t\t<\/a>\n\t\t\t\t\t\t\t<\/li>\n\t\t\t\t\t\t\t\t\t\t\t\t\t<li>\n\t\t\t\t\t\t\t\t<a href=\"https:\/\/www.ombredestilleuls.com\/wp-content\/uploads\/2023\/12\/mobil-home-3-chambres-argent-cordelia-5.webp\" data-fancybox=\"hebergement\">\n\t\t\t\t\t\t\t\t\t<img decoding=\"async\" src=\"https:\/\/www.ombredestilleuls.com\/wp-content\/uploads\/2023\/12\/mobil-home-3-chambres-argent-cordelia-5-150x150.webp\" alt=\"mobil home chambres argent cordelia\" \/>\n\t\t\t\t\t\t\t\t<\/a>\n\t\t\t\t\t\t\t<\/li>\n\t\t\t\t\t\t\t\t\t\t\t\t\t<li>\n\t\t\t\t\t\t\t\t<a href=\"https:\/\/www.ombredestilleuls.com\/wp-content\/uploads\/2023\/12\/mobil-home-3-chambres-argent-cordelia-6.webp\" data-fancybox=\"hebergement\">\n\t\t\t\t\t\t\t\t\t<img decoding=\"async\" src=\"https:\/\/www.ombredestilleuls.com\/wp-content\/uploads\/2023\/12\/mobil-home-3-chambres-argent-cordelia-6-150x150.webp\" alt=\"mobil home chambres argent cordelia\" \/>\n\t\t\t\t\t\t\t\t<\/a>\n\t\t\t\t\t\t\t<\/li>\n\t\t\t\t\t\t\t\t\t\t\t\t\t<li>\n\t\t\t\t\t\t\t\t<a href=\"https:\/\/www.ombredestilleuls.com\/wp-content\/uploads\/2023\/12\/mobil-home-3-chambres-argent-cordelia-7.webp\" data-fancybox=\"hebergement\">\n\t\t\t\t\t\t\t\t\t<img decoding=\"async\" src=\"https:\/\/www.ombredestilleuls.com\/wp-content\/uploads\/2023\/12\/mobil-home-3-chambres-argent-cordelia-7-150x150.webp\" alt=\"mobil home chambres argent cordelia\" \/>\n\t\t\t\t\t\t\t\t<\/a>\n\t\t\t\t\t\t\t<\/li>\n\t\t\t\t\t\t\t\t\t\t\t<\/ul>\n\t\t\t\t\n\t\t\t\t<div class=\"ls-single-hebergement__icons_single\">\n\n\t\t\t\t\t\t\t\t\t\t\t<span class=\"ls-single-hebergement__icon\">\n\t\t\t\t\t\t\t<i class=\"tilleuls-surface\"><\/i>\n\t\t\t\t\t\t\t<span>34m\u00b2<\/span>\n\t\t\t\t\t\t<\/span>\n\t\t\t\t\t\n\t\t\t\t\t\t\t\t\t\t\t<span class=\"ls-single-hebergement__icon\">\n\t\t\t\t\t\t\t<i class=\"tilleuls-famille\"><\/i>\n\t\t\t\t\t\t\t\t\t\t\t\t\t\t\t<span>6 pers<\/span>\n\t\t\t\t\t\t\t\t\t\t\t\t\t<\/span>\n\t\t\t\t\t\n\t\t\t\t\t\t\t\t\t\t\t<span class=\"ls-single-hebergement__icon\">\n\t\t\t\t\t\t\t<i class=\"tilleuls-porte\"><\/i>\n\t\t\t\t\t\t\t\t\t\t\t\t\t\t\t<span>3 ch<\/span>\n\t\t\t\t\t\t\t\t\t\t\t\t\t<\/span>\n\t\t\t\t\t\n\t\t\t\t\t\t\t\t\t\t\t<span class=\"ls-single-hebergement__icon\">\n\t\t\t\t\t\t\t<i class=\"tilleuls-douche\"><\/i>\n\t\t\t\t\t\t\t\t\t\t\t\t\t\t\t<span>1 SDB<\/span>\n\t\t\t\t\t\t\t\t\t\t\t\t\t<\/span>\n\t\t\t\t\t\n\t\t\t\t\t\t\t\t\t\t\t<span class=\"ls-single-hebergement__icon\">\n\t\t\t\t\t\t\t<i class=\"tilleuls-animaux\"><\/i>\n\t\t\t\t\t\t\t<span>Animaux autoris\u00e9s<\/span>\n\t\t\t\t\t\t<\/span>\n\n\t\t\t\t\t\n\t\t\t\t\t\n\t\t\t\t<\/div> <!-- End icons -->\n\n\n\t\t\t\t<div class=\"ls-single-hebergement__buttons_single\">\n\n\t\t\t\t\t<!-- Plan Button -->\n\t\t\t\t\t\t\t\t\t\t<!-- End plan button -->\n\n\n\t\t\t\t\t<!-- Inventaire Button -->\n\t\t\t\t\t\t\t\t\t\t<!-- End Inventaire button -->\n\n\t\t\t\t\t<!-- Emplacement Button -->\n\t\t\t\t\t\t\t\t\t\t<!-- End Emplacement button -->\n\n\t\t\t\t<\/div> <!-- End buttons -->\n\n\n\t\t\t\t<div class=\"ls-single-hebergement__description\">\n\t\t\t\t\t<p style=\"text-align: center;\">MICRO-ONDES <span style=\"font-weight: 400;\">| <\/span>R\u00c9FRIG\u00c9RATEUR <span style=\"font-weight: 400;\">|<\/span> CONG\u00c9LATEUR <span style=\"font-weight: 400;\">|<\/span> TERRASSE <span style=\"font-weight: 400;\">|<\/span> PARKING 1 PLACE\u00a0<span style=\"font-weight: 400;\">|<\/span> WI-FI<\/p>\n<p>Ce mobil home Hautes-Pyr\u00e9n\u00e9es comprend 3 chambres : l&rsquo;une avec un lit 2 personnes et 2 autres avec deux lits 1 personne. Pi\u00e8ce de vie avec coin cuisine \u00e9quip\u00e9 d&rsquo;un r\u00e9frig\u00e9rateur\/cong\u00e9lateur, un micro-ondes, une plaque de cuisson avec hotte, une cafeti\u00e8re \u00e9lectrique ainsi que de vaisselle et batterie de cuisine. Une salle de bain et WC s\u00e9par\u00e9s.<br \/>\nUne terrasse couverte avec salon de jardin<\/p>\n\t\t\t\t<\/div>\n\n\t\t\t\t\t\t\t<\/div>\n\n\t\t<\/div>\n\t\t<div class=\"ls-single-hebergement-resa\">\n\t\t\t\t\t\t\t<iframe data-src=\"https:\/\/www.ombredestilleuls.com\/wp-content\/themes\/lasai-child\/partials\/loops\/frame-thelis.php?id=14&#038;lang=fr&#038;id_camping=alombredestilleuls\" width=\"100%\" height=\"1000\" frameborder=\"0\"><\/iframe>\n\t\t\t\t\t<\/div>\n\t<\/div>\n<\/div><\/div><div class=\"ls-hebergement\" data-postid='1152' data-id-reservation='3' data-id-site='' data-id1='' data-nombre_de_personnes='6' data-nombre_de_chambres='3' data-last-update='' data-type='locations'>\n\t<div class=\"ls-hebergement__thumb\">\n\t\t\t\t<img decoding=\"async\" src=\"https:\/\/www.ombredestilleuls.com\/wp-content\/uploads\/2023\/12\/mobil-home-3-chambres-argent-clim.webp\" alt=\"MOBIL HOME 3 CHAMBRES ARGENT (CLIM)\" \/>\n\t\t<div class=\"ls-hebergement__title\">\n\t\t\tMOBIL HOME 3 CHAMBRES ARGENT (CLIM)\t\t<\/div>\n\t<\/div>\n\t \n\t<div class=\"ls-hebergement__content\">\n\n\t\t<div class=\"ls-hebergement__details\">\n\n\t\t\t<div class=\"ls-hebergement__icons\">\n\n\t\t\t\t\t\t\t\t\t<span class=\"ls-hebergement__icon\">\n\t\t\t\t\t\t<i class=\"tilleuls-famille\"><\/i>\n\t\t\t\t\t\t<span>6<\/span>\n\t\t\t\t\t<\/span>\n\t\t\t\t\n\t\t\t\t\t\t\t\t\t<span class=\"ls-hebergement__icon\">\n\t\t\t\t\t\t<i class=\"tilleuls-porte\"><\/i>\n\t\t\t\t\t\t<span>3<\/span>\n\t\t\t\t\t<\/span>\n\t\t\t\t\n\t\t\t\t\t\t\t\t\t<span class=\"ls-hebergement__icon\">\n\t\t\t\t\t\t<i class=\"tilleuls-douche\"><\/i>\n\t\t\t\t\t\t<span>1<\/span>\n\t\t\t\t\t<\/span>\n\t\t\t\t\n\t\t\t\t\t\t\t\t\t<span class=\"ls-hebergement__icon\">\n\t\t\t\t\t\t<i class=\"tilleuls-surface\"><\/i>\n\t\t\t\t\t\t<span>34m\u00b2<\/span>\n\t\t\t\t\t<\/span>\n\t\t\t\t\n\t\t\t\t\t\t\t\t\t<span class=\"ls-hebergement__icon\">\n\t\t\t\t\t\t<i class=\"tilleuls-animaux\"><\/i>\n\t\t\t\t\t\t<!-- <span><\/span> -->\n\t\t\t\t\t<\/span>\n\t\t\t\t\t\t\n\t\t\t\t\n\n\n\t\t\t\t\n\t\t\t<\/div>\n\t\t<\/div>\n\n\t\t<div class=\"ls-hebergement__disponibilite ls-button aligncenter\">\n\t\t\t<span class=\"text\">D\u00e9couvrir<\/span>\n\t\t<\/div>\n\t<\/div>\n\t\n<div class=\"ls-single-hebergement\" data-postid='1152' data-id-reservation='3' data-id-site='' data-id1='' data-nombre_de_personnes='6' data-nombre_de_chambres='3' data-last-update='' data-type='locations'>\n\t<div class=\"container\">\n\n\t\t\t\t\t<div class=\"ls-single-hebergement__close\">\n\t\t\t\t<i class=\"fas fa-times\"><\/i>\n\t\t\t<\/div>\n\t\t\n\t\t<h2 class=ls-single-hebergement__title>MOBIL HOME 3 CHAMBRES ARGENT (CLIM)<\/h2>\n\n\t\t<img decoding=\"async\" width=\"1024\" height=\"768\" src=\"https:\/\/www.ombredestilleuls.com\/wp-content\/uploads\/2023\/12\/mobil-home-3-chambres-argent-clim.webp\" class=\"attachment-full size-full wp-post-image\" alt=\"mobil home chambres argent clim\" srcset=\"https:\/\/www.ombredestilleuls.com\/wp-content\/uploads\/2023\/12\/mobil-home-3-chambres-argent-clim.webp 1024w, https:\/\/www.ombredestilleuls.com\/wp-content\/uploads\/2023\/12\/mobil-home-3-chambres-argent-clim-300x225.webp 300w, https:\/\/www.ombredestilleuls.com\/wp-content\/uploads\/2023\/12\/mobil-home-3-chambres-argent-clim-768x576.webp 768w\" sizes=\"(max-width: 1024px) 100vw, 1024px\" \/>\t\t<div class=\"wp-block-columns\">\n\t\t\t<div class=\"wp-block-column\">\n\n\t\t\t\t\t\t\t\t\t<ul class=\"ls-single-hebergement__galerie\">\n\t\t\t\t\t\t\t\t\t\t\t\t\t<li>\n\t\t\t\t\t\t\t\t<a href=\"https:\/\/www.ombredestilleuls.com\/wp-content\/uploads\/2023\/12\/mobil-home-3-chambres-argent-clim.webp\" data-fancybox=\"hebergement\">\n\t\t\t\t\t\t\t\t\t<img decoding=\"async\" src=\"https:\/\/www.ombredestilleuls.com\/wp-content\/uploads\/2023\/12\/mobil-home-3-chambres-argent-clim-150x150.webp\" alt=\"mobil home chambres argent clim\" \/>\n\t\t\t\t\t\t\t\t<\/a>\n\t\t\t\t\t\t\t<\/li>\n\t\t\t\t\t\t\t\t\t\t\t\t\t<li>\n\t\t\t\t\t\t\t\t<a href=\"https:\/\/www.ombredestilleuls.com\/wp-content\/uploads\/2023\/12\/mobil-home-3-chambres-argent-clim-1.webp\" data-fancybox=\"hebergement\">\n\t\t\t\t\t\t\t\t\t<img decoding=\"async\" src=\"https:\/\/www.ombredestilleuls.com\/wp-content\/uploads\/2023\/12\/mobil-home-3-chambres-argent-clim-1-150x150.webp\" alt=\"mobil home chambres argent clim\" \/>\n\t\t\t\t\t\t\t\t<\/a>\n\t\t\t\t\t\t\t<\/li>\n\t\t\t\t\t\t\t\t\t\t\t\t\t<li>\n\t\t\t\t\t\t\t\t<a href=\"https:\/\/www.ombredestilleuls.com\/wp-content\/uploads\/2023\/12\/mobil-home-3-chambres-argent-clim-2.webp\" data-fancybox=\"hebergement\">\n\t\t\t\t\t\t\t\t\t<img decoding=\"async\" src=\"https:\/\/www.ombredestilleuls.com\/wp-content\/uploads\/2023\/12\/mobil-home-3-chambres-argent-clim-2-150x150.webp\" alt=\"mobil home chambres argent clim\" \/>\n\t\t\t\t\t\t\t\t<\/a>\n\t\t\t\t\t\t\t<\/li>\n\t\t\t\t\t\t\t\t\t\t\t\t\t<li>\n\t\t\t\t\t\t\t\t<a href=\"https:\/\/www.ombredestilleuls.com\/wp-content\/uploads\/2023\/12\/mobil-home-3-chambres-argent-clim-3.webp\" data-fancybox=\"hebergement\">\n\t\t\t\t\t\t\t\t\t<img decoding=\"async\" src=\"https:\/\/www.ombredestilleuls.com\/wp-content\/uploads\/2023\/12\/mobil-home-3-chambres-argent-clim-3-150x150.webp\" alt=\"mobil home chambres argent clim\" \/>\n\t\t\t\t\t\t\t\t<\/a>\n\t\t\t\t\t\t\t<\/li>\n\t\t\t\t\t\t\t\t\t\t\t\t\t<li>\n\t\t\t\t\t\t\t\t<a href=\"https:\/\/www.ombredestilleuls.com\/wp-content\/uploads\/2023\/12\/mobil-home-3-chambres-argent-clim-4.webp\" data-fancybox=\"hebergement\">\n\t\t\t\t\t\t\t\t\t<img decoding=\"async\" src=\"https:\/\/www.ombredestilleuls.com\/wp-content\/uploads\/2023\/12\/mobil-home-3-chambres-argent-clim-4-150x150.webp\" alt=\"mobil home chambres argent clim\" \/>\n\t\t\t\t\t\t\t\t<\/a>\n\t\t\t\t\t\t\t<\/li>\n\t\t\t\t\t\t\t\t\t\t\t\t\t<li>\n\t\t\t\t\t\t\t\t<a href=\"https:\/\/www.ombredestilleuls.com\/wp-content\/uploads\/2023\/12\/mobil-home-3-chambres-argent-clim-5.webp\" data-fancybox=\"hebergement\">\n\t\t\t\t\t\t\t\t\t<img decoding=\"async\" src=\"https:\/\/www.ombredestilleuls.com\/wp-content\/uploads\/2023\/12\/mobil-home-3-chambres-argent-clim-5-150x150.webp\" alt=\"mobil home chambres argent clim\" \/>\n\t\t\t\t\t\t\t\t<\/a>\n\t\t\t\t\t\t\t<\/li>\n\t\t\t\t\t\t\t\t\t\t\t\t\t<li>\n\t\t\t\t\t\t\t\t<a href=\"https:\/\/www.ombredestilleuls.com\/wp-content\/uploads\/2023\/12\/mobil-home-3-chambres-argent-clim-6.webp\" data-fancybox=\"hebergement\">\n\t\t\t\t\t\t\t\t\t<img decoding=\"async\" src=\"https:\/\/www.ombredestilleuls.com\/wp-content\/uploads\/2023\/12\/mobil-home-3-chambres-argent-clim-6-150x150.webp\" alt=\"mobil home chambres argent clim\" \/>\n\t\t\t\t\t\t\t\t<\/a>\n\t\t\t\t\t\t\t<\/li>\n\t\t\t\t\t\t\t\t\t\t\t<\/ul>\n\t\t\t\t\n\t\t\t\t<div class=\"ls-single-hebergement__icons_single\">\n\n\t\t\t\t\t\t\t\t\t\t\t<span class=\"ls-single-hebergement__icon\">\n\t\t\t\t\t\t\t<i class=\"tilleuls-surface\"><\/i>\n\t\t\t\t\t\t\t<span>34m\u00b2<\/span>\n\t\t\t\t\t\t<\/span>\n\t\t\t\t\t\n\t\t\t\t\t\t\t\t\t\t\t<span class=\"ls-single-hebergement__icon\">\n\t\t\t\t\t\t\t<i class=\"tilleuls-famille\"><\/i>\n\t\t\t\t\t\t\t\t\t\t\t\t\t\t\t<span>6 pers<\/span>\n\t\t\t\t\t\t\t\t\t\t\t\t\t<\/span>\n\t\t\t\t\t\n\t\t\t\t\t\t\t\t\t\t\t<span class=\"ls-single-hebergement__icon\">\n\t\t\t\t\t\t\t<i class=\"tilleuls-porte\"><\/i>\n\t\t\t\t\t\t\t\t\t\t\t\t\t\t\t<span>3 ch<\/span>\n\t\t\t\t\t\t\t\t\t\t\t\t\t<\/span>\n\t\t\t\t\t\n\t\t\t\t\t\t\t\t\t\t\t<span class=\"ls-single-hebergement__icon\">\n\t\t\t\t\t\t\t<i class=\"tilleuls-douche\"><\/i>\n\t\t\t\t\t\t\t\t\t\t\t\t\t\t\t<span>1 SDB<\/span>\n\t\t\t\t\t\t\t\t\t\t\t\t\t<\/span>\n\t\t\t\t\t\n\t\t\t\t\t\t\t\t\t\t\t<span class=\"ls-single-hebergement__icon\">\n\t\t\t\t\t\t\t<i class=\"tilleuls-animaux\"><\/i>\n\t\t\t\t\t\t\t<span>Animaux autoris\u00e9s<\/span>\n\t\t\t\t\t\t<\/span>\n\n\t\t\t\t\t\n\t\t\t\t\t\n\t\t\t\t<\/div> <!-- End icons -->\n\n\n\t\t\t\t<div class=\"ls-single-hebergement__buttons_single\">\n\n\t\t\t\t\t<!-- Plan Button -->\n\t\t\t\t\t\t\t\t\t\t<!-- End plan button -->\n\n\n\t\t\t\t\t<!-- Inventaire Button -->\n\t\t\t\t\t\t\t\t\t\t<!-- End Inventaire button -->\n\n\t\t\t\t\t<!-- Emplacement Button -->\n\t\t\t\t\t\t\t\t\t\t<!-- End Emplacement button -->\n\n\t\t\t\t<\/div> <!-- End buttons -->\n\n\n\t\t\t\t<div class=\"ls-single-hebergement__description\">\n\t\t\t\t\t<p style=\"text-align: center;\">CHAUFFAGE <span style=\"font-weight: 400;\">|<\/span> CLIMATISATION <span style=\"font-weight: 400;\">|<\/span> MICRO-ONDES <span style=\"font-weight: 400;\">| <\/span>R\u00c9FRIG\u00c9RATEUR <span style=\"font-weight: 400;\">|<\/span> CONG\u00c9LATEUR <span style=\"font-weight: 400;\">|<\/span> TERRASSE <span style=\"font-weight: 400;\">|<\/span> PARKING 1 PLACE\u00a0<span style=\"font-weight: 400;\">|<\/span> WI-FI<\/p>\n<p>Ce mobil home Hautes-Pyr\u00e9n\u00e9es vous s\u00e9duira par son espace : une grande pi\u00e8ce de vie, une chambre avec un lit king size (160X200), 2 chambres avec 2 lits une personne, salle de bains et WC s\u00e9par\u00e9s et en plus une grande terrasse podium semi-couverte. Il est en plus \u00e9quip\u00e9 d&rsquo;une climatisation r\u00e9versible agr\u00e9able en toutes saisons. Il est \u00e9quip\u00e9 : d&rsquo;un r\u00e9frig\u00e9rateur\/cong\u00e9lateur, d&rsquo;un micro-ondes, d&rsquo;une plaque de cuisson et sa hotte, une cafeti\u00e8re \u00e9lectrique \u00e0 filtres ainsi que de vaisselle et batterie de cuisine<\/p>\n\t\t\t\t<\/div>\n\n\t\t\t\t\t\t\t<\/div>\n\n\t\t<\/div>\n\t\t<div class=\"ls-single-hebergement-resa\">\n\t\t\t\t\t\t\t<iframe data-src=\"https:\/\/www.ombredestilleuls.com\/wp-content\/themes\/lasai-child\/partials\/loops\/frame-thelis.php?id=3&#038;lang=fr&#038;id_camping=alombredestilleuls\" width=\"100%\" height=\"1000\" frameborder=\"0\"><\/iframe>\n\t\t\t\t\t<\/div>\n\t<\/div>\n<\/div><\/div><div class=\"ls-hebergement\" data-postid='1147' data-id-reservation='10' data-id-site='' data-id1='' data-nombre_de_personnes='4' data-nombre_de_chambres='2' data-last-update='' data-type='locations'>\n\t<div class=\"ls-hebergement__thumb\">\n\t\t\t\t<img decoding=\"async\" src=\"https:\/\/www.ombredestilleuls.com\/wp-content\/uploads\/2023\/12\/mobil-home-2-chambres-argent-trigano.webp\" alt=\"MOBIL HOME 2 CHAMBRES ARGENT (TRIGANO)\" \/>\n\t\t<div class=\"ls-hebergement__title\">\n\t\t\tMOBIL HOME 2 CHAMBRES ARGENT (TRIGANO)\t\t<\/div>\n\t<\/div>\n\t \n\t<div class=\"ls-hebergement__content\">\n\n\t\t<div class=\"ls-hebergement__details\">\n\n\t\t\t<div class=\"ls-hebergement__icons\">\n\n\t\t\t\t\t\t\t\t\t<span class=\"ls-hebergement__icon\">\n\t\t\t\t\t\t<i class=\"tilleuls-famille\"><\/i>\n\t\t\t\t\t\t<span>4<\/span>\n\t\t\t\t\t<\/span>\n\t\t\t\t\n\t\t\t\t\t\t\t\t\t<span class=\"ls-hebergement__icon\">\n\t\t\t\t\t\t<i class=\"tilleuls-porte\"><\/i>\n\t\t\t\t\t\t<span>2<\/span>\n\t\t\t\t\t<\/span>\n\t\t\t\t\n\t\t\t\t\t\t\t\t\t<span class=\"ls-hebergement__icon\">\n\t\t\t\t\t\t<i class=\"tilleuls-douche\"><\/i>\n\t\t\t\t\t\t<span>1<\/span>\n\t\t\t\t\t<\/span>\n\t\t\t\t\n\t\t\t\t\t\t\t\t\t<span class=\"ls-hebergement__icon\">\n\t\t\t\t\t\t<i class=\"tilleuls-surface\"><\/i>\n\t\t\t\t\t\t<span>32m\u00b2<\/span>\n\t\t\t\t\t<\/span>\n\t\t\t\t\n\t\t\t\t\t\t\t\t\t<span class=\"ls-hebergement__icon\">\n\t\t\t\t\t\t<i class=\"tilleuls-animaux\"><\/i>\n\t\t\t\t\t\t<!-- <span><\/span> -->\n\t\t\t\t\t<\/span>\n\t\t\t\t\t\t\n\t\t\t\t\n\n\n\t\t\t\t\n\t\t\t<\/div>\n\t\t<\/div>\n\n\t\t<div class=\"ls-hebergement__disponibilite ls-button aligncenter\">\n\t\t\t<span class=\"text\">D\u00e9couvrir<\/span>\n\t\t<\/div>\n\t<\/div>\n\t\n<div class=\"ls-single-hebergement\" data-postid='1147' data-id-reservation='10' data-id-site='' data-id1='' data-nombre_de_personnes='4' data-nombre_de_chambres='2' data-last-update='' data-type='locations'>\n\t<div class=\"container\">\n\n\t\t\t\t\t<div class=\"ls-single-hebergement__close\">\n\t\t\t\t<i class=\"fas fa-times\"><\/i>\n\t\t\t<\/div>\n\t\t\n\t\t<h2 class=ls-single-hebergement__title>MOBIL HOME 2 CHAMBRES ARGENT (TRIGANO)<\/h2>\n\n\t\t<img decoding=\"async\" width=\"1024\" height=\"768\" src=\"https:\/\/www.ombredestilleuls.com\/wp-content\/uploads\/2023\/12\/mobil-home-2-chambres-argent-trigano.webp\" class=\"attachment-full size-full wp-post-image\" alt=\"mobil home chambres argent trigano\" srcset=\"https:\/\/www.ombredestilleuls.com\/wp-content\/uploads\/2023\/12\/mobil-home-2-chambres-argent-trigano.webp 1024w, https:\/\/www.ombredestilleuls.com\/wp-content\/uploads\/2023\/12\/mobil-home-2-chambres-argent-trigano-300x225.webp 300w, https:\/\/www.ombredestilleuls.com\/wp-content\/uploads\/2023\/12\/mobil-home-2-chambres-argent-trigano-768x576.webp 768w\" sizes=\"(max-width: 1024px) 100vw, 1024px\" \/>\t\t<div class=\"wp-block-columns\">\n\t\t\t<div class=\"wp-block-column\">\n\n\t\t\t\t\t\t\t\t\t<ul class=\"ls-single-hebergement__galerie\">\n\t\t\t\t\t\t\t\t\t\t\t\t\t<li>\n\t\t\t\t\t\t\t\t<a href=\"https:\/\/www.ombredestilleuls.com\/wp-content\/uploads\/2023\/12\/mobil-home-2-chambres-argent-trigano.webp\" data-fancybox=\"hebergement\">\n\t\t\t\t\t\t\t\t\t<img decoding=\"async\" src=\"https:\/\/www.ombredestilleuls.com\/wp-content\/uploads\/2023\/12\/mobil-home-2-chambres-argent-trigano-150x150.webp\" alt=\"mobil home chambres argent trigano\" \/>\n\t\t\t\t\t\t\t\t<\/a>\n\t\t\t\t\t\t\t<\/li>\n\t\t\t\t\t\t\t\t\t\t\t\t\t<li>\n\t\t\t\t\t\t\t\t<a href=\"https:\/\/www.ombredestilleuls.com\/wp-content\/uploads\/2023\/12\/mobil-home-2-chambres-argent-trigano-1.webp\" data-fancybox=\"hebergement\">\n\t\t\t\t\t\t\t\t\t<img decoding=\"async\" src=\"https:\/\/www.ombredestilleuls.com\/wp-content\/uploads\/2023\/12\/mobil-home-2-chambres-argent-trigano-1-150x150.webp\" alt=\"mobil home chambres argent trigano\" \/>\n\t\t\t\t\t\t\t\t<\/a>\n\t\t\t\t\t\t\t<\/li>\n\t\t\t\t\t\t\t\t\t\t\t\t\t<li>\n\t\t\t\t\t\t\t\t<a href=\"https:\/\/www.ombredestilleuls.com\/wp-content\/uploads\/2023\/12\/mobil-home-2-chambres-argent-trigano-2.webp\" data-fancybox=\"hebergement\">\n\t\t\t\t\t\t\t\t\t<img decoding=\"async\" src=\"https:\/\/www.ombredestilleuls.com\/wp-content\/uploads\/2023\/12\/mobil-home-2-chambres-argent-trigano-2-150x150.webp\" alt=\"mobil home chambres argent trigano\" \/>\n\t\t\t\t\t\t\t\t<\/a>\n\t\t\t\t\t\t\t<\/li>\n\t\t\t\t\t\t\t\t\t\t\t\t\t<li>\n\t\t\t\t\t\t\t\t<a href=\"https:\/\/www.ombredestilleuls.com\/wp-content\/uploads\/2023\/12\/mobil-home-2-chambres-argent-trigano-3.webp\" data-fancybox=\"hebergement\">\n\t\t\t\t\t\t\t\t\t<img decoding=\"async\" src=\"https:\/\/www.ombredestilleuls.com\/wp-content\/uploads\/2023\/12\/mobil-home-2-chambres-argent-trigano-3-150x150.webp\" alt=\"mobil home chambres argent trigano\" \/>\n\t\t\t\t\t\t\t\t<\/a>\n\t\t\t\t\t\t\t<\/li>\n\t\t\t\t\t\t\t\t\t\t\t<\/ul>\n\t\t\t\t\n\t\t\t\t<div class=\"ls-single-hebergement__icons_single\">\n\n\t\t\t\t\t\t\t\t\t\t\t<span class=\"ls-single-hebergement__icon\">\n\t\t\t\t\t\t\t<i class=\"tilleuls-surface\"><\/i>\n\t\t\t\t\t\t\t<span>32m\u00b2<\/span>\n\t\t\t\t\t\t<\/span>\n\t\t\t\t\t\n\t\t\t\t\t\t\t\t\t\t\t<span class=\"ls-single-hebergement__icon\">\n\t\t\t\t\t\t\t<i class=\"tilleuls-famille\"><\/i>\n\t\t\t\t\t\t\t\t\t\t\t\t\t\t\t<span>4 pers<\/span>\n\t\t\t\t\t\t\t\t\t\t\t\t\t<\/span>\n\t\t\t\t\t\n\t\t\t\t\t\t\t\t\t\t\t<span class=\"ls-single-hebergement__icon\">\n\t\t\t\t\t\t\t<i class=\"tilleuls-porte\"><\/i>\n\t\t\t\t\t\t\t\t\t\t\t\t\t\t\t<span>2 ch<\/span>\n\t\t\t\t\t\t\t\t\t\t\t\t\t<\/span>\n\t\t\t\t\t\n\t\t\t\t\t\t\t\t\t\t\t<span class=\"ls-single-hebergement__icon\">\n\t\t\t\t\t\t\t<i class=\"tilleuls-douche\"><\/i>\n\t\t\t\t\t\t\t\t\t\t\t\t\t\t\t<span>1 SDB<\/span>\n\t\t\t\t\t\t\t\t\t\t\t\t\t<\/span>\n\t\t\t\t\t\n\t\t\t\t\t\t\t\t\t\t\t<span class=\"ls-single-hebergement__icon\">\n\t\t\t\t\t\t\t<i class=\"tilleuls-animaux\"><\/i>\n\t\t\t\t\t\t\t<span>Animaux autoris\u00e9s<\/span>\n\t\t\t\t\t\t<\/span>\n\n\t\t\t\t\t\n\t\t\t\t\t\n\t\t\t\t<\/div> <!-- End icons -->\n\n\n\t\t\t\t<div class=\"ls-single-hebergement__buttons_single\">\n\n\t\t\t\t\t<!-- Plan Button -->\n\t\t\t\t\t\t\t\t\t\t<!-- End plan button -->\n\n\n\t\t\t\t\t<!-- Inventaire Button -->\n\t\t\t\t\t\t\t\t\t\t<!-- End Inventaire button -->\n\n\t\t\t\t\t<!-- Emplacement Button -->\n\t\t\t\t\t\t\t\t\t\t<!-- End Emplacement button -->\n\n\t\t\t\t<\/div> <!-- End buttons -->\n\n\n\t\t\t\t<div class=\"ls-single-hebergement__description\">\n\t\t\t\t\t<p style=\"text-align: center;\">CHAUFFAGE <span style=\"font-weight: 400;\">|<\/span> MICRO-ONDES <span style=\"font-weight: 400;\">| <\/span>R\u00c9FRIG\u00c9RATEUR <span style=\"font-weight: 400;\">|<\/span> CONG\u00c9LATEUR <span style=\"font-weight: 400;\">|<\/span> TERRASSE <span style=\"font-weight: 400;\">|<\/span> PARKING 1 PLACE\u00a0<span style=\"font-weight: 400;\">|<\/span> WI-FI<\/p>\n<p>Ce mobil home Hautes-Pyr\u00e9n\u00e9es comprend une pi\u00e8ce de vie avec coin cuisine \u00e9quip\u00e9e, une chambre avec un lit 2 personnes et une autre chambre avec deux lits 1 personne, une salle de bains et des WC s\u00e9par\u00e9s. Il est \u00e9quip\u00e9 d&rsquo;un r\u00e9frig\u00e9rateur\/cong\u00e9lateur, un micro-ondes, une plaque de cuisson avec hotte, une cafeti\u00e8re \u00e9lectrique ainsi que de vaisselle et batterie de cuisine.<br \/>\nSon petit plus : une grande terrasse semi couverte avec un salon de jardin et transats.<\/p>\n\t\t\t\t<\/div>\n\n\t\t\t\t\t\t\t<\/div>\n\n\t\t<\/div>\n\t\t<div class=\"ls-single-hebergement-resa\">\n\t\t\t\t\t\t\t<iframe data-src=\"https:\/\/www.ombredestilleuls.com\/wp-content\/themes\/lasai-child\/partials\/loops\/frame-thelis.php?id=10&#038;lang=fr&#038;id_camping=alombredestilleuls\" width=\"100%\" height=\"1000\" frameborder=\"0\"><\/iframe>\n\t\t\t\t\t<\/div>\n\t<\/div>\n<\/div><\/div><div class=\"ls-hebergement\" data-postid='727' data-id-reservation='6' data-id-site='' data-id1='' data-nombre_de_personnes='6' data-nombre_de_chambres='2' data-last-update='' data-type='locations'>\n\t<div class=\"ls-hebergement__thumb\">\n\t\t\t\t<img decoding=\"async\" src=\"https:\/\/www.ombredestilleuls.com\/wp-content\/uploads\/2023\/11\/mobil-home-2-chambres-bronze.webp\" alt=\"MOBIL HOME 2 CHAMBRES BRONZE\" \/>\n\t\t<div class=\"ls-hebergement__title\">\n\t\t\tMOBIL HOME 2 CHAMBRES BRONZE\t\t<\/div>\n\t<\/div>\n\t \n\t<div class=\"ls-hebergement__content\">\n\n\t\t<div class=\"ls-hebergement__details\">\n\n\t\t\t<div class=\"ls-hebergement__icons\">\n\n\t\t\t\t\t\t\t\t\t<span class=\"ls-hebergement__icon\">\n\t\t\t\t\t\t<i class=\"tilleuls-famille\"><\/i>\n\t\t\t\t\t\t<span>6<\/span>\n\t\t\t\t\t<\/span>\n\t\t\t\t\n\t\t\t\t\t\t\t\t\t<span class=\"ls-hebergement__icon\">\n\t\t\t\t\t\t<i class=\"tilleuls-porte\"><\/i>\n\t\t\t\t\t\t<span>2<\/span>\n\t\t\t\t\t<\/span>\n\t\t\t\t\n\t\t\t\t\t\t\t\t\t<span class=\"ls-hebergement__icon\">\n\t\t\t\t\t\t<i class=\"tilleuls-douche\"><\/i>\n\t\t\t\t\t\t<span>1<\/span>\n\t\t\t\t\t<\/span>\n\t\t\t\t\n\t\t\t\t\t\t\t\t\t<span class=\"ls-hebergement__icon\">\n\t\t\t\t\t\t<i class=\"tilleuls-surface\"><\/i>\n\t\t\t\t\t\t<span>30m\u00b2<\/span>\n\t\t\t\t\t<\/span>\n\t\t\t\t\n\t\t\t\t\t\t\t\t\t<span class=\"ls-hebergement__icon\">\n\t\t\t\t\t\t<i class=\"tilleuls-animaux\"><\/i>\n\t\t\t\t\t\t<!-- <span><\/span> -->\n\t\t\t\t\t<\/span>\n\t\t\t\t\t\t\n\t\t\t\t\n\n\n\t\t\t\t\n\t\t\t<\/div>\n\t\t<\/div>\n\n\t\t<div class=\"ls-hebergement__disponibilite ls-button aligncenter\">\n\t\t\t<span class=\"text\">D\u00e9couvrir<\/span>\n\t\t<\/div>\n\t<\/div>\n\t\n<div class=\"ls-single-hebergement\" data-postid='727' data-id-reservation='6' data-id-site='' data-id1='' data-nombre_de_personnes='6' data-nombre_de_chambres='2' data-last-update='' data-type='locations'>\n\t<div class=\"container\">\n\n\t\t\t\t\t<div class=\"ls-single-hebergement__close\">\n\t\t\t\t<i class=\"fas fa-times\"><\/i>\n\t\t\t<\/div>\n\t\t\n\t\t<h2 class=ls-single-hebergement__title>MOBIL HOME 2 CHAMBRES BRONZE<\/h2>\n\n\t\t<img decoding=\"async\" width=\"1024\" height=\"768\" src=\"https:\/\/www.ombredestilleuls.com\/wp-content\/uploads\/2023\/11\/mobil-home-2-chambres-bronze.webp\" class=\"attachment-full size-full wp-post-image\" alt=\"mobil home chambres bronze\" srcset=\"https:\/\/www.ombredestilleuls.com\/wp-content\/uploads\/2023\/11\/mobil-home-2-chambres-bronze.webp 1024w, https:\/\/www.ombredestilleuls.com\/wp-content\/uploads\/2023\/11\/mobil-home-2-chambres-bronze-300x225.webp 300w, https:\/\/www.ombredestilleuls.com\/wp-content\/uploads\/2023\/11\/mobil-home-2-chambres-bronze-768x576.webp 768w\" sizes=\"(max-width: 1024px) 100vw, 1024px\" \/>\t\t<div class=\"wp-block-columns\">\n\t\t\t<div class=\"wp-block-column\">\n\n\t\t\t\t\t\t\t\t\t<ul class=\"ls-single-hebergement__galerie\">\n\t\t\t\t\t\t\t\t\t\t\t\t\t<li>\n\t\t\t\t\t\t\t\t<a href=\"https:\/\/www.ombredestilleuls.com\/wp-content\/uploads\/2023\/11\/mobil-home-2-chambres-bronze.webp\" data-fancybox=\"hebergement\">\n\t\t\t\t\t\t\t\t\t<img decoding=\"async\" src=\"https:\/\/www.ombredestilleuls.com\/wp-content\/uploads\/2023\/11\/mobil-home-2-chambres-bronze-150x150.webp\" alt=\"mobil home chambres bronze\" \/>\n\t\t\t\t\t\t\t\t<\/a>\n\t\t\t\t\t\t\t<\/li>\n\t\t\t\t\t\t\t\t\t\t\t\t\t<li>\n\t\t\t\t\t\t\t\t<a href=\"https:\/\/www.ombredestilleuls.com\/wp-content\/uploads\/2023\/11\/mobil-home-2-chambres-bronze-1.webp\" data-fancybox=\"hebergement\">\n\t\t\t\t\t\t\t\t\t<img decoding=\"async\" src=\"https:\/\/www.ombredestilleuls.com\/wp-content\/uploads\/2023\/11\/mobil-home-2-chambres-bronze-1-150x150.webp\" alt=\"mobil home chambres bronze\" \/>\n\t\t\t\t\t\t\t\t<\/a>\n\t\t\t\t\t\t\t<\/li>\n\t\t\t\t\t\t\t\t\t\t\t\t\t<li>\n\t\t\t\t\t\t\t\t<a href=\"https:\/\/www.ombredestilleuls.com\/wp-content\/uploads\/2023\/11\/mobil-home-2-chambres-bronze-2.webp\" data-fancybox=\"hebergement\">\n\t\t\t\t\t\t\t\t\t<img decoding=\"async\" src=\"https:\/\/www.ombredestilleuls.com\/wp-content\/uploads\/2023\/11\/mobil-home-2-chambres-bronze-2-150x150.webp\" alt=\"mobil home chambres bronze\" \/>\n\t\t\t\t\t\t\t\t<\/a>\n\t\t\t\t\t\t\t<\/li>\n\t\t\t\t\t\t\t\t\t\t\t\t\t<li>\n\t\t\t\t\t\t\t\t<a href=\"https:\/\/www.ombredestilleuls.com\/wp-content\/uploads\/2023\/11\/mobil-home-2-chambres-bronze-3.webp\" data-fancybox=\"hebergement\">\n\t\t\t\t\t\t\t\t\t<img decoding=\"async\" src=\"https:\/\/www.ombredestilleuls.com\/wp-content\/uploads\/2023\/11\/mobil-home-2-chambres-bronze-3-150x150.webp\" alt=\"mobil home chambres bronze\" \/>\n\t\t\t\t\t\t\t\t<\/a>\n\t\t\t\t\t\t\t<\/li>\n\t\t\t\t\t\t\t\t\t\t\t\t\t<li>\n\t\t\t\t\t\t\t\t<a href=\"https:\/\/www.ombredestilleuls.com\/wp-content\/uploads\/2023\/11\/mobil-home-2-chambres-bronze-4.webp\" data-fancybox=\"hebergement\">\n\t\t\t\t\t\t\t\t\t<img decoding=\"async\" src=\"https:\/\/www.ombredestilleuls.com\/wp-content\/uploads\/2023\/11\/mobil-home-2-chambres-bronze-4-150x150.webp\" alt=\"mobil home chambres bronze\" \/>\n\t\t\t\t\t\t\t\t<\/a>\n\t\t\t\t\t\t\t<\/li>\n\t\t\t\t\t\t\t\t\t\t\t\t\t<li>\n\t\t\t\t\t\t\t\t<a href=\"https:\/\/www.ombredestilleuls.com\/wp-content\/uploads\/2023\/11\/mobil-home-2-chambres-bronze-5.webp\" data-fancybox=\"hebergement\">\n\t\t\t\t\t\t\t\t\t<img decoding=\"async\" src=\"https:\/\/www.ombredestilleuls.com\/wp-content\/uploads\/2023\/11\/mobil-home-2-chambres-bronze-5-150x150.webp\" alt=\"mobil home chambres bronze\" \/>\n\t\t\t\t\t\t\t\t<\/a>\n\t\t\t\t\t\t\t<\/li>\n\t\t\t\t\t\t\t\t\t\t\t\t\t<li>\n\t\t\t\t\t\t\t\t<a href=\"https:\/\/www.ombredestilleuls.com\/wp-content\/uploads\/2023\/11\/mobil-home-2-chambres-bronze-6.webp\" data-fancybox=\"hebergement\">\n\t\t\t\t\t\t\t\t\t<img decoding=\"async\" src=\"https:\/\/www.ombredestilleuls.com\/wp-content\/uploads\/2023\/11\/mobil-home-2-chambres-bronze-6-150x150.webp\" alt=\"mobil home chambres bronze\" \/>\n\t\t\t\t\t\t\t\t<\/a>\n\t\t\t\t\t\t\t<\/li>\n\t\t\t\t\t\t\t\t\t\t\t<\/ul>\n\t\t\t\t\n\t\t\t\t<div class=\"ls-single-hebergement__icons_single\">\n\n\t\t\t\t\t\t\t\t\t\t\t<span class=\"ls-single-hebergement__icon\">\n\t\t\t\t\t\t\t<i class=\"tilleuls-surface\"><\/i>\n\t\t\t\t\t\t\t<span>30m\u00b2<\/span>\n\t\t\t\t\t\t<\/span>\n\t\t\t\t\t\n\t\t\t\t\t\t\t\t\t\t\t<span class=\"ls-single-hebergement__icon\">\n\t\t\t\t\t\t\t<i class=\"tilleuls-famille\"><\/i>\n\t\t\t\t\t\t\t\t\t\t\t\t\t\t\t<span>6 pers<\/span>\n\t\t\t\t\t\t\t\t\t\t\t\t\t<\/span>\n\t\t\t\t\t\n\t\t\t\t\t\t\t\t\t\t\t<span class=\"ls-single-hebergement__icon\">\n\t\t\t\t\t\t\t<i class=\"tilleuls-porte\"><\/i>\n\t\t\t\t\t\t\t\t\t\t\t\t\t\t\t<span>2 ch<\/span>\n\t\t\t\t\t\t\t\t\t\t\t\t\t<\/span>\n\t\t\t\t\t\n\t\t\t\t\t\t\t\t\t\t\t<span class=\"ls-single-hebergement__icon\">\n\t\t\t\t\t\t\t<i class=\"tilleuls-douche\"><\/i>\n\t\t\t\t\t\t\t\t\t\t\t\t\t\t\t<span>1 SDB<\/span>\n\t\t\t\t\t\t\t\t\t\t\t\t\t<\/span>\n\t\t\t\t\t\n\t\t\t\t\t\t\t\t\t\t\t<span class=\"ls-single-hebergement__icon\">\n\t\t\t\t\t\t\t<i class=\"tilleuls-animaux\"><\/i>\n\t\t\t\t\t\t\t<span>Animaux autoris\u00e9s<\/span>\n\t\t\t\t\t\t<\/span>\n\n\t\t\t\t\t\n\t\t\t\t\t\n\t\t\t\t<\/div> <!-- End icons -->\n\n\n\t\t\t\t<div class=\"ls-single-hebergement__buttons_single\">\n\n\t\t\t\t\t<!-- Plan Button -->\n\t\t\t\t\t\t\t\t\t\t<!-- End plan button -->\n\n\n\t\t\t\t\t<!-- Inventaire Button -->\n\t\t\t\t\t\t\t\t\t\t<!-- End Inventaire button -->\n\n\t\t\t\t\t<!-- Emplacement Button -->\n\t\t\t\t\t\t\t\t\t\t<!-- End Emplacement button -->\n\n\t\t\t\t<\/div> <!-- End buttons -->\n\n\n\t\t\t\t<div class=\"ls-single-hebergement__description\">\n\t\t\t\t\t<p style=\"text-align: center;\">CHAUFFAGE <span style=\"font-weight: 400;\">|<\/span> MICRO-ONDES <span style=\"font-weight: 400;\">| <\/span>R\u00c9FRIG\u00c9RATEUR <span style=\"font-weight: 400;\">|<\/span> CONG\u00c9LATEUR <span style=\"font-weight: 400;\">|<\/span> TERRASSE <span style=\"font-weight: 400;\">|<\/span> PARKING 1 PLACE <span style=\"font-weight: 400;\">|<\/span> WI-FI<\/p>\n<p>Ce mobil home Hautes-Pyr\u00e9n\u00e9es relook\u00e9 en 2019 vous propose un grand espace de vie avec le coin cuisine s\u00e9par\u00e9. Une chambre avec un lit 2 personnes et une autre avec 2 lits une personne, une banquette transformable en couchage 2 personnes, salle de bains et WC s\u00e9par\u00e9s. Vous appr\u00e9cierez aussi sa terrasse couverte avec sa table et bancs en bois. Il est tout \u00e9quip\u00e9 : r\u00e9frig\u00e9rateur\/cong\u00e9lateur, micro-ondes, plaque de cuisson et hotte, cafeti\u00e8re \u00e9lectrique \u00e0 filtres\u00a0 ainsi que de vaisselle et batterie de cuisine.<\/p>\n\t\t\t\t<\/div>\n\n\t\t\t\t\t\t\t<\/div>\n\n\t\t<\/div>\n\t\t<div class=\"ls-single-hebergement-resa\">\n\t\t\t\t\t\t\t<iframe data-src=\"https:\/\/www.ombredestilleuls.com\/wp-content\/themes\/lasai-child\/partials\/loops\/frame-thelis.php?id=6&#038;lang=fr&#038;id_camping=alombredestilleuls\" width=\"100%\" height=\"1000\" frameborder=\"0\"><\/iframe>\n\t\t\t\t\t<\/div>\n\t<\/div>\n<\/div><\/div><\/div><\/div>\n\r\n    <\/div>\r\n<\/section>\n\n<section id=\"ls-section-block_fb11685c33e63a8b251c77c2438225b7\" class=\"ls-section  home-intro page-one has-p-l p-l-8 has-p-r p-r-8\" >\r\n        <div class=\"container container--full\">\r\n        \n\n<div class=\"wp-block-columns are-vertically-aligned-center first is-layout-flex wp-container-core-columns-is-layout-9d6595d7 wp-block-columns-is-layout-flex\">\n<div class=\"wp-block-column is-vertically-aligned-center left is-layout-flow wp-block-column-is-layout-flow\" style=\"flex-basis:45%\">\n<h2 class=\"ls__heading wp-block-heading animated fadeInLeft\"><strong>Nos mobil-homes en location<\/strong> dans les Hautes-Pyr\u00e9n\u00e9es<\/h2>\n\n\n\n<p class=\"ls-paragraph\">Louez l\u2019un de nos mobil-homes douillets et spacieux, pr\u00e8s de Lourdes et partez \u00e0 la d\u00e9couverte du charme irr\u00e9sistible des Hautes-Pyr\u00e9n\u00e9es ! Imaginez&#8230; des <strong>espaces allant de 26 \u00e0 40 m\u00b2<\/strong>, pr\u00eats \u00e0 accueillir de <strong>4 \u00e0 12 personnes<\/strong> dans un cadre convivial et chaleureux.<\/p>\n\n\n\n<p class=\"ls-paragraph\">Chaque mobil-home est dot\u00e9 d&rsquo;une <strong>terrasse couverte<\/strong>, agr\u00e9ment\u00e9e d&rsquo;un salon de jardin\u00a0 et de bains de soleil vous permettant de profiter pleinement de l&rsquo;air pur de la r\u00e9gion. Les terrasses des mobil-homes Tribu disposent d\u2019une plancha pour des grillades sous le ciel \u00e9toil\u00e9.<\/p>\n\n\n\n<p class=\"ls-paragraph\"><a href=\"https:\/\/www.ombredestilleuls.com\/fr\/\">Louer un mobil-home dans notre camping pr\u00e8s de Lourdes<\/a>, c&rsquo;est choisir un h\u00e9bergement tout confort o\u00f9 chaque d\u00e9tail est pens\u00e9 pour votre bien-\u00eatre et votre s\u00e9r\u00e9nit\u00e9 au c\u0153ur des Hautes-Pyr\u00e9n\u00e9es.<\/p>\n<\/div>\n\n\n\n<div class=\"wp-block-column is-vertically-aligned-center right is-layout-flow wp-block-column-is-layout-flow\" style=\"flex-basis:55%\">\n<figure class=\"wp-block-gallery has-nested-images columns-default is-cropped wp-block-gallery-1 is-layout-flex wp-block-gallery-is-layout-flex\">\n<figure class=\"wp-block-image size-full animated fadeIn delay-100ms\"><a href=\"https:\/\/www.ombredestilleuls.com\/wp-content\/uploads\/2023\/12\/mobile-homes-en-location-dans-les-hautes-pyrenees.webp\"><img decoding=\"async\" width=\"1200\" height=\"900\" data-id=\"2015\" src=\"https:\/\/www.ombredestilleuls.com\/wp-content\/uploads\/2023\/12\/mobile-homes-en-location-dans-les-hautes-pyrenees.webp\" alt=\"mobile homes en location dans les hautes pyrenees\" class=\"wp-image-2015\" srcset=\"https:\/\/www.ombredestilleuls.com\/wp-content\/uploads\/2023\/12\/mobile-homes-en-location-dans-les-hautes-pyrenees.webp 1200w, https:\/\/www.ombredestilleuls.com\/wp-content\/uploads\/2023\/12\/mobile-homes-en-location-dans-les-hautes-pyrenees-300x225.webp 300w, https:\/\/www.ombredestilleuls.com\/wp-content\/uploads\/2023\/12\/mobile-homes-en-location-dans-les-hautes-pyrenees-1024x768.webp 1024w, https:\/\/www.ombredestilleuls.com\/wp-content\/uploads\/2023\/12\/mobile-homes-en-location-dans-les-hautes-pyrenees-768x576.webp 768w\" sizes=\"(max-width: 1200px) 100vw, 1200px\" \/><\/a><\/figure>\n<\/figure>\n<\/div>\n<\/div>\n\n\r\n    <\/div>\r\n<\/section>\n\n<section id=\"ls-section-block_f52f47c029ca747afeb62bc6dc667ff2\" class=\"ls-section  home-ecologie page-three has-m-t m-t-0 has-p-t p-t-0 has-p-l p-l-8 has-p-r p-r-8\" >\r\n        <div class=\"container container--full\">\r\n        \n\n<div class=\"wp-block-columns are-vertically-aligned-center is-layout-flex wp-container-core-columns-is-layout-9d6595d7 wp-block-columns-is-layout-flex\">\n<div class=\"wp-block-column is-vertically-aligned-center is-layout-flow wp-block-column-is-layout-flow\" style=\"flex-basis:55%\">\n<figure class=\"wp-block-gallery has-nested-images columns-default is-cropped wp-block-gallery-2 is-layout-flex wp-block-gallery-is-layout-flex\">\n<figure class=\"wp-block-image size-full animated fadeIn delay-100ms\"><a href=\"https:\/\/www.ombredestilleuls.com\/wp-content\/uploads\/2026\/04\/gammes-de-mobil-home-terrasse-camping.jpg\"><img decoding=\"async\" width=\"1200\" height=\"900\" data-id=\"3703\" src=\"https:\/\/www.ombredestilleuls.com\/wp-content\/uploads\/2026\/04\/gammes-de-mobil-home-terrasse-camping.jpg\" alt=\"gammes de mobil home terrasse camping\" class=\"wp-image-3703\" srcset=\"https:\/\/www.ombredestilleuls.com\/wp-content\/uploads\/2026\/04\/gammes-de-mobil-home-terrasse-camping.jpg 1200w, https:\/\/www.ombredestilleuls.com\/wp-content\/uploads\/2026\/04\/gammes-de-mobil-home-terrasse-camping-300x225.jpg 300w, https:\/\/www.ombredestilleuls.com\/wp-content\/uploads\/2026\/04\/gammes-de-mobil-home-terrasse-camping-1024x768.jpg 1024w, https:\/\/www.ombredestilleuls.com\/wp-content\/uploads\/2026\/04\/gammes-de-mobil-home-terrasse-camping-768x576.jpg 768w\" sizes=\"(max-width: 1200px) 100vw, 1200px\" \/><\/a><\/figure>\n<\/figure>\n<\/div>\n\n\n\n<div class=\"wp-block-column is-vertically-aligned-center is-layout-flow wp-block-column-is-layout-flow\" style=\"flex-basis:45%\">\n<h2 class=\"ls__heading wp-block-heading animated fadeIn slower\"><strong>D\u00e9couvrez nos gammes de mobil-homes<\/strong> en location<\/h2>\n\n\n\n<p class=\"ls-paragraph has-text-align-left\">Trouvez votre h\u00e9bergement id\u00e9al parmi nos diff\u00e9rentes gammes de mobil-homes en location pr\u00e8s de Lourdes. Notre <strong>gamme bronze <\/strong>offre un h\u00e9bergement abordable et confortable, tandis que la <strong>gamme argent<\/strong> ajoute une touche de luxe. Deux de nos mobil-homes 3 chambres de la gamme argent sont \u00e9galement climatis\u00e9s pour un confort optimal.<\/p>\n\n\n\n<p class=\"ls-paragraph has-text-align-left\">Tous les mod\u00e8les de la <strong>gamme or<\/strong> poss\u00e8dent un lave-vaisselle pour que vous puissiez b\u00e9n\u00e9ficier d\u2019encore plus de confort. Pour une exp\u00e9rience ultime en famille ou groupe, optez pour nos <strong>mobil-homes tribus<\/strong>, de la <strong>gamme platine<\/strong>. Les tribus disposent d\u2019un <strong>spa privatif et d\u2019une plancha<\/strong> pour une d\u00e9tente et un confort in\u00e9gal\u00e9s.<\/p>\n\n\n\n<p class=\"ls-paragraph has-text-align-left\">\u00c0 la recherche de votre petit coin de paradis dans les Hautes-Pyr\u00e9n\u00e9es ? D\u00e9couvrez vite notre gamme d\u2019<strong>h\u00e9bergements en location pr\u00e8s de Lourdes\u202f!<\/strong><\/p>\n<\/div>\n<\/div>\n\n\r\n    <\/div>\r\n<\/section>\n\n<section id=\"ls-section-block_b5b339a47a941485b92cc2f077443d9d\" class=\"ls-section  home-ecologie page-five has-m-t m-t-0 has-p-t p-t-0 has-p-l p-l-8 has-p-r p-r-8\" >\r\n        <div class=\"container container--full\">\r\n        \n\n<div class=\"wp-block-columns are-vertically-aligned-center is-layout-flex wp-container-core-columns-is-layout-9d6595d7 wp-block-columns-is-layout-flex\">\n<div class=\"wp-block-column is-vertically-aligned-center is-layout-flow wp-block-column-is-layout-flow\" style=\"flex-basis:45%\">\n<h2 class=\"ls__heading wp-block-heading animated fadeIn slower\"><strong>Les mobil-homes tribus avec spa<\/strong>, pour des vacances en grand<\/h2>\n\n\n\n<p class=\"ls-paragraph\">Des vacances en grand groupe ou en famille nombreuse pr\u00e9vues dans les Hautes-Pyr\u00e9n\u00e9es, pr\u00e8s de Lourdes ? <\/p>\n\n\n\n<p class=\"ls-paragraph\">Nos mobil-homes tribus sont l\u2019h\u00e9bergement id\u00e9al pour un s\u00e9jour o\u00f9 convivialit\u00e9 rime avec intimit\u00e9 ! <strong>Deux mobil-homes cosy sont reli\u00e9s par une terrasse spacieuse<\/strong>, cr\u00e9ant un<strong> cocon commun<\/strong> tout en chouchoutant l&rsquo;intimit\u00e9 de chacun. <\/p>\n\n\n\n<p class=\"ls-paragraph\">C&rsquo;est votre espace de partage, de complicit\u00e9 avec vos proches dans un \u00e9crin naturel et serein, tout en profitant de confort et d\u2019ind\u00e9pendance.<\/p>\n<\/div>\n\n\n\n<div class=\"wp-block-column is-vertically-aligned-center is-layout-flow wp-block-column-is-layout-flow\" style=\"flex-basis:55%\">\n<figure class=\"wp-block-gallery has-nested-images columns-default is-cropped wp-block-gallery-3 is-layout-flex wp-block-gallery-is-layout-flex\">\n<figure class=\"wp-block-image size-full animated zoomIn\"><a href=\"https:\/\/www.ombredestilleuls.com\/wp-content\/uploads\/2023\/12\/les-mobil-homes-tribus-avec-spa.webp\"><img decoding=\"async\" width=\"1200\" height=\"900\" data-id=\"2133\" src=\"https:\/\/www.ombredestilleuls.com\/wp-content\/uploads\/2023\/12\/les-mobil-homes-tribus-avec-spa.webp\" alt=\"les mobil homes tribus avec spa\" class=\"wp-image-2133\" srcset=\"https:\/\/www.ombredestilleuls.com\/wp-content\/uploads\/2023\/12\/les-mobil-homes-tribus-avec-spa.webp 1200w, https:\/\/www.ombredestilleuls.com\/wp-content\/uploads\/2023\/12\/les-mobil-homes-tribus-avec-spa-300x225.webp 300w, https:\/\/www.ombredestilleuls.com\/wp-content\/uploads\/2023\/12\/les-mobil-homes-tribus-avec-spa-1024x768.webp 1024w, https:\/\/www.ombredestilleuls.com\/wp-content\/uploads\/2023\/12\/les-mobil-homes-tribus-avec-spa-768x576.webp 768w\" sizes=\"(max-width: 1200px) 100vw, 1200px\" \/><\/a><\/figure>\n<\/figure>\n<\/div>\n<\/div>\n\n\r\n    <\/div>\r\n<\/section>\n\n<section id=\"ls-section-block_c63744ff911848b8e4cdff7442f434f4\" class=\"ls-section  page-maillage\" >\r\n        <div class=\"container container--wide\">\r\n        \n\n<div id=\"ls-heading ls-titre-div-block_cc091c94e84cfe60f2f2fcc7a705a047\" class=\"ls-titre-div animated fadeIn h2-like\" >\n    D\u00e9couvrez nos locations insolites, emplacements et services<\/div>\n\n\n\n<div id=\"ls-maillage-block_5b5428b224b64719f353a39ea926253b\" class=\"ls-maillage cta-style-normal\" data-rows=\"3\">\n\n    <div class=\"wp-block-columns\"><div class=\"wp-block-column ls-cta\">\n\n<a href=\"https:\/\/www.ombredestilleuls.com\/fr\/location-atypique-peyrouse\/\" target=\"\" rel=\"noopener\" class=\"ls-cta__link\">\n\n\t<div class=\"ls-cta__image\"><img decoding=\"async\" src=\"https:\/\/www.ombredestilleuls.com\/wp-content\/uploads\/2023\/12\/location-atypique-peyrouse.webp\" alt=\"location atypique peyrouse\"><\/div>\n\t<div class=\"ls-cta__title\">\n\t\tInsolites\t<\/div>\n\n\t\t\n<\/a><\/div><div class=\"wp-block-column ls-cta\">\n\n<a href=\"https:\/\/www.ombredestilleuls.com\/fr\/location-emplacement-peyrouse\/\" target=\"\" rel=\"noopener\" class=\"ls-cta__link\">\n\n\t<div class=\"ls-cta__image\"><img decoding=\"async\" src=\"https:\/\/www.ombredestilleuls.com\/wp-content\/uploads\/2023\/12\/location-emplacement-peyrouse.webp\" alt=\"location emplacement peyrouse\"><\/div>\n\t<div class=\"ls-cta__title\">\n\t\tEmplacements\t<\/div>\n\n\t\t\n<\/a><\/div><div class=\"wp-block-column ls-cta\">\n\n<a href=\"https:\/\/www.ombredestilleuls.com\/fr\/camping-familial-peyrouse\/\" target=\"\" rel=\"noopener\" class=\"ls-cta__link\">\n\n\t<div class=\"ls-cta__image\"><img decoding=\"async\" src=\"https:\/\/www.ombredestilleuls.com\/wp-content\/uploads\/2026\/04\/camping-familial-peyrouse-ombre-tilleuls-services.jpg\" alt=\"camping familial peyrouse ombre tilleuls services\"><\/div>\n\t<div class=\"ls-cta__title\">\n\t\tServices\t<\/div>\n\n\t\t\n<\/a><\/div><\/div>\n<\/div>\n\r\n    <\/div>\r\n<\/section>","protected":false},"excerpt":{"rendered":"","protected":false},"author":1,"featured_media":2012,"parent":0,"menu_order":0,"comment_status":"closed","ping_status":"closed","template":"","meta":{"_acf_changed":false,"inline_featured_image":false,"footnotes":""},"sujet":[],"class_list":["post-198","page","type-page","status-publish","has-post-thumbnail","hentry"],"acf":[],"yoast_head":"<!-- This site is optimized with the Yoast SEO plugin v23.4 - https:\/\/yoast.com\/wordpress\/plugins\/seo\/ -->\n<title>Location mobil-home pr\u00e8s de Lourdes | Louer mobil-home Hautes-Pyr\u00e9n\u00e9es<\/title>\n<meta name=\"description\" content=\"Louez un mobil-home tout confort au c\u0153ur des Pyr\u00e9n\u00e9es dans votre camping \u00c0 l&#039;Ombre des Tilleuls pr\u00e8s de Lourdes !\" \/>\n<meta name=\"robots\" content=\"index, follow, max-snippet:-1, max-image-preview:large, max-video-preview:-1\" \/>\n<link rel=\"canonical\" href=\"https:\/\/www.ombredestilleuls.com\/fr\/location-mobil-home-peyrouse\/\" \/>\n<meta property=\"og:locale\" content=\"fr_FR\" \/>\n<meta property=\"og:type\" content=\"article\" \/>\n<meta property=\"og:title\" content=\"Location mobil-home pr\u00e8s de Lourdes | Louer mobil-home Hautes-Pyr\u00e9n\u00e9es\" \/>\n<meta property=\"og:description\" content=\"Louez un mobil-home tout confort au c\u0153ur des Pyr\u00e9n\u00e9es dans votre camping \u00c0 l&#039;Ombre des Tilleuls pr\u00e8s de Lourdes !\" \/>\n<meta property=\"og:url\" content=\"https:\/\/www.ombredestilleuls.com\/fr\/location-mobil-home-peyrouse\/\" \/>\n<meta property=\"og:site_name\" content=\"Camping \u00c0 l&#039;ombre des tilleuls\" \/>\n<meta property=\"article:modified_time\" content=\"2026-04-13T14:25:01+00:00\" \/>\n<meta property=\"og:image\" content=\"https:\/\/www.ombredestilleuls.com\/wp-content\/uploads\/2023\/12\/location-mobil-home-peyrouse.webp\" \/>\n\t<meta property=\"og:image:width\" content=\"2000\" \/>\n\t<meta property=\"og:image:height\" content=\"1500\" \/>\n\t<meta property=\"og:image:type\" content=\"image\/webp\" \/>\n<meta name=\"twitter:card\" content=\"summary_large_image\" \/>\n<meta name=\"twitter:label1\" content=\"Dur\u00e9e de lecture estim\u00e9e\" \/>\n\t<meta name=\"twitter:data1\" content=\"3 minutes\" \/>\n<script type=\"application\/ld+json\" class=\"yoast-schema-graph\">{\"@context\":\"https:\/\/schema.org\",\"@graph\":[{\"@type\":\"WebPage\",\"@id\":\"https:\/\/www.ombredestilleuls.com\/fr\/location-mobil-home-peyrouse\/\",\"url\":\"https:\/\/www.ombredestilleuls.com\/fr\/location-mobil-home-peyrouse\/\",\"name\":\"Location mobil-home pr\u00e8s de Lourdes | Louer mobil-home Hautes-Pyr\u00e9n\u00e9es\",\"isPartOf\":{\"@id\":\"https:\/\/www.ombredestilleuls.com\/fr\/#website\"},\"primaryImageOfPage\":{\"@id\":\"https:\/\/www.ombredestilleuls.com\/fr\/location-mobil-home-peyrouse\/#primaryimage\"},\"image\":{\"@id\":\"https:\/\/www.ombredestilleuls.com\/fr\/location-mobil-home-peyrouse\/#primaryimage\"},\"thumbnailUrl\":\"https:\/\/www.ombredestilleuls.com\/wp-content\/uploads\/2023\/12\/location-mobil-home-peyrouse.webp\",\"datePublished\":\"2023-11-01T13:32:54+00:00\",\"dateModified\":\"2026-04-13T14:25:01+00:00\",\"description\":\"Louez un mobil-home tout confort au c\u0153ur des Pyr\u00e9n\u00e9es dans votre camping \u00c0 l'Ombre des Tilleuls pr\u00e8s de Lourdes !\",\"breadcrumb\":{\"@id\":\"https:\/\/www.ombredestilleuls.com\/fr\/location-mobil-home-peyrouse\/#breadcrumb\"},\"inLanguage\":\"fr-FR\",\"potentialAction\":[{\"@type\":\"ReadAction\",\"target\":[\"https:\/\/www.ombredestilleuls.com\/fr\/location-mobil-home-peyrouse\/\"]}]},{\"@type\":\"ImageObject\",\"inLanguage\":\"fr-FR\",\"@id\":\"https:\/\/www.ombredestilleuls.com\/fr\/location-mobil-home-peyrouse\/#primaryimage\",\"url\":\"https:\/\/www.ombredestilleuls.com\/wp-content\/uploads\/2023\/12\/location-mobil-home-peyrouse.webp\",\"contentUrl\":\"https:\/\/www.ombredestilleuls.com\/wp-content\/uploads\/2023\/12\/location-mobil-home-peyrouse.webp\",\"width\":2000,\"height\":1500,\"caption\":\"location mobil home peyrouse\"},{\"@type\":\"BreadcrumbList\",\"@id\":\"https:\/\/www.ombredestilleuls.com\/fr\/location-mobil-home-peyrouse\/#breadcrumb\",\"itemListElement\":[{\"@type\":\"ListItem\",\"position\":1,\"name\":\"Camping pr\u00e8s de Lourdes\",\"item\":\"https:\/\/www.ombredestilleuls.com\/fr\/\"},{\"@type\":\"ListItem\",\"position\":2,\"name\":\"Location mobil-home dans les Hautes-Pyr\u00e9n\u00e9es\"}]},{\"@type\":\"WebSite\",\"@id\":\"https:\/\/www.ombredestilleuls.com\/fr\/#website\",\"url\":\"https:\/\/www.ombredestilleuls.com\/fr\/\",\"name\":\"Camping \u00c0 l&#039;ombre des tilleuls\",\"description\":\"\",\"publisher\":{\"@id\":\"https:\/\/www.ombredestilleuls.com\/fr\/#organization\"},\"potentialAction\":[{\"@type\":\"SearchAction\",\"target\":{\"@type\":\"EntryPoint\",\"urlTemplate\":\"https:\/\/www.ombredestilleuls.com\/fr\/?s={search_term_string}\"},\"query-input\":{\"@type\":\"PropertyValueSpecification\",\"valueRequired\":true,\"valueName\":\"search_term_string\"}}],\"inLanguage\":\"fr-FR\"},{\"@type\":\"Organization\",\"@id\":\"https:\/\/www.ombredestilleuls.com\/fr\/#organization\",\"name\":\"Camping \u00c0 l&#039;ombre des tilleuls\",\"url\":\"https:\/\/www.ombredestilleuls.com\/fr\/\",\"logo\":{\"@type\":\"ImageObject\",\"inLanguage\":\"fr-FR\",\"@id\":\"https:\/\/www.ombredestilleuls.com\/fr\/#\/schema\/logo\/image\/\",\"url\":\"https:\/\/www.ombredestilleuls.com\/wp-content\/uploads\/2023\/11\/cropped-Camping-A-LOmbre-Des-Tilleuls-logo-1.png\",\"contentUrl\":\"https:\/\/www.ombredestilleuls.com\/wp-content\/uploads\/2023\/11\/cropped-Camping-A-LOmbre-Des-Tilleuls-logo-1.png\",\"width\":1000,\"height\":1000,\"caption\":\"Camping \u00c0 l&#039;ombre des tilleuls\"},\"image\":{\"@id\":\"https:\/\/www.ombredestilleuls.com\/fr\/#\/schema\/logo\/image\/\"}}]}<\/script>\n<!-- \/ Yoast SEO plugin. -->","yoast_head_json":{"title":"Location mobil-home pr\u00e8s de Lourdes | Louer mobil-home Hautes-Pyr\u00e9n\u00e9es","description":"Louez un mobil-home tout confort au c\u0153ur des Pyr\u00e9n\u00e9es dans votre camping \u00c0 l'Ombre des Tilleuls pr\u00e8s de Lourdes !","robots":{"index":"index","follow":"follow","max-snippet":"max-snippet:-1","max-image-preview":"max-image-preview:large","max-video-preview":"max-video-preview:-1"},"canonical":"https:\/\/www.ombredestilleuls.com\/fr\/location-mobil-home-peyrouse\/","og_locale":"fr_FR","og_type":"article","og_title":"Location mobil-home pr\u00e8s de Lourdes | Louer mobil-home Hautes-Pyr\u00e9n\u00e9es","og_description":"Louez un mobil-home tout confort au c\u0153ur des Pyr\u00e9n\u00e9es dans votre camping \u00c0 l'Ombre des Tilleuls pr\u00e8s de Lourdes !","og_url":"https:\/\/www.ombredestilleuls.com\/fr\/location-mobil-home-peyrouse\/","og_site_name":"Camping \u00c0 l&#039;ombre des tilleuls","article_modified_time":"2026-04-13T14:25:01+00:00","og_image":[{"width":2000,"height":1500,"url":"https:\/\/www.ombredestilleuls.com\/wp-content\/uploads\/2023\/12\/location-mobil-home-peyrouse.webp","type":"image\/webp"}],"twitter_card":"summary_large_image","twitter_misc":{"Dur\u00e9e de lecture estim\u00e9e":"3 minutes"},"schema":{"@context":"https:\/\/schema.org","@graph":[{"@type":"WebPage","@id":"https:\/\/www.ombredestilleuls.com\/fr\/location-mobil-home-peyrouse\/","url":"https:\/\/www.ombredestilleuls.com\/fr\/location-mobil-home-peyrouse\/","name":"Location mobil-home pr\u00e8s de Lourdes | Louer mobil-home Hautes-Pyr\u00e9n\u00e9es","isPartOf":{"@id":"https:\/\/www.ombredestilleuls.com\/fr\/#website"},"primaryImageOfPage":{"@id":"https:\/\/www.ombredestilleuls.com\/fr\/location-mobil-home-peyrouse\/#primaryimage"},"image":{"@id":"https:\/\/www.ombredestilleuls.com\/fr\/location-mobil-home-peyrouse\/#primaryimage"},"thumbnailUrl":"https:\/\/www.ombredestilleuls.com\/wp-content\/uploads\/2023\/12\/location-mobil-home-peyrouse.webp","datePublished":"2023-11-01T13:32:54+00:00","dateModified":"2026-04-13T14:25:01+00:00","description":"Louez un mobil-home tout confort au c\u0153ur des Pyr\u00e9n\u00e9es dans votre camping \u00c0 l'Ombre des Tilleuls pr\u00e8s de Lourdes !","breadcrumb":{"@id":"https:\/\/www.ombredestilleuls.com\/fr\/location-mobil-home-peyrouse\/#breadcrumb"},"inLanguage":"fr-FR","potentialAction":[{"@type":"ReadAction","target":["https:\/\/www.ombredestilleuls.com\/fr\/location-mobil-home-peyrouse\/"]}]},{"@type":"ImageObject","inLanguage":"fr-FR","@id":"https:\/\/www.ombredestilleuls.com\/fr\/location-mobil-home-peyrouse\/#primaryimage","url":"https:\/\/www.ombredestilleuls.com\/wp-content\/uploads\/2023\/12\/location-mobil-home-peyrouse.webp","contentUrl":"https:\/\/www.ombredestilleuls.com\/wp-content\/uploads\/2023\/12\/location-mobil-home-peyrouse.webp","width":2000,"height":1500,"caption":"location mobil home peyrouse"},{"@type":"BreadcrumbList","@id":"https:\/\/www.ombredestilleuls.com\/fr\/location-mobil-home-peyrouse\/#breadcrumb","itemListElement":[{"@type":"ListItem","position":1,"name":"Camping pr\u00e8s de Lourdes","item":"https:\/\/www.ombredestilleuls.com\/fr\/"},{"@type":"ListItem","position":2,"name":"Location mobil-home dans les Hautes-Pyr\u00e9n\u00e9es"}]},{"@type":"WebSite","@id":"https:\/\/www.ombredestilleuls.com\/fr\/#website","url":"https:\/\/www.ombredestilleuls.com\/fr\/","name":"Camping \u00c0 l&#039;ombre des tilleuls","description":"","publisher":{"@id":"https:\/\/www.ombredestilleuls.com\/fr\/#organization"},"potentialAction":[{"@type":"SearchAction","target":{"@type":"EntryPoint","urlTemplate":"https:\/\/www.ombredestilleuls.com\/fr\/?s={search_term_string}"},"query-input":{"@type":"PropertyValueSpecification","valueRequired":true,"valueName":"search_term_string"}}],"inLanguage":"fr-FR"},{"@type":"Organization","@id":"https:\/\/www.ombredestilleuls.com\/fr\/#organization","name":"Camping \u00c0 l&#039;ombre des tilleuls","url":"https:\/\/www.ombredestilleuls.com\/fr\/","logo":{"@type":"ImageObject","inLanguage":"fr-FR","@id":"https:\/\/www.ombredestilleuls.com\/fr\/#\/schema\/logo\/image\/","url":"https:\/\/www.ombredestilleuls.com\/wp-content\/uploads\/2023\/11\/cropped-Camping-A-LOmbre-Des-Tilleuls-logo-1.png","contentUrl":"https:\/\/www.ombredestilleuls.com\/wp-content\/uploads\/2023\/11\/cropped-Camping-A-LOmbre-Des-Tilleuls-logo-1.png","width":1000,"height":1000,"caption":"Camping \u00c0 l&#039;ombre des tilleuls"},"image":{"@id":"https:\/\/www.ombredestilleuls.com\/fr\/#\/schema\/logo\/image\/"}}]}},"_links":{"self":[{"href":"https:\/\/www.ombredestilleuls.com\/fr\/wp-json\/wp\/v2\/pages\/198","targetHints":{"allow":["GET"]}}],"collection":[{"href":"https:\/\/www.ombredestilleuls.com\/fr\/wp-json\/wp\/v2\/pages"}],"about":[{"href":"https:\/\/www.ombredestilleuls.com\/fr\/wp-json\/wp\/v2\/types\/page"}],"author":[{"embeddable":true,"href":"https:\/\/www.ombredestilleuls.com\/fr\/wp-json\/wp\/v2\/users\/1"}],"replies":[{"embeddable":true,"href":"https:\/\/www.ombredestilleuls.com\/fr\/wp-json\/wp\/v2\/comments?post=198"}],"version-history":[{"count":47,"href":"https:\/\/www.ombredestilleuls.com\/fr\/wp-json\/wp\/v2\/pages\/198\/revisions"}],"predecessor-version":[{"id":3706,"href":"https:\/\/www.ombredestilleuls.com\/fr\/wp-json\/wp\/v2\/pages\/198\/revisions\/3706"}],"wp:featuredmedia":[{"embeddable":true,"href":"https:\/\/www.ombredestilleuls.com\/fr\/wp-json\/wp\/v2\/media\/2012"}],"wp:attachment":[{"href":"https:\/\/www.ombredestilleuls.com\/fr\/wp-json\/wp\/v2\/media?parent=198"}],"wp:term":[{"taxonomy":"sujet","embeddable":true,"href":"https:\/\/www.ombredestilleuls.com\/fr\/wp-json\/wp\/v2\/sujet?post=198"}],"curies":[{"name":"wp","href":"https:\/\/api.w.org\/{rel}","templated":true}]}}