{"id":3042,"date":"2024-01-17T10:31:12","date_gmt":"2024-01-17T09:31:12","guid":{"rendered":"https:\/\/www.ombredestilleuls.com\/turismo-hautes-pyrenees\/"},"modified":"2024-01-18T14:47:28","modified_gmt":"2024-01-18T13:47:28","slug":"turismo-hautes-pyrenees","status":"publish","type":"page","link":"https:\/\/www.ombredestilleuls.com\/es\/turismo-hautes-pyrenees\/","title":{"rendered":"Qu\u00e9 ver"},"content":{"rendered":"<section id=\"ls-section-block_067bca051ad33f6139883113ad50de8e\" class=\"ls-section  home-intro page-one has-m-b m-b-0 has-p-b p-b-0\" >\r\n        <div class=\"container container--full\">\r\n        \n\n<h1 class=\"ls__heading wp-block-heading has-text-align-center animated fadeIn slower\">Turismo en los Altos Pirineos<\/h1>\n\n\r\n    <\/div>\r\n<\/section><section id=\"pic-du-midi\" class=\"ls-section  home-intro page-one has-m-b m-b-0 has-p-l p-l-8 has-p-r p-r-8\" >\r\n        <div class=\"container container--full\">\r\n        \n\n<div class=\"wp-block-columns are-vertically-aligned-center first is-layout-flex wp-container-core-columns-is-layout-9d6595d7 wp-block-columns-is-layout-flex\">\n<div class=\"wp-block-column is-vertically-aligned-center left is-layout-flow wp-block-column-is-layout-flow\" style=\"flex-basis:45%\">\n<h2 class=\"ls__heading wp-block-heading animated fadeInLeft\">Magn\u00edficas vistas desde el <strong>Pic du Midi<\/strong><\/h2>\n\n\n\n<p class=\"ls-paragraph\">Situado a <strong>2.877 metros de altitud<\/strong>, el <a href=\"https:\/\/picdumidi.com\/\" target=\"_blank\" rel=\"noreferrer noopener\">Pic du Midi<\/a> es un espect\u00e1culo sobrecogedor. El <strong>panorama<\/strong>, un aut\u00e9ntico tableau vivant, se extiende <strong>por toda la cordillera pirenaica<\/strong>.  <\/p>\n\n\n\n<p class=\"ls-paragraph\">El<strong>observatorio astron\u00f3mico<\/strong>, al que se accede en telef\u00e9rico, le llevar\u00e1 en un <strong>espectacular viaje <\/strong>por encima de las nubes, donde el cielo y las estrellas parecen tan cercanos que podr\u00eda tocarlos.<\/p>\n\n\n\n<p class=\"ls-paragraph\">\u00bfListo para tocar las estrellas y sumergirse en una experiencia en la que el cielo ya no es un l\u00edmite, sino una invitaci\u00f3n al asombro?<\/p>\n<\/div>\n\n\n\n<div class=\"wp-block-column is-vertically-aligned-center right is-layout-flow wp-block-column-is-layout-flow\" style=\"flex-basis:55%\">\n<figure class=\"wp-block-gallery has-nested-images columns-default is-cropped wp-block-gallery-1 is-layout-flex wp-block-gallery-is-layout-flex\">\n<figure class=\"wp-block-image size-full animated fadeIn delay-100ms\"><a href=\"https:\/\/www.ombredestilleuls.com\/wp-content\/uploads\/2023\/12\/pic-du-midi.webp\"><img decoding=\"async\" width=\"1200\" height=\"799\" data-id=\"1243\" src=\"https:\/\/www.ombredestilleuls.com\/wp-content\/uploads\/2023\/12\/pic-du-midi.webp\" alt=\"pic du midi\" class=\"wp-image-1243\" srcset=\"https:\/\/www.ombredestilleuls.com\/wp-content\/uploads\/2023\/12\/pic-du-midi.webp 1200w, https:\/\/www.ombredestilleuls.com\/wp-content\/uploads\/2023\/12\/pic-du-midi-300x200.webp 300w, https:\/\/www.ombredestilleuls.com\/wp-content\/uploads\/2023\/12\/pic-du-midi-1024x682.webp 1024w, https:\/\/www.ombredestilleuls.com\/wp-content\/uploads\/2023\/12\/pic-du-midi-768x511.webp 768w\" sizes=\"(max-width: 1200px) 100vw, 1200px\" \/><\/a><\/figure>\n<\/figure>\n<\/div>\n<\/div>\n\n\r\n    <\/div>\r\n<\/section><section id=\"lourdes\" class=\"ls-section  home-piscine page-two has-background-image has-parallax has-m-t m-t-10 has-m-b m-b-10 has-m-l m-l-8 has-m-r m-r-8\" >\r\n    <div class=\"ls-section__background-image opacity-100\"><img decoding=\"async\" src=\"https:\/\/www.ombredestilleuls.com\/wp-content\/uploads\/2023\/12\/visitez-lourdes.webp\" alt=\"visitar lourdes\"><\/div>    <div class=\"container container--full\">\r\n        \n\n<div class=\"wp-block-columns is-layout-flex wp-container-core-columns-is-layout-9d6595d7 wp-block-columns-is-layout-flex\">\n<div class=\"wp-block-column is-layout-flow wp-block-column-is-layout-flow\" style=\"flex-basis:60%\"><\/div>\n\n\n\n<div class=\"wp-block-column animated fadeInRight is-layout-flow wp-block-column-is-layout-flow\" style=\"flex-basis:40%\">\n<h2 class=\"ls__heading wp-block-heading has-text-align-right\">Visitar <strong>Lourdes<\/strong><\/h2>\n\n\n\n<p class=\"ls-paragraph has-text-align-right\"><a href=\"https:\/\/www.lourdes-infotourisme.com\/\" target=\"_blank\" rel=\"noreferrer noopener\">Lourdes<\/a> y su santuario, mucho m\u00e1s que una ciudad, es un <strong>s\u00edmbolo de paz y espiritualidad<\/strong>. Este lugar sagrado, que atrae cada a\u00f1o a millones de peregrinos, est\u00e1 ba\u00f1ado por una atm\u00f3sfera de contemplaci\u00f3n y esperanza. La <strong>Gruta de Massabielle<\/strong>, donde se dice que la Virgen Mar\u00eda se apareci\u00f3 a Bernadette Soubirous, es el coraz\u00f3n vibrante de Lourdes y ofrece a los visitantes un momento de serena reflexi\u00f3n. Experim\u00e9ntelo usted mismo aloj\u00e1ndose en nuestro <a href=\"https:\/\/www.ombredestilleuls.com\/es\/\">camping cerca de Lourdes<\/a>. \u00bfQu\u00e9 hay m\u00e1s agradable que visitar Lourdes o participar en una peregrinaci\u00f3n y luego volver a reponer fuerzas en 5 hect\u00e1reas de verdor a s\u00f3lo 8,2 km?<\/p>\n\n\n\n<p class=\"ls-paragraph has-text-align-right\">El lago de Lourdes es un remanso de paz. Podr\u00e1 pasear tranquilamente, disfrutar de un paseo en barca a pedales o simplemente relajarse junto al agua mientras admira la magn\u00edfica vista de los Pirineos reflejados en el lago.<\/p>\n<\/div>\n<\/div>\n\n\r\n    <\/div>\r\n<\/section><section id=\"pic-du-jer\" class=\"ls-section  home-ecologie page-three has-p-l p-l-8 has-p-r p-r-8\" >\r\n        <div class=\"container container--full\">\r\n        \n\n<div class=\"wp-block-columns are-vertically-aligned-center is-layout-flex wp-container-core-columns-is-layout-9d6595d7 wp-block-columns-is-layout-flex\">\n<div class=\"wp-block-column is-vertically-aligned-center is-layout-flow wp-block-column-is-layout-flow\" style=\"flex-basis:55%\">\n<figure class=\"wp-block-gallery has-nested-images columns-default is-cropped wp-block-gallery-2 is-layout-flex wp-block-gallery-is-layout-flex\">\n<figure class=\"wp-block-image size-full animated fadeIn delay-100ms\"><a href=\"https:\/\/www.ombredestilleuls.com\/wp-content\/uploads\/2023\/12\/amateurs-de-randonnee.webp\"><img decoding=\"async\" width=\"1200\" height=\"900\" data-id=\"1250\" src=\"https:\/\/www.ombredestilleuls.com\/wp-content\/uploads\/2023\/12\/amateurs-de-randonnee.webp\" alt=\"aficionados al senderismo\" class=\"wp-image-1250\" srcset=\"https:\/\/www.ombredestilleuls.com\/wp-content\/uploads\/2023\/12\/amateurs-de-randonnee.webp 1200w, https:\/\/www.ombredestilleuls.com\/wp-content\/uploads\/2023\/12\/amateurs-de-randonnee-300x225.webp 300w, https:\/\/www.ombredestilleuls.com\/wp-content\/uploads\/2023\/12\/amateurs-de-randonnee-1024x768.webp 1024w, https:\/\/www.ombredestilleuls.com\/wp-content\/uploads\/2023\/12\/amateurs-de-randonnee-768x576.webp 768w\" sizes=\"(max-width: 1200px) 100vw, 1200px\" \/><\/a><\/figure>\n<\/figure>\n<\/div>\n\n\n\n<div class=\"wp-block-column is-vertically-aligned-center is-layout-flow wp-block-column-is-layout-flow\" style=\"flex-basis:45%\">\n<h3 class=\"ls__heading wp-block-heading animated fadeIn slower\"><strong>El Pic du Jer<\/strong>: una aventura en altitud<\/h3>\n\n\n\n<p class=\"ls-paragraph has-text-align-left\">Si busca aventura e impresionantes vistas panor\u00e1micas, no deje de visitar el Pic du Jer, accesible<strong>en funicular o a pie desde Lourdes<\/strong>.  <\/p>\n\n\n\n<p class=\"ls-paragraph has-text-align-left\">Una vez en la cima, ser\u00e1 recompensado con una vista impresionante de Lourdes y su lago, con la cadena de los Pirineos y sus m\u00edticas cumbres al fondo.  <\/p>\n\n\n\n<p class=\"ls-paragraph has-text-align-left\">Es una visita obligada para los aficionados al senderismo y los amantes de los paisajes espectaculares.<\/p>\n<\/div>\n<\/div>\n\n\r\n    <\/div>\r\n<\/section><section id=\"chateau-fort\" class=\"ls-section  home-piscine page-four has-background-image has-parallax has-m-t m-t-10 has-m-b m-b-10 has-m-l m-l-8 has-m-r m-r-8\" >\r\n    <div class=\"ls-section__background-image opacity-100\"><img decoding=\"async\" src=\"https:\/\/www.ombredestilleuls.com\/wp-content\/uploads\/2023\/12\/chateau-fort-de-lourdes.webp\" alt=\"castillo fortificado de lourdes\"><\/div>    <div class=\"container container--full\">\r\n        \n\n<div class=\"wp-block-columns is-layout-flex wp-container-core-columns-is-layout-9d6595d7 wp-block-columns-is-layout-flex\">\n<div class=\"wp-block-column animated fadeInLeft is-layout-flow wp-block-column-is-layout-flow\" style=\"flex-basis:40%\">\n<h3 class=\"ls__heading wp-block-heading has-text-align-left has-color-white-color has-text-color has-link-color wp-elements-15883bd6167bdc3742ff606336523ce8\"><strong>Ch\u00e2teau-Fort de Lourdes<\/strong>: sum\u00e9rjase en la historia<\/h3>\n\n\n\n<p class=\"ls-paragraph has-color-white-color has-text-color has-link-color wp-elements-e50b338bf418e13405870a0dff6bb509\">El <a href=\"http:\/\/www.chateaufort-lourdes.fr\/\" target=\"_blank\" rel=\"noreferrer noopener\">castillo fortificado de Lourdes<\/a> es un <strong>tesoro hist\u00f3rico que podr\u00e1 descubrir<\/strong> durante su estancia.<\/p>\n\n\n\n<p class=\"ls-paragraph has-color-white-color has-text-color has-link-color wp-elements-923843e76dafe0276e441ee5c3a99905\">Enclavado en lo alto de una colina, no s\u00f3lo ofrece<strong> vistas panor\u00e1micas de la ciudad<\/strong>, sino tambi\u00e9n una visi\u00f3n<strong> del pasado medieval de la regi\u00f3n<\/strong>.<\/p>\n\n\n\n<p class=\"ls-paragraph has-color-white-color has-text-color has-link-color wp-elements-41e8a6a1aa0701e43635062b60050261\">Explore sus <strong>murallas<\/strong>, <strong>torres<\/strong>y <strong>museo<\/strong> para conocer mejor la fascinante historia de Lourdes.<\/p>\n\n\n\n<p class=\"ls-paragraph has-color-white-color has-text-color has-link-color wp-elements-575d050c11ad71f5ec7ae622739086ab\">Se trata de una excursi\u00f3n cultural ineludible para los amantes de la historia y el patrimonio.<\/p>\n<\/div>\n\n\n\n<div class=\"wp-block-column is-layout-flow wp-block-column-is-layout-flow\" style=\"flex-basis:60%\"><\/div>\n<\/div>\n\n\r\n    <\/div>\r\n<\/section><section id=\"parc-national\" class=\"ls-section  home-ecologie page-five has-p-l p-l-8 has-p-r p-r-8\" >\r\n        <div class=\"container container--full\">\r\n        \n\n<div class=\"wp-block-columns are-vertically-aligned-center is-layout-flex wp-container-core-columns-is-layout-9d6595d7 wp-block-columns-is-layout-flex\">\n<div class=\"wp-block-column is-vertically-aligned-center is-layout-flow wp-block-column-is-layout-flow\" style=\"flex-basis:45%\">\n<h2 class=\"ls__heading wp-block-heading animated fadeIn slower\">Descubrir el <strong>Parque Nacional de los Pirineos<\/strong><\/h2>\n\n\n\n<p class=\"ls-paragraph\"><a href=\"https:\/\/www.pyrenees-parcnational.fr\/fr\" target=\"_blank\" rel=\"noreferrer noopener\">El Parque Nacional de los Pirineos<\/a>, <strong>joya de la biodiversidad<\/strong>, ocupa casi <strong>46.000 hect\u00e1reas<\/strong> y ofrece una escapada a la naturaleza virgen.  <\/p>\n\n\n\n<p class=\"ls-paragraph\">Entre cumbres majestuosas, lagos cristalinos y fauna variada, cada sendero se convierte en una aventura.  <\/p>\n\n\n\n<p class=\"ls-paragraph\">Los amantes de la naturaleza se maravillar\u00e1n ante los impresionantes paisajes y la serenidad que reina en este para\u00edso salvaje.  <\/p>\n<\/div>\n\n\n\n<div class=\"wp-block-column is-vertically-aligned-center is-layout-flow wp-block-column-is-layout-flow\" style=\"flex-basis:55%\">\n<figure class=\"wp-block-gallery has-nested-images columns-default is-cropped wp-block-gallery-3 is-layout-flex wp-block-gallery-is-layout-flex\">\n<figure class=\"wp-block-image size-full animated zoomIn\"><a href=\"https:\/\/www.ombredestilleuls.com\/wp-content\/uploads\/2023\/12\/parc-national-des-pyrenees.webp\"><img decoding=\"async\" width=\"1200\" height=\"801\" data-id=\"1256\" src=\"https:\/\/www.ombredestilleuls.com\/wp-content\/uploads\/2023\/12\/parc-national-des-pyrenees.webp\" alt=\"parque nacional de los pirineos\" class=\"wp-image-1256\" srcset=\"https:\/\/www.ombredestilleuls.com\/wp-content\/uploads\/2023\/12\/parc-national-des-pyrenees.webp 1200w, https:\/\/www.ombredestilleuls.com\/wp-content\/uploads\/2023\/12\/parc-national-des-pyrenees-300x200.webp 300w, https:\/\/www.ombredestilleuls.com\/wp-content\/uploads\/2023\/12\/parc-national-des-pyrenees-1024x684.webp 1024w, https:\/\/www.ombredestilleuls.com\/wp-content\/uploads\/2023\/12\/parc-national-des-pyrenees-768x513.webp 768w\" sizes=\"(max-width: 1200px) 100vw, 1200px\" \/><\/a><\/figure>\n<\/figure>\n<\/div>\n<\/div>\n\n\r\n    <\/div>\r\n<\/section><section id=\"pont-d-espagne\" class=\"ls-section  home-piscine page-two has-background-image has-parallax has-m-t m-t-10 has-m-b m-b-10 has-m-l m-l-8 has-m-r m-r-8\" >\r\n    <div class=\"ls-section__background-image opacity-100\"><img decoding=\"async\" src=\"https:\/\/www.ombredestilleuls.com\/wp-content\/uploads\/2023\/12\/pont-d-espagne.webp\" alt=\"pont d'espagne\"><\/div>    <div class=\"container container--full\">\r\n        \n\n<div class=\"wp-block-columns is-layout-flex wp-container-core-columns-is-layout-9d6595d7 wp-block-columns-is-layout-flex\">\n<div class=\"wp-block-column is-layout-flow wp-block-column-is-layout-flow\" style=\"flex-basis:60%\"><\/div>\n\n\n\n<div class=\"wp-block-column animated fadeInRight is-layout-flow wp-block-column-is-layout-flow\" style=\"flex-basis:40%\">\n<h2 class=\"ls__heading wp-block-heading has-text-align-right\"><strong>Puente de Espa\u00f1a<\/strong>: una visita obligada<\/h2>\n\n\n\n<p class=\"ls-paragraph has-text-align-right\">El <strong>Puente de Espa\u00f1a<\/strong>, en <strong>Cauterets<\/strong>, es la puerta de entrada a las maravillas naturales.<\/p>\n\n\n\n<p class=\"ls-paragraph has-text-align-right\">Este emblem\u00e1tico lugar, donde<strong> las majestuosas cascadas<\/strong> se funden con el tranquilo paisaje monta\u00f1oso, ofrece una refrescante escapada.<\/p>\n\n\n\n<p class=\"ls-paragraph has-text-align-right\">Los senderos conducen a apacibles lagos de monta\u00f1a y ofrecen vistas espectaculares, por lo que el Pont d&#8217;Espagne es una visita obligada para todos los exploradores del coraz\u00f3n de los Pirineos.<\/p>\n<\/div>\n<\/div>\n\n\r\n    <\/div>\r\n<\/section><section id=\"lac-de-gaube\" class=\"ls-section  home-ecologie page-three has-p-l p-l-8 has-p-r p-r-8\" >\r\n        <div class=\"container container--full\">\r\n        \n\n<div class=\"wp-block-columns are-vertically-aligned-center is-layout-flex wp-container-core-columns-is-layout-9d6595d7 wp-block-columns-is-layout-flex\">\n<div class=\"wp-block-column is-vertically-aligned-center is-layout-flow wp-block-column-is-layout-flow\" style=\"flex-basis:55%\">\n<figure class=\"wp-block-gallery has-nested-images columns-default is-cropped wp-block-gallery-4 is-layout-flex wp-block-gallery-is-layout-flex\">\n<figure class=\"wp-block-image size-full animated fadeIn delay-100ms\"><a href=\"https:\/\/www.ombredestilleuls.com\/wp-content\/uploads\/2023\/12\/lac-de-gaube.webp\"><img decoding=\"async\" width=\"1200\" height=\"750\" data-id=\"1262\" src=\"https:\/\/www.ombredestilleuls.com\/wp-content\/uploads\/2023\/12\/lac-de-gaube.webp\" alt=\"lago gaube\" class=\"wp-image-1262\" srcset=\"https:\/\/www.ombredestilleuls.com\/wp-content\/uploads\/2023\/12\/lac-de-gaube.webp 1200w, https:\/\/www.ombredestilleuls.com\/wp-content\/uploads\/2023\/12\/lac-de-gaube-300x188.webp 300w, https:\/\/www.ombredestilleuls.com\/wp-content\/uploads\/2023\/12\/lac-de-gaube-1024x640.webp 1024w, https:\/\/www.ombredestilleuls.com\/wp-content\/uploads\/2023\/12\/lac-de-gaube-768x480.webp 768w\" sizes=\"(max-width: 1200px) 100vw, 1200px\" \/><\/a><\/figure>\n<\/figure>\n<\/div>\n\n\n\n<div class=\"wp-block-column is-vertically-aligned-center is-layout-flow wp-block-column-is-layout-flow\" style=\"flex-basis:45%\">\n<p class=\"ls-paragraph has-text-align-left\"><strong>El lago de Gaube <\/strong>es una de las joyas ocultas de los Pirineos. Este lago<strong> de un azul <\/strong>intenso refleja majestuosamente las cumbres circundantes, dominadas por las nieves eternas del Vignemale. Es un lugar ideal para un descanso contemplativo.<\/p>\n\n\n\n<p class=\"ls-paragraph has-text-align-left\">Tanto si es un senderista entusiasta como si simplemente busca tranquilidad en medio de una naturaleza virgen, el Pont d&#8217;Espagne y <strong>sus lagos circundantes <\/strong>son un destino obligado para todos los amantes de la monta\u00f1a.  <\/p>\n\n\n\n<p class=\"ls-paragraph has-text-align-left\">Prep\u00e1rese para quedar deslumbrado por la belleza natural de esta regi\u00f3n excepcional.<\/p>\n<\/div>\n<\/div>\n\n\r\n    <\/div>\r\n<\/section><section id=\"lac-d-estaing\" class=\"ls-section  home-piscine page-four has-background-image has-parallax has-m-t m-t-10 has-m-b m-b-10 has-m-l m-l-8 has-m-r m-r-8\" >\r\n    <div class=\"ls-section__background-image opacity-100\"><img decoding=\"async\" src=\"https:\/\/www.ombredestilleuls.com\/wp-content\/uploads\/2023\/12\/lac-d-estaing.webp\" alt=\"lac d'estaing\"><\/div>    <div class=\"container container--full\">\r\n        \n\n<div class=\"wp-block-columns is-layout-flex wp-container-core-columns-is-layout-9d6595d7 wp-block-columns-is-layout-flex\">\n<div class=\"wp-block-column animated fadeInLeft is-layout-flow wp-block-column-is-layout-flow\" style=\"flex-basis:40%\">\n<h2 class=\"ls__heading wp-block-heading has-text-align-left\">Descubrir el <strong>lago de Estaing<\/strong><\/h2>\n\n\n\n<p class=\"ls-paragraph\"><strong>El lago de Estaing<\/strong>, en los Altos Pirineos, es un aut\u00e9ntico tesoro natural que merece la pena descubrir cuando se visita la regi\u00f3n.  <\/p>\n\n\n\n<p class=\"ls-paragraph\">Rodeado por las <strong>imponentes cumbres<\/strong> de los Pirineos, este lago ofrece un espect\u00e1culo visual sobrecogedor.  <\/p>\n\n\n\n<p class=\"ls-paragraph\">Tanto si desea relajarse junto a sus aguas cristalinas como explorar las rutas de senderismo de los alrededores, Lac d&#8217;Estaing le invita a recargar las pilas en plena naturaleza.  <\/p>\n\n\n\n<p class=\"ls-paragraph\">Es un lugar donde el tiempo parece ralentizarse, lo que permite a los visitantes sumergirse por completo en la belleza natural de los Pirineos y crear recuerdos inolvidables.  <\/p>\n<\/div>\n\n\n\n<div class=\"wp-block-column is-layout-flow wp-block-column-is-layout-flow\" style=\"flex-basis:60%\"><\/div>\n<\/div>\n\n\r\n    <\/div>\r\n<\/section><section id=\"cirque-de-gavarnie\" class=\"ls-section  home-ecologie page-five has-p-l p-l-8 has-p-r p-r-8\" >\r\n        <div class=\"container container--full\">\r\n        \n\n<div class=\"wp-block-columns are-vertically-aligned-center is-layout-flex wp-container-core-columns-is-layout-9d6595d7 wp-block-columns-is-layout-flex\">\n<div class=\"wp-block-column is-vertically-aligned-center is-layout-flow wp-block-column-is-layout-flow\" style=\"flex-basis:45%\">\n<h2 class=\"ls__heading wp-block-heading animated fadeIn slower\">Visite <strong>el circo de Gavarnie<\/strong><\/h2>\n\n\n\n<p class=\"ls-paragraph\">El <strong>circo de Gavarnie<\/strong> es una maravilla natural declarada <strong>Patrimonio de la Humanidad por la UNESCO<\/strong>. Los imponentes <strong>acantilados rodean el circo<\/strong>, ofreciendo un <strong>imponente espect\u00e1culo natural<\/strong>.  <\/p>\n\n\n\n<p class=\"ls-paragraph\">La <strong>cascada de Gavarnie, una de las m\u00e1s altas de Europa<\/strong>, a\u00f1ade un toque majestuoso a esta v\u00edvida estampa. Los excursionistas y los amantes de la naturaleza encontrar\u00e1n aqu\u00ed un lugar de pura maravilla.  <\/p>\n<\/div>\n\n\n\n<div class=\"wp-block-column is-vertically-aligned-center is-layout-flow wp-block-column-is-layout-flow\" style=\"flex-basis:55%\">\n<figure class=\"wp-block-gallery has-nested-images columns-default is-cropped wp-block-gallery-5 is-layout-flex wp-block-gallery-is-layout-flex\">\n<figure class=\"wp-block-image size-full animated zoomIn\"><a href=\"https:\/\/www.ombredestilleuls.com\/wp-content\/uploads\/2023\/12\/cirque-de-gavarnie.webp\"><img decoding=\"async\" width=\"1200\" height=\"800\" data-id=\"1268\" src=\"https:\/\/www.ombredestilleuls.com\/wp-content\/uploads\/2023\/12\/cirque-de-gavarnie.webp\" alt=\"circo de gavarnie\" class=\"wp-image-1268\" srcset=\"https:\/\/www.ombredestilleuls.com\/wp-content\/uploads\/2023\/12\/cirque-de-gavarnie.webp 1200w, https:\/\/www.ombredestilleuls.com\/wp-content\/uploads\/2023\/12\/cirque-de-gavarnie-300x200.webp 300w, https:\/\/www.ombredestilleuls.com\/wp-content\/uploads\/2023\/12\/cirque-de-gavarnie-1024x683.webp 1024w, https:\/\/www.ombredestilleuls.com\/wp-content\/uploads\/2023\/12\/cirque-de-gavarnie-768x512.webp 768w\" sizes=\"(max-width: 1200px) 100vw, 1200px\" \/><\/a><\/figure>\n<\/figure>\n<\/div>\n<\/div>\n\n\r\n    <\/div>\r\n<\/section><section id=\"grottes-de-betharram\" class=\"ls-section  home-piscine page-two has-background-image has-parallax has-m-t m-t-10 has-m-b m-b-10 has-m-l m-l-8 has-m-r m-r-8\" >\r\n    <div class=\"ls-section__background-image opacity-100\"><img decoding=\"async\" src=\"https:\/\/www.ombredestilleuls.com\/wp-content\/uploads\/2023\/12\/grottes-de-betharram.webp\" alt=\"cuevas de betharram\"><\/div>    <div class=\"container container--full\">\r\n        \n\n<div class=\"wp-block-columns is-layout-flex wp-container-core-columns-is-layout-9d6595d7 wp-block-columns-is-layout-flex\">\n<div class=\"wp-block-column is-layout-flow wp-block-column-is-layout-flow\" style=\"flex-basis:60%\"><\/div>\n\n\n\n<div class=\"wp-block-column animated fadeInRight is-layout-flow wp-block-column-is-layout-flow\" style=\"flex-basis:40%\">\n<h2 class=\"ls__heading wp-block-heading has-text-align-right\">Descubra las <strong>cuevas de B\u00e9tharram<\/strong><\/h2>\n\n\n\n<p class=\"ls-paragraph has-text-align-right\"><a href=\"https:\/\/www.betharram.com\/\" target=\"_blank\" rel=\"noreferrer noopener\">Las Grutas de B\u00e9tharram<\/a>, a 4,5 km del camping, le invitan a un <strong>viaje subterr\u00e1neo a trav\u00e9s de c\u00e1maras y galer\u00edas<\/strong> formadas a lo largo de miles de a\u00f1os.<\/p>\n\n\n\n<p class=\"ls-paragraph has-text-align-right\">Al explorar estas <strong>cavernas<\/strong>, le sorprender\u00e1n las <strong>estalactitas<\/strong>, <strong>estalagmitas<\/strong> y otras espectaculares formaciones geol\u00f3gicas.<\/p>\n\n\n\n<p class=\"ls-paragraph has-text-align-right\">Ya sea <strong>a pie, en barco o en el trenecito<\/strong>, la visita a las cuevas es una fascinante aventura por las entra\u00f1as de la Tierra.<\/p>\n<\/div>\n<\/div>\n\n\r\n    <\/div>\r\n<\/section><section id=\"ls-section-block_db8411728907ad7ff1d93d83c33c1d41\" class=\"ls-section  page-maillage\" >\r\n        <div class=\"container container--wide\">\r\n        \n\n<div id=\"ls-heading ls-titre-div-block_bf36da0182545ee6e5ecf09215903ea2\" class=\"ls-titre-div animated fadeIn h2-like\" >\n    Descubra las actividades en los Altos Pirineos.<\/div>\n\n\n\n<div id=\"ls-maillage-block_031965eb1fb4b5403cab7c12b9ed46e6\" class=\"ls-maillage cta-style-normal\" data-rows=\"3\">\n\n    <div class=\"wp-block-columns\"><div class=\"wp-block-column ls-cta\">\n\n<a href=\"https:\/\/www.ombredestilleuls.com\/es\/actividades-hautes-pyrenees\/#lac-de-lourdes\" target=\"\" rel=\"noopener\" class=\"ls-cta__link\">\n\n\t<div class=\"ls-cta__image\"><img decoding=\"async\" src=\"https:\/\/www.ombredestilleuls.com\/wp-content\/uploads\/2023\/12\/lac-de-lourdes-cta.webp\" alt=\"lac de lourdes cta\"><\/div>\n\t<div class=\"ls-cta__title\">\n\t\tLago de Lourdes\t<\/div>\n\n\t\t\n<\/a><\/div><div class=\"wp-block-column ls-cta\">\n\n<a href=\"https:\/\/www.ombredestilleuls.com\/es\/actividades-hautes-pyrenees\/#activites-sportives\" target=\"\" rel=\"noopener\" class=\"ls-cta__link\">\n\n\t<div class=\"ls-cta__image\"><img decoding=\"async\" src=\"https:\/\/www.ombredestilleuls.com\/wp-content\/uploads\/2023\/12\/activites-sportives-hautes-pyrenees-cta.webp\" alt=\"cta de actividades deportivas de los altos pirineos\"><\/div>\n\t<div class=\"ls-cta__title\">\n\t\tActividades deportivas\t<\/div>\n\n\t\t\n<\/a><\/div><div class=\"wp-block-column ls-cta\">\n\n<a href=\"https:\/\/www.ombredestilleuls.com\/es\/actividades-hautes-pyrenees\/#activites-en-eaux-vives\" target=\"\" rel=\"noopener\" class=\"ls-cta__link\">\n\n\t<div class=\"ls-cta__image\"><img decoding=\"async\" src=\"https:\/\/www.ombredestilleuls.com\/wp-content\/uploads\/2023\/12\/activites-en-eaux-vives-proches-de-lourdes-cta.webp\" alt=\"actividades en aguas bravas cerca de lourdes cta\"><\/div>\n\t<div class=\"ls-cta__title\">\n\t\tActividades en aguas bravas\t<\/div>\n\n\t\t\n<\/a><\/div>\n<\/div>\n\r\n    <\/div>\r\n<\/section>","protected":false},"excerpt":{"rendered":"","protected":false},"author":1,"featured_media":1241,"parent":0,"menu_order":0,"comment_status":"closed","ping_status":"closed","template":"","meta":{"_acf_changed":false,"inline_featured_image":false,"footnotes":""},"sujet":[],"class_list":["post-3042","page","type-page","status-publish","has-post-thumbnail","hentry"],"acf":[],"yoast_head":"<!-- This site is optimized with the Yoast SEO plugin v23.4 - https:\/\/yoast.com\/wordpress\/plugins\/seo\/ -->\n<title>Turismo en Altos Pirineos | Qu\u00e9 hacer en Altos Pirineos<\/title>\n<meta name=\"description\" content=\"Disfrute de unas vacaciones en la naturaleza en un camping cerca de Lourdes y descubra las maravillas de los Altos Pirineos.\" \/>\n<meta name=\"robots\" content=\"index, follow, max-snippet:-1, max-image-preview:large, max-video-preview:-1\" \/>\n<link rel=\"canonical\" href=\"https:\/\/www.ombredestilleuls.com\/es\/turismo-hautes-pyrenees\/\" \/>\n<meta property=\"og:locale\" content=\"es_ES\" \/>\n<meta property=\"og:type\" content=\"article\" \/>\n<meta property=\"og:title\" content=\"Turismo en Altos Pirineos | Qu\u00e9 hacer en Altos Pirineos\" \/>\n<meta property=\"og:description\" content=\"Disfrute de unas vacaciones en la naturaleza en un camping cerca de Lourdes y descubra las maravillas de los Altos Pirineos.\" \/>\n<meta property=\"og:url\" content=\"https:\/\/www.ombredestilleuls.com\/es\/turismo-hautes-pyrenees\/\" \/>\n<meta property=\"og:site_name\" content=\"Camping \u00c0 l&#039;ombre des tilleuls\" \/>\n<meta property=\"article:modified_time\" content=\"2024-01-18T13:47:28+00:00\" \/>\n<meta property=\"og:image\" content=\"https:\/\/www.ombredestilleuls.com\/wp-content\/uploads\/2023\/12\/tourisme-hautes-pyrenees.webp\" \/>\n\t<meta property=\"og:image:width\" content=\"2000\" \/>\n\t<meta property=\"og:image:height\" content=\"996\" \/>\n\t<meta property=\"og:image:type\" content=\"image\/webp\" \/>\n<meta name=\"twitter:card\" content=\"summary_large_image\" \/>\n<meta name=\"twitter:label1\" content=\"Tiempo de lectura\" \/>\n\t<meta name=\"twitter:data1\" content=\"5 minutos\" \/>\n<script type=\"application\/ld+json\" class=\"yoast-schema-graph\">{\"@context\":\"https:\/\/schema.org\",\"@graph\":[{\"@type\":\"WebPage\",\"@id\":\"https:\/\/www.ombredestilleuls.com\/es\/turismo-hautes-pyrenees\/\",\"url\":\"https:\/\/www.ombredestilleuls.com\/es\/turismo-hautes-pyrenees\/\",\"name\":\"Turismo en Altos Pirineos | Qu\u00e9 hacer en Altos Pirineos\",\"isPartOf\":{\"@id\":\"https:\/\/www.ombredestilleuls.com\/fr\/#website\"},\"primaryImageOfPage\":{\"@id\":\"https:\/\/www.ombredestilleuls.com\/es\/turismo-hautes-pyrenees\/#primaryimage\"},\"image\":{\"@id\":\"https:\/\/www.ombredestilleuls.com\/es\/turismo-hautes-pyrenees\/#primaryimage\"},\"thumbnailUrl\":\"https:\/\/www.ombredestilleuls.com\/wp-content\/uploads\/2023\/12\/tourisme-hautes-pyrenees.webp\",\"datePublished\":\"2024-01-17T09:31:12+00:00\",\"dateModified\":\"2024-01-18T13:47:28+00:00\",\"description\":\"Disfrute de unas vacaciones en la naturaleza en un camping cerca de Lourdes y descubra las maravillas de los Altos Pirineos.\",\"breadcrumb\":{\"@id\":\"https:\/\/www.ombredestilleuls.com\/es\/turismo-hautes-pyrenees\/#breadcrumb\"},\"inLanguage\":\"es\",\"potentialAction\":[{\"@type\":\"ReadAction\",\"target\":[\"https:\/\/www.ombredestilleuls.com\/es\/turismo-hautes-pyrenees\/\"]}]},{\"@type\":\"ImageObject\",\"inLanguage\":\"es\",\"@id\":\"https:\/\/www.ombredestilleuls.com\/es\/turismo-hautes-pyrenees\/#primaryimage\",\"url\":\"https:\/\/www.ombredestilleuls.com\/wp-content\/uploads\/2023\/12\/tourisme-hautes-pyrenees.webp\",\"contentUrl\":\"https:\/\/www.ombredestilleuls.com\/wp-content\/uploads\/2023\/12\/tourisme-hautes-pyrenees.webp\",\"width\":2000,\"height\":996,\"caption\":\"turismo en los altos pirineos\"},{\"@type\":\"BreadcrumbList\",\"@id\":\"https:\/\/www.ombredestilleuls.com\/es\/turismo-hautes-pyrenees\/#breadcrumb\",\"itemListElement\":[{\"@type\":\"ListItem\",\"position\":1,\"name\":\"Camping pr\u00e8s de Lourdes\",\"item\":\"https:\/\/www.ombredestilleuls.com\/es\/\"},{\"@type\":\"ListItem\",\"position\":2,\"name\":\"Visitar los Altos Pirineos\"}]},{\"@type\":\"WebSite\",\"@id\":\"https:\/\/www.ombredestilleuls.com\/fr\/#website\",\"url\":\"https:\/\/www.ombredestilleuls.com\/fr\/\",\"name\":\"Camping \u00c0 l&#039;ombre des tilleuls\",\"description\":\"\",\"publisher\":{\"@id\":\"https:\/\/www.ombredestilleuls.com\/fr\/#organization\"},\"potentialAction\":[{\"@type\":\"SearchAction\",\"target\":{\"@type\":\"EntryPoint\",\"urlTemplate\":\"https:\/\/www.ombredestilleuls.com\/fr\/?s={search_term_string}\"},\"query-input\":{\"@type\":\"PropertyValueSpecification\",\"valueRequired\":true,\"valueName\":\"search_term_string\"}}],\"inLanguage\":\"es\"},{\"@type\":\"Organization\",\"@id\":\"https:\/\/www.ombredestilleuls.com\/fr\/#organization\",\"name\":\"Camping \u00c0 l&#039;ombre des tilleuls\",\"url\":\"https:\/\/www.ombredestilleuls.com\/fr\/\",\"logo\":{\"@type\":\"ImageObject\",\"inLanguage\":\"es\",\"@id\":\"https:\/\/www.ombredestilleuls.com\/fr\/#\/schema\/logo\/image\/\",\"url\":\"https:\/\/www.ombredestilleuls.com\/wp-content\/uploads\/2023\/11\/cropped-Camping-A-LOmbre-Des-Tilleuls-logo-1.png\",\"contentUrl\":\"https:\/\/www.ombredestilleuls.com\/wp-content\/uploads\/2023\/11\/cropped-Camping-A-LOmbre-Des-Tilleuls-logo-1.png\",\"width\":1000,\"height\":1000,\"caption\":\"Camping \u00c0 l&#039;ombre des tilleuls\"},\"image\":{\"@id\":\"https:\/\/www.ombredestilleuls.com\/fr\/#\/schema\/logo\/image\/\"}}]}<\/script>\n<!-- \/ Yoast SEO plugin. -->","yoast_head_json":{"title":"Turismo en Altos Pirineos | Qu\u00e9 hacer en Altos Pirineos","description":"Disfrute de unas vacaciones en la naturaleza en un camping cerca de Lourdes y descubra las maravillas de los Altos Pirineos.","robots":{"index":"index","follow":"follow","max-snippet":"max-snippet:-1","max-image-preview":"max-image-preview:large","max-video-preview":"max-video-preview:-1"},"canonical":"https:\/\/www.ombredestilleuls.com\/es\/turismo-hautes-pyrenees\/","og_locale":"es_ES","og_type":"article","og_title":"Turismo en Altos Pirineos | Qu\u00e9 hacer en Altos Pirineos","og_description":"Disfrute de unas vacaciones en la naturaleza en un camping cerca de Lourdes y descubra las maravillas de los Altos Pirineos.","og_url":"https:\/\/www.ombredestilleuls.com\/es\/turismo-hautes-pyrenees\/","og_site_name":"Camping \u00c0 l&#039;ombre des tilleuls","article_modified_time":"2024-01-18T13:47:28+00:00","og_image":[{"width":2000,"height":996,"url":"https:\/\/www.ombredestilleuls.com\/wp-content\/uploads\/2023\/12\/tourisme-hautes-pyrenees.webp","type":"image\/webp"}],"twitter_card":"summary_large_image","twitter_misc":{"Tiempo de lectura":"5 minutos"},"schema":{"@context":"https:\/\/schema.org","@graph":[{"@type":"WebPage","@id":"https:\/\/www.ombredestilleuls.com\/es\/turismo-hautes-pyrenees\/","url":"https:\/\/www.ombredestilleuls.com\/es\/turismo-hautes-pyrenees\/","name":"Turismo en Altos Pirineos | Qu\u00e9 hacer en Altos Pirineos","isPartOf":{"@id":"https:\/\/www.ombredestilleuls.com\/fr\/#website"},"primaryImageOfPage":{"@id":"https:\/\/www.ombredestilleuls.com\/es\/turismo-hautes-pyrenees\/#primaryimage"},"image":{"@id":"https:\/\/www.ombredestilleuls.com\/es\/turismo-hautes-pyrenees\/#primaryimage"},"thumbnailUrl":"https:\/\/www.ombredestilleuls.com\/wp-content\/uploads\/2023\/12\/tourisme-hautes-pyrenees.webp","datePublished":"2024-01-17T09:31:12+00:00","dateModified":"2024-01-18T13:47:28+00:00","description":"Disfrute de unas vacaciones en la naturaleza en un camping cerca de Lourdes y descubra las maravillas de los Altos Pirineos.","breadcrumb":{"@id":"https:\/\/www.ombredestilleuls.com\/es\/turismo-hautes-pyrenees\/#breadcrumb"},"inLanguage":"es","potentialAction":[{"@type":"ReadAction","target":["https:\/\/www.ombredestilleuls.com\/es\/turismo-hautes-pyrenees\/"]}]},{"@type":"ImageObject","inLanguage":"es","@id":"https:\/\/www.ombredestilleuls.com\/es\/turismo-hautes-pyrenees\/#primaryimage","url":"https:\/\/www.ombredestilleuls.com\/wp-content\/uploads\/2023\/12\/tourisme-hautes-pyrenees.webp","contentUrl":"https:\/\/www.ombredestilleuls.com\/wp-content\/uploads\/2023\/12\/tourisme-hautes-pyrenees.webp","width":2000,"height":996,"caption":"turismo en los altos pirineos"},{"@type":"BreadcrumbList","@id":"https:\/\/www.ombredestilleuls.com\/es\/turismo-hautes-pyrenees\/#breadcrumb","itemListElement":[{"@type":"ListItem","position":1,"name":"Camping pr\u00e8s de Lourdes","item":"https:\/\/www.ombredestilleuls.com\/es\/"},{"@type":"ListItem","position":2,"name":"Visitar los Altos Pirineos"}]},{"@type":"WebSite","@id":"https:\/\/www.ombredestilleuls.com\/fr\/#website","url":"https:\/\/www.ombredestilleuls.com\/fr\/","name":"Camping \u00c0 l&#039;ombre des tilleuls","description":"","publisher":{"@id":"https:\/\/www.ombredestilleuls.com\/fr\/#organization"},"potentialAction":[{"@type":"SearchAction","target":{"@type":"EntryPoint","urlTemplate":"https:\/\/www.ombredestilleuls.com\/fr\/?s={search_term_string}"},"query-input":{"@type":"PropertyValueSpecification","valueRequired":true,"valueName":"search_term_string"}}],"inLanguage":"es"},{"@type":"Organization","@id":"https:\/\/www.ombredestilleuls.com\/fr\/#organization","name":"Camping \u00c0 l&#039;ombre des tilleuls","url":"https:\/\/www.ombredestilleuls.com\/fr\/","logo":{"@type":"ImageObject","inLanguage":"es","@id":"https:\/\/www.ombredestilleuls.com\/fr\/#\/schema\/logo\/image\/","url":"https:\/\/www.ombredestilleuls.com\/wp-content\/uploads\/2023\/11\/cropped-Camping-A-LOmbre-Des-Tilleuls-logo-1.png","contentUrl":"https:\/\/www.ombredestilleuls.com\/wp-content\/uploads\/2023\/11\/cropped-Camping-A-LOmbre-Des-Tilleuls-logo-1.png","width":1000,"height":1000,"caption":"Camping \u00c0 l&#039;ombre des tilleuls"},"image":{"@id":"https:\/\/www.ombredestilleuls.com\/fr\/#\/schema\/logo\/image\/"}}]}},"_links":{"self":[{"href":"https:\/\/www.ombredestilleuls.com\/es\/wp-json\/wp\/v2\/pages\/3042","targetHints":{"allow":["GET"]}}],"collection":[{"href":"https:\/\/www.ombredestilleuls.com\/es\/wp-json\/wp\/v2\/pages"}],"about":[{"href":"https:\/\/www.ombredestilleuls.com\/es\/wp-json\/wp\/v2\/types\/page"}],"author":[{"embeddable":true,"href":"https:\/\/www.ombredestilleuls.com\/es\/wp-json\/wp\/v2\/users\/1"}],"replies":[{"embeddable":true,"href":"https:\/\/www.ombredestilleuls.com\/es\/wp-json\/wp\/v2\/comments?post=3042"}],"version-history":[{"count":8,"href":"https:\/\/www.ombredestilleuls.com\/es\/wp-json\/wp\/v2\/pages\/3042\/revisions"}],"predecessor-version":[{"id":3291,"href":"https:\/\/www.ombredestilleuls.com\/es\/wp-json\/wp\/v2\/pages\/3042\/revisions\/3291"}],"wp:featuredmedia":[{"embeddable":true,"href":"https:\/\/www.ombredestilleuls.com\/es\/wp-json\/wp\/v2\/media\/1241"}],"wp:attachment":[{"href":"https:\/\/www.ombredestilleuls.com\/es\/wp-json\/wp\/v2\/media?parent=3042"}],"wp:term":[{"taxonomy":"sujet","embeddable":true,"href":"https:\/\/www.ombredestilleuls.com\/es\/wp-json\/wp\/v2\/sujet?post=3042"}],"curies":[{"name":"wp","href":"https:\/\/api.w.org\/{rel}","templated":true}]}}