{"id":3013,"date":"2024-01-17T10:25:22","date_gmt":"2024-01-17T09:25:22","guid":{"rendered":"https:\/\/www.ombredestilleuls.com\/parcelas-peyrouse\/"},"modified":"2024-01-18T14:02:22","modified_gmt":"2024-01-18T13:02:22","slug":"parcelas-peyrouse","status":"publish","type":"page","link":"https:\/\/www.ombredestilleuls.com\/es\/parcelas-peyrouse\/","title":{"rendered":"Parcelas"},"content":{"rendered":"<section id=\"ls-section-block_458a453c92500d96167b33794c70f47f\" class=\"ls-section  has-m-b m-b-2 has-p-b p-b-0\" >\r\n        <div class=\"container \">\r\n        \n\n<h1 class=\"ls__heading wp-block-heading\">Alquilar una parcela cerca de Lourdes<\/h1>\n\n\r\n    <\/div>\r\n<\/section><section id=\"ls-section-block_45e3bd3e2a2ea1ccf32e1784560cbcf8\" class=\"ls-section  page-iframe_emplacement has-m-t m-t-4 has-p-t p-t-4\" >\r\n        <div class=\"container container--wide\">\r\n        \n\n<iframe loading=\"lazy\" class=\"widget-emplacements\" src=\"\/wp-content\/themes\/lasai-child\/partials\/loops\/frame-thelis-emplacements.php?lang=fr\" width=\"100%\" height=\"700px\"><\/iframe>\n\n\r\n    <\/div>\r\n<\/section><section id=\"ls-section-block_97b036dd07fb2aade47fa254e85d8aae\" class=\"ls-section  home-intro page-one has-m-b m-b-0 has-p-l p-l-8 has-p-r p-r-8\" >\r\n        <div class=\"container container--full\">\r\n        \n\n<div class=\"wp-block-columns are-vertically-aligned-center first is-layout-flex wp-container-core-columns-is-layout-9d6595d7 wp-block-columns-is-layout-flex\">\n<div class=\"wp-block-column is-vertically-aligned-center left is-layout-flow wp-block-column-is-layout-flow\" style=\"flex-basis:45%\">\n<h2 class=\"ls__heading wp-block-heading animated fadeInLeft\"><strong>Alquile una parcela espacios<\/strong> a en los Altos Pirineos<\/h2>\n\n\n\n<p class=\"ls-paragraph\">\u00bfBusca un soplo de aire fresco en el coraz\u00f3n de los Altos Pirineos? Todas nuestras parcelas de alquiler, rodeadas de vegetaci\u00f3n, disponen de electricidad 10A. Con espacios que van de<strong> 100 m\u00b2 a m\u00e1s de 150 m\u00b2<\/strong>, con capacidad para <strong>1 a 6 personas<\/strong>, podr\u00e1 elegir su rinc\u00f3n del para\u00edso, al <strong>sol o a la sombra<\/strong>, para disfrutar de momentos de relax a su medida.<\/p>\n\n\n\n<p class=\"ls-paragraph\">Aqu\u00ed reina el<strong>aut\u00e9ntico esp\u00edritu familiar del camping<\/strong>, donde las parcelas, libres de setos, fomentan el<strong> compartir y el respeto<\/strong> entre vecinos de tienda. Tanto si desea sumergirse en la tranquilidad de la naturaleza como crear recuerdos imborrables con los suyos, nuestras <strong>amplias y acogedoras<\/strong> parcelas son su billete para una escapada familiar y ecol\u00f3gica en los Altos Pirineos. \u00bfListo para empezar?<\/p>\n\n\n\n<p class=\"ls-paragraph\">Este a\u00f1o, ofrecemos a nuestros amigos ciclistas, excursionistas o aventureros, que viajen solos, un paquete especial que incluye parcela, acceso a instalaciones sanitarias y WIFI&#8230;<\/p>\n<\/div>\n\n\n\n<div class=\"wp-block-column is-vertically-aligned-center right is-layout-flow wp-block-column-is-layout-flow\" style=\"flex-basis:55%\">\n<figure class=\"wp-block-gallery has-nested-images columns-default is-cropped wp-block-gallery-1 is-layout-flex wp-block-gallery-is-layout-flex\">\n<figure class=\"wp-block-image size-full animated fadeIn delay-100ms\"><a href=\"https:\/\/www.ombredestilleuls.com\/wp-content\/uploads\/2023\/12\/louer-un-emplacement-dans-les-hautes-pyrenees.webp\"><img decoding=\"async\" width=\"1200\" height=\"900\" data-id=\"2072\" src=\"https:\/\/www.ombredestilleuls.com\/wp-content\/uploads\/2023\/12\/louer-un-emplacement-dans-les-hautes-pyrenees.webp\" alt=\"alquilar una parcela en los altos pirineos\" class=\"wp-image-2072\" srcset=\"https:\/\/www.ombredestilleuls.com\/wp-content\/uploads\/2023\/12\/louer-un-emplacement-dans-les-hautes-pyrenees.webp 1200w, https:\/\/www.ombredestilleuls.com\/wp-content\/uploads\/2023\/12\/louer-un-emplacement-dans-les-hautes-pyrenees-300x225.webp 300w, https:\/\/www.ombredestilleuls.com\/wp-content\/uploads\/2023\/12\/louer-un-emplacement-dans-les-hautes-pyrenees-1024x768.webp 1024w, https:\/\/www.ombredestilleuls.com\/wp-content\/uploads\/2023\/12\/louer-un-emplacement-dans-les-hautes-pyrenees-768x576.webp 768w\" sizes=\"(max-width: 1200px) 100vw, 1200px\" \/><\/a><\/figure>\n<\/figure>\n<\/div>\n<\/div>\n\n\r\n    <\/div>\r\n<\/section><section id=\"ls-section-block_1425f5c4517afa738f8290209531667c\" class=\"ls-section  home-piscine page-two has-background-image has-parallax has-m-t m-t-10 has-m-b m-b-10 has-m-l m-l-8 has-m-r m-r-8\" >\r\n    <div class=\"ls-section__background-image opacity-100\"><img decoding=\"async\" src=\"https:\/\/www.ombredestilleuls.com\/wp-content\/uploads\/2023\/12\/emplacements-ideaux-pour-cyclistes-et-randonneurs.webp\" alt=\"lugares ideales para ciclistas y excursionistas\"><\/div>    <div class=\"container container--full\">\r\n        \n\n<div class=\"wp-block-columns is-layout-flex wp-container-core-columns-is-layout-9d6595d7 wp-block-columns-is-layout-flex\">\n<div class=\"wp-block-column is-layout-flow wp-block-column-is-layout-flow\" style=\"flex-basis:60%\"><\/div>\n\n\n\n<div class=\"wp-block-column animated fadeInRight is-layout-flow wp-block-column-is-layout-flow\" style=\"flex-basis:40%\">\n<h2 class=\"ls__heading wp-block-heading has-text-align-right\"><strong>Parcelas ideales<\/strong> para ciclistas y excursionistas cerca de Lourdes<\/h2>\n\n\n\n<p class=\"ls-paragraph has-text-align-right\">Adem\u00e1s, nuestro camping est\u00e1 idealmente situado en el Camino de Santiago, por lo que es una parada ideal para los peregrinos que buscan un lugar para descansar y reponer fuerzas.<\/p>\n\n\n\n<p class=\"ls-paragraph has-text-align-right\"><strong> Los ciclistas y excursionistas<\/strong> tambi\u00e9n estar\u00e1n encantados con nuestra estrat\u00e9gica ubicaci\u00f3n, cerca del legendario puerto del Tourmalet.<\/p>\n\n\n\n<p class=\"ls-paragraph has-text-align-right\">En colaboraci\u00f3n con <a href=\"https:\/\/www.easybalade.fr\/\" target=\"_blank\" rel=\"noreferrer noopener\">Easy Balade de Coarraze<\/a>, ofrecemos un<strong> c\u00f3modo servicio de entrega de bicicletas directamente en el camping<\/strong>, lo que facilita la exploraci\u00f3n de los bellos alrededores. Se beneficiar\u00e1 de tarifas especiales para campistas.<\/p>\n\n\n\n<p class=\"ls-paragraph has-text-align-right\">Reserve su bicicleta al mismo tiempo que su parcela.<\/p>\n<\/div>\n<\/div>\n\n\r\n    <\/div>\r\n<\/section><section id=\"ls-section-block_86c3e769ce8f87f91d3b58a28f9ad8d0\" class=\"ls-section  home-ecologie page-three has-p-l p-l-8 has-p-r p-r-8\" >\r\n        <div class=\"container container--full\">\r\n        \n\n<div class=\"wp-block-columns are-vertically-aligned-center is-layout-flex wp-container-core-columns-is-layout-9d6595d7 wp-block-columns-is-layout-flex\">\n<div class=\"wp-block-column is-vertically-aligned-center is-layout-flow wp-block-column-is-layout-flow\" style=\"flex-basis:55%\">\n<figure class=\"wp-block-gallery has-nested-images columns-default is-cropped wp-block-gallery-2 is-layout-flex wp-block-gallery-is-layout-flex\">\n<figure class=\"wp-block-image size-full animated fadeIn delay-100ms\"><a href=\"https:\/\/www.ombredestilleuls.com\/wp-content\/uploads\/2023\/12\/sanitaires-de-qualite.webp\"><img decoding=\"async\" width=\"1200\" height=\"900\" data-id=\"2078\" src=\"https:\/\/www.ombredestilleuls.com\/wp-content\/uploads\/2023\/12\/sanitaires-de-qualite.webp\" alt=\"instalaciones sanitarias de calidad\" class=\"wp-image-2078\" srcset=\"https:\/\/www.ombredestilleuls.com\/wp-content\/uploads\/2023\/12\/sanitaires-de-qualite.webp 1200w, https:\/\/www.ombredestilleuls.com\/wp-content\/uploads\/2023\/12\/sanitaires-de-qualite-300x225.webp 300w, https:\/\/www.ombredestilleuls.com\/wp-content\/uploads\/2023\/12\/sanitaires-de-qualite-1024x768.webp 1024w, https:\/\/www.ombredestilleuls.com\/wp-content\/uploads\/2023\/12\/sanitaires-de-qualite-768x576.webp 768w\" sizes=\"(max-width: 1200px) 100vw, 1200px\" \/><\/a><\/figure>\n<\/figure>\n<\/div>\n\n\n\n<div class=\"wp-block-column is-vertically-aligned-center is-layout-flow wp-block-column-is-layout-flow\" style=\"flex-basis:45%\">\n<h2 class=\"ls__heading wp-block-heading animated fadeIn slower\">Nuestros aseos de calidad<\/h2>\n\n\n\n<p class=\"ls-paragraph has-text-align-left\">Cerca de su parcela, tendr\u00e1 <strong>acceso a nuestros dos bloques de aseos<\/strong>, uno de los cuales est\u00e1 abierto durante toda la temporada y el otro a partir de junio, por lo que tendr\u00e1 garantizada la accesibilidad y la comodidad en todo momento.<\/p>\n\n\n\n<p class=\"ls-paragraph has-text-align-left\">Y como todo el mundo se merece una experiencia agradable, estas <strong>zonas son accesibles para PMR <\/strong>y tambi\u00e9n miman a los m\u00e1s peque\u00f1os con una <strong>zona para beb\u00e9s<\/strong>.<\/p>\n<\/div>\n<\/div>\n\n\r\n    <\/div>\r\n<\/section><section id=\"ls-section-block_28694c68f5cbaef04ef92c77bdf05bcd\" class=\"ls-section  home-ecologie page-five has-m-t m-t-0 has-p-t p-t-0 has-p-l p-l-8 has-p-r p-r-8\" >\r\n        <div class=\"container container--full\">\r\n        \n\n<div class=\"wp-block-columns are-vertically-aligned-center is-layout-flex wp-container-core-columns-is-layout-9d6595d7 wp-block-columns-is-layout-flex\">\n<div class=\"wp-block-column is-vertically-aligned-center is-layout-flow wp-block-column-is-layout-flow\" style=\"flex-basis:45%\">\n<h2 class=\"ls__heading wp-block-heading animated fadeIn slower\">Equipamiento adicional<\/h2>\n\n\n\n<p class=\"ls-paragraph\"><strong>Al\u00f3jese<\/strong> en un <strong>entorno agradable y tranquilo<\/strong> a las afueras de Lourdes con nuestras <strong>opciones de alquiler adicionales<\/strong>. Imagine sus d\u00edas ba\u00f1ados por el sol y sus noches suavemente iluminadas, porque s\u00ed, <strong>\u00a1todas nuestras parcelas tienen electricidad<\/strong>! Y no se preocupe por sus electrodom\u00e9sticos, disponemos de adaptadores por un simple dep\u00f3sito de 10 \u20ac.  <\/p>\n\n\n\n<p class=\"ls-paragraph\">Enclavado en los majestuosos Altos Pirineos, nuestro <a href=\"https:\/\/www.ombredestilleuls.com\/es\/\">camping cerca de Lourdes<\/a> se compromete a ofrecerle una aventura ecol\u00f3gica que respete nuestro bello entorno natural, garantizando al mismo tiempo que usted y sus seres queridos pasen unos d\u00edas inolvidables.<\/p>\n<\/div>\n\n\n\n<div class=\"wp-block-column is-vertically-aligned-center is-layout-flow wp-block-column-is-layout-flow\" style=\"flex-basis:55%\">\n<figure class=\"wp-block-gallery has-nested-images columns-default is-cropped wp-block-gallery-3 is-layout-flex wp-block-gallery-is-layout-flex\">\n<figure class=\"wp-block-image size-full animated zoomIn\"><a href=\"https:\/\/www.ombredestilleuls.com\/wp-content\/uploads\/2023\/12\/emplacements-sont-equipes-d-electricite.webp\"><img decoding=\"async\" width=\"1200\" height=\"900\" data-id=\"2081\" src=\"https:\/\/www.ombredestilleuls.com\/wp-content\/uploads\/2023\/12\/emplacements-sont-equipes-d-electricite.webp\" alt=\"lugares equipados con electricidad\" class=\"wp-image-2081\" srcset=\"https:\/\/www.ombredestilleuls.com\/wp-content\/uploads\/2023\/12\/emplacements-sont-equipes-d-electricite.webp 1200w, https:\/\/www.ombredestilleuls.com\/wp-content\/uploads\/2023\/12\/emplacements-sont-equipes-d-electricite-300x225.webp 300w, https:\/\/www.ombredestilleuls.com\/wp-content\/uploads\/2023\/12\/emplacements-sont-equipes-d-electricite-1024x768.webp 1024w, https:\/\/www.ombredestilleuls.com\/wp-content\/uploads\/2023\/12\/emplacements-sont-equipes-d-electricite-768x576.webp 768w\" sizes=\"(max-width: 1200px) 100vw, 1200px\" \/><\/a><\/figure>\n<\/figure>\n<\/div>\n<\/div>\n\n\r\n    <\/div>\r\n<\/section><section id=\"ls-section-block_dd5bfc9c89fe2076bf89ee2434580f2d\" class=\"ls-section  page-maillage\" >\r\n        <div class=\"container container--wide\">\r\n        \n\n<div id=\"ls-heading ls-titre-div-block_5389e3f370dd378c30b180b8f791d4df\" class=\"ls-titre-div animated fadeIn h2-like\" >\n    Descubra nuestros servicios y alojamientos<\/div>\n\n\n\n<div id=\"ls-maillage-block_45dd86bc4831f1dfd88cfc1d4db49567\" class=\"ls-maillage cta-style-normal\" data-rows=\"3\">\n\n    <div class=\"wp-block-columns\"><div class=\"wp-block-column ls-cta\">\n\n<a href=\"https:\/\/www.ombredestilleuls.com\/es\/alquilar-mobil-home-peyrouse\/\" target=\"\" rel=\"noopener\" class=\"ls-cta__link\">\n\n\t<div class=\"ls-cta__image\"><img decoding=\"async\" src=\"https:\/\/www.ombredestilleuls.com\/wp-content\/uploads\/2023\/12\/location-mobil-home-peyrouse.webp\" alt=\"alquiler de mobil home peyrouse\"><\/div>\n\t<div class=\"ls-cta__title\">\n\t\tAlquileres\t<\/div>\n\n\t\t\n<\/a><\/div><div class=\"wp-block-column ls-cta\">\n\n<a href=\"https:\/\/www.ombredestilleuls.com\/es\/ubicacion-atipica-peyrouse\/\" target=\"\" rel=\"noopener\" class=\"ls-cta__link\">\n\n\t<div class=\"ls-cta__image\"><img decoding=\"async\" src=\"https:\/\/www.ombredestilleuls.com\/wp-content\/uploads\/2023\/12\/location-atypique-peyrouse.webp\" alt=\"peyrouse de alquiler at\u00edpico\"><\/div>\n\t<div class=\"ls-cta__title\">\n\t\tIns\u00f3lito\t<\/div>\n\n\t\t\n<\/a><\/div><div class=\"wp-block-column ls-cta\">\n\n<a href=\"https:\/\/www.ombredestilleuls.com\/es\/camping-familiar-peyrouse\/\" target=\"\" rel=\"noopener\" class=\"ls-cta__link\">\n\n\t<div class=\"ls-cta__image\"><img decoding=\"async\" src=\"https:\/\/www.ombredestilleuls.com\/wp-content\/uploads\/2026\/04\/camping-familial-peyrouse-ombre-tilleuls-services.jpg\" alt=\"\"><\/div>\n\t<div class=\"ls-cta__title\">\n\t\tServicios\t<\/div>\n\n\t\t\n<\/a><\/div><\/div>\n<\/div>\n\r\n    <\/div>\r\n<\/section>","protected":false},"excerpt":{"rendered":"","protected":false},"author":1,"featured_media":2070,"parent":0,"menu_order":0,"comment_status":"closed","ping_status":"closed","template":"","meta":{"_acf_changed":false,"inline_featured_image":false,"footnotes":""},"sujet":[],"class_list":["post-3013","page","type-page","status-publish","has-post-thumbnail","hentry"],"acf":[],"yoast_head":"<!-- This site is optimized with the Yoast SEO plugin v23.4 - https:\/\/yoast.com\/wordpress\/plugins\/seo\/ -->\n<title>Alquilar una parcela cerca de Lourdes | Parcelas para caravanas Hautes-Pyr\u00e9n\u00e9es<\/title>\n<meta name=\"description\" content=\"Nuestro camping \u00c0 l&#039;Ombre des Tilleuls, cerca de Lourdes, en los Pirineos, ofrece parcelas Nature para los amantes del camping tradicional.\" \/>\n<meta name=\"robots\" content=\"index, follow, max-snippet:-1, max-image-preview:large, max-video-preview:-1\" \/>\n<link rel=\"canonical\" href=\"https:\/\/www.ombredestilleuls.com\/es\/parcelas-peyrouse\/\" \/>\n<meta property=\"og:locale\" content=\"es_ES\" \/>\n<meta property=\"og:type\" content=\"article\" \/>\n<meta property=\"og:title\" content=\"Alquilar una parcela cerca de Lourdes | Parcelas para caravanas Hautes-Pyr\u00e9n\u00e9es\" \/>\n<meta property=\"og:description\" content=\"Nuestro camping \u00c0 l&#039;Ombre des Tilleuls, cerca de Lourdes, en los Pirineos, ofrece parcelas Nature para los amantes del camping tradicional.\" \/>\n<meta property=\"og:url\" content=\"https:\/\/www.ombredestilleuls.com\/es\/parcelas-peyrouse\/\" \/>\n<meta property=\"og:site_name\" content=\"Camping \u00c0 l&#039;ombre des tilleuls\" \/>\n<meta property=\"article:modified_time\" content=\"2024-01-18T13:02:22+00:00\" \/>\n<meta property=\"og:image\" content=\"https:\/\/www.ombredestilleuls.com\/wp-content\/uploads\/2023\/12\/location-emplacement-peyrouse.webp\" \/>\n\t<meta property=\"og:image:width\" content=\"2000\" \/>\n\t<meta property=\"og:image:height\" content=\"1500\" \/>\n\t<meta property=\"og:image:type\" content=\"image\/webp\" \/>\n<meta name=\"twitter:card\" content=\"summary_large_image\" \/>\n<meta name=\"twitter:label1\" content=\"Tiempo de lectura\" \/>\n\t<meta name=\"twitter:data1\" content=\"2 minutos\" \/>\n<script type=\"application\/ld+json\" class=\"yoast-schema-graph\">{\"@context\":\"https:\/\/schema.org\",\"@graph\":[{\"@type\":\"WebPage\",\"@id\":\"https:\/\/www.ombredestilleuls.com\/es\/parcelas-peyrouse\/\",\"url\":\"https:\/\/www.ombredestilleuls.com\/es\/parcelas-peyrouse\/\",\"name\":\"Alquilar una parcela cerca de Lourdes | Parcelas para caravanas Hautes-Pyr\u00e9n\u00e9es\",\"isPartOf\":{\"@id\":\"https:\/\/www.ombredestilleuls.com\/fr\/#website\"},\"primaryImageOfPage\":{\"@id\":\"https:\/\/www.ombredestilleuls.com\/es\/parcelas-peyrouse\/#primaryimage\"},\"image\":{\"@id\":\"https:\/\/www.ombredestilleuls.com\/es\/parcelas-peyrouse\/#primaryimage\"},\"thumbnailUrl\":\"https:\/\/www.ombredestilleuls.com\/wp-content\/uploads\/2023\/12\/location-emplacement-peyrouse.webp\",\"datePublished\":\"2024-01-17T09:25:22+00:00\",\"dateModified\":\"2024-01-18T13:02:22+00:00\",\"description\":\"Nuestro camping \u00c0 l'Ombre des Tilleuls, cerca de Lourdes, en los Pirineos, ofrece parcelas Nature para los amantes del camping tradicional.\",\"breadcrumb\":{\"@id\":\"https:\/\/www.ombredestilleuls.com\/es\/parcelas-peyrouse\/#breadcrumb\"},\"inLanguage\":\"es\",\"potentialAction\":[{\"@type\":\"ReadAction\",\"target\":[\"https:\/\/www.ombredestilleuls.com\/es\/parcelas-peyrouse\/\"]}]},{\"@type\":\"ImageObject\",\"inLanguage\":\"es\",\"@id\":\"https:\/\/www.ombredestilleuls.com\/es\/parcelas-peyrouse\/#primaryimage\",\"url\":\"https:\/\/www.ombredestilleuls.com\/wp-content\/uploads\/2023\/12\/location-emplacement-peyrouse.webp\",\"contentUrl\":\"https:\/\/www.ombredestilleuls.com\/wp-content\/uploads\/2023\/12\/location-emplacement-peyrouse.webp\",\"width\":2000,\"height\":1500,\"caption\":\"emplazamiento peyrouse\"},{\"@type\":\"BreadcrumbList\",\"@id\":\"https:\/\/www.ombredestilleuls.com\/es\/parcelas-peyrouse\/#breadcrumb\",\"itemListElement\":[{\"@type\":\"ListItem\",\"position\":1,\"name\":\"Camping pr\u00e8s de Lourdes\",\"item\":\"https:\/\/www.ombredestilleuls.com\/es\/\"},{\"@type\":\"ListItem\",\"position\":2,\"name\":\"Parcelas para caravanas en Altos Pirineos\"}]},{\"@type\":\"WebSite\",\"@id\":\"https:\/\/www.ombredestilleuls.com\/fr\/#website\",\"url\":\"https:\/\/www.ombredestilleuls.com\/fr\/\",\"name\":\"Camping \u00c0 l&#039;ombre des tilleuls\",\"description\":\"\",\"publisher\":{\"@id\":\"https:\/\/www.ombredestilleuls.com\/fr\/#organization\"},\"potentialAction\":[{\"@type\":\"SearchAction\",\"target\":{\"@type\":\"EntryPoint\",\"urlTemplate\":\"https:\/\/www.ombredestilleuls.com\/fr\/?s={search_term_string}\"},\"query-input\":{\"@type\":\"PropertyValueSpecification\",\"valueRequired\":true,\"valueName\":\"search_term_string\"}}],\"inLanguage\":\"es\"},{\"@type\":\"Organization\",\"@id\":\"https:\/\/www.ombredestilleuls.com\/fr\/#organization\",\"name\":\"Camping \u00c0 l&#039;ombre des tilleuls\",\"url\":\"https:\/\/www.ombredestilleuls.com\/fr\/\",\"logo\":{\"@type\":\"ImageObject\",\"inLanguage\":\"es\",\"@id\":\"https:\/\/www.ombredestilleuls.com\/fr\/#\/schema\/logo\/image\/\",\"url\":\"https:\/\/www.ombredestilleuls.com\/wp-content\/uploads\/2023\/11\/cropped-Camping-A-LOmbre-Des-Tilleuls-logo-1.png\",\"contentUrl\":\"https:\/\/www.ombredestilleuls.com\/wp-content\/uploads\/2023\/11\/cropped-Camping-A-LOmbre-Des-Tilleuls-logo-1.png\",\"width\":1000,\"height\":1000,\"caption\":\"Camping \u00c0 l&#039;ombre des tilleuls\"},\"image\":{\"@id\":\"https:\/\/www.ombredestilleuls.com\/fr\/#\/schema\/logo\/image\/\"}}]}<\/script>\n<!-- \/ Yoast SEO plugin. -->","yoast_head_json":{"title":"Alquilar una parcela cerca de Lourdes | Parcelas para caravanas Hautes-Pyr\u00e9n\u00e9es","description":"Nuestro camping \u00c0 l'Ombre des Tilleuls, cerca de Lourdes, en los Pirineos, ofrece parcelas Nature para los amantes del camping tradicional.","robots":{"index":"index","follow":"follow","max-snippet":"max-snippet:-1","max-image-preview":"max-image-preview:large","max-video-preview":"max-video-preview:-1"},"canonical":"https:\/\/www.ombredestilleuls.com\/es\/parcelas-peyrouse\/","og_locale":"es_ES","og_type":"article","og_title":"Alquilar una parcela cerca de Lourdes | Parcelas para caravanas Hautes-Pyr\u00e9n\u00e9es","og_description":"Nuestro camping \u00c0 l'Ombre des Tilleuls, cerca de Lourdes, en los Pirineos, ofrece parcelas Nature para los amantes del camping tradicional.","og_url":"https:\/\/www.ombredestilleuls.com\/es\/parcelas-peyrouse\/","og_site_name":"Camping \u00c0 l&#039;ombre des tilleuls","article_modified_time":"2024-01-18T13:02:22+00:00","og_image":[{"width":2000,"height":1500,"url":"https:\/\/www.ombredestilleuls.com\/wp-content\/uploads\/2023\/12\/location-emplacement-peyrouse.webp","type":"image\/webp"}],"twitter_card":"summary_large_image","twitter_misc":{"Tiempo de lectura":"2 minutos"},"schema":{"@context":"https:\/\/schema.org","@graph":[{"@type":"WebPage","@id":"https:\/\/www.ombredestilleuls.com\/es\/parcelas-peyrouse\/","url":"https:\/\/www.ombredestilleuls.com\/es\/parcelas-peyrouse\/","name":"Alquilar una parcela cerca de Lourdes | Parcelas para caravanas Hautes-Pyr\u00e9n\u00e9es","isPartOf":{"@id":"https:\/\/www.ombredestilleuls.com\/fr\/#website"},"primaryImageOfPage":{"@id":"https:\/\/www.ombredestilleuls.com\/es\/parcelas-peyrouse\/#primaryimage"},"image":{"@id":"https:\/\/www.ombredestilleuls.com\/es\/parcelas-peyrouse\/#primaryimage"},"thumbnailUrl":"https:\/\/www.ombredestilleuls.com\/wp-content\/uploads\/2023\/12\/location-emplacement-peyrouse.webp","datePublished":"2024-01-17T09:25:22+00:00","dateModified":"2024-01-18T13:02:22+00:00","description":"Nuestro camping \u00c0 l'Ombre des Tilleuls, cerca de Lourdes, en los Pirineos, ofrece parcelas Nature para los amantes del camping tradicional.","breadcrumb":{"@id":"https:\/\/www.ombredestilleuls.com\/es\/parcelas-peyrouse\/#breadcrumb"},"inLanguage":"es","potentialAction":[{"@type":"ReadAction","target":["https:\/\/www.ombredestilleuls.com\/es\/parcelas-peyrouse\/"]}]},{"@type":"ImageObject","inLanguage":"es","@id":"https:\/\/www.ombredestilleuls.com\/es\/parcelas-peyrouse\/#primaryimage","url":"https:\/\/www.ombredestilleuls.com\/wp-content\/uploads\/2023\/12\/location-emplacement-peyrouse.webp","contentUrl":"https:\/\/www.ombredestilleuls.com\/wp-content\/uploads\/2023\/12\/location-emplacement-peyrouse.webp","width":2000,"height":1500,"caption":"emplazamiento peyrouse"},{"@type":"BreadcrumbList","@id":"https:\/\/www.ombredestilleuls.com\/es\/parcelas-peyrouse\/#breadcrumb","itemListElement":[{"@type":"ListItem","position":1,"name":"Camping pr\u00e8s de Lourdes","item":"https:\/\/www.ombredestilleuls.com\/es\/"},{"@type":"ListItem","position":2,"name":"Parcelas para caravanas en Altos Pirineos"}]},{"@type":"WebSite","@id":"https:\/\/www.ombredestilleuls.com\/fr\/#website","url":"https:\/\/www.ombredestilleuls.com\/fr\/","name":"Camping \u00c0 l&#039;ombre des tilleuls","description":"","publisher":{"@id":"https:\/\/www.ombredestilleuls.com\/fr\/#organization"},"potentialAction":[{"@type":"SearchAction","target":{"@type":"EntryPoint","urlTemplate":"https:\/\/www.ombredestilleuls.com\/fr\/?s={search_term_string}"},"query-input":{"@type":"PropertyValueSpecification","valueRequired":true,"valueName":"search_term_string"}}],"inLanguage":"es"},{"@type":"Organization","@id":"https:\/\/www.ombredestilleuls.com\/fr\/#organization","name":"Camping \u00c0 l&#039;ombre des tilleuls","url":"https:\/\/www.ombredestilleuls.com\/fr\/","logo":{"@type":"ImageObject","inLanguage":"es","@id":"https:\/\/www.ombredestilleuls.com\/fr\/#\/schema\/logo\/image\/","url":"https:\/\/www.ombredestilleuls.com\/wp-content\/uploads\/2023\/11\/cropped-Camping-A-LOmbre-Des-Tilleuls-logo-1.png","contentUrl":"https:\/\/www.ombredestilleuls.com\/wp-content\/uploads\/2023\/11\/cropped-Camping-A-LOmbre-Des-Tilleuls-logo-1.png","width":1000,"height":1000,"caption":"Camping \u00c0 l&#039;ombre des tilleuls"},"image":{"@id":"https:\/\/www.ombredestilleuls.com\/fr\/#\/schema\/logo\/image\/"}}]}},"_links":{"self":[{"href":"https:\/\/www.ombredestilleuls.com\/es\/wp-json\/wp\/v2\/pages\/3013","targetHints":{"allow":["GET"]}}],"collection":[{"href":"https:\/\/www.ombredestilleuls.com\/es\/wp-json\/wp\/v2\/pages"}],"about":[{"href":"https:\/\/www.ombredestilleuls.com\/es\/wp-json\/wp\/v2\/types\/page"}],"author":[{"embeddable":true,"href":"https:\/\/www.ombredestilleuls.com\/es\/wp-json\/wp\/v2\/users\/1"}],"replies":[{"embeddable":true,"href":"https:\/\/www.ombredestilleuls.com\/es\/wp-json\/wp\/v2\/comments?post=3013"}],"version-history":[{"count":12,"href":"https:\/\/www.ombredestilleuls.com\/es\/wp-json\/wp\/v2\/pages\/3013\/revisions"}],"predecessor-version":[{"id":3254,"href":"https:\/\/www.ombredestilleuls.com\/es\/wp-json\/wp\/v2\/pages\/3013\/revisions\/3254"}],"wp:featuredmedia":[{"embeddable":true,"href":"https:\/\/www.ombredestilleuls.com\/es\/wp-json\/wp\/v2\/media\/2070"}],"wp:attachment":[{"href":"https:\/\/www.ombredestilleuls.com\/es\/wp-json\/wp\/v2\/media?parent=3013"}],"wp:term":[{"taxonomy":"sujet","embeddable":true,"href":"https:\/\/www.ombredestilleuls.com\/es\/wp-json\/wp\/v2\/sujet?post=3013"}],"curies":[{"name":"wp","href":"https:\/\/api.w.org\/{rel}","templated":true}]}}