{"id":2981,"date":"2024-01-17T10:19:48","date_gmt":"2024-01-17T09:19:48","guid":{"rendered":"https:\/\/www.ombredestilleuls.com\/camping-familiar-peyrouse\/"},"modified":"2024-11-26T16:41:59","modified_gmt":"2024-11-26T15:41:59","slug":"camping-familiar-peyrouse","status":"publish","type":"page","link":"https:\/\/www.ombredestilleuls.com\/es\/camping-familiar-peyrouse\/","title":{"rendered":"Servicios"},"content":{"rendered":"<section id=\"ls-section-block_6dc38c728e93cda75ea422fab99bde7d\" class=\"ls-section  home-intro page-one has-m-b m-b-0 has-p-b p-b-0\" >\r\n        <div class=\"container container--full\">\r\n        \n\n<h1 class=\"ls__heading wp-block-heading has-text-align-center animated fadeIn slower\">Camping familiar en Altos Pirineos<\/h1>\n\n\r\n    <\/div>\r\n<\/section><section id=\"ls-section-block_4eb87075c4864252cc0d444d08e21195\" class=\"ls-section  home-intro page-one has-m-b m-b-0 has-p-l p-l-8 has-p-r p-r-8\" >\r\n        <div class=\"container container--full\">\r\n        \n\n<div class=\"wp-block-columns are-vertically-aligned-center first is-layout-flex wp-container-core-columns-is-layout-9d6595d7 wp-block-columns-is-layout-flex\">\n<div class=\"wp-block-column is-vertically-aligned-center left is-layout-flow wp-block-column-is-layout-flow\" style=\"flex-basis:45%\">\n<h2 class=\"ls__heading wp-block-heading animated fadeInLeft\"><strong>Recepci\u00f3n<\/strong> del camping<\/h2>\n\n\n\n<p class=\"ls-paragraph\">Bienvenido al camping \u00c0 l&#8217;Ombre des Tilleuls, idealmente situado <strong>en el coraz\u00f3n de los Altos Pirineos<\/strong>, abierto del 5 de abril al 27 de septiembre de 2025.<\/p>\n\n\n\n<p class=\"ls-paragraph\">Nuestro equipo de recepci\u00f3n le da la bienvenida en temporada alta de 8:30 a 20:00 y en temporada baja de 9:00 a 12:00 y de 14:00 a 19:00. Situado en un terreno arbolado de 5 hect\u00e1reas, le prometemos unas vacaciones en las que la naturaleza, el <strong>confort y la convivencia<\/strong> se dar\u00e1n la mano para crear recuerdos imborrables para toda la familia.<\/p>\n\n\n\n<p class=\"ls-paragraph\">El camping es accesible para personas con movilidad reducida, y disponemos de un cub\u00edculo sanitario y lavabo PMR. La piscina tiene un pediluvio accesible para PMR. El acceso a la piscina principal se realiza a trav\u00e9s de 2 escalones, que pueden hacerse accesibles a las PMR solicitando ayuda en recepci\u00f3n. Sin embargo, no es posible nadar.  <\/p>\n\n\n\n<p class=\"ls-paragraph\">No disponemos de casas m\u00f3viles para discapacitados. La guinguette, la terraza del bar y la zona de petanca son accesibles, pero el acceso a la zona de juegos ser\u00e1 un poco m\u00e1s dif\u00edcil.  <\/p>\n<\/div>\n\n\n\n<div class=\"wp-block-column is-vertically-aligned-center right is-layout-flow wp-block-column-is-layout-flow\" style=\"flex-basis:55%\">\n<figure class=\"wp-block-gallery has-nested-images columns-default is-cropped wp-block-gallery-1 is-layout-flex wp-block-gallery-is-layout-flex\">\n<figure class=\"wp-block-image size-full animated fadeIn delay-100ms\"><a href=\"https:\/\/www.ombredestilleuls.com\/wp-content\/uploads\/2023\/12\/reception-camping-paradis-hautes-pyrenees.webp\"><img decoding=\"async\" width=\"1200\" height=\"900\" data-id=\"1667\" src=\"https:\/\/www.ombredestilleuls.com\/wp-content\/uploads\/2023\/12\/reception-camping-paradis-hautes-pyrenees.webp\" alt=\"recepci&#xF3;n camping paradis hautes pyrenees\" class=\"wp-image-1667\" srcset=\"https:\/\/www.ombredestilleuls.com\/wp-content\/uploads\/2023\/12\/reception-camping-paradis-hautes-pyrenees.webp 1200w, https:\/\/www.ombredestilleuls.com\/wp-content\/uploads\/2023\/12\/reception-camping-paradis-hautes-pyrenees-300x225.webp 300w, https:\/\/www.ombredestilleuls.com\/wp-content\/uploads\/2023\/12\/reception-camping-paradis-hautes-pyrenees-1024x768.webp 1024w, https:\/\/www.ombredestilleuls.com\/wp-content\/uploads\/2023\/12\/reception-camping-paradis-hautes-pyrenees-768x576.webp 768w\" sizes=\"(max-width: 1200px) 100vw, 1200px\" \/><\/a><\/figure>\n<\/figure>\n<\/div>\n<\/div>\n\n\r\n    <\/div>\r\n<\/section><section id=\"ls-section-block_96bdccebbe833b8c9fab444ba3e985e8\" class=\"ls-section  home-intro page-one has-m-t m-t-0 has-m-b m-b-0 has-p-t p-t-0 has-p-b p-b-0\" >\r\n        <div class=\"container container--full\">\r\n        \n\n<h2 class=\"ls__heading wp-block-heading has-text-align-center animated fadeIn slower\">Todos los servicios del camping<\/h2>\n\n\r\n    <\/div>\r\n<\/section><section id=\"ls-section-block_0e5f59524d516bea58f4d377695935bd\" class=\"ls-section  home-ecologie page-three has-p-l p-l-8 has-p-r p-r-8\" >\r\n        <div class=\"container container--full\">\r\n        \n\n<div class=\"wp-block-columns are-vertically-aligned-center is-layout-flex wp-container-core-columns-is-layout-9d6595d7 wp-block-columns-is-layout-flex\">\n<div class=\"wp-block-column is-vertically-aligned-center is-layout-flow wp-block-column-is-layout-flow\" style=\"flex-basis:55%\">\n<figure class=\"wp-block-gallery has-nested-images columns-default is-cropped wp-block-gallery-2 is-layout-flex wp-block-gallery-is-layout-flex\">\n<figure class=\"wp-block-image size-full animated fadeIn delay-100ms\"><a href=\"https:\/\/www.ombredestilleuls.com\/wp-content\/uploads\/2023\/12\/connecte-grace-au-wifi.webp\"><img decoding=\"async\" width=\"1200\" height=\"795\" data-id=\"1670\" src=\"https:\/\/www.ombredestilleuls.com\/wp-content\/uploads\/2023\/12\/connecte-grace-au-wifi.webp\" alt=\"conectado por wifi\" class=\"wp-image-1670\" srcset=\"https:\/\/www.ombredestilleuls.com\/wp-content\/uploads\/2023\/12\/connecte-grace-au-wifi.webp 1200w, https:\/\/www.ombredestilleuls.com\/wp-content\/uploads\/2023\/12\/connecte-grace-au-wifi-300x199.webp 300w, https:\/\/www.ombredestilleuls.com\/wp-content\/uploads\/2023\/12\/connecte-grace-au-wifi-1024x678.webp 1024w, https:\/\/www.ombredestilleuls.com\/wp-content\/uploads\/2023\/12\/connecte-grace-au-wifi-768x509.webp 768w\" sizes=\"(max-width: 1200px) 100vw, 1200px\" \/><\/a><\/figure>\n<\/figure>\n<\/div>\n\n\n\n<div class=\"wp-block-column is-vertically-aligned-center is-layout-flow wp-block-column-is-layout-flow\" style=\"flex-basis:45%\">\n<h3 class=\"ls__heading wp-block-heading animated fadeIn slower\">Mantente conectado con wifi<\/h3>\n\n\n\n<p class=\"ls-paragraph has-text-align-left\">En nuestro camping, le ofrecemos wifi para que pueda seguir conectado con los suyos y <strong>compartir los preciosos momentos de sus vacaciones <\/strong>en los Altos Pirineos.  <\/p>\n\n\n\n<p class=\"ls-paragraph has-text-align-left\">Nuestro wifi est\u00e1 disponible en todo el<strong>camping<\/strong>, por lo que puede estar seguro de una <strong>conexi\u00f3n estable y fiable<\/strong>. As\u00ed podr\u00e1 planificar sus excursiones, compartir sus fotos o simplemente mantenerse en contacto con el mundo, mientras permanece inmerso en la serenidad del entorno natural de su <a href=\"https:\/\/www.ombredestilleuls.com\/es\/\">camping familiar cerca de Lourdes<\/a>.<\/p>\n<\/div>\n<\/div>\n\n\r\n    <\/div>\r\n<\/section><section id=\"ls-section-block_7d4d311cd190efc07359c33221b10a9c\" class=\"ls-section  home-piscine page-four has-background-image has-parallax has-m-t m-t-10 has-m-b m-b-10 has-m-l m-l-8 has-m-r m-r-8\" >\r\n    <div class=\"ls-section__background-image opacity-100\"><img decoding=\"async\" src=\"https:\/\/www.ombredestilleuls.com\/wp-content\/uploads\/2023\/12\/laverie-du-camping.webp\" alt=\"lavander\u00eda del camping\"><\/div>    <div class=\"container container--full\">\r\n        \n\n<div class=\"wp-block-columns is-layout-flex wp-container-core-columns-is-layout-9d6595d7 wp-block-columns-is-layout-flex\">\n<div class=\"wp-block-column animated fadeInLeft is-layout-flow wp-block-column-is-layout-flow\" style=\"flex-basis:40%\">\n<h3 class=\"ls__heading wp-block-heading has-text-align-left has-color-white-color has-text-color has-link-color wp-elements-86677f32e58365981aae8a4e3c434dea\">Lavander\u00eda en el camping<\/h3>\n\n\n\n<p class=\"ls-paragraph\">Nuestro camping dispone de <strong>dos lavander\u00edas<\/strong> para facilitarle al m\u00e1ximo su estancia en los Altos Pirineos.  <\/p>\n\n\n\n<p class=\"ls-paragraph\">El lavado y el secado cuestan 5 euros cada uno.  <\/p>\n\n\n\n<p class=\"ls-paragraph\">Hay fichas disponibles en recepci\u00f3n, una <strong>tabla de planchar en una de las lavander\u00edas y una plancha<\/strong> en recepci\u00f3n por un dep\u00f3sito de 10 euros.<br\/><br\/><\/p>\n<\/div>\n\n\n\n<div class=\"wp-block-column is-layout-flow wp-block-column-is-layout-flow\" style=\"flex-basis:60%\"><\/div>\n<\/div>\n\n\r\n    <\/div>\r\n<\/section><section id=\"ls-section-block_6e02572c37786cc3f912fabc54041c34\" class=\"ls-section  home-ecologie page-five has-p-l p-l-8 has-p-r p-r-8\" >\r\n        <div class=\"container container--full\">\r\n        \n\n<div class=\"wp-block-columns are-vertically-aligned-center is-layout-flex wp-container-core-columns-is-layout-9d6595d7 wp-block-columns-is-layout-flex\">\n<div class=\"wp-block-column is-vertically-aligned-center is-layout-flow wp-block-column-is-layout-flow\" style=\"flex-basis:45%\">\n<h3 class=\"ls__heading wp-block-heading animated fadeIn slower has-color-5-color has-text-color has-link-color wp-elements-c59d2b31ef96836907c43f6e0da622aa\">Tienda de comestibles cerca de Lourdes<\/h3>\n\n\n\n<p class=\"ls-paragraph\">En el camping, tendr\u00e1 acceso a la tienda de comestibles, abierta todos los d\u00edas en el mismo horario que la recepci\u00f3n. Encontrar\u00e1 todo lo<strong> esencial<\/strong>, por supuesto, pero sobre todo hay atractivos expositores de<strong> productos locales<\/strong>.  <\/p>\n\n\n\n<p class=\"ls-paragraph\">Siguiendo la misma filosof\u00eda, y por respeto al planeta, privilegiamos <strong>los canales cortos de distribuci\u00f3n:<\/strong> mermeladas, conservas, cerdo negro de Bigorre, miel, vinos, cervezas, dulces, etc. Local, \u00a1mucho local!<\/p>\n\n\n\n<p class=\"ls-paragraph\">Incluso puede obsequiar a sus seres m\u00e1s queridos con una<strong> bonita cesta<\/strong> que prepararemos seg\u00fan sus deseos y presupuesto.<\/p>\n<\/div>\n\n\n\n<div class=\"wp-block-column is-vertically-aligned-center is-layout-flow wp-block-column-is-layout-flow\" style=\"flex-basis:55%\">\n<figure class=\"wp-block-gallery has-nested-images columns-default is-cropped wp-block-gallery-3 is-layout-flex wp-block-gallery-is-layout-flex\">\n<figure class=\"wp-block-image size-full animated zoomIn\"><a href=\"https:\/\/www.ombredestilleuls.com\/wp-content\/uploads\/2023\/12\/epicerie-proche-de-lourdes.webp\"><img decoding=\"async\" width=\"1200\" height=\"900\" data-id=\"1677\" src=\"https:\/\/www.ombredestilleuls.com\/wp-content\/uploads\/2023\/12\/epicerie-proche-de-lourdes.webp\" alt=\"tienda de comestibles cerca de lourdes\" class=\"wp-image-1677\" srcset=\"https:\/\/www.ombredestilleuls.com\/wp-content\/uploads\/2023\/12\/epicerie-proche-de-lourdes.webp 1200w, https:\/\/www.ombredestilleuls.com\/wp-content\/uploads\/2023\/12\/epicerie-proche-de-lourdes-300x225.webp 300w, https:\/\/www.ombredestilleuls.com\/wp-content\/uploads\/2023\/12\/epicerie-proche-de-lourdes-1024x768.webp 1024w, https:\/\/www.ombredestilleuls.com\/wp-content\/uploads\/2023\/12\/epicerie-proche-de-lourdes-768x576.webp 768w\" sizes=\"(max-width: 1200px) 100vw, 1200px\" \/><\/a><\/figure>\n<\/figure>\n<\/div>\n<\/div>\n\n\r\n    <\/div>\r\n<\/section><section id=\"ls-section-block_e9d13fde30b40139c79efd9249f0947f\" class=\"ls-section  home-piscine page-two has-background-image has-parallax has-m-t m-t-10 has-m-b m-b-10 has-m-l m-l-8 has-m-r m-r-8\" >\r\n    <div class=\"ls-section__background-image opacity-100\"><img decoding=\"async\" src=\"https:\/\/www.ombredestilleuls.com\/wp-content\/uploads\/2023\/12\/depot-de-pain.webp\" alt=\"dep\u00f3sito de pan\"><\/div>    <div class=\"container container--full\">\r\n        \n\n<div class=\"wp-block-columns is-layout-flex wp-container-core-columns-is-layout-9d6595d7 wp-block-columns-is-layout-flex\">\n<div class=\"wp-block-column is-layout-flow wp-block-column-is-layout-flow\" style=\"flex-basis:60%\"><\/div>\n\n\n\n<div class=\"wp-block-column animated fadeInRight is-layout-flow wp-block-column-is-layout-flow\" style=\"flex-basis:40%\">\n<h3 class=\"ls__heading wp-block-heading has-text-align-right has-color-white-color has-text-color has-link-color wp-elements-f529493ecb6e6d754e6899d1f40cda8c\">El dep\u00f3sito de pan<\/h3>\n\n\n\n<p class=\"ls-paragraph has-text-align-right\">Comience el d\u00eda con un <strong>desayuno reci\u00e9n horneado<\/strong> de nuestro dep\u00f3sito de pan y boller\u00eda, disponible de julio a mediados de septiembre.<\/p>\n\n\n\n<p class=\"ls-paragraph has-text-align-right\"><strong>Haga sus pedidos el d\u00eda anterior<\/strong> y <strong>rec\u00f3jalos en recepci\u00f3n a la ma\u00f1ana<\/strong> siguiente, listos para disfrutar.<br\/><br\/><br\/><br\/><\/p>\n<\/div>\n<\/div>\n\n\r\n    <\/div>\r\n<\/section><section id=\"ls-section-block_0e5f59524d516bea58f4d377695935bd\" class=\"ls-section  home-ecologie page-three has-p-l p-l-8 has-p-r p-r-8\" >\r\n        <div class=\"container container--full\">\r\n        \n\n<div class=\"wp-block-columns are-vertically-aligned-center is-layout-flex wp-container-core-columns-is-layout-9d6595d7 wp-block-columns-is-layout-flex\">\n<div class=\"wp-block-column is-vertically-aligned-center is-layout-flow wp-block-column-is-layout-flow\" style=\"flex-basis:55%\">\n<figure class=\"wp-block-gallery has-nested-images columns-default is-cropped wp-block-gallery-4 is-layout-flex wp-block-gallery-is-layout-flex\">\n<figure class=\"wp-block-image size-full animated fadeIn delay-100ms\"><a href=\"https:\/\/www.ombredestilleuls.com\/wp-content\/uploads\/2023\/12\/locations-en-supplement.webp\"><img decoding=\"async\" width=\"1200\" height=\"775\" data-id=\"2141\" src=\"https:\/\/www.ombredestilleuls.com\/wp-content\/uploads\/2023\/12\/locations-en-supplement.webp\" alt=\"alquileres adicionales\" class=\"wp-image-2141\" srcset=\"https:\/\/www.ombredestilleuls.com\/wp-content\/uploads\/2023\/12\/locations-en-supplement.webp 1200w, https:\/\/www.ombredestilleuls.com\/wp-content\/uploads\/2023\/12\/locations-en-supplement-300x194.webp 300w, https:\/\/www.ombredestilleuls.com\/wp-content\/uploads\/2023\/12\/locations-en-supplement-1024x661.webp 1024w, https:\/\/www.ombredestilleuls.com\/wp-content\/uploads\/2023\/12\/locations-en-supplement-768x496.webp 768w\" sizes=\"(max-width: 1200px) 100vw, 1200px\" \/><\/a><\/figure>\n<\/figure>\n<\/div>\n\n\n\n<div class=\"wp-block-column is-vertically-aligned-center is-layout-flow wp-block-column-is-layout-flow\" style=\"flex-basis:45%\">\n<h3 class=\"ls__heading wp-block-heading animated fadeIn slower\">Servicios adicionales<\/h3>\n\n\n\n<p class=\"ls-paragraph has-text-align-left\">Su comodidad es nuestra prioridad. Podemos ofrecerle <strong>alquileres adicionales para aligerar su equipaje <\/strong>y facilitar su estancia cerca de Lourdes.  <\/p>\n\n\n\n<p class=\"ls-paragraph has-text-align-left\">Tanto si necesitas toallas, s\u00e1banas, un kit para beb\u00e9 que incluya cuna, trona y cambiador, como si s\u00f3lo necesitas una cuna, una trona o incluso una nevera, lo tenemos todo cubierto. Explore los Altos Pirineos con la tranquilidad de saber que nos hemos ocupado de todos los detalles para usted y su familia.<\/p>\n\n\n\n<p class=\"ls-paragraph has-text-align-left\">En recepci\u00f3n, le prestamos juegos de mesa y material deportivo para que disfrute de sus d\u00edas en los Altos Pirineos.<\/p>\n<\/div>\n<\/div>\n\n\r\n    <\/div>\r\n<\/section><section id=\"ls-section-block_1de2605e0f409fc6b08e0957568fdf66\" class=\"ls-section  home-piscine page-four has-background-image has-parallax has-m-t m-t-10 has-m-b m-b-10 has-m-l m-l-8 has-m-r m-r-8\" >\r\n    <div class=\"ls-section__background-image opacity-100\"><img decoding=\"async\" src=\"https:\/\/www.ombredestilleuls.com\/wp-content\/uploads\/2023\/12\/bibliotheque-solidaire.webp\" alt=\"biblioteca solidaria\"><\/div>    <div class=\"container container--full\">\r\n        \n\n<div class=\"wp-block-columns is-layout-flex wp-container-core-columns-is-layout-9d6595d7 wp-block-columns-is-layout-flex\">\n<div class=\"wp-block-column animated fadeInLeft is-layout-flow wp-block-column-is-layout-flow\" style=\"flex-basis:40%\">\n<h3 class=\"ls__heading wp-block-heading has-text-align-left has-color-white-color has-text-color has-link-color wp-elements-2becd51d783d4f83ab38bba763461f04\">Biblioteca<\/h3>\n\n\n\n<p class=\"ls-paragraph\">Nuestra <strong>biblioteca solidaria<\/strong> se encuentra en la guinguette, que tambi\u00e9n alberga la<strong> sala de ocio y el restaurante<\/strong>.<\/p>\n\n\n\n<p class=\"ls-paragraph\">Preste y entregue sus libros.  <\/p>\n\n\n\n<p class=\"ls-paragraph\">Nuestra biblioteca es un remanso de <strong>relajaci\u00f3n y descubrimiento<\/strong> cerca de Lourdes.<\/p>\n\n\n\n<p class=\"ls-paragraph\">Abierto todo el d\u00eda a partir de mayo, ofrece no s\u00f3lo una variada selecci\u00f3n de lecturas, sino tambi\u00e9n televisi\u00f3n.<br\/><br\/><\/p>\n<\/div>\n\n\n\n<div class=\"wp-block-column is-layout-flow wp-block-column-is-layout-flow\" style=\"flex-basis:60%\"><\/div>\n<\/div>\n\n\r\n    <\/div>\r\n<\/section><section id=\"ls-section-block_6e02572c37786cc3f912fabc54041c34\" class=\"ls-section  home-ecologie page-five has-p-l p-l-8 has-p-r p-r-8\" >\r\n        <div class=\"container container--full\">\r\n        \n\n<div class=\"wp-block-columns are-vertically-aligned-center is-layout-flex wp-container-core-columns-is-layout-9d6595d7 wp-block-columns-is-layout-flex\">\n<div class=\"wp-block-column is-vertically-aligned-center is-layout-flow wp-block-column-is-layout-flow\" style=\"flex-basis:45%\">\n<h3 class=\"ls__heading wp-block-heading animated fadeIn slower has-color-5-color has-text-color has-link-color wp-elements-94fed06f38a6cb015a93401872862cb1\">Su mascota es bienvenida<\/h3>\n\n\n\n<p class=\"ls-paragraph\">Estamos encantados de recibir a sus amigos de cuatro patas en nuestro camping. Se <strong>admiten<\/strong> mascotas con un coste adicional,<strong> <\/strong>en<strong> todas las parcelas<\/strong> y en <strong>algunos alojamientos de alquiler<\/strong>, para que puedan acompa\u00f1arle en sus aventuras por los Altos Pirineos.  <\/p>\n\n\n\n<p class=\"ls-paragraph\">Toda la familia es bienvenida a disfrutar de cada momento de relax y diversi\u00f3n.  <\/p>\n<\/div>\n\n\n\n<div class=\"wp-block-column is-vertically-aligned-center is-layout-flow wp-block-column-is-layout-flow\" style=\"flex-basis:55%\">\n<figure class=\"wp-block-gallery has-nested-images columns-default is-cropped wp-block-gallery-5 is-layout-flex wp-block-gallery-is-layout-flex\">\n<figure class=\"wp-block-image size-full animated zoomIn\"><a href=\"https:\/\/www.ombredestilleuls.com\/wp-content\/uploads\/2023\/12\/animaux-de-compagnie.webp\"><img decoding=\"async\" width=\"1200\" height=\"800\" data-id=\"1689\" src=\"https:\/\/www.ombredestilleuls.com\/wp-content\/uploads\/2023\/12\/animaux-de-compagnie.webp\" alt=\"mascotas\" class=\"wp-image-1689\" srcset=\"https:\/\/www.ombredestilleuls.com\/wp-content\/uploads\/2023\/12\/animaux-de-compagnie.webp 1200w, https:\/\/www.ombredestilleuls.com\/wp-content\/uploads\/2023\/12\/animaux-de-compagnie-300x200.webp 300w, https:\/\/www.ombredestilleuls.com\/wp-content\/uploads\/2023\/12\/animaux-de-compagnie-1024x683.webp 1024w, https:\/\/www.ombredestilleuls.com\/wp-content\/uploads\/2023\/12\/animaux-de-compagnie-768x512.webp 768w\" sizes=\"(max-width: 1200px) 100vw, 1200px\" \/><\/a><\/figure>\n<\/figure>\n<\/div>\n<\/div>\n\n\r\n    <\/div>\r\n<\/section><section id=\"ls-section-block_45cd0af470a048a9ac4ede54305ac107\" class=\"ls-section  home-piscine page-two has-background-image has-parallax has-m-t m-t-10 has-m-b m-b-10 has-m-l m-l-8 has-m-r m-r-8\" >\r\n    <div class=\"ls-section__background-image opacity-100\"><img decoding=\"async\" src=\"https:\/\/www.ombredestilleuls.com\/wp-content\/uploads\/2023\/12\/les-commerces-pres-du-camping.webp\" alt=\"tiendas cerca del camping\"><\/div>    <div class=\"container container--full\">\r\n        \n\n<div class=\"wp-block-columns is-layout-flex wp-container-core-columns-is-layout-9d6595d7 wp-block-columns-is-layout-flex\">\n<div class=\"wp-block-column is-layout-flow wp-block-column-is-layout-flow\" style=\"flex-basis:60%\"><\/div>\n\n\n\n<div class=\"wp-block-column animated fadeInRight is-layout-flow wp-block-column-is-layout-flow\" style=\"flex-basis:40%\">\n<h3 class=\"ls__heading wp-block-heading has-text-align-right has-color-white-color has-text-color has-link-color wp-elements-57d02b4396b4efd34d749d38ccec5ee8\">Tiendas cerca del camping<\/h3>\n\n\n\n<p class=\"ls-paragraph has-text-align-right\">Nuestro camping est\u00e1 idealmente situado <strong>a s\u00f3lo 10 minutos en coche de las tiendas locales<\/strong>.<\/p>\n\n\n\n<p class=\"ls-paragraph has-text-align-right\">Encontrar\u00e1 un minimercado, abierto de lunes a s\u00e1bado, y una panader\u00eda, abierta todas las ma\u00f1anas de lunes a domingo, en Saint P\u00e9-de-Bigorre, a s\u00f3lo 5 minutos en coche.<\/p>\n\n\n\n<p class=\"ls-paragraph has-text-align-right\">Si necesita comprar alimentos o darse un capricho, todo est\u00e1 al alcance de la mano en el camping.<br\/><br\/><\/p>\n<\/div>\n<\/div>\n\n\r\n    <\/div>\r\n<\/section><section id=\"ls-section-block_4eb87075c4864252cc0d444d08e21195\" class=\"ls-section  home-intro page-one has-m-b m-b-0 has-p-l p-l-8 has-p-r p-r-8\" >\r\n        <div class=\"container container--full\">\r\n        \n\n<div class=\"wp-block-columns are-vertically-aligned-center first is-layout-flex wp-container-core-columns-is-layout-9d6595d7 wp-block-columns-is-layout-flex\" id=\"guinguette\">\n<div class=\"wp-block-column is-vertically-aligned-center left is-layout-flow wp-block-column-is-layout-flow\" style=\"flex-basis:45%\">\n<h2 class=\"ls__heading wp-block-heading animated fadeInLeft\"><strong>La guinguette<\/strong> cerca de Lourdes<\/h2>\n\n\n\n<p class=\"ls-paragraph\">En la terraza o en el interior, para comer o participar en <strong>las actividades del camping.<\/strong><\/p>\n\n\n\n<p class=\"ls-paragraph\">Siempre pensando en el planeta, encontrar\u00e1 <strong>muebles hechos en casa<\/strong> a base de <strong>reciclar<\/strong> o simplemente \u00ab<strong>rescatar<\/strong>\u00ab.<\/p>\n\n\n\n<p class=\"ls-paragraph\">\u00bfTienes hambre? Puede elegir entre aperitivos, pizzas o <strong>restaurantes<\/strong> tradicionales&#8230; Por supuesto, damos prioridad a los <strong>circuitos cortos<\/strong>, \u00a1intentando trabajar en la medida de lo posible con <strong>productos locales o cercanos<\/strong>!<\/p>\n\n\n\n<p class=\"ls-paragraph\">Disfrute de nuestras <strong>comidas tem\u00e1ticas<\/strong>, como los mejillones fritos y el jam\u00f3n al espeto, as\u00ed como el<strong>\u00abassiette des tilleuls\u00bb,<\/strong> con patatas fritas, piperade, huevo frito, lomo, ventr\u00e8che y chipolata cocinados en el brasero.<\/p>\n\n\n\n<p class=\"ls-paragraph\">El restaurante est\u00e1 abierto de 19:00 desde mayo.<\/p>\n<\/div>\n\n\n\n<div class=\"wp-block-column is-vertically-aligned-center right is-layout-flow wp-block-column-is-layout-flow\" style=\"flex-basis:55%\">\n<figure class=\"wp-block-gallery has-nested-images columns-default is-cropped wp-block-gallery-6 is-layout-flex wp-block-gallery-is-layout-flex\">\n<figure class=\"wp-block-image size-full animated fadeIn delay-100ms\"><a href=\"https:\/\/www.ombredestilleuls.com\/wp-content\/uploads\/2023\/12\/guinguette-pres-de-lourdes.webp\"><img decoding=\"async\" width=\"1200\" height=\"900\" data-id=\"1695\" src=\"https:\/\/www.ombredestilleuls.com\/wp-content\/uploads\/2023\/12\/guinguette-pres-de-lourdes.webp\" alt=\"guinguette cerca de lourdes\" class=\"wp-image-1695\" srcset=\"https:\/\/www.ombredestilleuls.com\/wp-content\/uploads\/2023\/12\/guinguette-pres-de-lourdes.webp 1200w, https:\/\/www.ombredestilleuls.com\/wp-content\/uploads\/2023\/12\/guinguette-pres-de-lourdes-300x225.webp 300w, https:\/\/www.ombredestilleuls.com\/wp-content\/uploads\/2023\/12\/guinguette-pres-de-lourdes-1024x768.webp 1024w, https:\/\/www.ombredestilleuls.com\/wp-content\/uploads\/2023\/12\/guinguette-pres-de-lourdes-768x576.webp 768w\" sizes=\"(max-width: 1200px) 100vw, 1200px\" \/><\/a><\/figure>\n<\/figure>\n<\/div>\n<\/div>\n\n\r\n    <\/div>\r\n<\/section><section id=\"ls-section-block_853db6ba06da7587f3b66a5e67aadfcf\" class=\"ls-section  home-piscine page-four has-background-image has-parallax has-m-t m-t-10 has-m-b m-b-10 has-m-l m-l-8 has-m-r m-r-8\" >\r\n    <div class=\"ls-section__background-image opacity-100\"><img decoding=\"async\" src=\"https:\/\/www.ombredestilleuls.com\/wp-content\/uploads\/2023\/12\/fraicheur-au-bar-la-cabane.webp\" alt=\"frescura en el bar cabane\"><\/div>    <div class=\"container container--full\">\r\n        \n\n<div class=\"wp-block-columns is-layout-flex wp-container-core-columns-is-layout-9d6595d7 wp-block-columns-is-layout-flex\">\n<div class=\"wp-block-column animated fadeInLeft is-layout-flow wp-block-column-is-layout-flow\" style=\"flex-basis:40%\">\n<h3 class=\"ls__heading wp-block-heading has-text-align-left has-color-white-color has-text-color has-link-color wp-elements-887be274a142cb874ea74079ad03a100\">Una pausa refrescante en el bar \u00abLa Cabane<\/h3>\n\n\n\n<p class=\"ls-paragraph\">Aprovecha tambi\u00e9n nuestra playa, \u00a1y tendr\u00e1s los pies en la arena!<\/p>\n\n\n\n<p class=\"ls-paragraph\">Nuestra casa del \u00e1rbol es una estructura casera de madera. Este bonito espacio natural ofrece una amplia gama de c\u00f3cteles y bebidas locales, as\u00ed como una helader\u00eda con helados, palomitas y gofres (por la tarde)&#8230; Justo lo que necesita para saciar el hambre.<\/p>\n<\/div>\n\n\n\n<div class=\"wp-block-column is-layout-flow wp-block-column-is-layout-flow\" style=\"flex-basis:60%\"><\/div>\n<\/div>\n\n\r\n    <\/div>\r\n<\/section><section id=\"ls-section-block_3117245240afef27b21e13c9f1706139\" class=\"ls-section  page-maillage\" >\r\n        <div class=\"container container--wide\">\r\n        \n\n<div id=\"ls-heading ls-titre-div-block_3456460e1899446b89792a98e8037358\" class=\"ls-titre-div animated fadeIn h2-like\" >\n    Descubre nuestras actividades, nuestro parque acu\u00e1tico y nuestra minigranja.<\/div>\n\n\n\n<div id=\"ls-maillage-block_3b860fb8f62b326a80d959ef1e11089c\" class=\"ls-maillage cta-style-normal\" data-rows=\"4\">\n\n    <div class=\"wp-block-columns\"><div class=\"wp-block-column ls-cta\">\n\n<a href=\"https:\/\/www.ombredestilleuls.com\/es\/camping-ecologico-peyrouse\/\" target=\"\" rel=\"noopener\" class=\"ls-cta__link\">\n\n\t<div class=\"ls-cta__image\"><img decoding=\"async\" src=\"https:\/\/www.ombredestilleuls.com\/wp-content\/uploads\/2023\/12\/camping-ecologique-peyrouse.webp\" alt=\"camping ecologique peyrouse\"><\/div>\n\t<div class=\"ls-cta__title\">\n\t\tMinigranja y enfoque ecol\u00f3gico\t<\/div>\n\n\t\t\n<\/a><\/div><div class=\"wp-block-column ls-cta\">\n\n<a href=\"https:\/\/www.ombredestilleuls.com\/es\/camping-con-piscina-peyrouse\/\" target=\"\" rel=\"noopener\" class=\"ls-cta__link\">\n\n\t<div class=\"ls-cta__image\"><img decoding=\"async\" src=\"https:\/\/www.ombredestilleuls.com\/wp-content\/uploads\/2023\/12\/camping-piscine-peyrouse.webp\" alt=\"camping piscina peyrouse\"><\/div>\n\t<div class=\"ls-cta__title\">\n\t\tZona acu\u00e1tica\t<\/div>\n\n\t\t\n<\/a><div class=\"wp-block-column ls-cta\">\n\n<a href=\"https:\/\/www.ombredestilleuls.com\/es\/camping-con-animacion-peyrouse\/\" target=\"\" rel=\"noopener\" class=\"ls-cta__link\">\n\n\t<div class=\"ls-cta__image\"><img decoding=\"async\" src=\"https:\/\/www.ombredestilleuls.com\/wp-content\/uploads\/2026\/04\/animations-concert-couverture-camping-ombre-des-tilleuls-e1776089435621.jpg\" alt=\"\"><\/div>\n\t<div class=\"ls-cta__title\">\n\t\tEntretenimiento\t<\/div>\n\n\t\t\n<\/a><\/div><\/div>\n<\/div>\n\r\n    <\/div>\r\n<\/section>","protected":false},"excerpt":{"rendered":"","protected":false},"author":1,"featured_media":3696,"parent":0,"menu_order":0,"comment_status":"closed","ping_status":"closed","template":"","meta":{"_acf_changed":false,"inline_featured_image":false,"footnotes":""},"sujet":[],"class_list":["post-2981","page","type-page","status-publish","has-post-thumbnail","hentry"],"acf":[],"yoast_head":"<!-- This site is optimized with the Yoast SEO plugin v23.4 - https:\/\/yoast.com\/wordpress\/plugins\/seo\/ -->\n<title>Camping familiar en los Altos Pirineos | Catering cerca de Lourdes<\/title>\n<meta name=\"description\" content=\"\u00a1Comparta momentos inolvidables a la sombra de los tilos en su camping familiar cerca de Lourdes, en los Pirineos!\" \/>\n<meta name=\"robots\" content=\"index, follow, max-snippet:-1, max-image-preview:large, max-video-preview:-1\" \/>\n<link rel=\"canonical\" href=\"https:\/\/www.ombredestilleuls.com\/es\/camping-familiar-peyrouse\/\" \/>\n<meta property=\"og:locale\" content=\"es_ES\" \/>\n<meta property=\"og:type\" content=\"article\" \/>\n<meta property=\"og:title\" content=\"Camping familiar en los Altos Pirineos | Catering cerca de Lourdes\" \/>\n<meta property=\"og:description\" content=\"\u00a1Comparta momentos inolvidables a la sombra de los tilos en su camping familiar cerca de Lourdes, en los Pirineos!\" \/>\n<meta property=\"og:url\" content=\"https:\/\/www.ombredestilleuls.com\/es\/camping-familiar-peyrouse\/\" \/>\n<meta property=\"og:site_name\" content=\"Camping \u00c0 l&#039;ombre des tilleuls\" \/>\n<meta property=\"article:modified_time\" content=\"2024-11-26T15:41:59+00:00\" \/>\n<meta property=\"og:image\" content=\"https:\/\/www.ombredestilleuls.com\/wp-content\/uploads\/2023\/12\/camping-familial-peyrouse.webp\" \/>\n\t<meta property=\"og:image:width\" content=\"2000\" \/>\n\t<meta property=\"og:image:height\" content=\"1500\" \/>\n\t<meta property=\"og:image:type\" content=\"image\/webp\" \/>\n<meta name=\"twitter:card\" content=\"summary_large_image\" \/>\n<meta name=\"twitter:label1\" content=\"Tiempo de lectura\" \/>\n\t<meta name=\"twitter:data1\" content=\"5 minutos\" \/>\n<script type=\"application\/ld+json\" class=\"yoast-schema-graph\">{\"@context\":\"https:\/\/schema.org\",\"@graph\":[{\"@type\":\"WebPage\",\"@id\":\"https:\/\/www.ombredestilleuls.com\/es\/camping-familiar-peyrouse\/\",\"url\":\"https:\/\/www.ombredestilleuls.com\/es\/camping-familiar-peyrouse\/\",\"name\":\"Camping familiar en los Altos Pirineos | Catering cerca de Lourdes\",\"isPartOf\":{\"@id\":\"https:\/\/www.ombredestilleuls.com\/fr\/#website\"},\"primaryImageOfPage\":{\"@id\":\"https:\/\/www.ombredestilleuls.com\/es\/camping-familiar-peyrouse\/#primaryimage\"},\"image\":{\"@id\":\"https:\/\/www.ombredestilleuls.com\/es\/camping-familiar-peyrouse\/#primaryimage\"},\"thumbnailUrl\":\"https:\/\/www.ombredestilleuls.com\/wp-content\/uploads\/2026\/04\/camping-familial-peyrouse-ombre-tilleuls-services.jpg\",\"datePublished\":\"2024-01-17T09:19:48+00:00\",\"dateModified\":\"2024-11-26T15:41:59+00:00\",\"description\":\"\u00a1Comparta momentos inolvidables a la sombra de los tilos en su camping familiar cerca de Lourdes, en los Pirineos!\",\"breadcrumb\":{\"@id\":\"https:\/\/www.ombredestilleuls.com\/es\/camping-familiar-peyrouse\/#breadcrumb\"},\"inLanguage\":\"es\",\"potentialAction\":[{\"@type\":\"ReadAction\",\"target\":[\"https:\/\/www.ombredestilleuls.com\/es\/camping-familiar-peyrouse\/\"]}]},{\"@type\":\"ImageObject\",\"inLanguage\":\"es\",\"@id\":\"https:\/\/www.ombredestilleuls.com\/es\/camping-familiar-peyrouse\/#primaryimage\",\"url\":\"https:\/\/www.ombredestilleuls.com\/wp-content\/uploads\/2026\/04\/camping-familial-peyrouse-ombre-tilleuls-services.jpg\",\"contentUrl\":\"https:\/\/www.ombredestilleuls.com\/wp-content\/uploads\/2026\/04\/camping-familial-peyrouse-ombre-tilleuls-services.jpg\",\"width\":2000,\"height\":1500},{\"@type\":\"BreadcrumbList\",\"@id\":\"https:\/\/www.ombredestilleuls.com\/es\/camping-familiar-peyrouse\/#breadcrumb\",\"itemListElement\":[{\"@type\":\"ListItem\",\"position\":1,\"name\":\"Camping pr\u00e8s de Lourdes\",\"item\":\"https:\/\/www.ombredestilleuls.com\/es\/\"},{\"@type\":\"ListItem\",\"position\":2,\"name\":\"Camping familiar cerca de Lourdes\"}]},{\"@type\":\"WebSite\",\"@id\":\"https:\/\/www.ombredestilleuls.com\/fr\/#website\",\"url\":\"https:\/\/www.ombredestilleuls.com\/fr\/\",\"name\":\"Camping \u00c0 l&#039;ombre des tilleuls\",\"description\":\"\",\"publisher\":{\"@id\":\"https:\/\/www.ombredestilleuls.com\/fr\/#organization\"},\"potentialAction\":[{\"@type\":\"SearchAction\",\"target\":{\"@type\":\"EntryPoint\",\"urlTemplate\":\"https:\/\/www.ombredestilleuls.com\/fr\/?s={search_term_string}\"},\"query-input\":{\"@type\":\"PropertyValueSpecification\",\"valueRequired\":true,\"valueName\":\"search_term_string\"}}],\"inLanguage\":\"es\"},{\"@type\":\"Organization\",\"@id\":\"https:\/\/www.ombredestilleuls.com\/fr\/#organization\",\"name\":\"Camping \u00c0 l&#039;ombre des tilleuls\",\"url\":\"https:\/\/www.ombredestilleuls.com\/fr\/\",\"logo\":{\"@type\":\"ImageObject\",\"inLanguage\":\"es\",\"@id\":\"https:\/\/www.ombredestilleuls.com\/fr\/#\/schema\/logo\/image\/\",\"url\":\"https:\/\/www.ombredestilleuls.com\/wp-content\/uploads\/2023\/11\/cropped-Camping-A-LOmbre-Des-Tilleuls-logo-1.png\",\"contentUrl\":\"https:\/\/www.ombredestilleuls.com\/wp-content\/uploads\/2023\/11\/cropped-Camping-A-LOmbre-Des-Tilleuls-logo-1.png\",\"width\":1000,\"height\":1000,\"caption\":\"Camping \u00c0 l&#039;ombre des tilleuls\"},\"image\":{\"@id\":\"https:\/\/www.ombredestilleuls.com\/fr\/#\/schema\/logo\/image\/\"}}]}<\/script>\n<!-- \/ Yoast SEO plugin. -->","yoast_head_json":{"title":"Camping familiar en los Altos Pirineos | Catering cerca de Lourdes","description":"\u00a1Comparta momentos inolvidables a la sombra de los tilos en su camping familiar cerca de Lourdes, en los Pirineos!","robots":{"index":"index","follow":"follow","max-snippet":"max-snippet:-1","max-image-preview":"max-image-preview:large","max-video-preview":"max-video-preview:-1"},"canonical":"https:\/\/www.ombredestilleuls.com\/es\/camping-familiar-peyrouse\/","og_locale":"es_ES","og_type":"article","og_title":"Camping familiar en los Altos Pirineos | Catering cerca de Lourdes","og_description":"\u00a1Comparta momentos inolvidables a la sombra de los tilos en su camping familiar cerca de Lourdes, en los Pirineos!","og_url":"https:\/\/www.ombredestilleuls.com\/es\/camping-familiar-peyrouse\/","og_site_name":"Camping \u00c0 l&#039;ombre des tilleuls","article_modified_time":"2024-11-26T15:41:59+00:00","og_image":[{"width":2000,"height":1500,"url":"https:\/\/www.ombredestilleuls.com\/wp-content\/uploads\/2023\/12\/camping-familial-peyrouse.webp","type":"image\/webp"}],"twitter_card":"summary_large_image","twitter_misc":{"Tiempo de lectura":"5 minutos"},"schema":{"@context":"https:\/\/schema.org","@graph":[{"@type":"WebPage","@id":"https:\/\/www.ombredestilleuls.com\/es\/camping-familiar-peyrouse\/","url":"https:\/\/www.ombredestilleuls.com\/es\/camping-familiar-peyrouse\/","name":"Camping familiar en los Altos Pirineos | Catering cerca de Lourdes","isPartOf":{"@id":"https:\/\/www.ombredestilleuls.com\/fr\/#website"},"primaryImageOfPage":{"@id":"https:\/\/www.ombredestilleuls.com\/es\/camping-familiar-peyrouse\/#primaryimage"},"image":{"@id":"https:\/\/www.ombredestilleuls.com\/es\/camping-familiar-peyrouse\/#primaryimage"},"thumbnailUrl":"https:\/\/www.ombredestilleuls.com\/wp-content\/uploads\/2026\/04\/camping-familial-peyrouse-ombre-tilleuls-services.jpg","datePublished":"2024-01-17T09:19:48+00:00","dateModified":"2024-11-26T15:41:59+00:00","description":"\u00a1Comparta momentos inolvidables a la sombra de los tilos en su camping familiar cerca de Lourdes, en los Pirineos!","breadcrumb":{"@id":"https:\/\/www.ombredestilleuls.com\/es\/camping-familiar-peyrouse\/#breadcrumb"},"inLanguage":"es","potentialAction":[{"@type":"ReadAction","target":["https:\/\/www.ombredestilleuls.com\/es\/camping-familiar-peyrouse\/"]}]},{"@type":"ImageObject","inLanguage":"es","@id":"https:\/\/www.ombredestilleuls.com\/es\/camping-familiar-peyrouse\/#primaryimage","url":"https:\/\/www.ombredestilleuls.com\/wp-content\/uploads\/2026\/04\/camping-familial-peyrouse-ombre-tilleuls-services.jpg","contentUrl":"https:\/\/www.ombredestilleuls.com\/wp-content\/uploads\/2026\/04\/camping-familial-peyrouse-ombre-tilleuls-services.jpg","width":2000,"height":1500},{"@type":"BreadcrumbList","@id":"https:\/\/www.ombredestilleuls.com\/es\/camping-familiar-peyrouse\/#breadcrumb","itemListElement":[{"@type":"ListItem","position":1,"name":"Camping pr\u00e8s de Lourdes","item":"https:\/\/www.ombredestilleuls.com\/es\/"},{"@type":"ListItem","position":2,"name":"Camping familiar cerca de Lourdes"}]},{"@type":"WebSite","@id":"https:\/\/www.ombredestilleuls.com\/fr\/#website","url":"https:\/\/www.ombredestilleuls.com\/fr\/","name":"Camping \u00c0 l&#039;ombre des tilleuls","description":"","publisher":{"@id":"https:\/\/www.ombredestilleuls.com\/fr\/#organization"},"potentialAction":[{"@type":"SearchAction","target":{"@type":"EntryPoint","urlTemplate":"https:\/\/www.ombredestilleuls.com\/fr\/?s={search_term_string}"},"query-input":{"@type":"PropertyValueSpecification","valueRequired":true,"valueName":"search_term_string"}}],"inLanguage":"es"},{"@type":"Organization","@id":"https:\/\/www.ombredestilleuls.com\/fr\/#organization","name":"Camping \u00c0 l&#039;ombre des tilleuls","url":"https:\/\/www.ombredestilleuls.com\/fr\/","logo":{"@type":"ImageObject","inLanguage":"es","@id":"https:\/\/www.ombredestilleuls.com\/fr\/#\/schema\/logo\/image\/","url":"https:\/\/www.ombredestilleuls.com\/wp-content\/uploads\/2023\/11\/cropped-Camping-A-LOmbre-Des-Tilleuls-logo-1.png","contentUrl":"https:\/\/www.ombredestilleuls.com\/wp-content\/uploads\/2023\/11\/cropped-Camping-A-LOmbre-Des-Tilleuls-logo-1.png","width":1000,"height":1000,"caption":"Camping \u00c0 l&#039;ombre des tilleuls"},"image":{"@id":"https:\/\/www.ombredestilleuls.com\/fr\/#\/schema\/logo\/image\/"}}]}},"_links":{"self":[{"href":"https:\/\/www.ombredestilleuls.com\/es\/wp-json\/wp\/v2\/pages\/2981","targetHints":{"allow":["GET"]}}],"collection":[{"href":"https:\/\/www.ombredestilleuls.com\/es\/wp-json\/wp\/v2\/pages"}],"about":[{"href":"https:\/\/www.ombredestilleuls.com\/es\/wp-json\/wp\/v2\/types\/page"}],"author":[{"embeddable":true,"href":"https:\/\/www.ombredestilleuls.com\/es\/wp-json\/wp\/v2\/users\/1"}],"replies":[{"embeddable":true,"href":"https:\/\/www.ombredestilleuls.com\/es\/wp-json\/wp\/v2\/comments?post=2981"}],"version-history":[{"count":7,"href":"https:\/\/www.ombredestilleuls.com\/es\/wp-json\/wp\/v2\/pages\/2981\/revisions"}],"predecessor-version":[{"id":3475,"href":"https:\/\/www.ombredestilleuls.com\/es\/wp-json\/wp\/v2\/pages\/2981\/revisions\/3475"}],"wp:featuredmedia":[{"embeddable":true,"href":"https:\/\/www.ombredestilleuls.com\/es\/wp-json\/wp\/v2\/media\/3696"}],"wp:attachment":[{"href":"https:\/\/www.ombredestilleuls.com\/es\/wp-json\/wp\/v2\/media?parent=2981"}],"wp:term":[{"taxonomy":"sujet","embeddable":true,"href":"https:\/\/www.ombredestilleuls.com\/es\/wp-json\/wp\/v2\/sujet?post=2981"}],"curies":[{"name":"wp","href":"https:\/\/api.w.org\/{rel}","templated":true}]}}