{"id":2951,"date":"2024-01-17T10:03:07","date_gmt":"2024-01-17T09:03:07","guid":{"rendered":"https:\/\/www.ombredestilleuls.com\/alquilar-mobil-home-peyrouse\/"},"modified":"2024-03-25T12:18:04","modified_gmt":"2024-03-25T11:18:04","slug":"alquilar-mobil-home-peyrouse","status":"publish","type":"page","link":"https:\/\/www.ombredestilleuls.com\/es\/alquilar-mobil-home-peyrouse\/","title":{"rendered":"Alquileres"},"content":{"rendered":"<section id=\"ls-section-block_ba7427d8c3d578902088fcd058418116\" class=\"ls-section \" >\r\n        <div class=\"container container--wide\">\r\n        \n\n<h1 class=\"ls__heading wp-block-heading has-text-align-center\">Alquilar una autocaravana cerca de Lourdes<\/h1>\n\n\n\n<p class=\"ls-paragraph has-text-align-center\">En un entorno verde, con los Pirineos como tel\u00f3n de fondo, le ofrecemos parcelas de acampada, tiendas sobre pilotes, mobil homes y mucho m\u00e1s. Sin olvidar la<strong>zona Tribu<\/strong>, compuesta por 2 casas m\u00f3viles unidas por una gran terraza y con capacidad para 12 personas.<\/p>\n\n\n\n<div id=\"ls-hebergements-block_416680198f0bb41053acc4df7f16e214\" class=\"ls-hebergements\" >\n    \n    <div class=\"ls-customizer\">\n\n    <div class=\"ls-customizer__filters\">\n        <div class=\"ls-customizer__filters__close\">\n            <i class=\"fas fa-times\"><\/i>\n        <\/div>\n\n        <div class=\"ls-customizer__filters__title\">\n            <b>Filtros<\/b>\n            <span class=\"ls-customizer__filters__clear\"><i class=\"fas fa-times\"><\/i> Borrar filtros<\/span>\n        <\/div>\n\n                \n        <!-- Filtres ACF fields -->\n        \n                                <!-- Filtre nombre_de_personnes -->\n                        <div class=\"filter\" id=\"filter-nombre_de_personnes\">\n                <div class=\"filter__title\">Capacidad m\u00e1xima<i class=\"fas fa-angle-down\"><\/i><\/div>\n                <fieldset data-filter=\"nombre_de_personnes\" data-operator=\"<=\" class=\"input\">\n                    \n                    <div><input type=\"radio\" name=\"nombre_de_personnes\" id=\"nombre_de_personnes-all\"  class=\"checkbox\" \/><label for='nombre_de_personnes-all'>Todos<\/label><\/div><div><input type=\"radio\" name=\"nombre_de_personnes\" id=\"nombre_de_personnes-4\" value=\"4\" class=\"checkbox\"  \/><label for='nombre_de_personnes-4'>Hasta 4 pers.<\/label><\/div><div><input type=\"radio\" name=\"nombre_de_personnes\" id=\"nombre_de_personnes-5\" value=\"5\" class=\"checkbox\"  \/><label for='nombre_de_personnes-5'>Hasta 5 pers.<\/label><\/div><div><input type=\"radio\" name=\"nombre_de_personnes\" id=\"nombre_de_personnes-6\" value=\"6\" class=\"checkbox\"  \/><label for='nombre_de_personnes-6'>Hasta 6 pers.<\/label><\/div><div><input type=\"radio\" name=\"nombre_de_personnes\" id=\"nombre_de_personnes-8\" value=\"8\" class=\"checkbox\"  \/><label for='nombre_de_personnes-8'>Hasta 8 pers.<\/label><\/div><div><input type=\"radio\" name=\"nombre_de_personnes\" id=\"nombre_de_personnes-12\" value=\"12\" class=\"checkbox\"  \/><label for='nombre_de_personnes-12'>Hasta 12 pers.<\/label><\/div>                <\/fieldset>\n            <\/div>\n                                <!-- Filtre nombre_de_chambres -->\n                        <div class=\"filter\" id=\"filter-nombre_de_chambres\">\n                <div class=\"filter__title\">N\u00famero de habitaciones<i class=\"fas fa-angle-down\"><\/i><\/div>\n                <fieldset data-filter=\"nombre_de_chambres\" data-operator=\"==\" class=\"input\">\n                    \n                    <div><input type=\"radio\" name=\"nombre_de_chambres\" id=\"nombre_de_chambres-all\"  class=\"checkbox\" \/><label for='nombre_de_chambres-all'>Todos<\/label><\/div><div><input type=\"radio\" name=\"nombre_de_chambres\" id=\"nombre_de_chambres-2\" value=\"2\" class=\"checkbox\"  \/><label for='nombre_de_chambres-2'>2<\/label><\/div><div><input type=\"radio\" name=\"nombre_de_chambres\" id=\"nombre_de_chambres-3\" value=\"3\" class=\"checkbox\"  \/><label for='nombre_de_chambres-3'>3<\/label><\/div><div><input type=\"radio\" name=\"nombre_de_chambres\" id=\"nombre_de_chambres-4\" value=\"4\" class=\"checkbox\"  \/><label for='nombre_de_chambres-4'>4<\/label><\/div><div><input type=\"radio\" name=\"nombre_de_chambres\" id=\"nombre_de_chambres-6\" value=\"6\" class=\"checkbox\"  \/><label for='nombre_de_chambres-6'>6<\/label><\/div>                <\/fieldset>\n            <\/div>\n                            \n    <\/div>\n\n<\/div><div class=\"ls-hebergements__results\" data-row=\"3\" data-campings=\"false\" data-types=\"[14]\"><div class=\"ls-hebergement\" data-postid='3400' data-id-reservation='26' data-id-site='' data-id1='' data-nombre_de_personnes='8' data-nombre_de_chambres='4' data-last-update='' data-type='locations'>\n\t<div class=\"ls-hebergement__thumb\">\n\t\t\t\t<img decoding=\"async\" src=\"https:\/\/www.ombredestilleuls.com\/wp-content\/uploads\/2024\/03\/facade-XXL-scaled.jpg\" alt=\"CASA MOVIL DE 4 DORMITORIOS ORO (XXL)\" \/>\n\t\t<div class=\"ls-hebergement__title\">\n\t\t\tCASA MOVIL DE 4 DORMITORIOS ORO (XXL)\t\t<\/div>\n\t<\/div>\n\t \n\t<div class=\"ls-hebergement__content\">\n\n\t\t<div class=\"ls-hebergement__details\">\n\n\t\t\t<div class=\"ls-hebergement__icons\">\n\n\t\t\t\t\t\t\t\t\t<span class=\"ls-hebergement__icon\">\n\t\t\t\t\t\t<i class=\"tilleuls-famille\"><\/i>\n\t\t\t\t\t\t<span>8<\/span>\n\t\t\t\t\t<\/span>\n\t\t\t\t\n\t\t\t\t\t\t\t\t\t<span class=\"ls-hebergement__icon\">\n\t\t\t\t\t\t<i class=\"tilleuls-porte\"><\/i>\n\t\t\t\t\t\t<span>4<\/span>\n\t\t\t\t\t<\/span>\n\t\t\t\t\n\t\t\t\t\t\t\t\t\t<span class=\"ls-hebergement__icon\">\n\t\t\t\t\t\t<i class=\"tilleuls-douche\"><\/i>\n\t\t\t\t\t\t<span>1<\/span>\n\t\t\t\t\t<\/span>\n\t\t\t\t\n\t\t\t\t\t\t\t\t\t<span class=\"ls-hebergement__icon\">\n\t\t\t\t\t\t<i class=\"tilleuls-surface\"><\/i>\n\t\t\t\t\t\t<span>37m\u00b2<\/span>\n\t\t\t\t\t<\/span>\n\t\t\t\t\n\t\t\t\t\t\t\t\t\t<span class=\"ls-hebergement__icon\">\n\t\t\t\t\t\t<i class=\"tilleuls-pas-danimaux\"><\/i>\n\t\t\t\t\t\t<!-- <span><\/span> -->\n\t\t\t\t\t<\/span>\n\t\t\t\t\n\n\n\t\t\t\t\n\t\t\t<\/div>\n\t\t<\/div>\n\n\t\t<div class=\"ls-hebergement__disponibilite ls-button aligncenter\">\n\t\t\t<span class=\"text\">Descubra<\/span>\n\t\t<\/div>\n\t<\/div>\n\t\n<div class=\"ls-single-hebergement\" data-postid='3400' data-id-reservation='26' data-id-site='' data-id1='' data-nombre_de_personnes='8' data-nombre_de_chambres='4' data-last-update='' data-type='locations'>\n\t<div class=\"container\">\n\n\t\t\t\t\t<div class=\"ls-single-hebergement__close\">\n\t\t\t\t<i class=\"fas fa-times\"><\/i>\n\t\t\t<\/div>\n\t\t\n\t\t<h2 class=ls-single-hebergement__title>CASA MOVIL DE 4 DORMITORIOS ORO (XXL)<\/h2>\n\n\t\t<img decoding=\"async\" width=\"1920\" height=\"2560\" src=\"https:\/\/www.ombredestilleuls.com\/wp-content\/uploads\/2024\/03\/facade-XXL-scaled.jpg\" class=\"attachment-full size-full wp-post-image\" alt=\"fachada XXL\" srcset=\"https:\/\/www.ombredestilleuls.com\/wp-content\/uploads\/2024\/03\/facade-XXL-scaled.jpg 1920w, https:\/\/www.ombredestilleuls.com\/wp-content\/uploads\/2024\/03\/facade-XXL-225x300.jpg 225w, https:\/\/www.ombredestilleuls.com\/wp-content\/uploads\/2024\/03\/facade-XXL-768x1024.jpg 768w, https:\/\/www.ombredestilleuls.com\/wp-content\/uploads\/2024\/03\/facade-XXL-1152x1536.jpg 1152w, https:\/\/www.ombredestilleuls.com\/wp-content\/uploads\/2024\/03\/facade-XXL-1536x2048.jpg 1536w\" sizes=\"(max-width: 1920px) 100vw, 1920px\" \/>\t\t<div class=\"wp-block-columns\">\n\t\t\t<div class=\"wp-block-column\">\n\n\t\t\t\t\t\t\t\t\t<ul class=\"ls-single-hebergement__galerie\">\n\t\t\t\t\t\t\t\t\t\t\t\t\t<li>\n\t\t\t\t\t\t\t\t<a href=\"https:\/\/www.ombredestilleuls.com\/wp-content\/uploads\/2024\/03\/facade-XXL-scaled.jpg\" data-fancybox=\"hebergement\">\n\t\t\t\t\t\t\t\t\t<img decoding=\"async\" src=\"https:\/\/www.ombredestilleuls.com\/wp-content\/uploads\/2024\/03\/facade-XXL-150x150.jpg\" alt=\"fachada XXL\" \/>\n\t\t\t\t\t\t\t\t<\/a>\n\t\t\t\t\t\t\t<\/li>\n\t\t\t\t\t\t\t\t\t\t\t\t\t<li>\n\t\t\t\t\t\t\t\t<a href=\"https:\/\/www.ombredestilleuls.com\/wp-content\/uploads\/2024\/03\/Cuisine-XXl-scaled.jpg\" data-fancybox=\"hebergement\">\n\t\t\t\t\t\t\t\t\t<img decoding=\"async\" src=\"https:\/\/www.ombredestilleuls.com\/wp-content\/uploads\/2024\/03\/Cuisine-XXl-150x150.jpg\" alt=\"Cocina XXL\" \/>\n\t\t\t\t\t\t\t\t<\/a>\n\t\t\t\t\t\t\t<\/li>\n\t\t\t\t\t\t\t\t\t\t\t\t\t<li>\n\t\t\t\t\t\t\t\t<a href=\"https:\/\/www.ombredestilleuls.com\/wp-content\/uploads\/2024\/03\/Salon-interieur-XXL-scaled.jpg\" data-fancybox=\"hebergement\">\n\t\t\t\t\t\t\t\t\t<img decoding=\"async\" src=\"https:\/\/www.ombredestilleuls.com\/wp-content\/uploads\/2024\/03\/Salon-interieur-XXL-150x150.jpg\" alt=\"Sal\u00f3n interior XXL\" \/>\n\t\t\t\t\t\t\t\t<\/a>\n\t\t\t\t\t\t\t<\/li>\n\t\t\t\t\t\t\t\t\t\t\t\t\t<li>\n\t\t\t\t\t\t\t\t<a href=\"https:\/\/www.ombredestilleuls.com\/wp-content\/uploads\/2024\/03\/Terrasse-XXL-scaled.jpg\" data-fancybox=\"hebergement\">\n\t\t\t\t\t\t\t\t\t<img decoding=\"async\" src=\"https:\/\/www.ombredestilleuls.com\/wp-content\/uploads\/2024\/03\/Terrasse-XXL-150x150.jpg\" alt=\"Terraza XXL\" \/>\n\t\t\t\t\t\t\t\t<\/a>\n\t\t\t\t\t\t\t<\/li>\n\t\t\t\t\t\t\t\t\t\t\t\t\t<li>\n\t\t\t\t\t\t\t\t<a href=\"https:\/\/www.ombredestilleuls.com\/wp-content\/uploads\/2024\/03\/Chambre-adulte-XXL-scaled.jpg\" data-fancybox=\"hebergement\">\n\t\t\t\t\t\t\t\t\t<img decoding=\"async\" src=\"https:\/\/www.ombredestilleuls.com\/wp-content\/uploads\/2024\/03\/Chambre-adulte-XXL-150x150.jpg\" alt=\"Habitaci\u00f3n para adultos XXL\" \/>\n\t\t\t\t\t\t\t\t<\/a>\n\t\t\t\t\t\t\t<\/li>\n\t\t\t\t\t\t\t\t\t\t\t\t\t<li>\n\t\t\t\t\t\t\t\t<a href=\"https:\/\/www.ombredestilleuls.com\/wp-content\/uploads\/2024\/03\/Chambre-enfant-XXL-scaled.jpg\" data-fancybox=\"hebergement\">\n\t\t\t\t\t\t\t\t\t<img decoding=\"async\" src=\"https:\/\/www.ombredestilleuls.com\/wp-content\/uploads\/2024\/03\/Chambre-enfant-XXL-150x150.jpg\" alt=\"Cuarto de los ni\u00f1os XXL\" \/>\n\t\t\t\t\t\t\t\t<\/a>\n\t\t\t\t\t\t\t<\/li>\n\t\t\t\t\t\t\t\t\t\t\t<\/ul>\n\t\t\t\t\n\t\t\t\t<div class=\"ls-single-hebergement__icons_single\">\n\n\t\t\t\t\t\t\t\t\t\t\t<span class=\"ls-single-hebergement__icon\">\n\t\t\t\t\t\t\t<i class=\"tilleuls-surface\"><\/i>\n\t\t\t\t\t\t\t<span>37m\u00b2<\/span>\n\t\t\t\t\t\t<\/span>\n\t\t\t\t\t\n\t\t\t\t\t\t\t\t\t\t\t<span class=\"ls-single-hebergement__icon\">\n\t\t\t\t\t\t\t<i class=\"tilleuls-famille\"><\/i>\n\t\t\t\t\t\t\t\t\t\t\t\t\t\t\t<span>8 pers<\/span>\n\t\t\t\t\t\t\t\t\t\t\t\t\t<\/span>\n\t\t\t\t\t\n\t\t\t\t\t\t\t\t\t\t\t<span class=\"ls-single-hebergement__icon\">\n\t\t\t\t\t\t\t<i class=\"tilleuls-porte\"><\/i>\n\t\t\t\t\t\t\t\t\t\t\t\t\t\t\t<span>4 hab<\/span>\n\t\t\t\t\t\t\t\t\t\t\t\t\t<\/span>\n\t\t\t\t\t\n\t\t\t\t\t\t\t\t\t\t\t<span class=\"ls-single-hebergement__icon\">\n\t\t\t\t\t\t\t<i class=\"tilleuls-douche\"><\/i>\n\t\t\t\t\t\t\t\t\t\t\t\t\t\t\t<span>1 ba\u00f1o<\/span>\n\t\t\t\t\t\t\t\t\t\t\t\t\t<\/span>\n\t\t\t\t\t\n\t\t\t\t\t\t\t\t\t\t\t<span class=\"ls-single-hebergement__icon\">\n\t\t\t\t\t\t\t<i class=\"tilleuls-pas-danimaux\"><\/i>\n\t\t\t\t\t\t\t<span>No se admiten animales<\/span>\n\t\t\t\t\t\t<\/span>\n\t\t\t\t\t\n\t\t\t\t\t\n\t\t\t\t<\/div> <!-- End icons -->\n\n\n\t\t\t\t<div class=\"ls-single-hebergement__buttons_single\">\n\n\t\t\t\t\t<!-- Plan Button -->\n\t\t\t\t\t\t\t\t\t\t<!-- End plan button -->\n\n\n\t\t\t\t\t<!-- Inventaire Button -->\n\t\t\t\t\t\t\t\t\t\t<!-- End Inventaire button -->\n\n\t\t\t\t\t<!-- Emplacement Button -->\n\t\t\t\t\t\t\t\t\t\t<!-- End Emplacement button -->\n\n\t\t\t\t<\/div> <!-- End buttons -->\n\n\n\t\t\t\t<div class=\"ls-single-hebergement__description\">\n\t\t\t\t\t<p style=\"text-align: center;\"><span style=\"font-weight: 400;\">LAVAVAJILLAS<\/span> <span style=\"font-weight: 400;\">MICROONDAS<\/span> | <span style=\"font-weight: 400;\">NEVERA<\/span>| <span style=\"font-weight: 400;\">CONGELADOR<\/span> | <span style=\"font-weight: 400;\">TERRAZA<\/span> <span style=\"font-weight: 400;\">| 1 PLAZA DE APARCAMIENTO<\/span> | VISTA | <span style=\"font-weight: 400;\">WI-FI<\/span><\/p>\n<p>NUEVO 2024!<br \/>\nVenga a descubrir nuestros casa movil de 4 dormitorios para 8 personas en Altos pirineos. Disponen de 2 dormitorios con cama de matrimonio y otros 2 dormitorios con 2 camas individuales, salon con zona de cocina equipada, bano y aseo. Todo realzado por una terraza semicubierta con muebles de jard\u00edn.<br \/>\nLa zona de la cocina est\u00e1 equipada con vitrocer\u00e1mica con campana extractora, cafetera de filtro, frigor\u00edfico, microondas y lavavajillas.<br \/>\nLa casa m\u00f3vil tambi\u00e9n tiene aire acondicionado.<\/p>\n\t\t\t\t<\/div>\n\n\t\t\t\t\t\t\t<\/div>\n\n\t\t<\/div>\n\t\t<div class=\"ls-single-hebergement-resa\">\n\t\t\t\t\t\t\t<iframe data-src=\"https:\/\/www.ombredestilleuls.com\/wp-content\/themes\/lasai-child\/partials\/loops\/frame-thelis.php?id=26&#038;lang=es&#038;id_camping=alombredestilleuls\" width=\"100%\" height=\"1000\" frameborder=\"0\"><\/iframe>\n\t\t\t\t\t<\/div>\n\t<\/div>\n<\/div><\/div><div class=\"ls-hebergement\" data-postid='2946' data-id-reservation='6' data-id-site='' data-id1='' data-nombre_de_personnes='6' data-nombre_de_chambres='2' data-last-update='' data-type='locations'>\n\t<div class=\"ls-hebergement__thumb\">\n\t\t\t\t<img decoding=\"async\" src=\"https:\/\/www.ombredestilleuls.com\/wp-content\/uploads\/2023\/11\/mobil-home-2-chambres-bronze.webp\" alt=\"CASA M\u00d3VIL 2 DORMITORIOS BRONCE\" \/>\n\t\t<div class=\"ls-hebergement__title\">\n\t\t\tCASA M\u00d3VIL 2 DORMITORIOS BRONCE\t\t<\/div>\n\t<\/div>\n\t \n\t<div class=\"ls-hebergement__content\">\n\n\t\t<div class=\"ls-hebergement__details\">\n\n\t\t\t<div class=\"ls-hebergement__icons\">\n\n\t\t\t\t\t\t\t\t\t<span class=\"ls-hebergement__icon\">\n\t\t\t\t\t\t<i class=\"tilleuls-famille\"><\/i>\n\t\t\t\t\t\t<span>6<\/span>\n\t\t\t\t\t<\/span>\n\t\t\t\t\n\t\t\t\t\t\t\t\t\t<span class=\"ls-hebergement__icon\">\n\t\t\t\t\t\t<i class=\"tilleuls-porte\"><\/i>\n\t\t\t\t\t\t<span>2<\/span>\n\t\t\t\t\t<\/span>\n\t\t\t\t\n\t\t\t\t\t\t\t\t\t<span class=\"ls-hebergement__icon\">\n\t\t\t\t\t\t<i class=\"tilleuls-douche\"><\/i>\n\t\t\t\t\t\t<span>1<\/span>\n\t\t\t\t\t<\/span>\n\t\t\t\t\n\t\t\t\t\t\t\t\t\t<span class=\"ls-hebergement__icon\">\n\t\t\t\t\t\t<i class=\"tilleuls-surface\"><\/i>\n\t\t\t\t\t\t<span>30m\u00b2<\/span>\n\t\t\t\t\t<\/span>\n\t\t\t\t\n\t\t\t\t\t\t\t\t\t<span class=\"ls-hebergement__icon\">\n\t\t\t\t\t\t<i class=\"tilleuls-animaux\"><\/i>\n\t\t\t\t\t\t<!-- <span><\/span> -->\n\t\t\t\t\t<\/span>\n\t\t\t\t\t\t\n\t\t\t\t\n\n\n\t\t\t\t\n\t\t\t<\/div>\n\t\t<\/div>\n\n\t\t<div class=\"ls-hebergement__disponibilite ls-button aligncenter\">\n\t\t\t<span class=\"text\">Descubra<\/span>\n\t\t<\/div>\n\t<\/div>\n\t\n<div class=\"ls-single-hebergement\" data-postid='2946' data-id-reservation='6' data-id-site='' data-id1='' data-nombre_de_personnes='6' data-nombre_de_chambres='2' data-last-update='' data-type='locations'>\n\t<div class=\"container\">\n\n\t\t\t\t\t<div class=\"ls-single-hebergement__close\">\n\t\t\t\t<i class=\"fas fa-times\"><\/i>\n\t\t\t<\/div>\n\t\t\n\t\t<h2 class=ls-single-hebergement__title>CASA M\u00d3VIL 2 DORMITORIOS BRONCE<\/h2>\n\n\t\t<img decoding=\"async\" width=\"1024\" height=\"768\" src=\"https:\/\/www.ombredestilleuls.com\/wp-content\/uploads\/2023\/11\/mobil-home-2-chambres-bronze.webp\" class=\"attachment-full size-full wp-post-image\" alt=\"mobil home habitaciones bronce\" srcset=\"https:\/\/www.ombredestilleuls.com\/wp-content\/uploads\/2023\/11\/mobil-home-2-chambres-bronze.webp 1024w, https:\/\/www.ombredestilleuls.com\/wp-content\/uploads\/2023\/11\/mobil-home-2-chambres-bronze-300x225.webp 300w, https:\/\/www.ombredestilleuls.com\/wp-content\/uploads\/2023\/11\/mobil-home-2-chambres-bronze-768x576.webp 768w\" sizes=\"(max-width: 1024px) 100vw, 1024px\" \/>\t\t<div class=\"wp-block-columns\">\n\t\t\t<div class=\"wp-block-column\">\n\n\t\t\t\t\t\t\t\t\t<ul class=\"ls-single-hebergement__galerie\">\n\t\t\t\t\t\t\t\t\t\t\t\t\t<li>\n\t\t\t\t\t\t\t\t<a href=\"https:\/\/www.ombredestilleuls.com\/wp-content\/uploads\/2023\/11\/mobil-home-2-chambres-bronze.webp\" data-fancybox=\"hebergement\">\n\t\t\t\t\t\t\t\t\t<img decoding=\"async\" src=\"https:\/\/www.ombredestilleuls.com\/wp-content\/uploads\/2023\/11\/mobil-home-2-chambres-bronze-150x150.webp\" alt=\"mobil home habitaciones bronce\" \/>\n\t\t\t\t\t\t\t\t<\/a>\n\t\t\t\t\t\t\t<\/li>\n\t\t\t\t\t\t\t\t\t\t\t\t\t<li>\n\t\t\t\t\t\t\t\t<a href=\"https:\/\/www.ombredestilleuls.com\/wp-content\/uploads\/2023\/11\/mobil-home-2-chambres-bronze-1.webp\" data-fancybox=\"hebergement\">\n\t\t\t\t\t\t\t\t\t<img decoding=\"async\" src=\"https:\/\/www.ombredestilleuls.com\/wp-content\/uploads\/2023\/11\/mobil-home-2-chambres-bronze-1-150x150.webp\" alt=\"mobil home habitaciones bronce\" \/>\n\t\t\t\t\t\t\t\t<\/a>\n\t\t\t\t\t\t\t<\/li>\n\t\t\t\t\t\t\t\t\t\t\t\t\t<li>\n\t\t\t\t\t\t\t\t<a href=\"https:\/\/www.ombredestilleuls.com\/wp-content\/uploads\/2023\/11\/mobil-home-2-chambres-bronze-2.webp\" data-fancybox=\"hebergement\">\n\t\t\t\t\t\t\t\t\t<img decoding=\"async\" src=\"https:\/\/www.ombredestilleuls.com\/wp-content\/uploads\/2023\/11\/mobil-home-2-chambres-bronze-2-150x150.webp\" alt=\"mobil home habitaciones bronce\" \/>\n\t\t\t\t\t\t\t\t<\/a>\n\t\t\t\t\t\t\t<\/li>\n\t\t\t\t\t\t\t\t\t\t\t\t\t<li>\n\t\t\t\t\t\t\t\t<a href=\"https:\/\/www.ombredestilleuls.com\/wp-content\/uploads\/2023\/11\/mobil-home-2-chambres-bronze-3.webp\" data-fancybox=\"hebergement\">\n\t\t\t\t\t\t\t\t\t<img decoding=\"async\" src=\"https:\/\/www.ombredestilleuls.com\/wp-content\/uploads\/2023\/11\/mobil-home-2-chambres-bronze-3-150x150.webp\" alt=\"mobil home habitaciones bronce\" \/>\n\t\t\t\t\t\t\t\t<\/a>\n\t\t\t\t\t\t\t<\/li>\n\t\t\t\t\t\t\t\t\t\t\t\t\t<li>\n\t\t\t\t\t\t\t\t<a href=\"https:\/\/www.ombredestilleuls.com\/wp-content\/uploads\/2023\/11\/mobil-home-2-chambres-bronze-4.webp\" data-fancybox=\"hebergement\">\n\t\t\t\t\t\t\t\t\t<img decoding=\"async\" src=\"https:\/\/www.ombredestilleuls.com\/wp-content\/uploads\/2023\/11\/mobil-home-2-chambres-bronze-4-150x150.webp\" alt=\"mobil home habitaciones bronce\" \/>\n\t\t\t\t\t\t\t\t<\/a>\n\t\t\t\t\t\t\t<\/li>\n\t\t\t\t\t\t\t\t\t\t\t\t\t<li>\n\t\t\t\t\t\t\t\t<a href=\"https:\/\/www.ombredestilleuls.com\/wp-content\/uploads\/2023\/11\/mobil-home-2-chambres-bronze-5.webp\" data-fancybox=\"hebergement\">\n\t\t\t\t\t\t\t\t\t<img decoding=\"async\" src=\"https:\/\/www.ombredestilleuls.com\/wp-content\/uploads\/2023\/11\/mobil-home-2-chambres-bronze-5-150x150.webp\" alt=\"mobil home habitaciones bronce\" \/>\n\t\t\t\t\t\t\t\t<\/a>\n\t\t\t\t\t\t\t<\/li>\n\t\t\t\t\t\t\t\t\t\t\t\t\t<li>\n\t\t\t\t\t\t\t\t<a href=\"https:\/\/www.ombredestilleuls.com\/wp-content\/uploads\/2023\/11\/mobil-home-2-chambres-bronze-6.webp\" data-fancybox=\"hebergement\">\n\t\t\t\t\t\t\t\t\t<img decoding=\"async\" src=\"https:\/\/www.ombredestilleuls.com\/wp-content\/uploads\/2023\/11\/mobil-home-2-chambres-bronze-6-150x150.webp\" alt=\"mobil home habitaciones bronce\" \/>\n\t\t\t\t\t\t\t\t<\/a>\n\t\t\t\t\t\t\t<\/li>\n\t\t\t\t\t\t\t\t\t\t\t<\/ul>\n\t\t\t\t\n\t\t\t\t<div class=\"ls-single-hebergement__icons_single\">\n\n\t\t\t\t\t\t\t\t\t\t\t<span class=\"ls-single-hebergement__icon\">\n\t\t\t\t\t\t\t<i class=\"tilleuls-surface\"><\/i>\n\t\t\t\t\t\t\t<span>30m\u00b2<\/span>\n\t\t\t\t\t\t<\/span>\n\t\t\t\t\t\n\t\t\t\t\t\t\t\t\t\t\t<span class=\"ls-single-hebergement__icon\">\n\t\t\t\t\t\t\t<i class=\"tilleuls-famille\"><\/i>\n\t\t\t\t\t\t\t\t\t\t\t\t\t\t\t<span>6 pers<\/span>\n\t\t\t\t\t\t\t\t\t\t\t\t\t<\/span>\n\t\t\t\t\t\n\t\t\t\t\t\t\t\t\t\t\t<span class=\"ls-single-hebergement__icon\">\n\t\t\t\t\t\t\t<i class=\"tilleuls-porte\"><\/i>\n\t\t\t\t\t\t\t\t\t\t\t\t\t\t\t<span>2 hab<\/span>\n\t\t\t\t\t\t\t\t\t\t\t\t\t<\/span>\n\t\t\t\t\t\n\t\t\t\t\t\t\t\t\t\t\t<span class=\"ls-single-hebergement__icon\">\n\t\t\t\t\t\t\t<i class=\"tilleuls-douche\"><\/i>\n\t\t\t\t\t\t\t\t\t\t\t\t\t\t\t<span>1 ba\u00f1o<\/span>\n\t\t\t\t\t\t\t\t\t\t\t\t\t<\/span>\n\t\t\t\t\t\n\t\t\t\t\t\t\t\t\t\t\t<span class=\"ls-single-hebergement__icon\">\n\t\t\t\t\t\t\t<i class=\"tilleuls-animaux\"><\/i>\n\t\t\t\t\t\t\t<span>Se admiten mascotas<\/span>\n\t\t\t\t\t\t<\/span>\n\n\t\t\t\t\t\n\t\t\t\t\t\n\t\t\t\t<\/div> <!-- End icons -->\n\n\n\t\t\t\t<div class=\"ls-single-hebergement__buttons_single\">\n\n\t\t\t\t\t<!-- Plan Button -->\n\t\t\t\t\t\t\t\t\t\t<!-- End plan button -->\n\n\n\t\t\t\t\t<!-- Inventaire Button -->\n\t\t\t\t\t\t\t\t\t\t<!-- End Inventaire button -->\n\n\t\t\t\t\t<!-- Emplacement Button -->\n\t\t\t\t\t\t\t\t\t\t<!-- End Emplacement button -->\n\n\t\t\t\t<\/div> <!-- End buttons -->\n\n\n\t\t\t\t<div class=\"ls-single-hebergement__description\">\n\t\t\t\t\t<p style=\"text-align: center;\">CALEFACCI\u00d3N <span style=\"font-weight: 400;\">|<\/span> MICROONDAS | <span style=\"font-weight: 400;\"> NEVERA <\/span><span style=\"font-weight: 400;\">|<\/span> CONGELADOR <span style=\"font-weight: 400;\">|<\/span> TERRAZA <span style=\"font-weight: 400;\">|<\/span> 1 PLAZA DE APARCAMIENTO <span style=\"font-weight: 400;\">|<\/span> WI-FI<\/p>\n<p> Esta casa m\u00f3vil de Hautes-Pyr\u00e9n\u00e9es se ha renovado en 2019 y ofrece una amplia zona de estar con zona de cocina independiente. Un dormitorio con cama de matrimonio y otro con 2 camas individuales, un sof\u00e1 convertible en cama de matrimonio, cuarto de ba\u00f1o y WC separado. Tambi\u00e9n apreciar\u00e1 la terraza cubierta con su mesa y bancos de madera. Est\u00e1 totalmente equipada: nevera\/congelador, microondas, vitrocer\u00e1mica y campana extractora, cafetera el\u00e9ctrica de filtro, as\u00ed como vajilla y utensilios de cocina.<\/p>\n\t\t\t\t<\/div>\n\n\t\t\t\t\t\t\t<\/div>\n\n\t\t<\/div>\n\t\t<div class=\"ls-single-hebergement-resa\">\n\t\t\t\t\t\t\t<iframe data-src=\"https:\/\/www.ombredestilleuls.com\/wp-content\/themes\/lasai-child\/partials\/loops\/frame-thelis.php?id=6&#038;lang=es&#038;id_camping=alombredestilleuls\" width=\"100%\" height=\"1000\" frameborder=\"0\"><\/iframe>\n\t\t\t\t\t<\/div>\n\t<\/div>\n<\/div><\/div><div class=\"ls-hebergement\" data-postid='2942' data-id-reservation='10' data-id-site='' data-id1='' data-nombre_de_personnes='4' data-nombre_de_chambres='2' data-last-update='' data-type='locations'>\n\t<div class=\"ls-hebergement__thumb\">\n\t\t\t\t<img decoding=\"async\" src=\"https:\/\/www.ombredestilleuls.com\/wp-content\/uploads\/2023\/12\/mobil-home-2-chambres-argent-trigano.webp\" alt=\"CASA M\u00d3VIL 2 HABITACIONES PLATA (TRIGANO)\" \/>\n\t\t<div class=\"ls-hebergement__title\">\n\t\t\tCASA M\u00d3VIL 2 HABITACIONES PLATA (TRIGANO)\t\t<\/div>\n\t<\/div>\n\t \n\t<div class=\"ls-hebergement__content\">\n\n\t\t<div class=\"ls-hebergement__details\">\n\n\t\t\t<div class=\"ls-hebergement__icons\">\n\n\t\t\t\t\t\t\t\t\t<span class=\"ls-hebergement__icon\">\n\t\t\t\t\t\t<i class=\"tilleuls-famille\"><\/i>\n\t\t\t\t\t\t<span>4<\/span>\n\t\t\t\t\t<\/span>\n\t\t\t\t\n\t\t\t\t\t\t\t\t\t<span class=\"ls-hebergement__icon\">\n\t\t\t\t\t\t<i class=\"tilleuls-porte\"><\/i>\n\t\t\t\t\t\t<span>2<\/span>\n\t\t\t\t\t<\/span>\n\t\t\t\t\n\t\t\t\t\t\t\t\t\t<span class=\"ls-hebergement__icon\">\n\t\t\t\t\t\t<i class=\"tilleuls-douche\"><\/i>\n\t\t\t\t\t\t<span>1<\/span>\n\t\t\t\t\t<\/span>\n\t\t\t\t\n\t\t\t\t\t\t\t\t\t<span class=\"ls-hebergement__icon\">\n\t\t\t\t\t\t<i class=\"tilleuls-surface\"><\/i>\n\t\t\t\t\t\t<span>32m\u00b2<\/span>\n\t\t\t\t\t<\/span>\n\t\t\t\t\n\t\t\t\t\t\t\t\t\t<span class=\"ls-hebergement__icon\">\n\t\t\t\t\t\t<i class=\"tilleuls-animaux\"><\/i>\n\t\t\t\t\t\t<!-- <span><\/span> -->\n\t\t\t\t\t<\/span>\n\t\t\t\t\t\t\n\t\t\t\t\n\n\n\t\t\t\t\n\t\t\t<\/div>\n\t\t<\/div>\n\n\t\t<div class=\"ls-hebergement__disponibilite ls-button aligncenter\">\n\t\t\t<span class=\"text\">Descubra<\/span>\n\t\t<\/div>\n\t<\/div>\n\t\n<div class=\"ls-single-hebergement\" data-postid='2942' data-id-reservation='10' data-id-site='' data-id1='' data-nombre_de_personnes='4' data-nombre_de_chambres='2' data-last-update='' data-type='locations'>\n\t<div class=\"container\">\n\n\t\t\t\t\t<div class=\"ls-single-hebergement__close\">\n\t\t\t\t<i class=\"fas fa-times\"><\/i>\n\t\t\t<\/div>\n\t\t\n\t\t<h2 class=ls-single-hebergement__title>CASA M\u00d3VIL 2 HABITACIONES PLATA (TRIGANO)<\/h2>\n\n\t\t<img decoding=\"async\" width=\"1024\" height=\"768\" src=\"https:\/\/www.ombredestilleuls.com\/wp-content\/uploads\/2023\/12\/mobil-home-2-chambres-argent-trigano.webp\" class=\"attachment-full size-full wp-post-image\" alt=\"mobil home chambres argent trigano\" srcset=\"https:\/\/www.ombredestilleuls.com\/wp-content\/uploads\/2023\/12\/mobil-home-2-chambres-argent-trigano.webp 1024w, https:\/\/www.ombredestilleuls.com\/wp-content\/uploads\/2023\/12\/mobil-home-2-chambres-argent-trigano-300x225.webp 300w, https:\/\/www.ombredestilleuls.com\/wp-content\/uploads\/2023\/12\/mobil-home-2-chambres-argent-trigano-768x576.webp 768w\" sizes=\"(max-width: 1024px) 100vw, 1024px\" \/>\t\t<div class=\"wp-block-columns\">\n\t\t\t<div class=\"wp-block-column\">\n\n\t\t\t\t\t\t\t\t\t<ul class=\"ls-single-hebergement__galerie\">\n\t\t\t\t\t\t\t\t\t\t\t\t\t<li>\n\t\t\t\t\t\t\t\t<a href=\"https:\/\/www.ombredestilleuls.com\/wp-content\/uploads\/2023\/12\/mobil-home-2-chambres-argent-trigano.webp\" data-fancybox=\"hebergement\">\n\t\t\t\t\t\t\t\t\t<img decoding=\"async\" src=\"https:\/\/www.ombredestilleuls.com\/wp-content\/uploads\/2023\/12\/mobil-home-2-chambres-argent-trigano-150x150.webp\" alt=\"mobil home chambres argent trigano\" \/>\n\t\t\t\t\t\t\t\t<\/a>\n\t\t\t\t\t\t\t<\/li>\n\t\t\t\t\t\t\t\t\t\t\t\t\t<li>\n\t\t\t\t\t\t\t\t<a href=\"https:\/\/www.ombredestilleuls.com\/wp-content\/uploads\/2023\/12\/mobil-home-2-chambres-argent-trigano-1.webp\" data-fancybox=\"hebergement\">\n\t\t\t\t\t\t\t\t\t<img decoding=\"async\" src=\"https:\/\/www.ombredestilleuls.com\/wp-content\/uploads\/2023\/12\/mobil-home-2-chambres-argent-trigano-1-150x150.webp\" alt=\"mobil home chambres argent trigano\" \/>\n\t\t\t\t\t\t\t\t<\/a>\n\t\t\t\t\t\t\t<\/li>\n\t\t\t\t\t\t\t\t\t\t\t\t\t<li>\n\t\t\t\t\t\t\t\t<a href=\"https:\/\/www.ombredestilleuls.com\/wp-content\/uploads\/2023\/12\/mobil-home-2-chambres-argent-trigano-2.webp\" data-fancybox=\"hebergement\">\n\t\t\t\t\t\t\t\t\t<img decoding=\"async\" src=\"https:\/\/www.ombredestilleuls.com\/wp-content\/uploads\/2023\/12\/mobil-home-2-chambres-argent-trigano-2-150x150.webp\" alt=\"mobil home chambres argent trigano\" \/>\n\t\t\t\t\t\t\t\t<\/a>\n\t\t\t\t\t\t\t<\/li>\n\t\t\t\t\t\t\t\t\t\t\t\t\t<li>\n\t\t\t\t\t\t\t\t<a href=\"https:\/\/www.ombredestilleuls.com\/wp-content\/uploads\/2023\/12\/mobil-home-2-chambres-argent-trigano-3.webp\" data-fancybox=\"hebergement\">\n\t\t\t\t\t\t\t\t\t<img decoding=\"async\" src=\"https:\/\/www.ombredestilleuls.com\/wp-content\/uploads\/2023\/12\/mobil-home-2-chambres-argent-trigano-3-150x150.webp\" alt=\"mobil home chambres argent trigano\" \/>\n\t\t\t\t\t\t\t\t<\/a>\n\t\t\t\t\t\t\t<\/li>\n\t\t\t\t\t\t\t\t\t\t\t<\/ul>\n\t\t\t\t\n\t\t\t\t<div class=\"ls-single-hebergement__icons_single\">\n\n\t\t\t\t\t\t\t\t\t\t\t<span class=\"ls-single-hebergement__icon\">\n\t\t\t\t\t\t\t<i class=\"tilleuls-surface\"><\/i>\n\t\t\t\t\t\t\t<span>32m\u00b2<\/span>\n\t\t\t\t\t\t<\/span>\n\t\t\t\t\t\n\t\t\t\t\t\t\t\t\t\t\t<span class=\"ls-single-hebergement__icon\">\n\t\t\t\t\t\t\t<i class=\"tilleuls-famille\"><\/i>\n\t\t\t\t\t\t\t\t\t\t\t\t\t\t\t<span>4 pers<\/span>\n\t\t\t\t\t\t\t\t\t\t\t\t\t<\/span>\n\t\t\t\t\t\n\t\t\t\t\t\t\t\t\t\t\t<span class=\"ls-single-hebergement__icon\">\n\t\t\t\t\t\t\t<i class=\"tilleuls-porte\"><\/i>\n\t\t\t\t\t\t\t\t\t\t\t\t\t\t\t<span>2 hab<\/span>\n\t\t\t\t\t\t\t\t\t\t\t\t\t<\/span>\n\t\t\t\t\t\n\t\t\t\t\t\t\t\t\t\t\t<span class=\"ls-single-hebergement__icon\">\n\t\t\t\t\t\t\t<i class=\"tilleuls-douche\"><\/i>\n\t\t\t\t\t\t\t\t\t\t\t\t\t\t\t<span>1 ba\u00f1o<\/span>\n\t\t\t\t\t\t\t\t\t\t\t\t\t<\/span>\n\t\t\t\t\t\n\t\t\t\t\t\t\t\t\t\t\t<span class=\"ls-single-hebergement__icon\">\n\t\t\t\t\t\t\t<i class=\"tilleuls-animaux\"><\/i>\n\t\t\t\t\t\t\t<span>Se admiten mascotas<\/span>\n\t\t\t\t\t\t<\/span>\n\n\t\t\t\t\t\n\t\t\t\t\t\n\t\t\t\t<\/div> <!-- End icons -->\n\n\n\t\t\t\t<div class=\"ls-single-hebergement__buttons_single\">\n\n\t\t\t\t\t<!-- Plan Button -->\n\t\t\t\t\t\t\t\t\t\t<!-- End plan button -->\n\n\n\t\t\t\t\t<!-- Inventaire Button -->\n\t\t\t\t\t\t\t\t\t\t<!-- End Inventaire button -->\n\n\t\t\t\t\t<!-- Emplacement Button -->\n\t\t\t\t\t\t\t\t\t\t<!-- End Emplacement button -->\n\n\t\t\t\t<\/div> <!-- End buttons -->\n\n\n\t\t\t\t<div class=\"ls-single-hebergement__description\">\n\t\t\t\t\t<p style=\"text-align: center;\">CALEFACCI\u00d3N <span style=\"font-weight: 400;\">|<\/span> MICROONDAS | <span style=\"font-weight: 400;\"> NEVERA <\/span><span style=\"font-weight: 400;\">|<\/span> CONGELADOR <span style=\"font-weight: 400;\">|<\/span> TERRAZA <span style=\"font-weight: 400;\">|<\/span> 1 PLAZA DE APARCAMIENTO <span style=\"font-weight: 400;\">|<\/span> WI-FI<\/p>\n<p> Esta casa m\u00f3vil de Hautes-Pyr\u00e9n\u00e9es consta de una sala de estar con zona de cocina equipada, un dormitorio con cama doble y otro dormitorio con dos camas individuales, un cuarto de ba\u00f1o y un WC separado. Est\u00e1 equipada con nevera\/congelador, microondas, vitrocer\u00e1mica con campana extractora, cafetera el\u00e9ctrica, vajilla y utensilios de cocina. Su peque\u00f1o extra: una gran terraza semicubierta con muebles de jard\u00edn y tumbonas.<\/p>\n\t\t\t\t<\/div>\n\n\t\t\t\t\t\t\t<\/div>\n\n\t\t<\/div>\n\t\t<div class=\"ls-single-hebergement-resa\">\n\t\t\t\t\t\t\t<iframe data-src=\"https:\/\/www.ombredestilleuls.com\/wp-content\/themes\/lasai-child\/partials\/loops\/frame-thelis.php?id=10&#038;lang=es&#038;id_camping=alombredestilleuls\" width=\"100%\" height=\"1000\" frameborder=\"0\"><\/iframe>\n\t\t\t\t\t<\/div>\n\t<\/div>\n<\/div><\/div><div class=\"ls-hebergement\" data-postid='2936' data-id-reservation='3' data-id-site='' data-id1='' data-nombre_de_personnes='6' data-nombre_de_chambres='3' data-last-update='' data-type='locations'>\n\t<div class=\"ls-hebergement__thumb\">\n\t\t\t\t<img decoding=\"async\" src=\"https:\/\/www.ombredestilleuls.com\/wp-content\/uploads\/2023\/12\/mobil-home-3-chambres-argent-clim.webp\" alt=\"CASA M\u00d3VIL DE 3 DORMITORIOS PLATA (AIRE ACONDICIONADO)\" \/>\n\t\t<div class=\"ls-hebergement__title\">\n\t\t\tCASA M\u00d3VIL DE 3 DORMITORIOS PLATA (AIRE ACONDICIONADO)\t\t<\/div>\n\t<\/div>\n\t \n\t<div class=\"ls-hebergement__content\">\n\n\t\t<div class=\"ls-hebergement__details\">\n\n\t\t\t<div class=\"ls-hebergement__icons\">\n\n\t\t\t\t\t\t\t\t\t<span class=\"ls-hebergement__icon\">\n\t\t\t\t\t\t<i class=\"tilleuls-famille\"><\/i>\n\t\t\t\t\t\t<span>6<\/span>\n\t\t\t\t\t<\/span>\n\t\t\t\t\n\t\t\t\t\t\t\t\t\t<span class=\"ls-hebergement__icon\">\n\t\t\t\t\t\t<i class=\"tilleuls-porte\"><\/i>\n\t\t\t\t\t\t<span>3<\/span>\n\t\t\t\t\t<\/span>\n\t\t\t\t\n\t\t\t\t\t\t\t\t\t<span class=\"ls-hebergement__icon\">\n\t\t\t\t\t\t<i class=\"tilleuls-douche\"><\/i>\n\t\t\t\t\t\t<span>1<\/span>\n\t\t\t\t\t<\/span>\n\t\t\t\t\n\t\t\t\t\t\t\t\t\t<span class=\"ls-hebergement__icon\">\n\t\t\t\t\t\t<i class=\"tilleuls-surface\"><\/i>\n\t\t\t\t\t\t<span>34m\u00b2<\/span>\n\t\t\t\t\t<\/span>\n\t\t\t\t\n\t\t\t\t\t\t\t\t\t<span class=\"ls-hebergement__icon\">\n\t\t\t\t\t\t<i class=\"tilleuls-animaux\"><\/i>\n\t\t\t\t\t\t<!-- <span><\/span> -->\n\t\t\t\t\t<\/span>\n\t\t\t\t\t\t\n\t\t\t\t\n\n\n\t\t\t\t\n\t\t\t<\/div>\n\t\t<\/div>\n\n\t\t<div class=\"ls-hebergement__disponibilite ls-button aligncenter\">\n\t\t\t<span class=\"text\">Descubra<\/span>\n\t\t<\/div>\n\t<\/div>\n\t\n<div class=\"ls-single-hebergement\" data-postid='2936' data-id-reservation='3' data-id-site='' data-id1='' data-nombre_de_personnes='6' data-nombre_de_chambres='3' data-last-update='' data-type='locations'>\n\t<div class=\"container\">\n\n\t\t\t\t\t<div class=\"ls-single-hebergement__close\">\n\t\t\t\t<i class=\"fas fa-times\"><\/i>\n\t\t\t<\/div>\n\t\t\n\t\t<h2 class=ls-single-hebergement__title>CASA M\u00d3VIL DE 3 DORMITORIOS PLATA (AIRE ACONDICIONADO)<\/h2>\n\n\t\t<img decoding=\"async\" width=\"1024\" height=\"768\" src=\"https:\/\/www.ombredestilleuls.com\/wp-content\/uploads\/2023\/12\/mobil-home-3-chambres-argent-clim.webp\" class=\"attachment-full size-full wp-post-image\" alt=\"casa m\u00f3vil habitaciones de plata aire acondicionado\" srcset=\"https:\/\/www.ombredestilleuls.com\/wp-content\/uploads\/2023\/12\/mobil-home-3-chambres-argent-clim.webp 1024w, https:\/\/www.ombredestilleuls.com\/wp-content\/uploads\/2023\/12\/mobil-home-3-chambres-argent-clim-300x225.webp 300w, https:\/\/www.ombredestilleuls.com\/wp-content\/uploads\/2023\/12\/mobil-home-3-chambres-argent-clim-768x576.webp 768w\" sizes=\"(max-width: 1024px) 100vw, 1024px\" \/>\t\t<div class=\"wp-block-columns\">\n\t\t\t<div class=\"wp-block-column\">\n\n\t\t\t\t\t\t\t\t\t<ul class=\"ls-single-hebergement__galerie\">\n\t\t\t\t\t\t\t\t\t\t\t\t\t<li>\n\t\t\t\t\t\t\t\t<a href=\"https:\/\/www.ombredestilleuls.com\/wp-content\/uploads\/2023\/12\/mobil-home-3-chambres-argent-clim.webp\" data-fancybox=\"hebergement\">\n\t\t\t\t\t\t\t\t\t<img decoding=\"async\" src=\"https:\/\/www.ombredestilleuls.com\/wp-content\/uploads\/2023\/12\/mobil-home-3-chambres-argent-clim-150x150.webp\" alt=\"casa m\u00f3vil habitaciones de plata aire acondicionado\" \/>\n\t\t\t\t\t\t\t\t<\/a>\n\t\t\t\t\t\t\t<\/li>\n\t\t\t\t\t\t\t\t\t\t\t\t\t<li>\n\t\t\t\t\t\t\t\t<a href=\"https:\/\/www.ombredestilleuls.com\/wp-content\/uploads\/2023\/12\/mobil-home-3-chambres-argent-clim-1.webp\" data-fancybox=\"hebergement\">\n\t\t\t\t\t\t\t\t\t<img decoding=\"async\" src=\"https:\/\/www.ombredestilleuls.com\/wp-content\/uploads\/2023\/12\/mobil-home-3-chambres-argent-clim-1-150x150.webp\" alt=\"casa m\u00f3vil habitaciones de plata aire acondicionado\" \/>\n\t\t\t\t\t\t\t\t<\/a>\n\t\t\t\t\t\t\t<\/li>\n\t\t\t\t\t\t\t\t\t\t\t\t\t<li>\n\t\t\t\t\t\t\t\t<a href=\"https:\/\/www.ombredestilleuls.com\/wp-content\/uploads\/2023\/12\/mobil-home-3-chambres-argent-clim-2.webp\" data-fancybox=\"hebergement\">\n\t\t\t\t\t\t\t\t\t<img decoding=\"async\" src=\"https:\/\/www.ombredestilleuls.com\/wp-content\/uploads\/2023\/12\/mobil-home-3-chambres-argent-clim-2-150x150.webp\" alt=\"casa m\u00f3vil habitaciones de plata aire acondicionado\" \/>\n\t\t\t\t\t\t\t\t<\/a>\n\t\t\t\t\t\t\t<\/li>\n\t\t\t\t\t\t\t\t\t\t\t\t\t<li>\n\t\t\t\t\t\t\t\t<a href=\"https:\/\/www.ombredestilleuls.com\/wp-content\/uploads\/2023\/12\/mobil-home-3-chambres-argent-clim-3.webp\" data-fancybox=\"hebergement\">\n\t\t\t\t\t\t\t\t\t<img decoding=\"async\" src=\"https:\/\/www.ombredestilleuls.com\/wp-content\/uploads\/2023\/12\/mobil-home-3-chambres-argent-clim-3-150x150.webp\" alt=\"casa m\u00f3vil habitaciones de plata aire acondicionado\" \/>\n\t\t\t\t\t\t\t\t<\/a>\n\t\t\t\t\t\t\t<\/li>\n\t\t\t\t\t\t\t\t\t\t\t\t\t<li>\n\t\t\t\t\t\t\t\t<a href=\"https:\/\/www.ombredestilleuls.com\/wp-content\/uploads\/2023\/12\/mobil-home-3-chambres-argent-clim-4.webp\" data-fancybox=\"hebergement\">\n\t\t\t\t\t\t\t\t\t<img decoding=\"async\" src=\"https:\/\/www.ombredestilleuls.com\/wp-content\/uploads\/2023\/12\/mobil-home-3-chambres-argent-clim-4-150x150.webp\" alt=\"casa m\u00f3vil habitaciones de plata aire acondicionado\" \/>\n\t\t\t\t\t\t\t\t<\/a>\n\t\t\t\t\t\t\t<\/li>\n\t\t\t\t\t\t\t\t\t\t\t\t\t<li>\n\t\t\t\t\t\t\t\t<a href=\"https:\/\/www.ombredestilleuls.com\/wp-content\/uploads\/2023\/12\/mobil-home-3-chambres-argent-clim-5.webp\" data-fancybox=\"hebergement\">\n\t\t\t\t\t\t\t\t\t<img decoding=\"async\" src=\"https:\/\/www.ombredestilleuls.com\/wp-content\/uploads\/2023\/12\/mobil-home-3-chambres-argent-clim-5-150x150.webp\" alt=\"casa m\u00f3vil habitaciones de plata aire acondicionado\" \/>\n\t\t\t\t\t\t\t\t<\/a>\n\t\t\t\t\t\t\t<\/li>\n\t\t\t\t\t\t\t\t\t\t\t\t\t<li>\n\t\t\t\t\t\t\t\t<a href=\"https:\/\/www.ombredestilleuls.com\/wp-content\/uploads\/2023\/12\/mobil-home-3-chambres-argent-clim-6.webp\" data-fancybox=\"hebergement\">\n\t\t\t\t\t\t\t\t\t<img decoding=\"async\" src=\"https:\/\/www.ombredestilleuls.com\/wp-content\/uploads\/2023\/12\/mobil-home-3-chambres-argent-clim-6-150x150.webp\" alt=\"casa m\u00f3vil habitaciones de plata aire acondicionado\" \/>\n\t\t\t\t\t\t\t\t<\/a>\n\t\t\t\t\t\t\t<\/li>\n\t\t\t\t\t\t\t\t\t\t\t<\/ul>\n\t\t\t\t\n\t\t\t\t<div class=\"ls-single-hebergement__icons_single\">\n\n\t\t\t\t\t\t\t\t\t\t\t<span class=\"ls-single-hebergement__icon\">\n\t\t\t\t\t\t\t<i class=\"tilleuls-surface\"><\/i>\n\t\t\t\t\t\t\t<span>34m\u00b2<\/span>\n\t\t\t\t\t\t<\/span>\n\t\t\t\t\t\n\t\t\t\t\t\t\t\t\t\t\t<span class=\"ls-single-hebergement__icon\">\n\t\t\t\t\t\t\t<i class=\"tilleuls-famille\"><\/i>\n\t\t\t\t\t\t\t\t\t\t\t\t\t\t\t<span>6 pers<\/span>\n\t\t\t\t\t\t\t\t\t\t\t\t\t<\/span>\n\t\t\t\t\t\n\t\t\t\t\t\t\t\t\t\t\t<span class=\"ls-single-hebergement__icon\">\n\t\t\t\t\t\t\t<i class=\"tilleuls-porte\"><\/i>\n\t\t\t\t\t\t\t\t\t\t\t\t\t\t\t<span>3 hab<\/span>\n\t\t\t\t\t\t\t\t\t\t\t\t\t<\/span>\n\t\t\t\t\t\n\t\t\t\t\t\t\t\t\t\t\t<span class=\"ls-single-hebergement__icon\">\n\t\t\t\t\t\t\t<i class=\"tilleuls-douche\"><\/i>\n\t\t\t\t\t\t\t\t\t\t\t\t\t\t\t<span>1 ba\u00f1o<\/span>\n\t\t\t\t\t\t\t\t\t\t\t\t\t<\/span>\n\t\t\t\t\t\n\t\t\t\t\t\t\t\t\t\t\t<span class=\"ls-single-hebergement__icon\">\n\t\t\t\t\t\t\t<i class=\"tilleuls-animaux\"><\/i>\n\t\t\t\t\t\t\t<span>Se admiten mascotas<\/span>\n\t\t\t\t\t\t<\/span>\n\n\t\t\t\t\t\n\t\t\t\t\t\n\t\t\t\t<\/div> <!-- End icons -->\n\n\n\t\t\t\t<div class=\"ls-single-hebergement__buttons_single\">\n\n\t\t\t\t\t<!-- Plan Button -->\n\t\t\t\t\t\t\t\t\t\t<!-- End plan button -->\n\n\n\t\t\t\t\t<!-- Inventaire Button -->\n\t\t\t\t\t\t\t\t\t\t<!-- End Inventaire button -->\n\n\t\t\t\t\t<!-- Emplacement Button -->\n\t\t\t\t\t\t\t\t\t\t<!-- End Emplacement button -->\n\n\t\t\t\t<\/div> <!-- End buttons -->\n\n\n\t\t\t\t<div class=\"ls-single-hebergement__description\">\n\t\t\t\t\t<p style=\"text-align: center;\">CALEFACCI\u00d3N <span style=\"font-weight: 400;\">|<\/span> AIRE ACONDICIONADO <span style=\"font-weight: 400;\">|<\/span> MICROONDAS | <span style=\"font-weight: 400;\"> NEVERA <\/span><span style=\"font-weight: 400;\">|<\/span> CONGELADOR <span style=\"font-weight: 400;\">|<\/span> TERRAZA <span style=\"font-weight: 400;\">|<\/span> 1 PLAZA DE APARCAMIENTO <span style=\"font-weight: 400;\">|<\/span> WI-FI<\/p>\n<p> Esta casa m\u00f3vil de los Altos Pirineos le seducir\u00e1 por su amplitud: un gran sal\u00f3n, una habitaci\u00f3n con cama de matrimonio (160X200), 2 habitaciones con 2 camas individuales, cuarto de ba\u00f1o y WC separados y una gran terraza podio semicubierta. Tambi\u00e9n est\u00e1 equipado con aire acondicionado reversible, que resulta agradable en todas las estaciones. Est\u00e1 equipada con: nevera\/congelador, microondas, vitrocer\u00e1mica y campana, cafetera el\u00e9ctrica con filtros, vajilla y utensilios de cocina.<\/p>\n\t\t\t\t<\/div>\n\n\t\t\t\t\t\t\t<\/div>\n\n\t\t<\/div>\n\t\t<div class=\"ls-single-hebergement-resa\">\n\t\t\t\t\t\t\t<iframe data-src=\"https:\/\/www.ombredestilleuls.com\/wp-content\/themes\/lasai-child\/partials\/loops\/frame-thelis.php?id=3&#038;lang=es&#038;id_camping=alombredestilleuls\" width=\"100%\" height=\"1000\" frameborder=\"0\"><\/iframe>\n\t\t\t\t\t<\/div>\n\t<\/div>\n<\/div><\/div><div class=\"ls-hebergement\" data-postid='2932' data-id-reservation='14' data-id-site='' data-id1='' data-nombre_de_personnes='6' data-nombre_de_chambres='3' data-last-update='' data-type='locations'>\n\t<div class=\"ls-hebergement__thumb\">\n\t\t\t\t<img decoding=\"async\" src=\"https:\/\/www.ombredestilleuls.com\/wp-content\/uploads\/2023\/12\/mobil-home-3-chambres-argent-cordelia.webp\" alt=\"CASA M\u00d3VIL 3 DORMITORIOS PLATA (CORDELIA)\" \/>\n\t\t<div class=\"ls-hebergement__title\">\n\t\t\tCASA M\u00d3VIL 3 DORMITORIOS PLATA (CORDELIA)\t\t<\/div>\n\t<\/div>\n\t \n\t<div class=\"ls-hebergement__content\">\n\n\t\t<div class=\"ls-hebergement__details\">\n\n\t\t\t<div class=\"ls-hebergement__icons\">\n\n\t\t\t\t\t\t\t\t\t<span class=\"ls-hebergement__icon\">\n\t\t\t\t\t\t<i class=\"tilleuls-famille\"><\/i>\n\t\t\t\t\t\t<span>6<\/span>\n\t\t\t\t\t<\/span>\n\t\t\t\t\n\t\t\t\t\t\t\t\t\t<span class=\"ls-hebergement__icon\">\n\t\t\t\t\t\t<i class=\"tilleuls-porte\"><\/i>\n\t\t\t\t\t\t<span>3<\/span>\n\t\t\t\t\t<\/span>\n\t\t\t\t\n\t\t\t\t\t\t\t\t\t<span class=\"ls-hebergement__icon\">\n\t\t\t\t\t\t<i class=\"tilleuls-douche\"><\/i>\n\t\t\t\t\t\t<span>1<\/span>\n\t\t\t\t\t<\/span>\n\t\t\t\t\n\t\t\t\t\t\t\t\t\t<span class=\"ls-hebergement__icon\">\n\t\t\t\t\t\t<i class=\"tilleuls-surface\"><\/i>\n\t\t\t\t\t\t<span>34m\u00b2<\/span>\n\t\t\t\t\t<\/span>\n\t\t\t\t\n\t\t\t\t\t\t\t\t\t<span class=\"ls-hebergement__icon\">\n\t\t\t\t\t\t<i class=\"tilleuls-animaux\"><\/i>\n\t\t\t\t\t\t<!-- <span><\/span> -->\n\t\t\t\t\t<\/span>\n\t\t\t\t\t\t\n\t\t\t\t\n\n\n\t\t\t\t\n\t\t\t<\/div>\n\t\t<\/div>\n\n\t\t<div class=\"ls-hebergement__disponibilite ls-button aligncenter\">\n\t\t\t<span class=\"text\">Descubra<\/span>\n\t\t<\/div>\n\t<\/div>\n\t\n<div class=\"ls-single-hebergement\" data-postid='2932' data-id-reservation='14' data-id-site='' data-id1='' data-nombre_de_personnes='6' data-nombre_de_chambres='3' data-last-update='' data-type='locations'>\n\t<div class=\"container\">\n\n\t\t\t\t\t<div class=\"ls-single-hebergement__close\">\n\t\t\t\t<i class=\"fas fa-times\"><\/i>\n\t\t\t<\/div>\n\t\t\n\t\t<h2 class=ls-single-hebergement__title>CASA M\u00d3VIL 3 DORMITORIOS PLATA (CORDELIA)<\/h2>\n\n\t\t<img decoding=\"async\" width=\"1024\" height=\"768\" src=\"https:\/\/www.ombredestilleuls.com\/wp-content\/uploads\/2023\/12\/mobil-home-3-chambres-argent-cordelia.webp\" class=\"attachment-full size-full wp-post-image\" alt=\"mobil home chambres argent cordelia\" srcset=\"https:\/\/www.ombredestilleuls.com\/wp-content\/uploads\/2023\/12\/mobil-home-3-chambres-argent-cordelia.webp 1024w, https:\/\/www.ombredestilleuls.com\/wp-content\/uploads\/2023\/12\/mobil-home-3-chambres-argent-cordelia-300x225.webp 300w, https:\/\/www.ombredestilleuls.com\/wp-content\/uploads\/2023\/12\/mobil-home-3-chambres-argent-cordelia-768x576.webp 768w\" sizes=\"(max-width: 1024px) 100vw, 1024px\" \/>\t\t<div class=\"wp-block-columns\">\n\t\t\t<div class=\"wp-block-column\">\n\n\t\t\t\t\t\t\t\t\t<ul class=\"ls-single-hebergement__galerie\">\n\t\t\t\t\t\t\t\t\t\t\t\t\t<li>\n\t\t\t\t\t\t\t\t<a href=\"https:\/\/www.ombredestilleuls.com\/wp-content\/uploads\/2023\/12\/mobil-home-3-chambres-argent-cordelia.webp\" data-fancybox=\"hebergement\">\n\t\t\t\t\t\t\t\t\t<img decoding=\"async\" src=\"https:\/\/www.ombredestilleuls.com\/wp-content\/uploads\/2023\/12\/mobil-home-3-chambres-argent-cordelia-150x150.webp\" alt=\"mobil home chambres argent cordelia\" \/>\n\t\t\t\t\t\t\t\t<\/a>\n\t\t\t\t\t\t\t<\/li>\n\t\t\t\t\t\t\t\t\t\t\t\t\t<li>\n\t\t\t\t\t\t\t\t<a href=\"https:\/\/www.ombredestilleuls.com\/wp-content\/uploads\/2023\/12\/mobil-home-3-chambres-argent-cordelia-1.webp\" data-fancybox=\"hebergement\">\n\t\t\t\t\t\t\t\t\t<img decoding=\"async\" src=\"https:\/\/www.ombredestilleuls.com\/wp-content\/uploads\/2023\/12\/mobil-home-3-chambres-argent-cordelia-1-150x150.webp\" alt=\"mobil home chambres argent cordelia\" \/>\n\t\t\t\t\t\t\t\t<\/a>\n\t\t\t\t\t\t\t<\/li>\n\t\t\t\t\t\t\t\t\t\t\t\t\t<li>\n\t\t\t\t\t\t\t\t<a href=\"https:\/\/www.ombredestilleuls.com\/wp-content\/uploads\/2023\/12\/mobil-home-3-chambres-argent-cordelia-3.webp\" data-fancybox=\"hebergement\">\n\t\t\t\t\t\t\t\t\t<img decoding=\"async\" src=\"https:\/\/www.ombredestilleuls.com\/wp-content\/uploads\/2023\/12\/mobil-home-3-chambres-argent-cordelia-3-150x150.webp\" alt=\"mobil home chambres argent cordelia\" \/>\n\t\t\t\t\t\t\t\t<\/a>\n\t\t\t\t\t\t\t<\/li>\n\t\t\t\t\t\t\t\t\t\t\t\t\t<li>\n\t\t\t\t\t\t\t\t<a href=\"https:\/\/www.ombredestilleuls.com\/wp-content\/uploads\/2023\/12\/mobil-home-3-chambres-argent-cordelia-5.webp\" data-fancybox=\"hebergement\">\n\t\t\t\t\t\t\t\t\t<img decoding=\"async\" src=\"https:\/\/www.ombredestilleuls.com\/wp-content\/uploads\/2023\/12\/mobil-home-3-chambres-argent-cordelia-5-150x150.webp\" alt=\"mobil home chambres argent cordelia\" \/>\n\t\t\t\t\t\t\t\t<\/a>\n\t\t\t\t\t\t\t<\/li>\n\t\t\t\t\t\t\t\t\t\t\t\t\t<li>\n\t\t\t\t\t\t\t\t<a href=\"https:\/\/www.ombredestilleuls.com\/wp-content\/uploads\/2023\/12\/mobil-home-3-chambres-argent-cordelia-6.webp\" data-fancybox=\"hebergement\">\n\t\t\t\t\t\t\t\t\t<img decoding=\"async\" src=\"https:\/\/www.ombredestilleuls.com\/wp-content\/uploads\/2023\/12\/mobil-home-3-chambres-argent-cordelia-6-150x150.webp\" alt=\"mobil home chambres argent cordelia\" \/>\n\t\t\t\t\t\t\t\t<\/a>\n\t\t\t\t\t\t\t<\/li>\n\t\t\t\t\t\t\t\t\t\t\t\t\t<li>\n\t\t\t\t\t\t\t\t<a href=\"https:\/\/www.ombredestilleuls.com\/wp-content\/uploads\/2023\/12\/mobil-home-3-chambres-argent-cordelia-7.webp\" data-fancybox=\"hebergement\">\n\t\t\t\t\t\t\t\t\t<img decoding=\"async\" src=\"https:\/\/www.ombredestilleuls.com\/wp-content\/uploads\/2023\/12\/mobil-home-3-chambres-argent-cordelia-7-150x150.webp\" alt=\"mobil home chambres argent cordelia\" \/>\n\t\t\t\t\t\t\t\t<\/a>\n\t\t\t\t\t\t\t<\/li>\n\t\t\t\t\t\t\t\t\t\t\t<\/ul>\n\t\t\t\t\n\t\t\t\t<div class=\"ls-single-hebergement__icons_single\">\n\n\t\t\t\t\t\t\t\t\t\t\t<span class=\"ls-single-hebergement__icon\">\n\t\t\t\t\t\t\t<i class=\"tilleuls-surface\"><\/i>\n\t\t\t\t\t\t\t<span>34m\u00b2<\/span>\n\t\t\t\t\t\t<\/span>\n\t\t\t\t\t\n\t\t\t\t\t\t\t\t\t\t\t<span class=\"ls-single-hebergement__icon\">\n\t\t\t\t\t\t\t<i class=\"tilleuls-famille\"><\/i>\n\t\t\t\t\t\t\t\t\t\t\t\t\t\t\t<span>6 pers<\/span>\n\t\t\t\t\t\t\t\t\t\t\t\t\t<\/span>\n\t\t\t\t\t\n\t\t\t\t\t\t\t\t\t\t\t<span class=\"ls-single-hebergement__icon\">\n\t\t\t\t\t\t\t<i class=\"tilleuls-porte\"><\/i>\n\t\t\t\t\t\t\t\t\t\t\t\t\t\t\t<span>3 hab<\/span>\n\t\t\t\t\t\t\t\t\t\t\t\t\t<\/span>\n\t\t\t\t\t\n\t\t\t\t\t\t\t\t\t\t\t<span class=\"ls-single-hebergement__icon\">\n\t\t\t\t\t\t\t<i class=\"tilleuls-douche\"><\/i>\n\t\t\t\t\t\t\t\t\t\t\t\t\t\t\t<span>1 ba\u00f1o<\/span>\n\t\t\t\t\t\t\t\t\t\t\t\t\t<\/span>\n\t\t\t\t\t\n\t\t\t\t\t\t\t\t\t\t\t<span class=\"ls-single-hebergement__icon\">\n\t\t\t\t\t\t\t<i class=\"tilleuls-animaux\"><\/i>\n\t\t\t\t\t\t\t<span>Se admiten mascotas<\/span>\n\t\t\t\t\t\t<\/span>\n\n\t\t\t\t\t\n\t\t\t\t\t\n\t\t\t\t<\/div> <!-- End icons -->\n\n\n\t\t\t\t<div class=\"ls-single-hebergement__buttons_single\">\n\n\t\t\t\t\t<!-- Plan Button -->\n\t\t\t\t\t\t\t\t\t\t<!-- End plan button -->\n\n\n\t\t\t\t\t<!-- Inventaire Button -->\n\t\t\t\t\t\t\t\t\t\t<!-- End Inventaire button -->\n\n\t\t\t\t\t<!-- Emplacement Button -->\n\t\t\t\t\t\t\t\t\t\t<!-- End Emplacement button -->\n\n\t\t\t\t<\/div> <!-- End buttons -->\n\n\n\t\t\t\t<div class=\"ls-single-hebergement__description\">\n\t\t\t\t\t<p style=\"text-align: center;\">MICROONDAS | <span style=\"font-weight: 400;\"> NEVERA <\/span><span style=\"font-weight: 400;\">|<\/span> CONGELADOR <span style=\"font-weight: 400;\">|<\/span> TERRAZA <span style=\"font-weight: 400;\">|<\/span> 1 PLAZA DE APARCAMIENTO <span style=\"font-weight: 400;\">|<\/span> WI-FI<\/p>\n<p> Esta casa m\u00f3vil de Hautes-Pyr\u00e9n\u00e9es dispone de 3 habitaciones: una con cama de matrimonio y otras 2 con dos camas individuales. Sal\u00f3n con zona de cocina equipada con nevera\/congelador, microondas, vitrocer\u00e1mica con campana extractora, cafetera el\u00e9ctrica, as\u00ed como vajilla y utensilios de cocina. Cuarto de ba\u00f1o y WC independientes. Una terraza cubierta con muebles de jard\u00edn<\/p>\n\t\t\t\t<\/div>\n\n\t\t\t\t\t\t\t<\/div>\n\n\t\t<\/div>\n\t\t<div class=\"ls-single-hebergement-resa\">\n\t\t\t\t\t\t\t<iframe data-src=\"https:\/\/www.ombredestilleuls.com\/wp-content\/themes\/lasai-child\/partials\/loops\/frame-thelis.php?id=14&#038;lang=es&#038;id_camping=alombredestilleuls\" width=\"100%\" height=\"1000\" frameborder=\"0\"><\/iframe>\n\t\t\t\t\t<\/div>\n\t<\/div>\n<\/div><\/div><div class=\"ls-hebergement\" data-postid='2930' data-id-reservation='9' data-id-site='' data-id1='' data-nombre_de_personnes='12' data-nombre_de_chambres='6' data-last-update='' data-type='locations'>\n\t<div class=\"ls-hebergement__thumb\">\n\t\t\t\t<img decoding=\"async\" src=\"https:\/\/www.ombredestilleuls.com\/wp-content\/uploads\/2023\/12\/mobil-home-6-chambres-platine.webp\" alt=\"CASA M\u00d3VIL 6 DORMITORIOS PLATINO\" \/>\n\t\t<div class=\"ls-hebergement__title\">\n\t\t\tCASA M\u00d3VIL 6 DORMITORIOS PLATINO\t\t<\/div>\n\t<\/div>\n\t \n\t<div class=\"ls-hebergement__content\">\n\n\t\t<div class=\"ls-hebergement__details\">\n\n\t\t\t<div class=\"ls-hebergement__icons\">\n\n\t\t\t\t\t\t\t\t\t<span class=\"ls-hebergement__icon\">\n\t\t\t\t\t\t<i class=\"tilleuls-famille\"><\/i>\n\t\t\t\t\t\t<span>12<\/span>\n\t\t\t\t\t<\/span>\n\t\t\t\t\n\t\t\t\t\t\t\t\t\t<span class=\"ls-hebergement__icon\">\n\t\t\t\t\t\t<i class=\"tilleuls-porte\"><\/i>\n\t\t\t\t\t\t<span>6<\/span>\n\t\t\t\t\t<\/span>\n\t\t\t\t\n\t\t\t\t\t\t\t\t\t<span class=\"ls-hebergement__icon\">\n\t\t\t\t\t\t<i class=\"tilleuls-douche\"><\/i>\n\t\t\t\t\t\t<span>2<\/span>\n\t\t\t\t\t<\/span>\n\t\t\t\t\n\t\t\t\t\t\t\t\t\t<span class=\"ls-hebergement__icon\">\n\t\t\t\t\t\t<i class=\"tilleuls-surface\"><\/i>\n\t\t\t\t\t\t<span>68m\u00b2<\/span>\n\t\t\t\t\t<\/span>\n\t\t\t\t\n\t\t\t\t\t\t\t\t\t<span class=\"ls-hebergement__icon\">\n\t\t\t\t\t\t<i class=\"tilleuls-pas-danimaux\"><\/i>\n\t\t\t\t\t\t<!-- <span><\/span> -->\n\t\t\t\t\t<\/span>\n\t\t\t\t\n\n\n\t\t\t\t\n\t\t\t<\/div>\n\t\t<\/div>\n\n\t\t<div class=\"ls-hebergement__disponibilite ls-button aligncenter\">\n\t\t\t<span class=\"text\">Descubra<\/span>\n\t\t<\/div>\n\t<\/div>\n\t\n<div class=\"ls-single-hebergement\" data-postid='2930' data-id-reservation='9' data-id-site='' data-id1='' data-nombre_de_personnes='12' data-nombre_de_chambres='6' data-last-update='' data-type='locations'>\n\t<div class=\"container\">\n\n\t\t\t\t\t<div class=\"ls-single-hebergement__close\">\n\t\t\t\t<i class=\"fas fa-times\"><\/i>\n\t\t\t<\/div>\n\t\t\n\t\t<h2 class=ls-single-hebergement__title>CASA M\u00d3VIL 6 DORMITORIOS PLATINO<\/h2>\n\n\t\t<img decoding=\"async\" width=\"1024\" height=\"768\" src=\"https:\/\/www.ombredestilleuls.com\/wp-content\/uploads\/2023\/12\/mobil-home-6-chambres-platine.webp\" class=\"attachment-full size-full wp-post-image\" alt=\"mobil home chambres platine\" srcset=\"https:\/\/www.ombredestilleuls.com\/wp-content\/uploads\/2023\/12\/mobil-home-6-chambres-platine.webp 1024w, https:\/\/www.ombredestilleuls.com\/wp-content\/uploads\/2023\/12\/mobil-home-6-chambres-platine-300x225.webp 300w, https:\/\/www.ombredestilleuls.com\/wp-content\/uploads\/2023\/12\/mobil-home-6-chambres-platine-768x576.webp 768w\" sizes=\"(max-width: 1024px) 100vw, 1024px\" \/>\t\t<div class=\"wp-block-columns\">\n\t\t\t<div class=\"wp-block-column\">\n\n\t\t\t\t\t\t\t\t\t<ul class=\"ls-single-hebergement__galerie\">\n\t\t\t\t\t\t\t\t\t\t\t\t\t<li>\n\t\t\t\t\t\t\t\t<a href=\"https:\/\/www.ombredestilleuls.com\/wp-content\/uploads\/2023\/12\/mobil-home-6-chambres-platine.webp\" data-fancybox=\"hebergement\">\n\t\t\t\t\t\t\t\t\t<img decoding=\"async\" src=\"https:\/\/www.ombredestilleuls.com\/wp-content\/uploads\/2023\/12\/mobil-home-6-chambres-platine-150x150.webp\" alt=\"mobil home chambres platine\" \/>\n\t\t\t\t\t\t\t\t<\/a>\n\t\t\t\t\t\t\t<\/li>\n\t\t\t\t\t\t\t\t\t\t\t\t\t<li>\n\t\t\t\t\t\t\t\t<a href=\"https:\/\/www.ombredestilleuls.com\/wp-content\/uploads\/2023\/12\/mobil-home-6-chambres-platine-1.webp\" data-fancybox=\"hebergement\">\n\t\t\t\t\t\t\t\t\t<img decoding=\"async\" src=\"https:\/\/www.ombredestilleuls.com\/wp-content\/uploads\/2023\/12\/mobil-home-6-chambres-platine-1-150x150.webp\" alt=\"mobil home chambres platine\" \/>\n\t\t\t\t\t\t\t\t<\/a>\n\t\t\t\t\t\t\t<\/li>\n\t\t\t\t\t\t\t\t\t\t\t\t\t<li>\n\t\t\t\t\t\t\t\t<a href=\"https:\/\/www.ombredestilleuls.com\/wp-content\/uploads\/2023\/12\/mobil-home-6-chambres-platine-2.webp\" data-fancybox=\"hebergement\">\n\t\t\t\t\t\t\t\t\t<img decoding=\"async\" src=\"https:\/\/www.ombredestilleuls.com\/wp-content\/uploads\/2023\/12\/mobil-home-6-chambres-platine-2-150x150.webp\" alt=\"mobil home chambres platine\" \/>\n\t\t\t\t\t\t\t\t<\/a>\n\t\t\t\t\t\t\t<\/li>\n\t\t\t\t\t\t\t\t\t\t\t\t\t<li>\n\t\t\t\t\t\t\t\t<a href=\"https:\/\/www.ombredestilleuls.com\/wp-content\/uploads\/2023\/12\/mobil-home-6-chambres-platine-3.webp\" data-fancybox=\"hebergement\">\n\t\t\t\t\t\t\t\t\t<img decoding=\"async\" src=\"https:\/\/www.ombredestilleuls.com\/wp-content\/uploads\/2023\/12\/mobil-home-6-chambres-platine-3-150x150.webp\" alt=\"mobil home chambres platine\" \/>\n\t\t\t\t\t\t\t\t<\/a>\n\t\t\t\t\t\t\t<\/li>\n\t\t\t\t\t\t\t\t\t\t\t\t\t<li>\n\t\t\t\t\t\t\t\t<a href=\"https:\/\/www.ombredestilleuls.com\/wp-content\/uploads\/2023\/12\/mobil-home-6-chambres-platine-4.webp\" data-fancybox=\"hebergement\">\n\t\t\t\t\t\t\t\t\t<img decoding=\"async\" src=\"https:\/\/www.ombredestilleuls.com\/wp-content\/uploads\/2023\/12\/mobil-home-6-chambres-platine-4-150x150.webp\" alt=\"mobil home chambres platine\" \/>\n\t\t\t\t\t\t\t\t<\/a>\n\t\t\t\t\t\t\t<\/li>\n\t\t\t\t\t\t\t\t\t\t\t\t\t<li>\n\t\t\t\t\t\t\t\t<a href=\"https:\/\/www.ombredestilleuls.com\/wp-content\/uploads\/2023\/12\/mobil-home-6-chambres-platine-5.webp\" data-fancybox=\"hebergement\">\n\t\t\t\t\t\t\t\t\t<img decoding=\"async\" src=\"https:\/\/www.ombredestilleuls.com\/wp-content\/uploads\/2023\/12\/mobil-home-6-chambres-platine-5-150x150.webp\" alt=\"mobil home chambres platine\" \/>\n\t\t\t\t\t\t\t\t<\/a>\n\t\t\t\t\t\t\t<\/li>\n\t\t\t\t\t\t\t\t\t\t\t\t\t<li>\n\t\t\t\t\t\t\t\t<a href=\"https:\/\/www.ombredestilleuls.com\/wp-content\/uploads\/2023\/12\/mobil-home-6-chambres-platine-6.webp\" data-fancybox=\"hebergement\">\n\t\t\t\t\t\t\t\t\t<img decoding=\"async\" src=\"https:\/\/www.ombredestilleuls.com\/wp-content\/uploads\/2023\/12\/mobil-home-6-chambres-platine-6-150x150.webp\" alt=\"mobil home chambres platine\" \/>\n\t\t\t\t\t\t\t\t<\/a>\n\t\t\t\t\t\t\t<\/li>\n\t\t\t\t\t\t\t\t\t\t\t\t\t<li>\n\t\t\t\t\t\t\t\t<a href=\"https:\/\/www.ombredestilleuls.com\/wp-content\/uploads\/2023\/12\/mobil-home-6-chambres-platine-7.webp\" data-fancybox=\"hebergement\">\n\t\t\t\t\t\t\t\t\t<img decoding=\"async\" src=\"https:\/\/www.ombredestilleuls.com\/wp-content\/uploads\/2023\/12\/mobil-home-6-chambres-platine-7-150x150.webp\" alt=\"mobil home chambres platine\" \/>\n\t\t\t\t\t\t\t\t<\/a>\n\t\t\t\t\t\t\t<\/li>\n\t\t\t\t\t\t\t\t\t\t\t<\/ul>\n\t\t\t\t\n\t\t\t\t<div class=\"ls-single-hebergement__icons_single\">\n\n\t\t\t\t\t\t\t\t\t\t\t<span class=\"ls-single-hebergement__icon\">\n\t\t\t\t\t\t\t<i class=\"tilleuls-surface\"><\/i>\n\t\t\t\t\t\t\t<span>68m\u00b2<\/span>\n\t\t\t\t\t\t<\/span>\n\t\t\t\t\t\n\t\t\t\t\t\t\t\t\t\t\t<span class=\"ls-single-hebergement__icon\">\n\t\t\t\t\t\t\t<i class=\"tilleuls-famille\"><\/i>\n\t\t\t\t\t\t\t\t\t\t\t\t\t\t\t<span>12 pers<\/span>\n\t\t\t\t\t\t\t\t\t\t\t\t\t<\/span>\n\t\t\t\t\t\n\t\t\t\t\t\t\t\t\t\t\t<span class=\"ls-single-hebergement__icon\">\n\t\t\t\t\t\t\t<i class=\"tilleuls-porte\"><\/i>\n\t\t\t\t\t\t\t\t\t\t\t\t\t\t\t<span>6 hab<\/span>\n\t\t\t\t\t\t\t\t\t\t\t\t\t<\/span>\n\t\t\t\t\t\n\t\t\t\t\t\t\t\t\t\t\t<span class=\"ls-single-hebergement__icon\">\n\t\t\t\t\t\t\t<i class=\"tilleuls-douche\"><\/i>\n\t\t\t\t\t\t\t\t\t\t\t\t\t\t\t<span>2 ba\u00f1o<\/span>\n\t\t\t\t\t\t\t\t\t\t\t\t\t<\/span>\n\t\t\t\t\t\n\t\t\t\t\t\t\t\t\t\t\t<span class=\"ls-single-hebergement__icon\">\n\t\t\t\t\t\t\t<i class=\"tilleuls-pas-danimaux\"><\/i>\n\t\t\t\t\t\t\t<span>No se admiten animales<\/span>\n\t\t\t\t\t\t<\/span>\n\t\t\t\t\t\n\t\t\t\t\t\n\t\t\t\t<\/div> <!-- End icons -->\n\n\n\t\t\t\t<div class=\"ls-single-hebergement__buttons_single\">\n\n\t\t\t\t\t<!-- Plan Button -->\n\t\t\t\t\t\t\t\t\t\t<!-- End plan button -->\n\n\n\t\t\t\t\t<!-- Inventaire Button -->\n\t\t\t\t\t\t\t\t\t\t<!-- End Inventaire button -->\n\n\t\t\t\t\t<!-- Emplacement Button -->\n\t\t\t\t\t\t\t\t\t\t<!-- End Emplacement button -->\n\n\t\t\t\t<\/div> <!-- End buttons -->\n\n\n\t\t\t\t<div class=\"ls-single-hebergement__description\">\n\t\t\t\t\t<p style=\"text-align: center;\">CALEFACCI\u00d3N <span style=\"font-weight: 400;\">|<\/span> MICROONDAS | <span style=\"font-weight: 400;\"> NEVERA <\/span><span style=\"font-weight: 400;\">|<\/span> CONGELADOR <span style=\"font-weight: 400;\">|<\/span> TERRAZA <span style=\"font-weight: 400;\">|<\/span> BARBACOA <span style=\"font-weight: 400;\">|<\/span> 2 PLAZAS DE APARCAMIENTO | <span style=\"font-weight: 400;\"> VISTA<\/span> <span style=\"font-weight: 400;\">|<\/span> WI-FI <span style=\"font-weight: 400;\">|<\/span> SPA<\/p>\n<p> Venga a alojarse en los Altos Pirineos con una familia numerosa o mixta, amigos o parejas con ni\u00f1os. El Espace TRIBU consta de 2 mobil-homes unidos por una gran terraza y tiene capacidad para 12 personas: 2 habitaciones con cama de matrimonio y 4 habitaciones con 2 camas individuales&#8230; En cada casa m\u00f3vil, sala de estar con zona de cocina equipada con vitrocer\u00e1mica con campana extractora, microondas, nevera\/congelador, cafetera el\u00e9ctrica de filtro, as\u00ed como vajilla y utensilios de cocina. Un cuarto de ba\u00f1o y un WC separado en cada casa m\u00f3vil. Una p\u00e9rgola central cubre la terraza equipada con mobiliario de jard\u00edn, SPA, tumbonas, plancha&#8230; Todo ello con magn\u00edficas vistas a la monta\u00f1a.<\/p>\n\t\t\t\t<\/div>\n\n\t\t\t\t\t\t\t<\/div>\n\n\t\t<\/div>\n\t\t<div class=\"ls-single-hebergement-resa\">\n\t\t\t\t\t\t\t<iframe data-src=\"https:\/\/www.ombredestilleuls.com\/wp-content\/themes\/lasai-child\/partials\/loops\/frame-thelis.php?id=9&#038;lang=es&#038;id_camping=alombredestilleuls\" width=\"100%\" height=\"1000\" frameborder=\"0\"><\/iframe>\n\t\t\t\t\t<\/div>\n\t<\/div>\n<\/div><\/div><div class=\"ls-hebergement\" data-postid='2928' data-id-reservation='17' data-id-site='' data-id1='' data-nombre_de_personnes='6' data-nombre_de_chambres='3' data-last-update='' data-type='locations'>\n\t<div class=\"ls-hebergement__thumb\">\n\t\t\t\t<img decoding=\"async\" src=\"https:\/\/www.ombredestilleuls.com\/wp-content\/uploads\/2023\/12\/mobil-home-3-chambres-argent-ophea.webp\" alt=\"CASA M\u00d3VIL 3 HABITACIONES PLATA (OPHEA)\" \/>\n\t\t<div class=\"ls-hebergement__title\">\n\t\t\tCASA M\u00d3VIL 3 HABITACIONES PLATA (OPHEA)\t\t<\/div>\n\t<\/div>\n\t \n\t<div class=\"ls-hebergement__content\">\n\n\t\t<div class=\"ls-hebergement__details\">\n\n\t\t\t<div class=\"ls-hebergement__icons\">\n\n\t\t\t\t\t\t\t\t\t<span class=\"ls-hebergement__icon\">\n\t\t\t\t\t\t<i class=\"tilleuls-famille\"><\/i>\n\t\t\t\t\t\t<span>6<\/span>\n\t\t\t\t\t<\/span>\n\t\t\t\t\n\t\t\t\t\t\t\t\t\t<span class=\"ls-hebergement__icon\">\n\t\t\t\t\t\t<i class=\"tilleuls-porte\"><\/i>\n\t\t\t\t\t\t<span>3<\/span>\n\t\t\t\t\t<\/span>\n\t\t\t\t\n\t\t\t\t\t\t\t\t\t<span class=\"ls-hebergement__icon\">\n\t\t\t\t\t\t<i class=\"tilleuls-douche\"><\/i>\n\t\t\t\t\t\t<span>1<\/span>\n\t\t\t\t\t<\/span>\n\t\t\t\t\n\t\t\t\t\t\t\t\t\t<span class=\"ls-hebergement__icon\">\n\t\t\t\t\t\t<i class=\"tilleuls-surface\"><\/i>\n\t\t\t\t\t\t<span>33m\u00b2<\/span>\n\t\t\t\t\t<\/span>\n\t\t\t\t\n\t\t\t\t\t\t\t\t\t<span class=\"ls-hebergement__icon\">\n\t\t\t\t\t\t<i class=\"tilleuls-animaux\"><\/i>\n\t\t\t\t\t\t<!-- <span><\/span> -->\n\t\t\t\t\t<\/span>\n\t\t\t\t\t\t\n\t\t\t\t\n\n\n\t\t\t\t\n\t\t\t<\/div>\n\t\t<\/div>\n\n\t\t<div class=\"ls-hebergement__disponibilite ls-button aligncenter\">\n\t\t\t<span class=\"text\">Descubra<\/span>\n\t\t<\/div>\n\t<\/div>\n\t\n<div class=\"ls-single-hebergement\" data-postid='2928' data-id-reservation='17' data-id-site='' data-id1='' data-nombre_de_personnes='6' data-nombre_de_chambres='3' data-last-update='' data-type='locations'>\n\t<div class=\"container\">\n\n\t\t\t\t\t<div class=\"ls-single-hebergement__close\">\n\t\t\t\t<i class=\"fas fa-times\"><\/i>\n\t\t\t<\/div>\n\t\t\n\t\t<h2 class=ls-single-hebergement__title>CASA M\u00d3VIL 3 HABITACIONES PLATA (OPHEA)<\/h2>\n\n\t\t<img decoding=\"async\" width=\"1024\" height=\"1024\" src=\"https:\/\/www.ombredestilleuls.com\/wp-content\/uploads\/2023\/12\/mobil-home-3-chambres-argent-ophea.webp\" class=\"attachment-full size-full wp-post-image\" alt=\"mobil home habitaciones silver ophea\" srcset=\"https:\/\/www.ombredestilleuls.com\/wp-content\/uploads\/2023\/12\/mobil-home-3-chambres-argent-ophea.webp 1024w, https:\/\/www.ombredestilleuls.com\/wp-content\/uploads\/2023\/12\/mobil-home-3-chambres-argent-ophea-300x300.webp 300w, https:\/\/www.ombredestilleuls.com\/wp-content\/uploads\/2023\/12\/mobil-home-3-chambres-argent-ophea-150x150.webp 150w, https:\/\/www.ombredestilleuls.com\/wp-content\/uploads\/2023\/12\/mobil-home-3-chambres-argent-ophea-768x768.webp 768w\" sizes=\"(max-width: 1024px) 100vw, 1024px\" \/>\t\t<div class=\"wp-block-columns\">\n\t\t\t<div class=\"wp-block-column\">\n\n\t\t\t\t\t\t\t\t\t<ul class=\"ls-single-hebergement__galerie\">\n\t\t\t\t\t\t\t\t\t\t\t\t\t<li>\n\t\t\t\t\t\t\t\t<a href=\"https:\/\/www.ombredestilleuls.com\/wp-content\/uploads\/2023\/12\/mobil-home-3-chambres-argent-ophea.webp\" data-fancybox=\"hebergement\">\n\t\t\t\t\t\t\t\t\t<img decoding=\"async\" src=\"https:\/\/www.ombredestilleuls.com\/wp-content\/uploads\/2023\/12\/mobil-home-3-chambres-argent-ophea-150x150.webp\" alt=\"mobil home habitaciones silver ophea\" \/>\n\t\t\t\t\t\t\t\t<\/a>\n\t\t\t\t\t\t\t<\/li>\n\t\t\t\t\t\t\t\t\t\t\t\t\t<li>\n\t\t\t\t\t\t\t\t<a href=\"https:\/\/www.ombredestilleuls.com\/wp-content\/uploads\/2023\/12\/mobil-home-3-chambres-argent-ophea-1.webp\" data-fancybox=\"hebergement\">\n\t\t\t\t\t\t\t\t\t<img decoding=\"async\" src=\"https:\/\/www.ombredestilleuls.com\/wp-content\/uploads\/2023\/12\/mobil-home-3-chambres-argent-ophea-1-150x150.webp\" alt=\"mobil home habitaciones silver ophea\" \/>\n\t\t\t\t\t\t\t\t<\/a>\n\t\t\t\t\t\t\t<\/li>\n\t\t\t\t\t\t\t\t\t\t\t\t\t<li>\n\t\t\t\t\t\t\t\t<a href=\"https:\/\/www.ombredestilleuls.com\/wp-content\/uploads\/2023\/12\/mobil-home-3-chambres-argent-ophea-2.webp\" data-fancybox=\"hebergement\">\n\t\t\t\t\t\t\t\t\t<img decoding=\"async\" src=\"https:\/\/www.ombredestilleuls.com\/wp-content\/uploads\/2023\/12\/mobil-home-3-chambres-argent-ophea-2-150x150.webp\" alt=\"mobil home habitaciones silver ophea\" \/>\n\t\t\t\t\t\t\t\t<\/a>\n\t\t\t\t\t\t\t<\/li>\n\t\t\t\t\t\t\t\t\t\t\t\t\t<li>\n\t\t\t\t\t\t\t\t<a href=\"https:\/\/www.ombredestilleuls.com\/wp-content\/uploads\/2023\/12\/mobil-home-3-chambres-argent-ophea-3.webp\" data-fancybox=\"hebergement\">\n\t\t\t\t\t\t\t\t\t<img decoding=\"async\" src=\"https:\/\/www.ombredestilleuls.com\/wp-content\/uploads\/2023\/12\/mobil-home-3-chambres-argent-ophea-3-150x150.webp\" alt=\"mobil home habitaciones silver ophea\" \/>\n\t\t\t\t\t\t\t\t<\/a>\n\t\t\t\t\t\t\t<\/li>\n\t\t\t\t\t\t\t\t\t\t\t\t\t<li>\n\t\t\t\t\t\t\t\t<a href=\"https:\/\/www.ombredestilleuls.com\/wp-content\/uploads\/2023\/12\/mobil-home-3-chambres-argent-ophea-4.webp\" data-fancybox=\"hebergement\">\n\t\t\t\t\t\t\t\t\t<img decoding=\"async\" src=\"https:\/\/www.ombredestilleuls.com\/wp-content\/uploads\/2023\/12\/mobil-home-3-chambres-argent-ophea-4-150x150.webp\" alt=\"mobil home habitaciones silver ophea\" \/>\n\t\t\t\t\t\t\t\t<\/a>\n\t\t\t\t\t\t\t<\/li>\n\t\t\t\t\t\t\t\t\t\t\t\t\t<li>\n\t\t\t\t\t\t\t\t<a href=\"https:\/\/www.ombredestilleuls.com\/wp-content\/uploads\/2023\/12\/mobil-home-3-chambres-argent-ophea-5.webp\" data-fancybox=\"hebergement\">\n\t\t\t\t\t\t\t\t\t<img decoding=\"async\" src=\"https:\/\/www.ombredestilleuls.com\/wp-content\/uploads\/2023\/12\/mobil-home-3-chambres-argent-ophea-5-150x150.webp\" alt=\"mobil home habitaciones silver ophea\" \/>\n\t\t\t\t\t\t\t\t<\/a>\n\t\t\t\t\t\t\t<\/li>\n\t\t\t\t\t\t\t\t\t\t\t\t\t<li>\n\t\t\t\t\t\t\t\t<a href=\"https:\/\/www.ombredestilleuls.com\/wp-content\/uploads\/2023\/12\/mobil-home-3-chambres-argent-ophea-6.webp\" data-fancybox=\"hebergement\">\n\t\t\t\t\t\t\t\t\t<img decoding=\"async\" src=\"https:\/\/www.ombredestilleuls.com\/wp-content\/uploads\/2023\/12\/mobil-home-3-chambres-argent-ophea-6-150x150.webp\" alt=\"mobil home habitaciones silver ophea\" \/>\n\t\t\t\t\t\t\t\t<\/a>\n\t\t\t\t\t\t\t<\/li>\n\t\t\t\t\t\t\t\t\t\t\t<\/ul>\n\t\t\t\t\n\t\t\t\t<div class=\"ls-single-hebergement__icons_single\">\n\n\t\t\t\t\t\t\t\t\t\t\t<span class=\"ls-single-hebergement__icon\">\n\t\t\t\t\t\t\t<i class=\"tilleuls-surface\"><\/i>\n\t\t\t\t\t\t\t<span>33m\u00b2<\/span>\n\t\t\t\t\t\t<\/span>\n\t\t\t\t\t\n\t\t\t\t\t\t\t\t\t\t\t<span class=\"ls-single-hebergement__icon\">\n\t\t\t\t\t\t\t<i class=\"tilleuls-famille\"><\/i>\n\t\t\t\t\t\t\t\t\t\t\t\t\t\t\t<span>6 pers<\/span>\n\t\t\t\t\t\t\t\t\t\t\t\t\t<\/span>\n\t\t\t\t\t\n\t\t\t\t\t\t\t\t\t\t\t<span class=\"ls-single-hebergement__icon\">\n\t\t\t\t\t\t\t<i class=\"tilleuls-porte\"><\/i>\n\t\t\t\t\t\t\t\t\t\t\t\t\t\t\t<span>3 hab<\/span>\n\t\t\t\t\t\t\t\t\t\t\t\t\t<\/span>\n\t\t\t\t\t\n\t\t\t\t\t\t\t\t\t\t\t<span class=\"ls-single-hebergement__icon\">\n\t\t\t\t\t\t\t<i class=\"tilleuls-douche\"><\/i>\n\t\t\t\t\t\t\t\t\t\t\t\t\t\t\t<span>1 ba\u00f1o<\/span>\n\t\t\t\t\t\t\t\t\t\t\t\t\t<\/span>\n\t\t\t\t\t\n\t\t\t\t\t\t\t\t\t\t\t<span class=\"ls-single-hebergement__icon\">\n\t\t\t\t\t\t\t<i class=\"tilleuls-animaux\"><\/i>\n\t\t\t\t\t\t\t<span>Se admiten mascotas<\/span>\n\t\t\t\t\t\t<\/span>\n\n\t\t\t\t\t\n\t\t\t\t\t\n\t\t\t\t<\/div> <!-- End icons -->\n\n\n\t\t\t\t<div class=\"ls-single-hebergement__buttons_single\">\n\n\t\t\t\t\t<!-- Plan Button -->\n\t\t\t\t\t\t\t\t\t\t<!-- End plan button -->\n\n\n\t\t\t\t\t<!-- Inventaire Button -->\n\t\t\t\t\t\t\t\t\t\t<!-- End Inventaire button -->\n\n\t\t\t\t\t<!-- Emplacement Button -->\n\t\t\t\t\t\t\t\t\t\t<!-- End Emplacement button -->\n\n\t\t\t\t<\/div> <!-- End buttons -->\n\n\n\t\t\t\t<div class=\"ls-single-hebergement__description\">\n\t\t\t\t\t<p style=\"text-align: center;\">CALEFACCI\u00d3N <span style=\"font-weight: 400;\">|<\/span> MICROONDAS | <span style=\"font-weight: 400;\"> NEVERA <\/span><span style=\"font-weight: 400;\">|<\/span> CONGELADOR <span style=\"font-weight: 400;\">|<\/span> TERRAZA <span style=\"font-weight: 400;\">|<\/span> 1 PLAZA DE APARCAMIENTO <span style=\"font-weight: 400;\">|<\/span> WI-FI<\/p>\n<p> Casa m\u00f3vil en los Altos Pirineos con capacidad para 6\/8 personas: un dormitorio con cama de matrimonio, dos dormitorios con dos camas individuales y el sof\u00e1 del sal\u00f3n convertible en cama de matrimonio. Una zona de cocina equipada con nevera\/congelador, microondas, vitrocer\u00e1mica con campana extractora, cafetera el\u00e9ctrica, vajilla y utensilios de cocina. Cuarto de ba\u00f1o y WC independientes. Terraza semicubierta con muebles de jard\u00edn.<\/p>\n\t\t\t\t<\/div>\n\n\t\t\t\t\t\t\t<\/div>\n\n\t\t<\/div>\n\t\t<div class=\"ls-single-hebergement-resa\">\n\t\t\t\t\t\t\t<iframe data-src=\"https:\/\/www.ombredestilleuls.com\/wp-content\/themes\/lasai-child\/partials\/loops\/frame-thelis.php?id=17&#038;lang=es&#038;id_camping=alombredestilleuls\" width=\"100%\" height=\"1000\" frameborder=\"0\"><\/iframe>\n\t\t\t\t\t<\/div>\n\t<\/div>\n<\/div><\/div><div class=\"ls-hebergement\" data-postid='2926' data-id-reservation='18' data-id-site='' data-id1='' data-nombre_de_personnes='4' data-nombre_de_chambres='2' data-last-update='' data-type='locations'>\n\t<div class=\"ls-hebergement__thumb\">\n\t\t\t\t<img decoding=\"async\" src=\"https:\/\/www.ombredestilleuls.com\/wp-content\/uploads\/2023\/12\/mobil-home-2-chambres-argent-ophea.webp\" alt=\"CASA M\u00d3VIL 2 DORMITORIOS PLATA (OPHEA)\" \/>\n\t\t<div class=\"ls-hebergement__title\">\n\t\t\tCASA M\u00d3VIL 2 DORMITORIOS PLATA (OPHEA)\t\t<\/div>\n\t<\/div>\n\t \n\t<div class=\"ls-hebergement__content\">\n\n\t\t<div class=\"ls-hebergement__details\">\n\n\t\t\t<div class=\"ls-hebergement__icons\">\n\n\t\t\t\t\t\t\t\t\t<span class=\"ls-hebergement__icon\">\n\t\t\t\t\t\t<i class=\"tilleuls-famille\"><\/i>\n\t\t\t\t\t\t<span>4<\/span>\n\t\t\t\t\t<\/span>\n\t\t\t\t\n\t\t\t\t\t\t\t\t\t<span class=\"ls-hebergement__icon\">\n\t\t\t\t\t\t<i class=\"tilleuls-porte\"><\/i>\n\t\t\t\t\t\t<span>2<\/span>\n\t\t\t\t\t<\/span>\n\t\t\t\t\n\t\t\t\t\t\t\t\t\t<span class=\"ls-hebergement__icon\">\n\t\t\t\t\t\t<i class=\"tilleuls-douche\"><\/i>\n\t\t\t\t\t\t<span>1<\/span>\n\t\t\t\t\t<\/span>\n\t\t\t\t\n\t\t\t\t\t\t\t\t\t<span class=\"ls-hebergement__icon\">\n\t\t\t\t\t\t<i class=\"tilleuls-surface\"><\/i>\n\t\t\t\t\t\t<span>32m\u00b2<\/span>\n\t\t\t\t\t<\/span>\n\t\t\t\t\n\t\t\t\t\t\t\t\t\t<span class=\"ls-hebergement__icon\">\n\t\t\t\t\t\t<i class=\"tilleuls-animaux\"><\/i>\n\t\t\t\t\t\t<!-- <span><\/span> -->\n\t\t\t\t\t<\/span>\n\t\t\t\t\t\t\n\t\t\t\t\n\n\n\t\t\t\t\n\t\t\t<\/div>\n\t\t<\/div>\n\n\t\t<div class=\"ls-hebergement__disponibilite ls-button aligncenter\">\n\t\t\t<span class=\"text\">Descubra<\/span>\n\t\t<\/div>\n\t<\/div>\n\t\n<div class=\"ls-single-hebergement\" data-postid='2926' data-id-reservation='18' data-id-site='' data-id1='' data-nombre_de_personnes='4' data-nombre_de_chambres='2' data-last-update='' data-type='locations'>\n\t<div class=\"container\">\n\n\t\t\t\t\t<div class=\"ls-single-hebergement__close\">\n\t\t\t\t<i class=\"fas fa-times\"><\/i>\n\t\t\t<\/div>\n\t\t\n\t\t<h2 class=ls-single-hebergement__title>CASA M\u00d3VIL 2 DORMITORIOS PLATA (OPHEA)<\/h2>\n\n\t\t<img decoding=\"async\" width=\"1024\" height=\"768\" src=\"https:\/\/www.ombredestilleuls.com\/wp-content\/uploads\/2023\/12\/mobil-home-2-chambres-argent-ophea.webp\" class=\"attachment-full size-full wp-post-image\" alt=\"mobil home habitaciones silver ophea\" srcset=\"https:\/\/www.ombredestilleuls.com\/wp-content\/uploads\/2023\/12\/mobil-home-2-chambres-argent-ophea.webp 1024w, https:\/\/www.ombredestilleuls.com\/wp-content\/uploads\/2023\/12\/mobil-home-2-chambres-argent-ophea-300x225.webp 300w, https:\/\/www.ombredestilleuls.com\/wp-content\/uploads\/2023\/12\/mobil-home-2-chambres-argent-ophea-768x576.webp 768w\" sizes=\"(max-width: 1024px) 100vw, 1024px\" \/>\t\t<div class=\"wp-block-columns\">\n\t\t\t<div class=\"wp-block-column\">\n\n\t\t\t\t\t\t\t\t\t<ul class=\"ls-single-hebergement__galerie\">\n\t\t\t\t\t\t\t\t\t\t\t\t\t<li>\n\t\t\t\t\t\t\t\t<a href=\"https:\/\/www.ombredestilleuls.com\/wp-content\/uploads\/2023\/12\/mobil-home-2-chambres-argent-ophea.webp\" data-fancybox=\"hebergement\">\n\t\t\t\t\t\t\t\t\t<img decoding=\"async\" src=\"https:\/\/www.ombredestilleuls.com\/wp-content\/uploads\/2023\/12\/mobil-home-2-chambres-argent-ophea-150x150.webp\" alt=\"mobil home habitaciones silver ophea\" \/>\n\t\t\t\t\t\t\t\t<\/a>\n\t\t\t\t\t\t\t<\/li>\n\t\t\t\t\t\t\t\t\t\t\t\t\t<li>\n\t\t\t\t\t\t\t\t<a href=\"https:\/\/www.ombredestilleuls.com\/wp-content\/uploads\/2023\/12\/mobil-home-2-chambres-argent-ophea-1.webp\" data-fancybox=\"hebergement\">\n\t\t\t\t\t\t\t\t\t<img decoding=\"async\" src=\"https:\/\/www.ombredestilleuls.com\/wp-content\/uploads\/2023\/12\/mobil-home-2-chambres-argent-ophea-1-150x150.webp\" alt=\"mobil home habitaciones silver ophea\" \/>\n\t\t\t\t\t\t\t\t<\/a>\n\t\t\t\t\t\t\t<\/li>\n\t\t\t\t\t\t\t\t\t\t\t\t\t<li>\n\t\t\t\t\t\t\t\t<a href=\"https:\/\/www.ombredestilleuls.com\/wp-content\/uploads\/2023\/12\/mobil-home-2-chambres-argent-ophea-2.webp\" data-fancybox=\"hebergement\">\n\t\t\t\t\t\t\t\t\t<img decoding=\"async\" src=\"https:\/\/www.ombredestilleuls.com\/wp-content\/uploads\/2023\/12\/mobil-home-2-chambres-argent-ophea-2-150x150.webp\" alt=\"mobil home habitaciones silver ophea\" \/>\n\t\t\t\t\t\t\t\t<\/a>\n\t\t\t\t\t\t\t<\/li>\n\t\t\t\t\t\t\t\t\t\t\t\t\t<li>\n\t\t\t\t\t\t\t\t<a href=\"https:\/\/www.ombredestilleuls.com\/wp-content\/uploads\/2023\/12\/mobil-home-2-chambres-argent-ophea-3.webp\" data-fancybox=\"hebergement\">\n\t\t\t\t\t\t\t\t\t<img decoding=\"async\" src=\"https:\/\/www.ombredestilleuls.com\/wp-content\/uploads\/2023\/12\/mobil-home-2-chambres-argent-ophea-3-150x150.webp\" alt=\"mobil home habitaciones silver ophea\" \/>\n\t\t\t\t\t\t\t\t<\/a>\n\t\t\t\t\t\t\t<\/li>\n\t\t\t\t\t\t\t\t\t\t\t\t\t<li>\n\t\t\t\t\t\t\t\t<a href=\"https:\/\/www.ombredestilleuls.com\/wp-content\/uploads\/2023\/12\/mobil-home-2-chambres-argent-ophea-4.webp\" data-fancybox=\"hebergement\">\n\t\t\t\t\t\t\t\t\t<img decoding=\"async\" src=\"https:\/\/www.ombredestilleuls.com\/wp-content\/uploads\/2023\/12\/mobil-home-2-chambres-argent-ophea-4-150x150.webp\" alt=\"mobil home habitaciones silver ophea\" \/>\n\t\t\t\t\t\t\t\t<\/a>\n\t\t\t\t\t\t\t<\/li>\n\t\t\t\t\t\t\t\t\t\t\t\t\t<li>\n\t\t\t\t\t\t\t\t<a href=\"https:\/\/www.ombredestilleuls.com\/wp-content\/uploads\/2023\/12\/mobil-home-2-chambres-argent-ophea-5.webp\" data-fancybox=\"hebergement\">\n\t\t\t\t\t\t\t\t\t<img decoding=\"async\" src=\"https:\/\/www.ombredestilleuls.com\/wp-content\/uploads\/2023\/12\/mobil-home-2-chambres-argent-ophea-5-150x150.webp\" alt=\"mobil home habitaciones silver ophea\" \/>\n\t\t\t\t\t\t\t\t<\/a>\n\t\t\t\t\t\t\t<\/li>\n\t\t\t\t\t\t\t\t\t\t\t\t\t<li>\n\t\t\t\t\t\t\t\t<a href=\"https:\/\/www.ombredestilleuls.com\/wp-content\/uploads\/2023\/12\/mobil-home-2-chambres-argent-ophea-6.webp\" data-fancybox=\"hebergement\">\n\t\t\t\t\t\t\t\t\t<img decoding=\"async\" src=\"https:\/\/www.ombredestilleuls.com\/wp-content\/uploads\/2023\/12\/mobil-home-2-chambres-argent-ophea-6-150x150.webp\" alt=\"mobil home habitaciones silver ophea\" \/>\n\t\t\t\t\t\t\t\t<\/a>\n\t\t\t\t\t\t\t<\/li>\n\t\t\t\t\t\t\t\t\t\t\t<\/ul>\n\t\t\t\t\n\t\t\t\t<div class=\"ls-single-hebergement__icons_single\">\n\n\t\t\t\t\t\t\t\t\t\t\t<span class=\"ls-single-hebergement__icon\">\n\t\t\t\t\t\t\t<i class=\"tilleuls-surface\"><\/i>\n\t\t\t\t\t\t\t<span>32m\u00b2<\/span>\n\t\t\t\t\t\t<\/span>\n\t\t\t\t\t\n\t\t\t\t\t\t\t\t\t\t\t<span class=\"ls-single-hebergement__icon\">\n\t\t\t\t\t\t\t<i class=\"tilleuls-famille\"><\/i>\n\t\t\t\t\t\t\t\t\t\t\t\t\t\t\t<span>4 pers<\/span>\n\t\t\t\t\t\t\t\t\t\t\t\t\t<\/span>\n\t\t\t\t\t\n\t\t\t\t\t\t\t\t\t\t\t<span class=\"ls-single-hebergement__icon\">\n\t\t\t\t\t\t\t<i class=\"tilleuls-porte\"><\/i>\n\t\t\t\t\t\t\t\t\t\t\t\t\t\t\t<span>2 hab<\/span>\n\t\t\t\t\t\t\t\t\t\t\t\t\t<\/span>\n\t\t\t\t\t\n\t\t\t\t\t\t\t\t\t\t\t<span class=\"ls-single-hebergement__icon\">\n\t\t\t\t\t\t\t<i class=\"tilleuls-douche\"><\/i>\n\t\t\t\t\t\t\t\t\t\t\t\t\t\t\t<span>1 ba\u00f1o<\/span>\n\t\t\t\t\t\t\t\t\t\t\t\t\t<\/span>\n\t\t\t\t\t\n\t\t\t\t\t\t\t\t\t\t\t<span class=\"ls-single-hebergement__icon\">\n\t\t\t\t\t\t\t<i class=\"tilleuls-animaux\"><\/i>\n\t\t\t\t\t\t\t<span>Se admiten mascotas<\/span>\n\t\t\t\t\t\t<\/span>\n\n\t\t\t\t\t\n\t\t\t\t\t\n\t\t\t\t<\/div> <!-- End icons -->\n\n\n\t\t\t\t<div class=\"ls-single-hebergement__buttons_single\">\n\n\t\t\t\t\t<!-- Plan Button -->\n\t\t\t\t\t\t\t\t\t\t<!-- End plan button -->\n\n\n\t\t\t\t\t<!-- Inventaire Button -->\n\t\t\t\t\t\t\t\t\t\t<!-- End Inventaire button -->\n\n\t\t\t\t\t<!-- Emplacement Button -->\n\t\t\t\t\t\t\t\t\t\t<!-- End Emplacement button -->\n\n\t\t\t\t<\/div> <!-- End buttons -->\n\n\n\t\t\t\t<div class=\"ls-single-hebergement__description\">\n\t\t\t\t\t<p style=\"text-align: center;\">CALEFACCI\u00d3N <span style=\"font-weight: 400;\">|<\/span> MICROONDAS | <span style=\"font-weight: 400;\"> NEVERA <\/span><span style=\"font-weight: 400;\">|<\/span> CONGELADOR <span style=\"font-weight: 400;\">|<\/span> TERRAZA <span style=\"font-weight: 400;\">|<\/span> 1 PLAZA DE APARCAMIENTO <span style=\"font-weight: 400;\">|<\/span> WI-FI<\/p>\n<p> Casa m\u00f3vil de 4\/6 plazas en los Altos Pirineos: un dormitorio con cama de matrimonio, un dormitorio con dos camas individuales y el sof\u00e1 del sal\u00f3n se puede convertir en cama de matrimonio. Una zona de cocina equipada con nevera\/congelador, microondas, vitrocer\u00e1mica con campana extractora, cafetera el\u00e9ctrica, vajilla y utensilios de cocina. Cuarto de ba\u00f1o y WC independientes. Terraza cubierta con muebles de jard\u00edn. Bonus: espacio para una cuna en el dormitorio principal.<\/p>\n\t\t\t\t<\/div>\n\n\t\t\t\t\t\t\t<\/div>\n\n\t\t<\/div>\n\t\t<div class=\"ls-single-hebergement-resa\">\n\t\t\t\t\t\t\t<iframe data-src=\"https:\/\/www.ombredestilleuls.com\/wp-content\/themes\/lasai-child\/partials\/loops\/frame-thelis.php?id=18&#038;lang=es&#038;id_camping=alombredestilleuls\" width=\"100%\" height=\"1000\" frameborder=\"0\"><\/iframe>\n\t\t\t\t\t<\/div>\n\t<\/div>\n<\/div><\/div><\/div><\/div>\n\r\n    <\/div>\r\n<\/section><section id=\"ls-section-block_51f356db9571fcb929bc99996a52afd9\" class=\"ls-section  home-intro page-one has-p-l p-l-8 has-p-r p-r-8\" >\r\n        <div class=\"container container--full\">\r\n        \n\n<div class=\"wp-block-columns are-vertically-aligned-center first is-layout-flex wp-container-core-columns-is-layout-9d6595d7 wp-block-columns-is-layout-flex\">\n<div class=\"wp-block-column is-vertically-aligned-center left is-layout-flow wp-block-column-is-layout-flow\" style=\"flex-basis:45%\">\n<h2 class=\"ls__heading wp-block-heading animated fadeInLeft\"><strong>Nuestras casas m\u00f3viles de alquiler<\/strong> en Altos Pirineos<\/h2>\n\n\n\n<p class=\"ls-paragraph\">Alquile una de nuestras acogedoras y espaciosas casas m\u00f3viles cerca de Lourdes y descubra el irresistible encanto de los Altos Pirineos. Imagine <strong>espacios de 26 a 40 m\u00b2<\/strong>, preparados para acoger<strong> de 4 a 12 personas<\/strong> en un ambiente c\u00e1lido y acogedor.<\/p>\n\n\n\n<p class=\"ls-paragraph\">Todas las casas m\u00f3viles disponen de una<strong> terraza cubierta<\/strong> con muebles de jard\u00edn y tumbonas para disfrutar al m\u00e1ximo del aire fresco de la regi\u00f3n. Las terrazas de las casas m\u00f3viles Tribu disponen de una plancha para hacer barbacoas bajo las estrellas.  <\/p>\n\n\n\n<p class=\"ls-paragraph\"><a href=\"https:\/\/www.ombredestilleuls.com\/es\/\">Alquilar una casa m\u00f3vil en nuestro camping cerca de Lourdes<\/a> es elegir un alojamiento confortable en el que se ha pensado en todos los detalles para su bienestar y tranquilidad en el coraz\u00f3n de los Altos Pirineos.<\/p>\n<\/div>\n\n\n\n<div class=\"wp-block-column is-vertically-aligned-center right is-layout-flow wp-block-column-is-layout-flow\" style=\"flex-basis:55%\">\n<figure class=\"wp-block-gallery has-nested-images columns-default is-cropped wp-block-gallery-1 is-layout-flex wp-block-gallery-is-layout-flex\">\n<figure class=\"wp-block-image size-full animated fadeIn delay-100ms\"><a href=\"https:\/\/www.ombredestilleuls.com\/wp-content\/uploads\/2023\/12\/mobile-homes-en-location-dans-les-hautes-pyrenees.webp\"><img decoding=\"async\" width=\"1200\" height=\"900\" data-id=\"2015\" src=\"https:\/\/www.ombredestilleuls.com\/wp-content\/uploads\/2023\/12\/mobile-homes-en-location-dans-les-hautes-pyrenees.webp\" alt=\"alquiler de mobil homes en los hautes pyr&#xE9;n&#xE9;es\" class=\"wp-image-2015\" srcset=\"https:\/\/www.ombredestilleuls.com\/wp-content\/uploads\/2023\/12\/mobile-homes-en-location-dans-les-hautes-pyrenees.webp 1200w, https:\/\/www.ombredestilleuls.com\/wp-content\/uploads\/2023\/12\/mobile-homes-en-location-dans-les-hautes-pyrenees-300x225.webp 300w, https:\/\/www.ombredestilleuls.com\/wp-content\/uploads\/2023\/12\/mobile-homes-en-location-dans-les-hautes-pyrenees-1024x768.webp 1024w, https:\/\/www.ombredestilleuls.com\/wp-content\/uploads\/2023\/12\/mobile-homes-en-location-dans-les-hautes-pyrenees-768x576.webp 768w\" sizes=\"(max-width: 1200px) 100vw, 1200px\" \/><\/a><\/figure>\n<\/figure>\n<\/div>\n<\/div>\n\n\r\n    <\/div>\r\n<\/section><section id=\"ls-section-block_b873ca9e23648f7c79c516dd5a6587fa\" class=\"ls-section  home-ecologie page-three has-m-t m-t-0 has-p-t p-t-0 has-p-l p-l-8 has-p-r p-r-8\" >\r\n        <div class=\"container container--full\">\r\n        \n\n<div class=\"wp-block-columns are-vertically-aligned-center is-layout-flex wp-container-core-columns-is-layout-9d6595d7 wp-block-columns-is-layout-flex\">\n<div class=\"wp-block-column is-vertically-aligned-center is-layout-flow wp-block-column-is-layout-flow\" style=\"flex-basis:55%\">\n<figure class=\"wp-block-gallery has-nested-images columns-default is-cropped wp-block-gallery-2 is-layout-flex wp-block-gallery-is-layout-flex\">\n<figure class=\"wp-block-image size-full animated fadeIn delay-100ms\"><a href=\"https:\/\/www.ombredestilleuls.com\/wp-content\/uploads\/2023\/12\/nos-gammes-de-mobil-homes.webp\"><img decoding=\"async\" width=\"1200\" height=\"900\" data-id=\"2137\" src=\"https:\/\/www.ombredestilleuls.com\/wp-content\/uploads\/2023\/12\/nos-gammes-de-mobil-homes.webp\" alt=\"nuestras gamas de autocaravanas\" class=\"wp-image-2137\" srcset=\"https:\/\/www.ombredestilleuls.com\/wp-content\/uploads\/2023\/12\/nos-gammes-de-mobil-homes.webp 1200w, https:\/\/www.ombredestilleuls.com\/wp-content\/uploads\/2023\/12\/nos-gammes-de-mobil-homes-300x225.webp 300w, https:\/\/www.ombredestilleuls.com\/wp-content\/uploads\/2023\/12\/nos-gammes-de-mobil-homes-1024x768.webp 1024w, https:\/\/www.ombredestilleuls.com\/wp-content\/uploads\/2023\/12\/nos-gammes-de-mobil-homes-768x576.webp 768w\" sizes=\"(max-width: 1200px) 100vw, 1200px\" \/><\/a><\/figure>\n<\/figure>\n<\/div>\n\n\n\n<div class=\"wp-block-column is-vertically-aligned-center is-layout-flow wp-block-column-is-layout-flow\" style=\"flex-basis:45%\">\n<h2 class=\"ls__heading wp-block-heading animated fadeIn slower\"><strong>Descubra nuestra gama de mobil homes<\/strong> de alquiler<\/h2>\n\n\n\n<p class=\"ls-paragraph has-text-align-left\">Encuentra tu alojamiento ideal entre nuestra gama de mobil homes de alquiler cerca de Lourdes. Nuestra gama <strong>bronce <\/strong>ofrece un alojamiento asequible y confortable, mientras que la <strong>gama plata<\/strong> a\u00f1ade un toque de lujo. Dos de nuestras casas m\u00f3viles de 3 dormitorios de la gama argent tambi\u00e9n tienen aire acondicionado para un confort \u00f3ptimo.<\/p>\n\n\n\n<p class=\"ls-paragraph has-text-align-left\">Todos los modelos de la <strong>gama Oro<\/strong> incluyen lavavajillas, para que pueda disfrutar de una comodidad a\u00fan mayor. Para disfrutar de la mejor experiencia en familia o en grupo, opte por nuestra <strong>gama platino<\/strong> de <strong>casas m\u00f3viles tribales<\/strong>. Las tribus tienen <strong>su propio spa privado y plancha<\/strong> para una relajaci\u00f3n y comodidad inigualables.<\/p>\n\n\n\n<p class=\"ls-paragraph has-text-align-left\">\u00bfBusca su propio pedazo de para\u00edso en los Altos Pirineos? \u00a1Descubra nuestra gama de<strong>alojamientos de alquiler cerca de Lourdes!<\/strong><\/p>\n<\/div>\n<\/div>\n\n\r\n    <\/div>\r\n<\/section><section id=\"ls-section-block_f90b409c28baa15a5b22140d8073981a\" class=\"ls-section  home-ecologie page-five has-m-t m-t-0 has-p-t p-t-0 has-p-l p-l-8 has-p-r p-r-8\" >\r\n        <div class=\"container container--full\">\r\n        \n\n<div class=\"wp-block-columns are-vertically-aligned-center is-layout-flex wp-container-core-columns-is-layout-9d6595d7 wp-block-columns-is-layout-flex\">\n<div class=\"wp-block-column is-vertically-aligned-center is-layout-flow wp-block-column-is-layout-flow\" style=\"flex-basis:45%\">\n<h2 class=\"ls__heading wp-block-heading animated fadeIn slower\"><strong>Casas m\u00f3viles tribales con spa<\/strong>, para unas vacaciones con estilo<\/h2>\n\n\n\n<p class=\"ls-paragraph\">\u00bfPlanea unas vacaciones en familia o para un grupo grande en los Altos Pirineos, cerca de Lourdes?  <\/p>\n\n\n\n<p class=\"ls-paragraph\">Nuestros mobil-homes tribu son el alojamiento ideal para unas vacaciones en las que la convivencia rima con la intimidad. <strong>Dos acogedoras casas m\u00f3viles est\u00e1n unidas por una amplia terraza<\/strong>, lo que crea un<strong> refugio com\u00fan<\/strong> a la vez que protege la intimidad de cada uno.  <\/p>\n\n\n\n<p class=\"ls-paragraph\">Es un lugar donde puede compartir y estrechar lazos con sus seres queridos en un entorno natural y sereno, al tiempo que disfruta de comodidad e independencia.<\/p>\n<\/div>\n\n\n\n<div class=\"wp-block-column is-vertically-aligned-center is-layout-flow wp-block-column-is-layout-flow\" style=\"flex-basis:55%\">\n<figure class=\"wp-block-gallery has-nested-images columns-default is-cropped wp-block-gallery-3 is-layout-flex wp-block-gallery-is-layout-flex\">\n<figure class=\"wp-block-image size-full animated zoomIn\"><a href=\"https:\/\/www.ombredestilleuls.com\/wp-content\/uploads\/2023\/12\/les-mobil-homes-tribus-avec-spa.webp\"><img decoding=\"async\" width=\"1200\" height=\"900\" data-id=\"2133\" src=\"https:\/\/www.ombredestilleuls.com\/wp-content\/uploads\/2023\/12\/les-mobil-homes-tribus-avec-spa.webp\" alt=\"casas m&#xF3;viles tribus con spa\" class=\"wp-image-2133\" srcset=\"https:\/\/www.ombredestilleuls.com\/wp-content\/uploads\/2023\/12\/les-mobil-homes-tribus-avec-spa.webp 1200w, https:\/\/www.ombredestilleuls.com\/wp-content\/uploads\/2023\/12\/les-mobil-homes-tribus-avec-spa-300x225.webp 300w, https:\/\/www.ombredestilleuls.com\/wp-content\/uploads\/2023\/12\/les-mobil-homes-tribus-avec-spa-1024x768.webp 1024w, https:\/\/www.ombredestilleuls.com\/wp-content\/uploads\/2023\/12\/les-mobil-homes-tribus-avec-spa-768x576.webp 768w\" sizes=\"(max-width: 1200px) 100vw, 1200px\" \/><\/a><\/figure>\n<\/figure>\n<\/div>\n<\/div>\n\n\r\n    <\/div>\r\n<\/section><section id=\"ls-section-block_123db652c87bd512d060cbc4bb444989\" class=\"ls-section  page-maillage\" >\r\n        <div class=\"container container--wide\">\r\n        \n\n<div id=\"ls-heading ls-titre-div-block_d701b57b54bfe98e0ba936acda1b4525\" class=\"ls-titre-div animated fadeIn h2-like\" >\n    Descubra nuestros alquileres, parcelas y servicios ins\u00f3litos<\/div>\n\n\n\n<div id=\"ls-maillage-block_90c81eccd099e0ebd334f93ac28c1d73\" class=\"ls-maillage cta-style-normal\" data-rows=\"3\">\n\n    <div class=\"wp-block-columns\"><div class=\"wp-block-column ls-cta\">\n\n<a href=\"https:\/\/www.ombredestilleuls.com\/es\/ubicacion-atipica-peyrouse\/\" target=\"\" rel=\"noopener\" class=\"ls-cta__link\">\n\n\t<div class=\"ls-cta__image\"><img decoding=\"async\" src=\"https:\/\/www.ombredestilleuls.com\/wp-content\/uploads\/2023\/12\/location-atypique-peyrouse.webp\" alt=\"peyrouse de alquiler at\u00edpico\"><\/div>\n\t<div class=\"ls-cta__title\">\n\t\tIns\u00f3lito\t<\/div>\n\n\t\t\n<\/a><\/div><div class=\"wp-block-column ls-cta\">\n\n<a href=\"https:\/\/www.ombredestilleuls.com\/es\/camping-familiar-peyrouse\/\" target=\"\" rel=\"noopener\" class=\"ls-cta__link\">\n\n\t<div class=\"ls-cta__image\"><img decoding=\"async\" src=\"https:\/\/www.ombredestilleuls.com\/wp-content\/uploads\/2026\/04\/camping-familial-peyrouse-ombre-tilleuls-services.jpg\" alt=\"\"><\/div>\n\t<div class=\"ls-cta__title\">\n\t\tServicios\t<\/div>\n\n\t\t\n<\/a><\/div><div class=\"wp-block-column ls-cta\">\n\n<a href=\"https:\/\/www.ombredestilleuls.com\/es\/parcelas-peyrouse\/\" target=\"\" rel=\"noopener\" class=\"ls-cta__link\">\n\n\t<div class=\"ls-cta__image\"><img decoding=\"async\" src=\"https:\/\/www.ombredestilleuls.com\/wp-content\/uploads\/2023\/12\/location-emplacement-peyrouse.webp\" alt=\"emplazamiento peyrouse\"><\/div>\n\t<div class=\"ls-cta__title\">\n\t\tParcelas\t<\/div>\n\n\t\t\n<\/a><\/div><\/div>\n<\/div>\n\r\n    <\/div>\r\n<\/section>","protected":false},"excerpt":{"rendered":"","protected":false},"author":1,"featured_media":2014,"parent":0,"menu_order":0,"comment_status":"closed","ping_status":"closed","template":"","meta":{"_acf_changed":false,"inline_featured_image":false,"footnotes":""},"sujet":[],"class_list":["post-2951","page","type-page","status-publish","has-post-thumbnail","hentry"],"acf":[],"yoast_head":"<!-- This site is optimized with the Yoast SEO plugin v23.4 - https:\/\/yoast.com\/wordpress\/plugins\/seo\/ -->\n<title>Alquilar una mobil home cerca de Lourdes | Alquilar una mobil home Hautes-Pyr\u00e9n\u00e9es<\/title>\n<meta name=\"description\" content=\"Alquile una c\u00f3moda casa m\u00f3vil en el coraz\u00f3n de los Pirineos en su camping \u00c0 l&#039;Ombre des Tilleuls, cerca de Lourdes.\" \/>\n<meta name=\"robots\" content=\"index, follow, max-snippet:-1, max-image-preview:large, max-video-preview:-1\" \/>\n<link rel=\"canonical\" href=\"https:\/\/www.ombredestilleuls.com\/es\/alquilar-mobil-home-peyrouse\/\" \/>\n<meta property=\"og:locale\" content=\"es_ES\" \/>\n<meta property=\"og:type\" content=\"article\" \/>\n<meta property=\"og:title\" content=\"Alquilar una mobil home cerca de Lourdes | Alquilar una mobil home Hautes-Pyr\u00e9n\u00e9es\" \/>\n<meta property=\"og:description\" content=\"Alquile una c\u00f3moda casa m\u00f3vil en el coraz\u00f3n de los Pirineos en su camping \u00c0 l&#039;Ombre des Tilleuls, cerca de Lourdes.\" \/>\n<meta property=\"og:url\" content=\"https:\/\/www.ombredestilleuls.com\/es\/alquilar-mobil-home-peyrouse\/\" \/>\n<meta property=\"og:site_name\" content=\"Camping \u00c0 l&#039;ombre des tilleuls\" \/>\n<meta property=\"article:modified_time\" content=\"2024-03-25T11:18:04+00:00\" \/>\n<meta property=\"og:image\" content=\"https:\/\/www.ombredestilleuls.com\/wp-content\/uploads\/2023\/12\/location-mobil-home-peyrouse.webp\" \/>\n\t<meta property=\"og:image:width\" content=\"2000\" \/>\n\t<meta property=\"og:image:height\" content=\"1500\" \/>\n\t<meta property=\"og:image:type\" content=\"image\/webp\" \/>\n<meta name=\"twitter:card\" content=\"summary_large_image\" \/>\n<meta name=\"twitter:label1\" content=\"Tiempo de lectura\" \/>\n\t<meta name=\"twitter:data1\" content=\"2 minutos\" \/>\n<script type=\"application\/ld+json\" class=\"yoast-schema-graph\">{\"@context\":\"https:\/\/schema.org\",\"@graph\":[{\"@type\":\"WebPage\",\"@id\":\"https:\/\/www.ombredestilleuls.com\/es\/alquilar-mobil-home-peyrouse\/\",\"url\":\"https:\/\/www.ombredestilleuls.com\/es\/alquilar-mobil-home-peyrouse\/\",\"name\":\"Alquilar una mobil home cerca de Lourdes | Alquilar una mobil home Hautes-Pyr\u00e9n\u00e9es\",\"isPartOf\":{\"@id\":\"https:\/\/www.ombredestilleuls.com\/fr\/#website\"},\"primaryImageOfPage\":{\"@id\":\"https:\/\/www.ombredestilleuls.com\/es\/alquilar-mobil-home-peyrouse\/#primaryimage\"},\"image\":{\"@id\":\"https:\/\/www.ombredestilleuls.com\/es\/alquilar-mobil-home-peyrouse\/#primaryimage\"},\"thumbnailUrl\":\"https:\/\/www.ombredestilleuls.com\/wp-content\/uploads\/2023\/12\/location-mobil-home-peyrouse.webp\",\"datePublished\":\"2024-01-17T09:03:07+00:00\",\"dateModified\":\"2024-03-25T11:18:04+00:00\",\"description\":\"Alquile una c\u00f3moda casa m\u00f3vil en el coraz\u00f3n de los Pirineos en su camping \u00c0 l'Ombre des Tilleuls, cerca de Lourdes.\",\"breadcrumb\":{\"@id\":\"https:\/\/www.ombredestilleuls.com\/es\/alquilar-mobil-home-peyrouse\/#breadcrumb\"},\"inLanguage\":\"es\",\"potentialAction\":[{\"@type\":\"ReadAction\",\"target\":[\"https:\/\/www.ombredestilleuls.com\/es\/alquilar-mobil-home-peyrouse\/\"]}]},{\"@type\":\"ImageObject\",\"inLanguage\":\"es\",\"@id\":\"https:\/\/www.ombredestilleuls.com\/es\/alquilar-mobil-home-peyrouse\/#primaryimage\",\"url\":\"https:\/\/www.ombredestilleuls.com\/wp-content\/uploads\/2023\/12\/location-mobil-home-peyrouse.webp\",\"contentUrl\":\"https:\/\/www.ombredestilleuls.com\/wp-content\/uploads\/2023\/12\/location-mobil-home-peyrouse.webp\",\"width\":2000,\"height\":1500,\"caption\":\"alquiler de mobil home peyrouse\"},{\"@type\":\"BreadcrumbList\",\"@id\":\"https:\/\/www.ombredestilleuls.com\/es\/alquilar-mobil-home-peyrouse\/#breadcrumb\",\"itemListElement\":[{\"@type\":\"ListItem\",\"position\":1,\"name\":\"Camping pr\u00e8s de Lourdes\",\"item\":\"https:\/\/www.ombredestilleuls.com\/es\/\"},{\"@type\":\"ListItem\",\"position\":2,\"name\":\"Alquiler de mobil home en los Altos Pirineos\"}]},{\"@type\":\"WebSite\",\"@id\":\"https:\/\/www.ombredestilleuls.com\/fr\/#website\",\"url\":\"https:\/\/www.ombredestilleuls.com\/fr\/\",\"name\":\"Camping \u00c0 l&#039;ombre des tilleuls\",\"description\":\"\",\"publisher\":{\"@id\":\"https:\/\/www.ombredestilleuls.com\/fr\/#organization\"},\"potentialAction\":[{\"@type\":\"SearchAction\",\"target\":{\"@type\":\"EntryPoint\",\"urlTemplate\":\"https:\/\/www.ombredestilleuls.com\/fr\/?s={search_term_string}\"},\"query-input\":{\"@type\":\"PropertyValueSpecification\",\"valueRequired\":true,\"valueName\":\"search_term_string\"}}],\"inLanguage\":\"es\"},{\"@type\":\"Organization\",\"@id\":\"https:\/\/www.ombredestilleuls.com\/fr\/#organization\",\"name\":\"Camping \u00c0 l&#039;ombre des tilleuls\",\"url\":\"https:\/\/www.ombredestilleuls.com\/fr\/\",\"logo\":{\"@type\":\"ImageObject\",\"inLanguage\":\"es\",\"@id\":\"https:\/\/www.ombredestilleuls.com\/fr\/#\/schema\/logo\/image\/\",\"url\":\"https:\/\/www.ombredestilleuls.com\/wp-content\/uploads\/2023\/11\/cropped-Camping-A-LOmbre-Des-Tilleuls-logo-1.png\",\"contentUrl\":\"https:\/\/www.ombredestilleuls.com\/wp-content\/uploads\/2023\/11\/cropped-Camping-A-LOmbre-Des-Tilleuls-logo-1.png\",\"width\":1000,\"height\":1000,\"caption\":\"Camping \u00c0 l&#039;ombre des tilleuls\"},\"image\":{\"@id\":\"https:\/\/www.ombredestilleuls.com\/fr\/#\/schema\/logo\/image\/\"}}]}<\/script>\n<!-- \/ Yoast SEO plugin. -->","yoast_head_json":{"title":"Alquilar una mobil home cerca de Lourdes | Alquilar una mobil home Hautes-Pyr\u00e9n\u00e9es","description":"Alquile una c\u00f3moda casa m\u00f3vil en el coraz\u00f3n de los Pirineos en su camping \u00c0 l'Ombre des Tilleuls, cerca de Lourdes.","robots":{"index":"index","follow":"follow","max-snippet":"max-snippet:-1","max-image-preview":"max-image-preview:large","max-video-preview":"max-video-preview:-1"},"canonical":"https:\/\/www.ombredestilleuls.com\/es\/alquilar-mobil-home-peyrouse\/","og_locale":"es_ES","og_type":"article","og_title":"Alquilar una mobil home cerca de Lourdes | Alquilar una mobil home Hautes-Pyr\u00e9n\u00e9es","og_description":"Alquile una c\u00f3moda casa m\u00f3vil en el coraz\u00f3n de los Pirineos en su camping \u00c0 l'Ombre des Tilleuls, cerca de Lourdes.","og_url":"https:\/\/www.ombredestilleuls.com\/es\/alquilar-mobil-home-peyrouse\/","og_site_name":"Camping \u00c0 l&#039;ombre des tilleuls","article_modified_time":"2024-03-25T11:18:04+00:00","og_image":[{"width":2000,"height":1500,"url":"https:\/\/www.ombredestilleuls.com\/wp-content\/uploads\/2023\/12\/location-mobil-home-peyrouse.webp","type":"image\/webp"}],"twitter_card":"summary_large_image","twitter_misc":{"Tiempo de lectura":"2 minutos"},"schema":{"@context":"https:\/\/schema.org","@graph":[{"@type":"WebPage","@id":"https:\/\/www.ombredestilleuls.com\/es\/alquilar-mobil-home-peyrouse\/","url":"https:\/\/www.ombredestilleuls.com\/es\/alquilar-mobil-home-peyrouse\/","name":"Alquilar una mobil home cerca de Lourdes | Alquilar una mobil home Hautes-Pyr\u00e9n\u00e9es","isPartOf":{"@id":"https:\/\/www.ombredestilleuls.com\/fr\/#website"},"primaryImageOfPage":{"@id":"https:\/\/www.ombredestilleuls.com\/es\/alquilar-mobil-home-peyrouse\/#primaryimage"},"image":{"@id":"https:\/\/www.ombredestilleuls.com\/es\/alquilar-mobil-home-peyrouse\/#primaryimage"},"thumbnailUrl":"https:\/\/www.ombredestilleuls.com\/wp-content\/uploads\/2023\/12\/location-mobil-home-peyrouse.webp","datePublished":"2024-01-17T09:03:07+00:00","dateModified":"2024-03-25T11:18:04+00:00","description":"Alquile una c\u00f3moda casa m\u00f3vil en el coraz\u00f3n de los Pirineos en su camping \u00c0 l'Ombre des Tilleuls, cerca de Lourdes.","breadcrumb":{"@id":"https:\/\/www.ombredestilleuls.com\/es\/alquilar-mobil-home-peyrouse\/#breadcrumb"},"inLanguage":"es","potentialAction":[{"@type":"ReadAction","target":["https:\/\/www.ombredestilleuls.com\/es\/alquilar-mobil-home-peyrouse\/"]}]},{"@type":"ImageObject","inLanguage":"es","@id":"https:\/\/www.ombredestilleuls.com\/es\/alquilar-mobil-home-peyrouse\/#primaryimage","url":"https:\/\/www.ombredestilleuls.com\/wp-content\/uploads\/2023\/12\/location-mobil-home-peyrouse.webp","contentUrl":"https:\/\/www.ombredestilleuls.com\/wp-content\/uploads\/2023\/12\/location-mobil-home-peyrouse.webp","width":2000,"height":1500,"caption":"alquiler de mobil home peyrouse"},{"@type":"BreadcrumbList","@id":"https:\/\/www.ombredestilleuls.com\/es\/alquilar-mobil-home-peyrouse\/#breadcrumb","itemListElement":[{"@type":"ListItem","position":1,"name":"Camping pr\u00e8s de Lourdes","item":"https:\/\/www.ombredestilleuls.com\/es\/"},{"@type":"ListItem","position":2,"name":"Alquiler de mobil home en los Altos Pirineos"}]},{"@type":"WebSite","@id":"https:\/\/www.ombredestilleuls.com\/fr\/#website","url":"https:\/\/www.ombredestilleuls.com\/fr\/","name":"Camping \u00c0 l&#039;ombre des tilleuls","description":"","publisher":{"@id":"https:\/\/www.ombredestilleuls.com\/fr\/#organization"},"potentialAction":[{"@type":"SearchAction","target":{"@type":"EntryPoint","urlTemplate":"https:\/\/www.ombredestilleuls.com\/fr\/?s={search_term_string}"},"query-input":{"@type":"PropertyValueSpecification","valueRequired":true,"valueName":"search_term_string"}}],"inLanguage":"es"},{"@type":"Organization","@id":"https:\/\/www.ombredestilleuls.com\/fr\/#organization","name":"Camping \u00c0 l&#039;ombre des tilleuls","url":"https:\/\/www.ombredestilleuls.com\/fr\/","logo":{"@type":"ImageObject","inLanguage":"es","@id":"https:\/\/www.ombredestilleuls.com\/fr\/#\/schema\/logo\/image\/","url":"https:\/\/www.ombredestilleuls.com\/wp-content\/uploads\/2023\/11\/cropped-Camping-A-LOmbre-Des-Tilleuls-logo-1.png","contentUrl":"https:\/\/www.ombredestilleuls.com\/wp-content\/uploads\/2023\/11\/cropped-Camping-A-LOmbre-Des-Tilleuls-logo-1.png","width":1000,"height":1000,"caption":"Camping \u00c0 l&#039;ombre des tilleuls"},"image":{"@id":"https:\/\/www.ombredestilleuls.com\/fr\/#\/schema\/logo\/image\/"}}]}},"_links":{"self":[{"href":"https:\/\/www.ombredestilleuls.com\/es\/wp-json\/wp\/v2\/pages\/2951","targetHints":{"allow":["GET"]}}],"collection":[{"href":"https:\/\/www.ombredestilleuls.com\/es\/wp-json\/wp\/v2\/pages"}],"about":[{"href":"https:\/\/www.ombredestilleuls.com\/es\/wp-json\/wp\/v2\/types\/page"}],"author":[{"embeddable":true,"href":"https:\/\/www.ombredestilleuls.com\/es\/wp-json\/wp\/v2\/users\/1"}],"replies":[{"embeddable":true,"href":"https:\/\/www.ombredestilleuls.com\/es\/wp-json\/wp\/v2\/comments?post=2951"}],"version-history":[{"count":6,"href":"https:\/\/www.ombredestilleuls.com\/es\/wp-json\/wp\/v2\/pages\/2951\/revisions"}],"predecessor-version":[{"id":3352,"href":"https:\/\/www.ombredestilleuls.com\/es\/wp-json\/wp\/v2\/pages\/2951\/revisions\/3352"}],"wp:featuredmedia":[{"embeddable":true,"href":"https:\/\/www.ombredestilleuls.com\/es\/wp-json\/wp\/v2\/media\/2014"}],"wp:attachment":[{"href":"https:\/\/www.ombredestilleuls.com\/es\/wp-json\/wp\/v2\/media?parent=2951"}],"wp:term":[{"taxonomy":"sujet","embeddable":true,"href":"https:\/\/www.ombredestilleuls.com\/es\/wp-json\/wp\/v2\/sujet?post=2951"}],"curies":[{"name":"wp","href":"https:\/\/api.w.org\/{rel}","templated":true}]}}